{"id":10231,"date":"2024-02-27T17:52:56","date_gmt":"2024-02-27T17:52:56","guid":{"rendered":"https:\/\/all-leaders.fr\/?post_type=accompagnements&#038;p=10231"},"modified":"2025-11-06T11:06:50","modified_gmt":"2025-11-06T11:06:50","slug":"gestion-du-stress-methode-top","status":"publish","type":"accompagnements","link":"https:\/\/all-leaders.fr\/en\/accompagnements\/sante-mentale-et-performance-durable\/gestion-du-stress-methode-top\/","title":{"rendered":"Gestion du stress &#8211; M\u00e9thode TOP\u00ae"},"content":{"rendered":"\t\t<div data-elementor-type=\"wp-post\" data-elementor-id=\"10231\" class=\"elementor elementor-10231\" data-elementor-post-type=\"accompagnements\">\n\t\t\t\t<div data-particle_enable=\"false\" data-particle-mobile-disabled=\"false\" class=\"elementor-element elementor-element-dcf9ce7 e-con-full e-flex e-con e-parent\" data-id=\"dcf9ce7\" data-element_type=\"container\" data-e-type=\"container\" data-settings=\"{&quot;background_background&quot;:&quot;classic&quot;}\">\n\t\t\t\t<div class=\"elementor-element elementor-element-c3bc756 elementor-widget__width-initial elementor-widget elementor-widget-heading\" data-id=\"c3bc756\" data-element_type=\"widget\" data-e-type=\"widget\" data-widget_type=\"heading.default\">\n\t\t\t\t<div class=\"elementor-widget-container\">\n\t\t\t\t\t<h2 class=\"elementor-heading-title elementor-size-default\">Techniques d'optimisation du potentiel<\/h2>\t\t\t\t<\/div>\n\t\t\t\t<\/div>\n\t\t\t\t<div class=\"elementor-element elementor-element-ccf83e6 elementor-widget__width-inherit elementor-widget elementor-widget-heading\" data-id=\"ccf83e6\" data-element_type=\"widget\" data-e-type=\"widget\" data-widget_type=\"heading.default\">\n\t\t\t\t<div class=\"elementor-widget-container\">\n\t\t\t\t\t<h3 class=\"elementor-heading-title elementor-size-default\">Les TOP\u00ae : un savoir-faire qui devient un savoir-\u00eatre\n\n<\/h3>\t\t\t\t<\/div>\n\t\t\t\t<\/div>\n\t\t\t\t<div class=\"elementor-element elementor-element-de78d51 elementor-widget elementor-widget-text-editor\" data-id=\"de78d51\" data-element_type=\"widget\" data-e-type=\"widget\" data-widget_type=\"text-editor.default\">\n\t\t\t\t<div class=\"elementor-widget-container\">\n\t\t\t\t\t\t\t\t\t<p><span style=\"letter-spacing: 0px;\">Les Techniques d&#8217;Optimisation du Potentiel (les TOP\u00ae) sont un ensemble de m\u00e9thodes et d&#8217;approches visant \u00e0 aider les personnes \u00e0 devenir la meilleure version d&#8217;elles-m\u00eames, \u00e0 tirer le meilleur parti de leurs ressources et \u00e0 atteindre leurs objectifs de mani\u00e8re plus efficace.<\/span><\/p><p>Il s&#8217;agit avant tout d&#8217;une m\u00e9thode \u00e9ducative et <strong>non th\u00e9rapeutique.<\/strong><\/p>\t\t\t\t\t\t\t\t<\/div>\n\t\t\t\t<\/div>\n\t\t\t\t<div class=\"elementor-element elementor-element-ca4b1e4 elementor-widget__width-inherit elementor-widget elementor-widget-heading\" data-id=\"ca4b1e4\" data-element_type=\"widget\" data-e-type=\"widget\" data-widget_type=\"heading.default\">\n\t\t\t\t<div class=\"elementor-widget-container\">\n\t\t\t\t\t<h3 class=\"elementor-heading-title elementor-size-default\">Mais \u00e0 quoi servent les TOP\u00ae ?<\/h3>\t\t\t\t<\/div>\n\t\t\t\t<\/div>\n\t\t\t\t<div class=\"elementor-element elementor-element-5557d8b elementor-widget elementor-widget-text-editor\" data-id=\"5557d8b\" data-element_type=\"widget\" data-e-type=\"widget\" data-widget_type=\"text-editor.default\">\n\t\t\t\t<div class=\"elementor-widget-container\">\n\t\t\t\t\t\t\t\t\t<p>Elles poursuivent 3 m\u00e9ta objectifs, essentiels au bien-\u00eatre et \u00e0 la performance, que l&#8217;on pourrait classer dans les cat\u00e9gories suivantes :<\/p>\t\t\t\t\t\t\t\t<\/div>\n\t\t\t\t<\/div>\n\t\t\t\t<div class=\"elementor-element elementor-element-599c61e elementor-widget__width-initial elementor-widget elementor-widget-image\" data-id=\"599c61e\" data-element_type=\"widget\" data-e-type=\"widget\" data-widget_type=\"image.default\">\n\t\t\t\t<div class=\"elementor-widget-container\">\n\t\t\t\t\t\t\t\t\t\t\t\t\t\t\t<img decoding=\"async\" width=\"150\" height=\"150\" src=\"https:\/\/all-leaders.fr\/wp-content\/uploads\/2024\/02\/Dynamisme-150x150.jpg\" class=\"attachment-thumbnail size-thumbnail wp-image-10996\" alt=\"\" srcset=\"https:\/\/all-leaders.fr\/wp-content\/uploads\/2024\/02\/Dynamisme-150x150.jpg 150w, https:\/\/all-leaders.fr\/wp-content\/uploads\/2024\/02\/Dynamisme.jpg 300w\" sizes=\"(max-width: 150px) 100vw, 150px\" \/>\t\t\t\t\t\t\t\t\t\t\t\t\t\t\t<\/div>\n\t\t\t\t<\/div>\n\t\t\t\t<div class=\"elementor-element elementor-element-c5d4b23 elementor-widget__width-initial elementor-widget-laptop__width-initial elementor-widget elementor-widget-text-editor\" data-id=\"c5d4b23\" data-element_type=\"widget\" data-e-type=\"widget\" data-widget_type=\"text-editor.default\">\n\t\t\t\t<div class=\"elementor-widget-container\">\n\t\t\t\t\t\t\t\t\t<p class=\"MsoNormal\"><b>Se dynamiser<br \/><\/b>Se dynamiser physiquement et psychologiquement avant une activit\u00e9 avec des techniques qui aident \u00e0 se pr\u00e9parer \u00e0 l&#8217;action, se mobiliser pour trouver l&#8217;\u00e9nergie n\u00e9cessaire \u00e0 la r\u00e9alisation d&#8217;une activit\u00e9, \u00e0 court et \u00e0 long terme.<\/p>\t\t\t\t\t\t\t\t<\/div>\n\t\t\t\t<\/div>\n\t\t\t\t<div class=\"elementor-element elementor-element-523d2da elementor-widget__width-initial elementor-widget elementor-widget-image\" data-id=\"523d2da\" data-element_type=\"widget\" data-e-type=\"widget\" data-widget_type=\"image.default\">\n\t\t\t\t<div class=\"elementor-widget-container\">\n\t\t\t\t\t\t\t\t\t\t\t\t\t\t\t<img fetchpriority=\"high\" decoding=\"async\" width=\"300\" height=\"300\" src=\"https:\/\/all-leaders.fr\/wp-content\/uploads\/2024\/02\/Regulation.jpg\" class=\"attachment-medium size-medium wp-image-10998\" alt=\"\" srcset=\"https:\/\/all-leaders.fr\/wp-content\/uploads\/2024\/02\/Regulation.jpg 300w, https:\/\/all-leaders.fr\/wp-content\/uploads\/2024\/02\/Regulation-150x150.jpg 150w\" sizes=\"(max-width: 300px) 100vw, 300px\" \/>\t\t\t\t\t\t\t\t\t\t\t\t\t\t\t<\/div>\n\t\t\t\t<\/div>\n\t\t\t\t<div class=\"elementor-element elementor-element-d9b978a elementor-widget__width-initial elementor-widget-laptop__width-initial elementor-widget elementor-widget-text-editor\" data-id=\"d9b978a\" data-element_type=\"widget\" data-e-type=\"widget\" data-widget_type=\"text-editor.default\">\n\t\t\t\t<div class=\"elementor-widget-container\">\n\t\t\t\t\t\t\t\t\t<p><b>Se r\u00e9guler<br \/><\/b> G\u00e9rer la situation avec des techniques qui aident \u00e0 &#8220;revenir au calme&#8221; apr\u00e8s une activit\u00e9 ou \u00e0 la fin de la journ\u00e9e. Dans les deux cas, elles induisent une hypovigilance et une hypotonie musculaire &#8220;r\u00e9paratrice&#8221;.<\/p>\t\t\t\t\t\t\t\t<\/div>\n\t\t\t\t<\/div>\n\t\t\t\t<div class=\"elementor-element elementor-element-33a6b69 elementor-widget__width-initial elementor-widget elementor-widget-image\" data-id=\"33a6b69\" data-element_type=\"widget\" data-e-type=\"widget\" data-widget_type=\"image.default\">\n\t\t\t\t<div class=\"elementor-widget-container\">\n\t\t\t\t\t\t\t\t\t\t\t\t\t\t\t<img decoding=\"async\" width=\"300\" height=\"300\" src=\"https:\/\/all-leaders.fr\/wp-content\/uploads\/2024\/02\/Recuperation.jpg\" class=\"attachment-medium size-medium wp-image-10997\" alt=\"\" srcset=\"https:\/\/all-leaders.fr\/wp-content\/uploads\/2024\/02\/Recuperation.jpg 300w, https:\/\/all-leaders.fr\/wp-content\/uploads\/2024\/02\/Recuperation-150x150.jpg 150w\" sizes=\"(max-width: 300px) 100vw, 300px\" \/>\t\t\t\t\t\t\t\t\t\t\t\t\t\t\t<\/div>\n\t\t\t\t<\/div>\n\t\t\t\t<div class=\"elementor-element elementor-element-0b74e74 elementor-widget__width-initial elementor-widget-laptop__width-initial elementor-widget elementor-widget-text-editor\" data-id=\"0b74e74\" data-element_type=\"widget\" data-e-type=\"widget\" data-widget_type=\"text-editor.default\">\n\t\t\t\t<div class=\"elementor-widget-container\">\n\t\t\t\t\t\t\t\t\t<p><b>R\u00e9cup\u00e9rer<\/b><br \/>Faciliter la r\u00e9cup\u00e9ration physique et mentale apr\u00e8s la mission ou \u00e0 la fin de la journ\u00e9e gr\u00e2ce \u00e0 des techniques permettant de maintenir ou de retrouver un niveau d&#8217;activation musculaire et mentale compatible avec l&#8217;activit\u00e9 en cours.<\/p>\t\t\t\t\t\t\t\t<\/div>\n\t\t\t\t<\/div>\n\t\t\t\t<div class=\"elementor-element elementor-element-b145683 elementor-widget elementor-widget-text-editor\" data-id=\"b145683\" data-element_type=\"widget\" data-e-type=\"widget\" data-widget_type=\"text-editor.default\">\n\t\t\t\t<div class=\"elementor-widget-container\">\n\t\t\t\t\t\t\t\t\t<p>Travailler la respiration, la relaxation et la capacit\u00e9 \u00e0 imager vous aidera \u00e0 mieux g\u00e9rer vos \u00e9motions, \u00e0 agir sous forte pression \u00e9motionnelle ou encore, \u00e0 diminuer votre fatigue nerveuse et physique.<\/p>\t\t\t\t\t\t\t\t<\/div>\n\t\t\t\t<\/div>\n\t\t\t\t<div class=\"elementor-element elementor-element-061dd47 elementor-widget__width-inherit elementor-widget elementor-widget-heading\" data-id=\"061dd47\" data-element_type=\"widget\" data-e-type=\"widget\" data-widget_type=\"heading.default\">\n\t\t\t\t<div class=\"elementor-widget-container\">\n\t\t\t\t\t<h3 class=\"elementor-heading-title elementor-size-xl\">Des techniques extr\u00eamement polyvalentes<\/h3>\t\t\t\t<\/div>\n\t\t\t\t<\/div>\n\t\t\t\t<div class=\"elementor-element elementor-element-7008513 elementor-widget elementor-widget-text-editor\" data-id=\"7008513\" data-element_type=\"widget\" data-e-type=\"widget\" data-widget_type=\"text-editor.default\">\n\t\t\t\t<div class=\"elementor-widget-container\">\n\t\t\t\t\t\t\t\t\t<p>Les TOP\u00ae sont extr\u00eamement polyvalentes et vous permettent de d\u00e9velopper vos propres m\u00e9thodes.<\/p><p>Le concept est bas\u00e9 sur un certain nombre de techniques que vous allez s\u00e9lectionner et adapter pour <b>constituer votre propre &#8220;bo\u00eete \u00e0 outils&#8221; et devenir autonome<\/b>. Celle-ci se d\u00e9veloppe gr\u00e2ce \u00e0 un enseignement structur\u00e9 et \u00e0 des protocoles pr\u00e9cis.<\/p>\t\t\t\t\t\t\t\t<\/div>\n\t\t\t\t<\/div>\n\t\t\t\t<div class=\"elementor-element elementor-element-d16d422 elementor-widget__width-inherit elementor-widget elementor-widget-heading\" data-id=\"d16d422\" data-element_type=\"widget\" data-e-type=\"widget\" data-widget_type=\"heading.default\">\n\t\t\t\t<div class=\"elementor-widget-container\">\n\t\t\t\t\t<h4 class=\"elementor-heading-title elementor-size-default\">Des origines militaires transpos\u00e9es au monde civil<\/h4>\t\t\t\t<\/div>\n\t\t\t\t<\/div>\n\t\t\t\t<div class=\"elementor-element elementor-element-e9e777e elementor-widget elementor-widget-text-editor\" data-id=\"e9e777e\" data-element_type=\"widget\" data-e-type=\"widget\" data-widget_type=\"text-editor.default\">\n\t\t\t\t<div class=\"elementor-widget-container\">\n\t\t\t\t\t\t\t\t\t<p>D\u00e9velopp\u00e9es par l&#8217;arm\u00e9e fran\u00e7aise gr\u00e2ce au <b>Dr Edith Perreaut-Pierre<\/b>, les Techniques d&#8217;Optimisation du Potentiel (TOP\u00ae) sont un ensemble de m\u00e9thodes, de pratiques et d&#8217;outils destin\u00e9s \u00e0 aider les individus ou les groupes \u00e0 maximiser leur potentiel et \u00e0 am\u00e9liorer leurs performances dans diff\u00e9rents domaines de la vie, qu&#8217;ils soient professionnels, personnels ou \u00e9ducatifs.<\/p><p>Ces techniques sont con\u00e7ues pour aider les gens \u00e0 mieux comprendre leur propre fonctionnement, \u00e0 identifier leurs forces et leurs faiblesses et \u00e0 d\u00e9velopper leurs comp\u00e9tences et leurs capacit\u00e9s. Les techniques d&#8217;optimisation du potentiel peuvent inclure des approches telles que la formation au d\u00e9veloppement personnel, la gestion du temps, la r\u00e9solution de probl\u00e8mes, la communication efficace, la gestion du stress, la motivation, la prise de d\u00e9cision et bien d&#8217;autres. Elles sont souvent utilis\u00e9es dans des contextes de coaching, de formation, de conseil ou de mentorat pour aider les individus \u00e0 atteindre leurs objectifs et \u00e0 r\u00e9aliser leur plein potentiel.<\/p>\t\t\t\t\t\t\t\t<\/div>\n\t\t\t\t<\/div>\n\t\t\t\t<div class=\"elementor-element elementor-element-836f19e elementor-widget__width-inherit elementor-widget-mobile__width-initial elementor-widget elementor-widget-heading\" data-id=\"836f19e\" data-element_type=\"widget\" data-e-type=\"widget\" data-widget_type=\"heading.default\">\n\t\t\t\t<div class=\"elementor-widget-container\">\n\t\t\t\t\t<h3 class=\"elementor-heading-title elementor-size-xl\">Pour un accompagnement TOP sur mesure<\/h3>\t\t\t\t<\/div>\n\t\t\t\t<\/div>\n\t\t\t\t<div class=\"elementor-element elementor-element-7630e10 elementor-widget__width-inherit elementor-widget elementor-widget-text-editor\" data-id=\"7630e10\" data-element_type=\"widget\" data-e-type=\"widget\" data-widget_type=\"text-editor.default\">\n\t\t\t\t<div class=\"elementor-widget-container\">\n\t\t\t\t\t\t\t\t\t<p><strong>J\u00e9r\u00f4me BOUTEILLER<\/strong> &#8211; Praticien TOP\u00ae<br \/><strong>Marie Emmanuelle PY<\/strong> &#8211; Formation Initiale TOP\u00ae<\/p><p>Enseign\u00e9es directement ou int\u00e9gr\u00e9es \u00e0 notre ing\u00e9nierie p\u00e9dagogique, nous int\u00e9grons aussi les TOP\u00ae \u00e0 nos routines personnelles de tous les jours.<\/p>\t\t\t\t\t\t\t\t<\/div>\n\t\t\t\t<\/div>\n\t\t<div data-particle_enable=\"false\" data-particle-mobile-disabled=\"false\" class=\"elementor-element elementor-element-7c18432 e-flex e-con-boxed e-con e-child\" data-id=\"7c18432\" data-element_type=\"container\" data-e-type=\"container\">\n\t\t\t\t\t<div class=\"e-con-inner\">\n\t\t\t\t<div class=\"elementor-element elementor-element-ee233ea elementor-widget__width-initial elementor-widget elementor-widget-image\" data-id=\"ee233ea\" data-element_type=\"widget\" data-e-type=\"widget\" data-widget_type=\"image.default\">\n\t\t\t\t<div class=\"elementor-widget-container\">\n\t\t\t\t\t\t\t\t\t\t\t\t\t\t\t<img loading=\"lazy\" decoding=\"async\" width=\"150\" height=\"150\" src=\"https:\/\/all-leaders.fr\/wp-content\/uploads\/2024\/02\/optimiser-mon-potentiel-150x150.jpeg\" class=\"attachment-thumbnail size-thumbnail wp-image-10999\" alt=\"\" srcset=\"https:\/\/all-leaders.fr\/wp-content\/uploads\/2024\/02\/optimiser-mon-potentiel-150x150.jpeg 150w, https:\/\/all-leaders.fr\/wp-content\/uploads\/2024\/02\/optimiser-mon-potentiel.jpeg 200w\" sizes=\"(max-width: 150px) 100vw, 150px\" \/>\t\t\t\t\t\t\t\t\t\t\t\t\t\t\t<\/div>\n\t\t\t\t<\/div>\n\t\t\t\t<div class=\"elementor-element elementor-element-d7d9502 elementor-widget__width-initial elementor-widget elementor-widget-text-editor\" data-id=\"d7d9502\" data-element_type=\"widget\" data-e-type=\"widget\" data-widget_type=\"text-editor.default\">\n\t\t\t\t<div class=\"elementor-widget-container\">\n\t\t\t\t\t\t\t\t\t<p>Form\u00e9s par les experts de chez <a href=\"https:\/\/www.optimisermonpotentiel.fr\/\" target=\"_blank\" rel=\"noopener\">Optimiser Mon Potentiel<\/a>\u00a0<\/p>\t\t\t\t\t\t\t\t<\/div>\n\t\t\t\t<\/div>\n\t\t\t\t<div class=\"elementor-element elementor-element-d03d346 elementor-widget__width-initial elementor-widget-tablet_extra__width-initial elementor-widget elementor-widget-text-editor\" data-id=\"d03d346\" data-element_type=\"widget\" data-e-type=\"widget\" data-widget_type=\"text-editor.default\">\n\t\t\t\t<div class=\"elementor-widget-container\">\n\t\t\t\t\t\t\t\t\t<p>Nos formations initiales FI TOP sont qualifiantes pour l&#8217;admission au parcours Praticien des \u00e9coles TOP fran\u00e7aises.<\/p>\t\t\t\t\t\t\t\t<\/div>\n\t\t\t\t<\/div>\n\t\t\t\t\t<\/div>\n\t\t\t\t<\/div>\n\t\t\t\t<\/div>\n\t\t<div data-particle_enable=\"false\" data-particle-mobile-disabled=\"false\" class=\"elementor-element elementor-element-6c2c1c0 e-flex e-con-boxed e-con e-parent\" data-id=\"6c2c1c0\" data-element_type=\"container\" data-e-type=\"container\">\n\t\t\t\t\t<div class=\"e-con-inner\">\n\t\t\t\t<div class=\"elementor-element elementor-element-7d6b5ab elementor-widget elementor-widget-html\" data-id=\"7d6b5ab\" data-element_type=\"widget\" data-e-type=\"widget\" data-widget_type=\"html.default\">\n\t\t\t\t<div class=\"elementor-widget-container\">\n\t\t\t\t\t<script type=\"application\/ld+json\">\n{\n  \"@context\": \"https:\/\/schema.org\",\n  \"@graph\": [\n    {\n      \"@type\": \"Course\",\n      \"name\": \"Formation Gestion du Stress et Performance : M\u00e9thode TOP (Techniques d\u2019Optimisation du Potentiel)\",\n      \"description\": \"Accompagnement et formation \u00e0 la M\u00e9thode TOP pour les managers et employ\u00e9s. Apprenez des techniques concr\u00e8tes de gestion du stress, d'am\u00e9lioration de la concentration, de r\u00e9gulation des \u00e9motions et de pr\u00e9paration mentale pour optimiser la performance et le bien-\u00eatre au travail.\",\n      \"url\": \"https:\/\/all-leaders.fr\/accompagnements\/sante-mentale-et-performance-durable\/gestion-du-stress-methode-top\/\",\n      \"provider\": {\n        \"@type\": \"Organization\",\n        \"name\": \"All Leaders Initiative\",\n        \"url\": \"https:\/\/all-leaders.fr\"\n      },\n      \"hasCourseInstance\": [\n        {\n          \"@type\": \"CourseInstance\",\n          \"courseMode\": \"Blended\", \/\/ Ou 'In-person' ou 'Online' selon le format dominant\n          \"location\": {\n            \"@type\": \"Place\",\n            \"name\": \"Intra-entreprise ou Inter-entreprise, France\"\n          },\n          \"offers\": {\n            \"@type\": \"Offer\",\n            \"price\": \"Sur devis\", \n            \"priceCurrency\": \"EUR\",\n            \"category\": \"Formation professionnelle\"\n          }\n        }\n      ],\n      \"coursePrerequisites\": \"Aucun pr\u00e9requis.\",\n      \"about\": [\n        {\n          \"@type\": \"Thing\",\n          \"name\": \"Gestion du Stress au Travail\"\n        },\n        {\n          \"@type\": \"Thing\",\n          \"name\": \"Pr\u00e9paration Mentale en Entreprise\"\n        },\n        {\n          \"@type\": \"Thing\",\n          \"name\": \"R\u00e9cup\u00e9ration en situation de fatigue\"\n        },\n                {\n          \"@type\": \"Thing\",\n          \"name\": \"Motivation et Engagement des Employ\u00e9s\"\n        }\n      ]\n    },\n    {\n      \"@type\": \"Organization\",\n      \"@id\": \"https:\/\/all-leaders.fr\/#organization\",\n      \"name\": \"All Leaders Initiative\",\n      \"url\": \"https:\/\/all-leaders.fr\",\n      \"logo\": \"https:\/\/all-leaders.fr\/wp-content\/uploads\/2023\/03\/ALL_LEADERS_INITIATIVE_R_BRIGHT_LOGO_BG-250px_blanc.jpg\", \n      \"sameAs\": [\n        \"https:\/\/www.linkedin.com\/in\/bluecells\/\",\n        \"https:\/\/www.linkedin.com\/in\/jlmitry\/\",\n        \"https:\/\/www.linkedin.com\/in\/mepy\/\",\n        \"https:\/\/www.linkedin.com\/in\/pebost\/\"\n      ] \n      \"contactPoint\": {\n        \"@type\": \"ContactPoint\",\n        \"contactType\": \"sales\",\n        \"areaServed\": \"FR\",\n        \"availableLanguage\": \"French, Italian, English\"\n      }\n    }\n  ]\n}\n<\/script>\t\t\t\t<\/div>\n\t\t\t\t<\/div>\n\t\t\t\t\t<\/div>\n\t\t\t\t<\/div>\n\t\t\t\t<\/div>\n\t\t","protected":false},"excerpt":{"rendered":"<p>Issue du monde militaire, la m\u00e9thode TOP&copy; permet de g\u00e9rer son stress et de rester performant. Formation qualifiante pour l&#8217;acc\u00e8s \u00e0 la formation Praticien.<\/p>\n","protected":false},"author":1,"featured_media":10338,"template":"","meta":[],"etat":[97],"thematiques":[125],"publics-cible":[47,49,142,48,69,50],"types-formations":[40],"class_list":["post-10231","accompagnements","type-accompagnements","status-publish","has-post-thumbnail","hentry","etat-approuve","thematiques-sante-mentale-et-performance-durable","publics-cible-assistants","publics-cible-collaborateurs","publics-cible-hopitaux","publics-cible-managers","publics-cible-particuliers","publics-cible-top-managers-et-dirigeants","types-formations-action"],"yoast_head":"<!-- This site is optimized with the Yoast SEO plugin v27.1.1 - https:\/\/yoast.com\/product\/yoast-seo-wordpress\/ -->\n<title>Gestion du stress - M\u00e9thode TOP\u00ae - All Leaders Initiative<\/title>\n<meta name=\"description\" content=\"Optez pour une gestion du stress efficace avec la m\u00e9thode TOP. La pr\u00e9paration mentale est un des piliers de l&#039;hyper performance.\" \/>\n<meta name=\"robots\" content=\"index, follow, max-snippet:-1, max-image-preview:large, max-video-preview:-1\" \/>\n<link rel=\"canonical\" href=\"https:\/\/all-leaders.fr\/en\/accompagnements\/sante-mentale-et-performance-durable\/gestion-du-stress-methode-top\/\" \/>\n<meta property=\"og:locale\" content=\"en_US\" \/>\n<meta property=\"og:type\" content=\"article\" \/>\n<meta property=\"og:title\" content=\"Gestion du stress - M\u00e9thode TOP\u00ae - All Leaders Initiative\" \/>\n<meta property=\"og:description\" content=\"Optez pour une gestion du stress efficace avec la m\u00e9thode TOP. La pr\u00e9paration mentale est un des piliers de l&#039;hyper performance.\" \/>\n<meta property=\"og:url\" content=\"https:\/\/all-leaders.fr\/en\/accompagnements\/sante-mentale-et-performance-durable\/gestion-du-stress-methode-top\/\" \/>\n<meta property=\"og:site_name\" content=\"All Leaders Initiative\" \/>\n<meta property=\"article:modified_time\" content=\"2025-11-06T11:06:50+00:00\" \/>\n<meta property=\"og:image\" content=\"https:\/\/all-leaders.fr\/wp-content\/uploads\/2024\/02\/gestion-du-stress-a-lhopital.jpg\" \/>\n\t<meta property=\"og:image:width\" content=\"1024\" \/>\n\t<meta property=\"og:image:height\" content=\"500\" \/>\n\t<meta property=\"og:image:type\" content=\"image\/jpeg\" \/>\n<meta name=\"twitter:card\" content=\"summary_large_image\" \/>\n<meta name=\"twitter:label1\" content=\"Est. reading time\" \/>\n\t<meta name=\"twitter:data1\" content=\"4 minutes\" \/>\n<script type=\"application\/ld+json\" class=\"yoast-schema-graph\">{\"@context\":\"https:\/\/schema.org\",\"@graph\":[{\"@type\":\"WebPage\",\"@id\":\"https:\/\/all-leaders.fr\/en\/accompagnements\/sante-mentale-et-performance-durable\/gestion-du-stress-methode-top\/\",\"url\":\"https:\/\/all-leaders.fr\/en\/accompagnements\/sante-mentale-et-performance-durable\/gestion-du-stress-methode-top\/\",\"name\":\"Gestion du stress - M\u00e9thode TOP\u00ae - All Leaders Initiative\",\"isPartOf\":{\"@id\":\"https:\/\/all-leaders.fr\/en\/#website\"},\"primaryImageOfPage\":{\"@id\":\"https:\/\/all-leaders.fr\/en\/accompagnements\/sante-mentale-et-performance-durable\/gestion-du-stress-methode-top\/#primaryimage\"},\"image\":{\"@id\":\"https:\/\/all-leaders.fr\/en\/accompagnements\/sante-mentale-et-performance-durable\/gestion-du-stress-methode-top\/#primaryimage\"},\"thumbnailUrl\":\"https:\/\/all-leaders.fr\/wp-content\/uploads\/2024\/02\/gestion-du-stress-a-lhopital.jpg\",\"datePublished\":\"2024-02-27T17:52:56+00:00\",\"dateModified\":\"2025-11-06T11:06:50+00:00\",\"description\":\"Optez pour une gestion du stress efficace avec la m\u00e9thode TOP. La pr\u00e9paration mentale est un des piliers de l'hyper performance.\",\"breadcrumb\":{\"@id\":\"https:\/\/all-leaders.fr\/en\/accompagnements\/sante-mentale-et-performance-durable\/gestion-du-stress-methode-top\/#breadcrumb\"},\"inLanguage\":\"en-US\",\"potentialAction\":[{\"@type\":\"ReadAction\",\"target\":[\"https:\/\/all-leaders.fr\/en\/accompagnements\/sante-mentale-et-performance-durable\/gestion-du-stress-methode-top\/\"]}]},{\"@type\":\"ImageObject\",\"inLanguage\":\"en-US\",\"@id\":\"https:\/\/all-leaders.fr\/en\/accompagnements\/sante-mentale-et-performance-durable\/gestion-du-stress-methode-top\/#primaryimage\",\"url\":\"https:\/\/all-leaders.fr\/wp-content\/uploads\/2024\/02\/gestion-du-stress-a-lhopital.jpg\",\"contentUrl\":\"https:\/\/all-leaders.fr\/wp-content\/uploads\/2024\/02\/gestion-du-stress-a-lhopital.jpg\",\"width\":1024,\"height\":500},{\"@type\":\"BreadcrumbList\",\"@id\":\"https:\/\/all-leaders.fr\/en\/accompagnements\/sante-mentale-et-performance-durable\/gestion-du-stress-methode-top\/#breadcrumb\",\"itemListElement\":[{\"@type\":\"ListItem\",\"position\":1,\"name\":\"Accueil\",\"item\":\"https:\/\/all-leaders.fr\/en\/\"},{\"@type\":\"ListItem\",\"position\":2,\"name\":\"Accompagnements\",\"item\":\"https:\/\/all-leaders.fr\/en\/accompagnements\/%thematiques%\/\"},{\"@type\":\"ListItem\",\"position\":3,\"name\":\"Sant\u00e9 mentale et performance durable\"}]},{\"@type\":\"WebSite\",\"@id\":\"https:\/\/all-leaders.fr\/en\/#website\",\"url\":\"https:\/\/all-leaders.fr\/en\/\",\"name\":\"all-leaders.fr\",\"description\":\"All Leaders Initiative\",\"publisher\":{\"@id\":\"https:\/\/all-leaders.fr\/en\/#organization\"},\"potentialAction\":[{\"@type\":\"SearchAction\",\"target\":{\"@type\":\"EntryPoint\",\"urlTemplate\":\"https:\/\/all-leaders.fr\/en\/?s={search_term_string}\"},\"query-input\":{\"@type\":\"PropertyValueSpecification\",\"valueRequired\":true,\"valueName\":\"search_term_string\"}}],\"inLanguage\":\"en-US\"},{\"@type\":\"Organization\",\"@id\":\"https:\/\/all-leaders.fr\/en\/#organization\",\"name\":\"all-leaders.fr\",\"url\":\"https:\/\/all-leaders.fr\/en\/\",\"logo\":{\"@type\":\"ImageObject\",\"inLanguage\":\"en-US\",\"@id\":\"https:\/\/all-leaders.fr\/en\/#\/schema\/logo\/image\/\",\"url\":\"https:\/\/all-leaders.fr\/wp-content\/uploads\/2023\/03\/ALL_LEADERS_INITIATIVE_L_DARK_LOGO.svg\",\"contentUrl\":\"https:\/\/all-leaders.fr\/wp-content\/uploads\/2023\/03\/ALL_LEADERS_INITIATIVE_L_DARK_LOGO.svg\",\"width\":1360,\"height\":512,\"caption\":\"all-leaders.fr\"},\"image\":{\"@id\":\"https:\/\/all-leaders.fr\/en\/#\/schema\/logo\/image\/\"},\"sameAs\":[\"https:\/\/www.linkedin.com\/company\/all-leaders-initiative\/\"]}]}<\/script>\n<!-- \/ Yoast SEO plugin. -->","yoast_head_json":{"title":"Gestion du stress - M\u00e9thode TOP\u00ae - All Leaders Initiative","description":"Optez pour une gestion du stress efficace avec la m\u00e9thode TOP. La pr\u00e9paration mentale est un des piliers de l'hyper performance.","robots":{"index":"index","follow":"follow","max-snippet":"max-snippet:-1","max-image-preview":"max-image-preview:large","max-video-preview":"max-video-preview:-1"},"canonical":"https:\/\/all-leaders.fr\/en\/accompagnements\/sante-mentale-et-performance-durable\/gestion-du-stress-methode-top\/","og_locale":"en_US","og_type":"article","og_title":"Gestion du stress - M\u00e9thode TOP\u00ae - All Leaders Initiative","og_description":"Optez pour une gestion du stress efficace avec la m\u00e9thode TOP. La pr\u00e9paration mentale est un des piliers de l'hyper performance.","og_url":"https:\/\/all-leaders.fr\/en\/accompagnements\/sante-mentale-et-performance-durable\/gestion-du-stress-methode-top\/","og_site_name":"All Leaders Initiative","article_modified_time":"2025-11-06T11:06:50+00:00","og_image":[{"width":1024,"height":500,"url":"https:\/\/all-leaders.fr\/wp-content\/uploads\/2024\/02\/gestion-du-stress-a-lhopital.jpg","type":"image\/jpeg"}],"twitter_card":"summary_large_image","twitter_misc":{"Est. reading time":"4 minutes"},"schema":{"@context":"https:\/\/schema.org","@graph":[{"@type":"WebPage","@id":"https:\/\/all-leaders.fr\/en\/accompagnements\/sante-mentale-et-performance-durable\/gestion-du-stress-methode-top\/","url":"https:\/\/all-leaders.fr\/en\/accompagnements\/sante-mentale-et-performance-durable\/gestion-du-stress-methode-top\/","name":"Gestion du stress - M\u00e9thode TOP\u00ae - All Leaders Initiative","isPartOf":{"@id":"https:\/\/all-leaders.fr\/en\/#website"},"primaryImageOfPage":{"@id":"https:\/\/all-leaders.fr\/en\/accompagnements\/sante-mentale-et-performance-durable\/gestion-du-stress-methode-top\/#primaryimage"},"image":{"@id":"https:\/\/all-leaders.fr\/en\/accompagnements\/sante-mentale-et-performance-durable\/gestion-du-stress-methode-top\/#primaryimage"},"thumbnailUrl":"https:\/\/all-leaders.fr\/wp-content\/uploads\/2024\/02\/gestion-du-stress-a-lhopital.jpg","datePublished":"2024-02-27T17:52:56+00:00","dateModified":"2025-11-06T11:06:50+00:00","description":"Optez pour une gestion du stress efficace avec la m\u00e9thode TOP. La pr\u00e9paration mentale est un des piliers de l'hyper performance.","breadcrumb":{"@id":"https:\/\/all-leaders.fr\/en\/accompagnements\/sante-mentale-et-performance-durable\/gestion-du-stress-methode-top\/#breadcrumb"},"inLanguage":"en-US","potentialAction":[{"@type":"ReadAction","target":["https:\/\/all-leaders.fr\/en\/accompagnements\/sante-mentale-et-performance-durable\/gestion-du-stress-methode-top\/"]}]},{"@type":"ImageObject","inLanguage":"en-US","@id":"https:\/\/all-leaders.fr\/en\/accompagnements\/sante-mentale-et-performance-durable\/gestion-du-stress-methode-top\/#primaryimage","url":"https:\/\/all-leaders.fr\/wp-content\/uploads\/2024\/02\/gestion-du-stress-a-lhopital.jpg","contentUrl":"https:\/\/all-leaders.fr\/wp-content\/uploads\/2024\/02\/gestion-du-stress-a-lhopital.jpg","width":1024,"height":500},{"@type":"BreadcrumbList","@id":"https:\/\/all-leaders.fr\/en\/accompagnements\/sante-mentale-et-performance-durable\/gestion-du-stress-methode-top\/#breadcrumb","itemListElement":[{"@type":"ListItem","position":1,"name":"Accueil","item":"https:\/\/all-leaders.fr\/en\/"},{"@type":"ListItem","position":2,"name":"Accompagnements","item":"https:\/\/all-leaders.fr\/en\/accompagnements\/%thematiques%\/"},{"@type":"ListItem","position":3,"name":"Sant\u00e9 mentale et performance durable"}]},{"@type":"WebSite","@id":"https:\/\/all-leaders.fr\/en\/#website","url":"https:\/\/all-leaders.fr\/en\/","name":"all-leaders.fr","description":"All Leaders Initiative","publisher":{"@id":"https:\/\/all-leaders.fr\/en\/#organization"},"potentialAction":[{"@type":"SearchAction","target":{"@type":"EntryPoint","urlTemplate":"https:\/\/all-leaders.fr\/en\/?s={search_term_string}"},"query-input":{"@type":"PropertyValueSpecification","valueRequired":true,"valueName":"search_term_string"}}],"inLanguage":"en-US"},{"@type":"Organization","@id":"https:\/\/all-leaders.fr\/en\/#organization","name":"all-leaders.fr","url":"https:\/\/all-leaders.fr\/en\/","logo":{"@type":"ImageObject","inLanguage":"en-US","@id":"https:\/\/all-leaders.fr\/en\/#\/schema\/logo\/image\/","url":"https:\/\/all-leaders.fr\/wp-content\/uploads\/2023\/03\/ALL_LEADERS_INITIATIVE_L_DARK_LOGO.svg","contentUrl":"https:\/\/all-leaders.fr\/wp-content\/uploads\/2023\/03\/ALL_LEADERS_INITIATIVE_L_DARK_LOGO.svg","width":1360,"height":512,"caption":"all-leaders.fr"},"image":{"@id":"https:\/\/all-leaders.fr\/en\/#\/schema\/logo\/image\/"},"sameAs":["https:\/\/www.linkedin.com\/company\/all-leaders-initiative\/"]}]}},"_links":{"self":[{"href":"https:\/\/all-leaders.fr\/en\/wp-json\/wp\/v2\/accompagnements\/10231","targetHints":{"allow":["GET"]}}],"collection":[{"href":"https:\/\/all-leaders.fr\/en\/wp-json\/wp\/v2\/accompagnements"}],"about":[{"href":"https:\/\/all-leaders.fr\/en\/wp-json\/wp\/v2\/types\/accompagnements"}],"author":[{"embeddable":true,"href":"https:\/\/all-leaders.fr\/en\/wp-json\/wp\/v2\/users\/1"}],"version-history":[{"count":40,"href":"https:\/\/all-leaders.fr\/en\/wp-json\/wp\/v2\/accompagnements\/10231\/revisions"}],"predecessor-version":[{"id":15133,"href":"https:\/\/all-leaders.fr\/en\/wp-json\/wp\/v2\/accompagnements\/10231\/revisions\/15133"}],"wp:featuredmedia":[{"embeddable":true,"href":"https:\/\/all-leaders.fr\/en\/wp-json\/wp\/v2\/media\/10338"}],"wp:attachment":[{"href":"https:\/\/all-leaders.fr\/en\/wp-json\/wp\/v2\/media?parent=10231"}],"wp:term":[{"taxonomy":"etat","embeddable":true,"href":"https:\/\/all-leaders.fr\/en\/wp-json\/wp\/v2\/etat?post=10231"},{"taxonomy":"thematiques","embeddable":true,"href":"https:\/\/all-leaders.fr\/en\/wp-json\/wp\/v2\/thematiques?post=10231"},{"taxonomy":"publics-cible","embeddable":true,"href":"https:\/\/all-leaders.fr\/en\/wp-json\/wp\/v2\/publics-cible?post=10231"},{"taxonomy":"types-formations","embeddable":true,"href":"https:\/\/all-leaders.fr\/en\/wp-json\/wp\/v2\/types-formations?post=10231"}],"curies":[{"name":"wp","href":"https:\/\/api.w.org\/{rel}","templated":true}]}}