{"id":1104,"date":"2023-04-03T15:34:45","date_gmt":"2023-04-03T15:34:45","guid":{"rendered":"https:\/\/all-leaders.fr\/?post_type=formations&#038;p=1104"},"modified":"2025-11-07T21:36:29","modified_gmt":"2025-11-07T21:36:29","slug":"seminaire-et-teambuilding-sur-mesure-pour-managers","status":"publish","type":"accompagnements","link":"https:\/\/all-leaders.fr\/en\/accompagnements\/coaching-de-managers\/seminaire-et-teambuilding-sur-mesure-pour-managers\/","title":{"rendered":"S\u00e9minaires d&#8217;entreprise et Teambuildings 1 \u00e0 2 j"},"content":{"rendered":"\t\t<div data-elementor-type=\"wp-post\" data-elementor-id=\"1104\" class=\"elementor elementor-1104\" data-elementor-post-type=\"accompagnements\">\n\t\t\t\t<div data-particle_enable=\"false\" data-particle-mobile-disabled=\"false\" class=\"elementor-element elementor-element-a445d15 e-con-full e-flex e-con e-parent\" data-id=\"a445d15\" data-element_type=\"container\" data-e-type=\"container\" data-settings=\"{&quot;background_background&quot;:&quot;classic&quot;}\">\n\t\t\t\t<div class=\"elementor-element elementor-element-2aba0d5 elementor-widget elementor-widget-text-editor\" data-id=\"2aba0d5\" data-element_type=\"widget\" data-e-type=\"widget\" data-widget_type=\"text-editor.default\">\n\t\t\t\t<div class=\"elementor-widget-container\">\n\t\t\t\t\t\t\t\t\t<p>On ne pr\u00e9sente plus les s\u00e9minaires d&#8217;entreprise ou teambuildings, ces moments forts de la vie d\u2019une \u00e9quipe destin\u00e9s \u00e0 renforcer la coh\u00e9sion et la collaboration entre les membres d&#8217;une \u00e9quipe dans un environnement professionnel.<\/p><p>Chez ALL LEADERS INITIATIVE, nous allons vous pr\u00e9senter non pas CE que nous ferons avec vous, puisque cela sera construit :<\/p><ul><li>ensemble,<\/li><li>apr\u00e8s une phase de diagnostic qui pourra impliquer plusieurs personnes de votre organisation, destin\u00e9e \u00e0 en recueillir les enjeux explicites et implicites et \u00e0 les mettre en perspective de vos challenges<\/li><li>en fonction de ces enjeux et besoins majeurs, de ceux de votre \u00e9quipe et de votre \u00e9tat d\u2019esprit respectif<\/li><\/ul><p>Mais <b>COMMENT <\/b>et dans quelle <b>INTENTION <\/b>nous travaillons.<\/p>\t\t\t\t\t\t\t\t<\/div>\n\t\t\t\t<\/div>\n\t\t\t\t<div class=\"elementor-element elementor-element-387dc3d elementor-widget__width-inherit elementor-widget elementor-widget-heading\" data-id=\"387dc3d\" data-element_type=\"widget\" data-e-type=\"widget\" data-widget_type=\"heading.default\">\n\t\t\t\t<div class=\"elementor-widget-container\">\n\t\t\t\t\t<h2 class=\"elementor-heading-title elementor-size-default\">COMMENT et dans quelle INTENTION<\/h2>\t\t\t\t<\/div>\n\t\t\t\t<\/div>\n\t\t\t\t<div class=\"elementor-element elementor-element-991a007 elementor-widget__width-inherit elementor-widget elementor-widget-heading\" data-id=\"991a007\" data-element_type=\"widget\" data-e-type=\"widget\" data-widget_type=\"heading.default\">\n\t\t\t\t<div class=\"elementor-widget-container\">\n\t\t\t\t\t<h3 class=\"elementor-heading-title elementor-size-default\">L\u2019alliance<\/h3>\t\t\t\t<\/div>\n\t\t\t\t<\/div>\n\t\t\t\t<div class=\"elementor-element elementor-element-4ea238a elementor-widget elementor-widget-text-editor\" data-id=\"4ea238a\" data-element_type=\"widget\" data-e-type=\"widget\" data-widget_type=\"text-editor.default\">\n\t\t\t\t<div class=\"elementor-widget-container\">\n\t\t\t\t\t\t\t\t\t<p>Pour nous, tout commence par une alliance avec vous. Elle commence lorsque vous nous racontez la vie de votre \u00e9quipe et l\u2019objectif que vous voulez atteindre ensemble, se poursuit pendant le design du s\u00e9minaire ou teambuilding, puis lors de ce temps fort o\u00f9 vous nous d\u00e9l\u00e9guez l\u2019animation mais \u00e9galement une partie du leadership.<\/p><p>Elle se poursuivra dans le temps car nous pouvons imaginer un d\u00e9ploiement de plusieurs temps forts d\u2019\u00e9quipe. A minima, si c\u2019est un s\u00e9minaire ou teambuilding annuel, nous nous reverrons 1 et 3 mois plus tard en \u00ab\u00a0t\u00eate \u00e0 t\u00eate\u00a0\u00bb pour en cultiver les effets.<\/p><p>Durant tout ce cheminement c\u2019est \u00e9galement vous que nous accompagnerons en priorit\u00e9, dans la prise de conscience de votre potentiel de d\u00e9veloppement de l\u2019intelligence collective.<\/p>\t\t\t\t\t\t\t\t<\/div>\n\t\t\t\t<\/div>\n\t\t\t\t<div class=\"elementor-element elementor-element-2a94967 elementor-widget__width-inherit elementor-widget elementor-widget-heading\" data-id=\"2a94967\" data-element_type=\"widget\" data-e-type=\"widget\" data-widget_type=\"heading.default\">\n\t\t\t\t<div class=\"elementor-widget-container\">\n\t\t\t\t\t<h3 class=\"elementor-heading-title elementor-size-default\">L\u2019\u00e9tat d\u2019esprit de nos s\u00e9minaires d'entreprise<\/h3>\t\t\t\t<\/div>\n\t\t\t\t<\/div>\n\t\t\t\t<div class=\"elementor-element elementor-element-2f108cb elementor-widget elementor-widget-text-editor\" data-id=\"2f108cb\" data-element_type=\"widget\" data-e-type=\"widget\" data-widget_type=\"text-editor.default\">\n\t\t\t\t<div class=\"elementor-widget-container\">\n\t\t\t\t\t\t\t\t\t<p>Dans un s\u00e9minaire d\u2019\u00e9quipe nous nous adresserons aux deux aspects des membres de votre \u00e9quipe\u00a0qui sont \u00e0 la fois <b>objets de production et sujets en croissance<\/b><strong>.<\/strong><\/p><p><b>Ainsi, dans le design, nous choisirons ensemble d\u2019adresser ces 3 dimensions :<\/b><\/p><ol><li>Des moments consacr\u00e9s au contenu, aux <b>op\u00e9rations<\/b>, aux projets en cours ou \u00e0 venir, \u00e0 la vision partag\u00e9e<\/li><li>Des moments de <b>r\u00e9gulation <\/b>o\u00f9 l\u2019on travaillera sur le process et les relations au sein de l\u2019\u00e9quipe, ou entre les \u00e9quipes<\/li><li>Des temps de <b>formation <\/b>techniques, juridiques, de d\u00e9veloppement manag\u00e9rial, \u2026<\/li><\/ol><p>La r\u00e9partition de ces diff\u00e9rentes dimensions fait partie int\u00e9grante de votre strat\u00e9gie de s\u00e9minaire<\/p>\t\t\t\t\t\t\t\t<\/div>\n\t\t\t\t<\/div>\n\t\t<div data-particle_enable=\"false\" data-particle-mobile-disabled=\"false\" class=\"elementor-element elementor-element-5e8a742 e-con-full e-flex e-con e-child\" data-id=\"5e8a742\" data-element_type=\"container\" data-e-type=\"container\" data-settings=\"{&quot;background_background&quot;:&quot;classic&quot;}\">\n\t\t\t\t<\/div>\n\t\t\t\t<div class=\"elementor-element elementor-element-03e2e9f elementor-widget elementor-widget-text-editor\" data-id=\"03e2e9f\" data-element_type=\"widget\" data-e-type=\"widget\" data-widget_type=\"text-editor.default\">\n\t\t\t\t<div class=\"elementor-widget-container\">\n\t\t\t\t\t\t\t\t\t<p>Les b\u00e9n\u00e9fices de ces s\u00e9minaires ou teambuilding en entreprise peuvent \u00eatre visibles (meilleure communication et collaboration, am\u00e9lioration de l\u2019efficacit\u00e9, r\u00e9duction du stress) et aussi invisibles (plus grande motivation et sentiment d\u2019appartenance et engagement).<\/p>\t\t\t\t\t\t\t\t<\/div>\n\t\t\t\t<\/div>\n\t\t<div data-particle_enable=\"false\" data-particle-mobile-disabled=\"false\" class=\"elementor-element elementor-element-0017ebb e-con-full e-flex e-con e-child\" data-id=\"0017ebb\" data-element_type=\"container\" data-e-type=\"container\" data-settings=\"{&quot;background_background&quot;:&quot;classic&quot;}\">\n\t\t<div data-particle_enable=\"false\" data-particle-mobile-disabled=\"false\" class=\"elementor-element elementor-element-8709e5b e-con-full e-flex e-con e-child\" data-id=\"8709e5b\" data-element_type=\"container\" data-e-type=\"container\" data-settings=\"{&quot;background_background&quot;:&quot;classic&quot;}\">\n\t\t\t\t<div class=\"elementor-element elementor-element-b42aca6 elementor-widget__width-inherit elementor-widget elementor-widget-heading\" data-id=\"b42aca6\" data-element_type=\"widget\" data-e-type=\"widget\" data-widget_type=\"heading.default\">\n\t\t\t\t<div class=\"elementor-widget-container\">\n\t\t\t\t\t<h2 class=\"elementor-heading-title elementor-size-default\">Tarif des s\u00e9minaires d'entreprise<\/h2>\t\t\t\t<\/div>\n\t\t\t\t<\/div>\n\t\t\t\t<div class=\"elementor-element elementor-element-0c97bed elementor-widget elementor-widget-text-editor\" data-id=\"0c97bed\" data-element_type=\"widget\" data-e-type=\"widget\" data-widget_type=\"text-editor.default\">\n\t\t\t\t<div class=\"elementor-widget-container\">\n\t\t\t\t\t\t\t\t\t<p>A affiner, d\u00e8s la phase de diagnostic, en fonction du nombre\u00a0 de jours\u00a0 de pr\u00e9paration et d&#8217;intervention, et de la taille de l&#8217;\u00e9quipe.<\/p>\t\t\t\t\t\t\t\t<\/div>\n\t\t\t\t<\/div>\n\t\t\t\t<\/div>\n\t\t<div data-particle_enable=\"false\" data-particle-mobile-disabled=\"false\" class=\"elementor-element elementor-element-004b2a3 e-con-full e-flex e-con e-child\" data-id=\"004b2a3\" data-element_type=\"container\" data-e-type=\"container\" data-settings=\"{&quot;background_background&quot;:&quot;classic&quot;}\">\n\t\t\t\t<div class=\"elementor-element elementor-element-a14f17a elementor-widget__width-inherit elementor-widget-tablet_extra__width-initial elementor-widget elementor-widget-heading\" data-id=\"a14f17a\" data-element_type=\"widget\" data-e-type=\"widget\" data-widget_type=\"heading.default\">\n\t\t\t\t<div class=\"elementor-widget-container\">\n\t\t\t\t\t<h2 class=\"elementor-heading-title elementor-size-medium\">B\u00e2tissez la culture de votre \u00e9quipe, dans le long terme et la bonne humeur !<\/h2>\t\t\t\t<\/div>\n\t\t\t\t<\/div>\n\t\t\t\t<div class=\"elementor-element elementor-element-c5e68c4 elementor-widget elementor-widget-text-editor\" data-id=\"c5e68c4\" data-element_type=\"widget\" data-e-type=\"widget\" data-widget_type=\"text-editor.default\">\n\t\t\t\t<div class=\"elementor-widget-container\">\n\t\t\t\t\t\t\t\t\t<p>La culture d&#8217;une \u00e9quipe peut \u00eatre marqu\u00e9e par plusieurs \u00e9l\u00e9ments qui refl\u00e8tent les valeurs, les croyances et les comportements communs aux membres de l&#8217;\u00e9quipe. EN voici quelques marqueurs :<\/p><p>\u00a0<\/p><ul><li><b>Les normes et les r\u00e8gles :<\/b> elles d\u00e9finissent les comportements acceptables et inacceptables au sein de l&#8217;\u00e9quipe. Elles peuvent concerner la communication, la ponctualit\u00e9, la qualit\u00e9 du travail, l&#8217;attitude envers les clients ou les coll\u00e8gues, etc.<\/li><li><b>Le langage et les symboles : <\/b>ce qu\u2019on appelle le \u00ab\u00a0jargon\u00a0\u00bb, ainsi que le style de communication interpersonnelle<\/li><li><b>Les rites et les traditions :<\/b> par exemple les pauses-caf\u00e9, les de c\u00e9l\u00e9brations d&#8217;anniversaires, les rituels d\u2019accueil, \u2026<\/li><li><b>L\u2019histoire commune<\/b> et les exp\u00e9riences partag\u00e9es<\/li><li><b>L&#8217;attitude envers le changement :<\/b> ce crit\u00e8re est moins connu, mais rel\u00e8ve aussi de la culture\u00a0: capacit\u00e9 d\u2019ouverture au changement, cr\u00e9ativit\u00e9 ou conservatisme et prudence, \u2026<\/li><\/ul><p>Les s\u00e9minaires d&#8217;entreprise et de teambuilding sont patrie int\u00e9grante de l\u2019\u00e9tablissement ou de l\u2019affirmation de cette culture et de ses diff\u00e9rents marqueurs.<\/p>\t\t\t\t\t\t\t\t<\/div>\n\t\t\t\t<\/div>\n\t\t\t\t<\/div>\n\t\t\t\t<\/div>\n\t\t\t\t<\/div>\n\t\t\t\t<\/div>\n\t\t","protected":false},"excerpt":{"rendered":"<p>Transformez la coh\u00e9sion de votre \u00e9quipe en agissant sur les enjeux r\u00e9els, pas sur un programme standardis\u00e9. Nous co-construisons votre s\u00e9minaire apr\u00e8s un diagnostic pr\u00e9cis, pour une transformation qui a du sens.<\/p>\n","protected":false},"author":2,"featured_media":1168,"template":"","meta":[],"etat":[100],"thematiques":[126],"publics-cible":[47,48,50],"types-formations":[51],"class_list":["post-1104","accompagnements","type-accompagnements","status-publish","has-post-thumbnail","hentry","etat-monte","thematiques-coaching-de-managers","publics-cible-assistants","publics-cible-managers","publics-cible-top-managers-et-dirigeants","types-formations-immersion"],"yoast_head":"<!-- This site is optimized with the Yoast SEO plugin v27.1.1 - https:\/\/yoast.com\/product\/yoast-seo-wordpress\/ -->\n<title>S\u00e9minaires d&#039;entreprise ou teambuilding<\/title>\n<meta name=\"description\" content=\"Des s\u00e9minaires d&#039;entreprise (teambuilding) con\u00e7us autour de l&#039;objectif commun pour mesurer le potentiel de l\u2019intelligence collective.\" \/>\n<meta name=\"robots\" content=\"index, follow, max-snippet:-1, max-image-preview:large, max-video-preview:-1\" \/>\n<link rel=\"canonical\" href=\"https:\/\/all-leaders.fr\/en\/accompagnements\/coaching-de-managers\/seminaire-et-teambuilding-sur-mesure-pour-managers\/\" \/>\n<meta property=\"og:locale\" content=\"en_US\" \/>\n<meta property=\"og:type\" content=\"article\" \/>\n<meta property=\"og:title\" content=\"S\u00e9minaires d&#039;entreprise ou teambuilding\" \/>\n<meta property=\"og:description\" content=\"Des s\u00e9minaires d&#039;entreprise (teambuilding) con\u00e7us autour de l&#039;objectif commun pour mesurer le potentiel de l\u2019intelligence collective.\" \/>\n<meta property=\"og:url\" content=\"https:\/\/all-leaders.fr\/en\/accompagnements\/coaching-de-managers\/seminaire-et-teambuilding-sur-mesure-pour-managers\/\" \/>\n<meta property=\"og:site_name\" content=\"All Leaders Initiative\" \/>\n<meta property=\"article:modified_time\" content=\"2025-11-07T21:36:29+00:00\" \/>\n<meta property=\"og:image\" content=\"https:\/\/all-leaders.fr\/wp-content\/uploads\/2023\/04\/AdobeStock_182324312.jpeg\" \/>\n\t<meta property=\"og:image:width\" content=\"1024\" \/>\n\t<meta property=\"og:image:height\" content=\"683\" \/>\n\t<meta property=\"og:image:type\" content=\"image\/jpeg\" \/>\n<meta name=\"twitter:card\" content=\"summary_large_image\" \/>\n<meta name=\"twitter:title\" content=\"S\u00e9minaires d&#039;entreprise ou teambuilding\" \/>\n<meta name=\"twitter:description\" content=\"Des s\u00e9minaires d&#039;entreprise (teambuilding) con\u00e7us autour de l&#039;objectif commun pour mesurer le potentiel de l\u2019intelligence collective.\" \/>\n<meta name=\"twitter:image\" content=\"https:\/\/all-leaders.fr\/wp-content\/uploads\/2023\/04\/AdobeStock_182324312.jpeg\" \/>\n<meta name=\"twitter:label1\" content=\"Est. reading time\" \/>\n\t<meta name=\"twitter:data1\" content=\"3 minutes\" \/>\n<script type=\"application\/ld+json\" class=\"yoast-schema-graph\">{\"@context\":\"https:\/\/schema.org\",\"@graph\":[{\"@type\":\"WebPage\",\"@id\":\"https:\/\/all-leaders.fr\/en\/accompagnements\/coaching-de-managers\/seminaire-et-teambuilding-sur-mesure-pour-managers\/\",\"url\":\"https:\/\/all-leaders.fr\/en\/accompagnements\/coaching-de-managers\/seminaire-et-teambuilding-sur-mesure-pour-managers\/\",\"name\":\"S\u00e9minaires d'entreprise ou teambuilding\",\"isPartOf\":{\"@id\":\"https:\/\/all-leaders.fr\/en\/#website\"},\"primaryImageOfPage\":{\"@id\":\"https:\/\/all-leaders.fr\/en\/accompagnements\/coaching-de-managers\/seminaire-et-teambuilding-sur-mesure-pour-managers\/#primaryimage\"},\"image\":{\"@id\":\"https:\/\/all-leaders.fr\/en\/accompagnements\/coaching-de-managers\/seminaire-et-teambuilding-sur-mesure-pour-managers\/#primaryimage\"},\"thumbnailUrl\":\"https:\/\/all-leaders.fr\/wp-content\/uploads\/2023\/04\/AdobeStock_182324312.jpeg\",\"datePublished\":\"2023-04-03T15:34:45+00:00\",\"dateModified\":\"2025-11-07T21:36:29+00:00\",\"description\":\"Des s\u00e9minaires d'entreprise (teambuilding) con\u00e7us autour de l'objectif commun pour mesurer le potentiel de l\u2019intelligence collective.\",\"breadcrumb\":{\"@id\":\"https:\/\/all-leaders.fr\/en\/accompagnements\/coaching-de-managers\/seminaire-et-teambuilding-sur-mesure-pour-managers\/#breadcrumb\"},\"inLanguage\":\"en-US\",\"potentialAction\":[{\"@type\":\"ReadAction\",\"target\":[\"https:\/\/all-leaders.fr\/en\/accompagnements\/coaching-de-managers\/seminaire-et-teambuilding-sur-mesure-pour-managers\/\"]}]},{\"@type\":\"ImageObject\",\"inLanguage\":\"en-US\",\"@id\":\"https:\/\/all-leaders.fr\/en\/accompagnements\/coaching-de-managers\/seminaire-et-teambuilding-sur-mesure-pour-managers\/#primaryimage\",\"url\":\"https:\/\/all-leaders.fr\/wp-content\/uploads\/2023\/04\/AdobeStock_182324312.jpeg\",\"contentUrl\":\"https:\/\/all-leaders.fr\/wp-content\/uploads\/2023\/04\/AdobeStock_182324312.jpeg\",\"width\":1024,\"height\":683,\"caption\":\"S\u00e9minaire\"},{\"@type\":\"BreadcrumbList\",\"@id\":\"https:\/\/all-leaders.fr\/en\/accompagnements\/coaching-de-managers\/seminaire-et-teambuilding-sur-mesure-pour-managers\/#breadcrumb\",\"itemListElement\":[{\"@type\":\"ListItem\",\"position\":1,\"name\":\"Accueil\",\"item\":\"https:\/\/all-leaders.fr\/en\/\"},{\"@type\":\"ListItem\",\"position\":2,\"name\":\"Accompagnements\",\"item\":\"https:\/\/all-leaders.fr\/en\/accompagnements\/%thematiques%\/\"},{\"@type\":\"ListItem\",\"position\":3,\"name\":\"Coaching de managers\"}]},{\"@type\":\"WebSite\",\"@id\":\"https:\/\/all-leaders.fr\/en\/#website\",\"url\":\"https:\/\/all-leaders.fr\/en\/\",\"name\":\"all-leaders.fr\",\"description\":\"All Leaders Initiative\",\"publisher\":{\"@id\":\"https:\/\/all-leaders.fr\/en\/#organization\"},\"potentialAction\":[{\"@type\":\"SearchAction\",\"target\":{\"@type\":\"EntryPoint\",\"urlTemplate\":\"https:\/\/all-leaders.fr\/en\/?s={search_term_string}\"},\"query-input\":{\"@type\":\"PropertyValueSpecification\",\"valueRequired\":true,\"valueName\":\"search_term_string\"}}],\"inLanguage\":\"en-US\"},{\"@type\":\"Organization\",\"@id\":\"https:\/\/all-leaders.fr\/en\/#organization\",\"name\":\"all-leaders.fr\",\"url\":\"https:\/\/all-leaders.fr\/en\/\",\"logo\":{\"@type\":\"ImageObject\",\"inLanguage\":\"en-US\",\"@id\":\"https:\/\/all-leaders.fr\/en\/#\/schema\/logo\/image\/\",\"url\":\"https:\/\/all-leaders.fr\/wp-content\/uploads\/2023\/03\/ALL_LEADERS_INITIATIVE_L_DARK_LOGO.svg\",\"contentUrl\":\"https:\/\/all-leaders.fr\/wp-content\/uploads\/2023\/03\/ALL_LEADERS_INITIATIVE_L_DARK_LOGO.svg\",\"width\":1360,\"height\":512,\"caption\":\"all-leaders.fr\"},\"image\":{\"@id\":\"https:\/\/all-leaders.fr\/en\/#\/schema\/logo\/image\/\"},\"sameAs\":[\"https:\/\/www.linkedin.com\/company\/all-leaders-initiative\/\"]}]}<\/script>\n<!-- \/ Yoast SEO plugin. -->","yoast_head_json":{"title":"S\u00e9minaires d'entreprise ou teambuilding","description":"Des s\u00e9minaires d'entreprise (teambuilding) con\u00e7us autour de l'objectif commun pour mesurer le potentiel de l\u2019intelligence collective.","robots":{"index":"index","follow":"follow","max-snippet":"max-snippet:-1","max-image-preview":"max-image-preview:large","max-video-preview":"max-video-preview:-1"},"canonical":"https:\/\/all-leaders.fr\/en\/accompagnements\/coaching-de-managers\/seminaire-et-teambuilding-sur-mesure-pour-managers\/","og_locale":"en_US","og_type":"article","og_title":"S\u00e9minaires d'entreprise ou teambuilding","og_description":"Des s\u00e9minaires d'entreprise (teambuilding) con\u00e7us autour de l'objectif commun pour mesurer le potentiel de l\u2019intelligence collective.","og_url":"https:\/\/all-leaders.fr\/en\/accompagnements\/coaching-de-managers\/seminaire-et-teambuilding-sur-mesure-pour-managers\/","og_site_name":"All Leaders Initiative","article_modified_time":"2025-11-07T21:36:29+00:00","og_image":[{"width":1024,"height":683,"url":"https:\/\/all-leaders.fr\/wp-content\/uploads\/2023\/04\/AdobeStock_182324312.jpeg","type":"image\/jpeg"}],"twitter_card":"summary_large_image","twitter_title":"S\u00e9minaires d'entreprise ou teambuilding","twitter_description":"Des s\u00e9minaires d'entreprise (teambuilding) con\u00e7us autour de l'objectif commun pour mesurer le potentiel de l\u2019intelligence collective.","twitter_image":"https:\/\/all-leaders.fr\/wp-content\/uploads\/2023\/04\/AdobeStock_182324312.jpeg","twitter_misc":{"Est. reading time":"3 minutes"},"schema":{"@context":"https:\/\/schema.org","@graph":[{"@type":"WebPage","@id":"https:\/\/all-leaders.fr\/en\/accompagnements\/coaching-de-managers\/seminaire-et-teambuilding-sur-mesure-pour-managers\/","url":"https:\/\/all-leaders.fr\/en\/accompagnements\/coaching-de-managers\/seminaire-et-teambuilding-sur-mesure-pour-managers\/","name":"S\u00e9minaires d'entreprise ou teambuilding","isPartOf":{"@id":"https:\/\/all-leaders.fr\/en\/#website"},"primaryImageOfPage":{"@id":"https:\/\/all-leaders.fr\/en\/accompagnements\/coaching-de-managers\/seminaire-et-teambuilding-sur-mesure-pour-managers\/#primaryimage"},"image":{"@id":"https:\/\/all-leaders.fr\/en\/accompagnements\/coaching-de-managers\/seminaire-et-teambuilding-sur-mesure-pour-managers\/#primaryimage"},"thumbnailUrl":"https:\/\/all-leaders.fr\/wp-content\/uploads\/2023\/04\/AdobeStock_182324312.jpeg","datePublished":"2023-04-03T15:34:45+00:00","dateModified":"2025-11-07T21:36:29+00:00","description":"Des s\u00e9minaires d'entreprise (teambuilding) con\u00e7us autour de l'objectif commun pour mesurer le potentiel de l\u2019intelligence collective.","breadcrumb":{"@id":"https:\/\/all-leaders.fr\/en\/accompagnements\/coaching-de-managers\/seminaire-et-teambuilding-sur-mesure-pour-managers\/#breadcrumb"},"inLanguage":"en-US","potentialAction":[{"@type":"ReadAction","target":["https:\/\/all-leaders.fr\/en\/accompagnements\/coaching-de-managers\/seminaire-et-teambuilding-sur-mesure-pour-managers\/"]}]},{"@type":"ImageObject","inLanguage":"en-US","@id":"https:\/\/all-leaders.fr\/en\/accompagnements\/coaching-de-managers\/seminaire-et-teambuilding-sur-mesure-pour-managers\/#primaryimage","url":"https:\/\/all-leaders.fr\/wp-content\/uploads\/2023\/04\/AdobeStock_182324312.jpeg","contentUrl":"https:\/\/all-leaders.fr\/wp-content\/uploads\/2023\/04\/AdobeStock_182324312.jpeg","width":1024,"height":683,"caption":"S\u00e9minaire"},{"@type":"BreadcrumbList","@id":"https:\/\/all-leaders.fr\/en\/accompagnements\/coaching-de-managers\/seminaire-et-teambuilding-sur-mesure-pour-managers\/#breadcrumb","itemListElement":[{"@type":"ListItem","position":1,"name":"Accueil","item":"https:\/\/all-leaders.fr\/en\/"},{"@type":"ListItem","position":2,"name":"Accompagnements","item":"https:\/\/all-leaders.fr\/en\/accompagnements\/%thematiques%\/"},{"@type":"ListItem","position":3,"name":"Coaching de managers"}]},{"@type":"WebSite","@id":"https:\/\/all-leaders.fr\/en\/#website","url":"https:\/\/all-leaders.fr\/en\/","name":"all-leaders.fr","description":"All Leaders Initiative","publisher":{"@id":"https:\/\/all-leaders.fr\/en\/#organization"},"potentialAction":[{"@type":"SearchAction","target":{"@type":"EntryPoint","urlTemplate":"https:\/\/all-leaders.fr\/en\/?s={search_term_string}"},"query-input":{"@type":"PropertyValueSpecification","valueRequired":true,"valueName":"search_term_string"}}],"inLanguage":"en-US"},{"@type":"Organization","@id":"https:\/\/all-leaders.fr\/en\/#organization","name":"all-leaders.fr","url":"https:\/\/all-leaders.fr\/en\/","logo":{"@type":"ImageObject","inLanguage":"en-US","@id":"https:\/\/all-leaders.fr\/en\/#\/schema\/logo\/image\/","url":"https:\/\/all-leaders.fr\/wp-content\/uploads\/2023\/03\/ALL_LEADERS_INITIATIVE_L_DARK_LOGO.svg","contentUrl":"https:\/\/all-leaders.fr\/wp-content\/uploads\/2023\/03\/ALL_LEADERS_INITIATIVE_L_DARK_LOGO.svg","width":1360,"height":512,"caption":"all-leaders.fr"},"image":{"@id":"https:\/\/all-leaders.fr\/en\/#\/schema\/logo\/image\/"},"sameAs":["https:\/\/www.linkedin.com\/company\/all-leaders-initiative\/"]}]}},"_links":{"self":[{"href":"https:\/\/all-leaders.fr\/en\/wp-json\/wp\/v2\/accompagnements\/1104","targetHints":{"allow":["GET"]}}],"collection":[{"href":"https:\/\/all-leaders.fr\/en\/wp-json\/wp\/v2\/accompagnements"}],"about":[{"href":"https:\/\/all-leaders.fr\/en\/wp-json\/wp\/v2\/types\/accompagnements"}],"author":[{"embeddable":true,"href":"https:\/\/all-leaders.fr\/en\/wp-json\/wp\/v2\/users\/2"}],"version-history":[{"count":16,"href":"https:\/\/all-leaders.fr\/en\/wp-json\/wp\/v2\/accompagnements\/1104\/revisions"}],"predecessor-version":[{"id":15569,"href":"https:\/\/all-leaders.fr\/en\/wp-json\/wp\/v2\/accompagnements\/1104\/revisions\/15569"}],"wp:featuredmedia":[{"embeddable":true,"href":"https:\/\/all-leaders.fr\/en\/wp-json\/wp\/v2\/media\/1168"}],"wp:attachment":[{"href":"https:\/\/all-leaders.fr\/en\/wp-json\/wp\/v2\/media?parent=1104"}],"wp:term":[{"taxonomy":"etat","embeddable":true,"href":"https:\/\/all-leaders.fr\/en\/wp-json\/wp\/v2\/etat?post=1104"},{"taxonomy":"thematiques","embeddable":true,"href":"https:\/\/all-leaders.fr\/en\/wp-json\/wp\/v2\/thematiques?post=1104"},{"taxonomy":"publics-cible","embeddable":true,"href":"https:\/\/all-leaders.fr\/en\/wp-json\/wp\/v2\/publics-cible?post=1104"},{"taxonomy":"types-formations","embeddable":true,"href":"https:\/\/all-leaders.fr\/en\/wp-json\/wp\/v2\/types-formations?post=1104"}],"curies":[{"name":"wp","href":"https:\/\/api.w.org\/{rel}","templated":true}]}}