{"id":1109,"date":"2023-04-04T06:53:28","date_gmt":"2023-04-04T06:53:28","guid":{"rendered":"https:\/\/all-leaders.fr\/?post_type=formations&#038;p=1109"},"modified":"2026-04-23T13:21:34","modified_gmt":"2026-04-23T13:21:34","slug":"formations-pssm-premiers-secours-en-sante-mentale","status":"publish","type":"accompagnements","link":"https:\/\/all-leaders.fr\/en\/accompagnements\/sante-mentale-et-performance-durable\/formations-pssm-premiers-secours-en-sante-mentale\/","title":{"rendered":"Formations PSSM \u2013 Premiers secours en sant\u00e9 mentale"},"content":{"rendered":"\t\t<div data-elementor-type=\"wp-post\" data-elementor-id=\"1109\" class=\"elementor elementor-1109\" data-elementor-post-type=\"accompagnements\">\n\t\t\t\t<div data-particle_enable=\"false\" data-particle-mobile-disabled=\"false\" class=\"elementor-element elementor-element-058d690 e-con-full e-flex e-con e-parent\" data-id=\"058d690\" data-element_type=\"container\" data-e-type=\"container\" data-settings=\"{&quot;background_background&quot;:&quot;classic&quot;}\">\n\t\t<div data-particle_enable=\"false\" data-particle-mobile-disabled=\"false\" class=\"elementor-element elementor-element-4928f34 e-con-full e-flex e-con e-child\" data-id=\"4928f34\" data-element_type=\"container\" data-e-type=\"container\" data-settings=\"{&quot;background_background&quot;:&quot;classic&quot;}\">\n\t\t\t\t<div class=\"elementor-element elementor-element-41e9dda elementor-widget__width-inherit elementor-widget elementor-widget-heading\" data-id=\"41e9dda\" data-element_type=\"widget\" data-e-type=\"widget\" data-widget_type=\"heading.default\">\n\t\t\t\t<div class=\"elementor-widget-container\">\n\t\t\t\t\t<h2 class=\"elementor-heading-title elementor-size-default\">La sant\u00e9 mentale se d\u00e9grade en entreprise<\/h2>\t\t\t\t<\/div>\n\t\t\t\t<\/div>\n\t\t\t\t<div class=\"elementor-element elementor-element-23ffad5 elementor-widget__width-inherit elementor-widget elementor-widget-heading\" data-id=\"23ffad5\" data-element_type=\"widget\" data-e-type=\"widget\" data-widget_type=\"heading.default\">\n\t\t\t\t<div class=\"elementor-widget-container\">\n\t\t\t\t\t<h3 class=\"elementor-heading-title elementor-size-default\">Part des arr\u00eats maladie li\u00e9s \u00e0 la sant\u00e9 mentale :<\/h3>\t\t\t\t<\/div>\n\t\t\t\t<\/div>\n\t\t<div data-particle_enable=\"false\" data-particle-mobile-disabled=\"false\" class=\"elementor-element elementor-element-e282580 e-con-full e-flex e-con e-child\" data-id=\"e282580\" data-element_type=\"container\" data-e-type=\"container\">\n\t\t\t\t<div class=\"elementor-element elementor-element-7a7cdbb elementor-widget__width-initial elementor-widget elementor-widget-image\" data-id=\"7a7cdbb\" data-element_type=\"widget\" data-e-type=\"widget\" data-widget_type=\"image.default\">\n\t\t\t\t<div class=\"elementor-widget-container\">\n\t\t\t\t\t\t\t\t\t\t\t\t\t\t\t<img fetchpriority=\"high\" decoding=\"async\" width=\"264\" height=\"254\" src=\"https:\/\/all-leaders.fr\/wp-content\/uploads\/2023\/04\/11.png\" class=\"attachment-medium size-medium wp-image-10839\" alt=\"\" \/>\t\t\t\t\t\t\t\t\t\t\t\t\t\t\t<\/div>\n\t\t\t\t<\/div>\n\t\t\t\t<div class=\"elementor-element elementor-element-dcbc288 elementor-widget elementor-widget-heading\" data-id=\"dcbc288\" data-element_type=\"widget\" data-e-type=\"widget\" data-widget_type=\"heading.default\">\n\t\t\t\t<div class=\"elementor-widget-container\">\n\t\t\t\t\t<h2 class=\"elementor-heading-title elementor-size-default\">En 2016<\/h2>\t\t\t\t<\/div>\n\t\t\t\t<\/div>\n\t\t\t\t<\/div>\n\t\t<div data-particle_enable=\"false\" data-particle-mobile-disabled=\"false\" class=\"elementor-element elementor-element-c0fe96c e-con-full e-flex e-con e-child\" data-id=\"c0fe96c\" data-element_type=\"container\" data-e-type=\"container\">\n\t\t\t\t<div class=\"elementor-element elementor-element-154c261 elementor-widget__width-initial elementor-widget elementor-widget-image\" data-id=\"154c261\" data-element_type=\"widget\" data-e-type=\"widget\" data-widget_type=\"image.default\">\n\t\t\t\t<div class=\"elementor-widget-container\">\n\t\t\t\t\t\t\t\t\t\t\t\t\t\t\t<img decoding=\"async\" width=\"300\" height=\"288\" src=\"https:\/\/all-leaders.fr\/wp-content\/uploads\/2023\/04\/20-300x288.png\" class=\"attachment-medium size-medium wp-image-10838\" alt=\"\" srcset=\"https:\/\/all-leaders.fr\/wp-content\/uploads\/2023\/04\/20-300x288.png 300w, https:\/\/all-leaders.fr\/wp-content\/uploads\/2023\/04\/20.png 476w\" sizes=\"(max-width: 300px) 100vw, 300px\" \/>\t\t\t\t\t\t\t\t\t\t\t\t\t\t\t<\/div>\n\t\t\t\t<\/div>\n\t\t\t\t<div class=\"elementor-element elementor-element-8d407eb elementor-widget elementor-widget-heading\" data-id=\"8d407eb\" data-element_type=\"widget\" data-e-type=\"widget\" data-widget_type=\"heading.default\">\n\t\t\t\t<div class=\"elementor-widget-container\">\n\t\t\t\t\t<h2 class=\"elementor-heading-title elementor-size-default\">En 2022<\/h2>\t\t\t\t<\/div>\n\t\t\t\t<\/div>\n\t\t\t\t<\/div>\n\t\t\t\t<div class=\"elementor-element elementor-element-d6a3538 elementor-widget elementor-widget-heading\" data-id=\"d6a3538\" data-element_type=\"widget\" data-e-type=\"widget\" data-widget_type=\"heading.default\">\n\t\t\t\t<div class=\"elementor-widget-container\">\n\t\t\t\t\t<div class=\"elementor-heading-title elementor-size-default\">Barom\u00e8tre annuel absent\u00e9isme maladie Malakoff Humanis 2022<\/div>\t\t\t\t<\/div>\n\t\t\t\t<\/div>\n\t\t\t\t<div class=\"elementor-element elementor-element-341e975 elementor-widget-divider--view-line elementor-widget elementor-widget-divider\" data-id=\"341e975\" data-element_type=\"widget\" data-e-type=\"widget\" data-widget_type=\"divider.default\">\n\t\t\t\t<div class=\"elementor-widget-container\">\n\t\t\t\t\t\t\t<div class=\"elementor-divider\">\n\t\t\t<span class=\"elementor-divider-separator\">\n\t\t\t\t\t\t<\/span>\n\t\t<\/div>\n\t\t\t\t\t\t<\/div>\n\t\t\t\t<\/div>\n\t\t\t\t<div class=\"elementor-element elementor-element-14a7e6a elementor-widget__width-inherit elementor-widget elementor-widget-heading\" data-id=\"14a7e6a\" data-element_type=\"widget\" data-e-type=\"widget\" data-widget_type=\"heading.default\">\n\t\t\t\t<div class=\"elementor-widget-container\">\n\t\t\t\t\t<h2 class=\"elementor-heading-title elementor-size-default\">La sant\u00e9 mentale, un enjeu pr\u00e9occupant pour :<\/h2>\t\t\t\t<\/div>\n\t\t\t\t<\/div>\n\t\t<div data-particle_enable=\"false\" data-particle-mobile-disabled=\"false\" class=\"elementor-element elementor-element-71b7859 e-con-full e-flex e-con e-child\" data-id=\"71b7859\" data-element_type=\"container\" data-e-type=\"container\">\n\t\t\t\t<div class=\"elementor-element elementor-element-7d0f189 elementor-widget__width-initial elementor-widget elementor-widget-image\" data-id=\"7d0f189\" data-element_type=\"widget\" data-e-type=\"widget\" data-widget_type=\"image.default\">\n\t\t\t\t<div class=\"elementor-widget-container\">\n\t\t\t\t\t\t\t\t\t\t\t\t\t\t\t<img decoding=\"async\" width=\"300\" height=\"296\" src=\"https:\/\/all-leaders.fr\/wp-content\/uploads\/2023\/04\/82-300x296.png\" class=\"attachment-medium size-medium wp-image-10837\" alt=\"\" srcset=\"https:\/\/all-leaders.fr\/wp-content\/uploads\/2023\/04\/82-300x296.png 300w, https:\/\/all-leaders.fr\/wp-content\/uploads\/2023\/04\/82.png 482w\" sizes=\"(max-width: 300px) 100vw, 300px\" \/>\t\t\t\t\t\t\t\t\t\t\t\t\t\t\t<\/div>\n\t\t\t\t<\/div>\n\t\t\t\t<div class=\"elementor-element elementor-element-43dc3eb elementor-widget elementor-widget-heading\" data-id=\"43dc3eb\" data-element_type=\"widget\" data-e-type=\"widget\" data-widget_type=\"heading.default\">\n\t\t\t\t<div class=\"elementor-widget-container\">\n\t\t\t\t\t<h2 class=\"elementor-heading-title elementor-size-default\">des salari\u00e9s<\/h2>\t\t\t\t<\/div>\n\t\t\t\t<\/div>\n\t\t\t\t<\/div>\n\t\t<div data-particle_enable=\"false\" data-particle-mobile-disabled=\"false\" class=\"elementor-element elementor-element-1fe9de4 e-con-full e-flex e-con e-child\" data-id=\"1fe9de4\" data-element_type=\"container\" data-e-type=\"container\">\n\t\t\t\t<div class=\"elementor-element elementor-element-93e27be elementor-widget elementor-widget-heading\" data-id=\"93e27be\" data-element_type=\"widget\" data-e-type=\"widget\" data-widget_type=\"heading.default\">\n\t\t\t\t<div class=\"elementor-widget-container\">\n\t\t\t\t\t<h2 class=\"elementor-heading-title elementor-size-default\">dont<\/h2>\t\t\t\t<\/div>\n\t\t\t\t<\/div>\n\t\t\t\t<div class=\"elementor-element elementor-element-772c67f elementor-widget__width-initial elementor-widget elementor-widget-image\" data-id=\"772c67f\" data-element_type=\"widget\" data-e-type=\"widget\" data-widget_type=\"image.default\">\n\t\t\t\t<div class=\"elementor-widget-container\">\n\t\t\t\t\t\t\t\t\t\t\t\t\t\t\t<img loading=\"lazy\" decoding=\"async\" width=\"266\" height=\"255\" src=\"https:\/\/all-leaders.fr\/wp-content\/uploads\/2023\/04\/24.png\" class=\"attachment-medium size-medium wp-image-10836\" alt=\"\" \/>\t\t\t\t\t\t\t\t\t\t\t\t\t\t\t<\/div>\n\t\t\t\t<\/div>\n\t\t\t\t<div class=\"elementor-element elementor-element-6537310 elementor-widget elementor-widget-heading\" data-id=\"6537310\" data-element_type=\"widget\" data-e-type=\"widget\" data-widget_type=\"heading.default\">\n\t\t\t\t<div class=\"elementor-widget-container\">\n\t\t\t\t\t<h2 class=\"elementor-heading-title elementor-size-default\">tr\u00e8s pr\u00e9occupant<\/h2>\t\t\t\t<\/div>\n\t\t\t\t<\/div>\n\t\t\t\t<\/div>\n\t\t\t\t<div class=\"elementor-element elementor-element-0ca3da7 elementor-widget-mobile__width-initial elementor-widget elementor-widget-heading\" data-id=\"0ca3da7\" data-element_type=\"widget\" data-e-type=\"widget\" data-widget_type=\"heading.default\">\n\t\t\t\t<div class=\"elementor-widget-container\">\n\t\t\t\t\t<h4 class=\"elementor-heading-title elementor-size-default\">Sondage OpinionWay pour le Psychodon 2022<\/h4>\t\t\t\t<\/div>\n\t\t\t\t<\/div>\n\t\t\t\t<\/div>\n\t\t<div data-particle_enable=\"false\" data-particle-mobile-disabled=\"false\" class=\"elementor-element elementor-element-27bbd77 e-con-full e-flex e-con e-child\" data-id=\"27bbd77\" data-element_type=\"container\" data-e-type=\"container\" data-settings=\"{&quot;background_background&quot;:&quot;classic&quot;}\">\n\t\t\t\t<div class=\"elementor-element elementor-element-ce45286 elementor-widget elementor-widget-heading\" data-id=\"ce45286\" data-element_type=\"widget\" data-e-type=\"widget\" data-widget_type=\"heading.default\">\n\t\t\t\t<div class=\"elementor-widget-container\">\n\t\t\t\t\t<h2 class=\"elementor-heading-title elementor-size-large\">Le r\u00f4le crucial du Secouriste en Sant\u00e9 Mentale en entreprise<\/h2>\t\t\t\t<\/div>\n\t\t\t\t<\/div>\n\t\t\t\t<div class=\"elementor-element elementor-element-c6957a5 elementor-widget elementor-widget-text-editor\" data-id=\"c6957a5\" data-element_type=\"widget\" data-e-type=\"widget\" data-widget_type=\"text-editor.default\">\n\t\t\t\t<div class=\"elementor-widget-container\">\n\t\t\t\t\t\t\t\t\t<ul><li>Mieux rep\u00e9rer les troubles en sant\u00e9 mentale<\/li><li>Adopter un comportement adapt\u00e9<\/li><li>Informer sur les ressources disponibles<\/li><li>Encourager \u00e0 aller vers les professionnels ad\u00e9quats<\/li><li>En cas de crise, relayer au service le plus adapt\u00e9<\/li><\/ul><p>Face \u00e0 ce sujet encore largement m\u00e9connu et tabou, le programme <strong>PSSM France<\/strong> permet aux organisations de <strong>b\u00e9n\u00e9ficier de r\u00e9f\u00e9rents internes form\u00e9s aux premiers secours en sant\u00e9 mentale<\/strong> (par analogie aux premiers secours &#8220;physiques&#8221;) <strong>pour agir face aux personnes en souffrance, pr\u00e9sentant des troubles psychiques ou en crise.<\/strong><\/p><ul><li>Les premiers secours en sant\u00e9 mentale constituent l&#8217;aide apport\u00e9e \u00e0 une personne qui subit le d\u00e9but d&#8217;un trouble de sant\u00e9 mentale, une d\u00e9t\u00e9rioration d&#8217;un trouble de sant\u00e9 mentale ou qui est dans une phase de crise de sant\u00e9 mentale.<br \/>Les premiers secours sont dispens\u00e9s jusqu\u2019\u00e0 ce qu&#8217;une aide professionnelle puisse \u00eatre apport\u00e9e ou jusqu\u2019\u00e0 ce que la crise soit r\u00e9solue.<\/li><\/ul><p>Il s\u2019agit d\u2019un <strong>programme <\/strong>standardis\u00e9, citoyen et \u00e9ducatif, <strong>fond\u00e9 sur 20 ans d&#8217;exp\u00e9rience et de d\u00e9veloppement continus<\/strong> initi\u00e9s en Australie (voir <a href=\"https:\/\/pssmfrance.fr\/\">https:\/\/pssmfrance.fr\/<\/a>), qui prend la forme d\u2019un stage de 2 jours.<\/p><ul><li>La formation \u00ab standard \u00bb dispense des connaissances g\u00e9n\u00e9ralistes sur les troubles psychiques les plus courants (troubles d\u00e9pressifs, anxieux, psychotiques, li\u00e9s \u00e0 l&#8217;utilisation de substances) et l&#8217;acquisition d&#8217;un plan d&#8217;action simple et concret pour aider en cas de crise et hors crise.<\/li><\/ul>\t\t\t\t\t\t\t\t<\/div>\n\t\t\t\t<\/div>\n\t\t<div data-particle_enable=\"false\" data-particle-mobile-disabled=\"false\" class=\"elementor-element elementor-element-9da23f2 e-con-full e-flex e-con e-child\" data-id=\"9da23f2\" data-element_type=\"container\" data-e-type=\"container\">\n\t\t\t\t<div class=\"elementor-element elementor-element-b01705d elementor-view-default elementor-widget elementor-widget-icon\" data-id=\"b01705d\" data-element_type=\"widget\" data-e-type=\"widget\" data-widget_type=\"icon.default\">\n\t\t\t\t<div class=\"elementor-widget-container\">\n\t\t\t\t\t\t\t<div class=\"elementor-icon-wrapper\">\n\t\t\t<div class=\"elementor-icon\">\n\t\t\t<i aria-hidden=\"true\" class=\"fas fa-file-download\"><\/i>\t\t\t<\/div>\n\t\t<\/div>\n\t\t\t\t\t\t<\/div>\n\t\t\t\t<\/div>\n\t\t\t\t<div class=\"elementor-element elementor-element-1c1b0a6 elementor-widget-mobile__width-initial elementor-widget elementor-widget-heading\" data-id=\"1c1b0a6\" data-element_type=\"widget\" data-e-type=\"widget\" data-widget_type=\"heading.default\">\n\t\t\t\t<div class=\"elementor-widget-container\">\n\t\t\t\t\t<h2 class=\"elementor-heading-title elementor-size-medium\"><a href=\"https:\/\/all-leaders.fr\/wp-content\/uploads\/2026\/04\/DOC_02_FS_programme_formation_secouriste_v5.3.pdf\">T\u00e9l\u00e9charger la brochure avec le programme p\u00e9dagogique<\/a><\/h2>\t\t\t\t<\/div>\n\t\t\t\t<\/div>\n\t\t\t\t<\/div>\n\t\t<div data-particle_enable=\"false\" data-particle-mobile-disabled=\"false\" class=\"elementor-element elementor-element-ed115e8 e-con-full e-flex e-con e-child\" data-id=\"ed115e8\" data-element_type=\"container\" data-e-type=\"container\">\n\t\t\t\t<div class=\"elementor-element elementor-element-7f87711 elementor-widget__width-initial elementor-widget elementor-widget-image\" data-id=\"7f87711\" data-element_type=\"widget\" data-e-type=\"widget\" data-widget_type=\"image.default\">\n\t\t\t\t<div class=\"elementor-widget-container\">\n\t\t\t\t\t\t\t\t\t\t\t\t\t\t\t<img loading=\"lazy\" decoding=\"async\" width=\"492\" height=\"508\" src=\"https:\/\/all-leaders.fr\/wp-content\/uploads\/2023\/04\/98.png\" class=\"attachment-large size-large wp-image-10835\" alt=\"\" srcset=\"https:\/\/all-leaders.fr\/wp-content\/uploads\/2023\/04\/98.png 492w, https:\/\/all-leaders.fr\/wp-content\/uploads\/2023\/04\/98-291x300.png 291w\" sizes=\"(max-width: 492px) 100vw, 492px\" \/>\t\t\t\t\t\t\t\t\t\t\t\t\t\t\t<\/div>\n\t\t\t\t<\/div>\n\t\t\t\t<\/div>\n\t\t\t\t<div class=\"elementor-element elementor-element-a2ee606 elementor-widget__width-initial elementor-widget elementor-widget-heading\" data-id=\"a2ee606\" data-element_type=\"widget\" data-e-type=\"widget\" data-widget_type=\"heading.default\">\n\t\t\t\t<div class=\"elementor-widget-container\">\n\t\t\t\t\t<h3 class=\"elementor-heading-title elementor-size-default\">des participants recommandent la formation de secouristes PSSM<\/h3>\t\t\t\t<\/div>\n\t\t\t\t<\/div>\n\t\t<div data-particle_enable=\"false\" data-particle-mobile-disabled=\"false\" class=\"elementor-element elementor-element-e2dc907 e-con-full e-flex e-con e-child\" data-id=\"e2dc907\" data-element_type=\"container\" data-e-type=\"container\" data-settings=\"{&quot;background_background&quot;:&quot;classic&quot;}\">\n\t\t\t\t<div class=\"elementor-element elementor-element-0ab8a49 elementor-widget elementor-widget-heading\" data-id=\"0ab8a49\" data-element_type=\"widget\" data-e-type=\"widget\" data-widget_type=\"heading.default\">\n\t\t\t\t<div class=\"elementor-widget-container\">\n\t\t\t\t\t<h2 class=\"elementor-heading-title elementor-size-default\">Le \u00ab plus \u00bb All Leaders Initiative dans la d\u00e9livrance du programme PSSM :<\/h2>\t\t\t\t<\/div>\n\t\t\t\t<\/div>\n\t\t\t\t<div class=\"elementor-element elementor-element-088979c elementor-widget elementor-widget-text-editor\" data-id=\"088979c\" data-element_type=\"widget\" data-e-type=\"widget\" data-widget_type=\"text-editor.default\">\n\t\t\t\t<div class=\"elementor-widget-container\">\n\t\t\t\t\t\t\t\t\t<ul>\n \t<li>Des<strong> formateurs accr\u00e9dit\u00e9s<\/strong> PSSM, seuls \u00e0 m\u00eame de d\u00e9livrer le programme officiel PSSM France<\/li>\n \t<li>\u2026 mais \u00e9galement <strong>partageant une longue exp\u00e9rience de l\u2019entreprise<\/strong>, de ses enjeux et son \u00ab langage \u00bb (consultants, coachs, m\u00e9diateurs, \u2026)<\/li>\n \t<li>Suite \u00e0 la formation standard PSSM, un <strong>retour d\u2019exp\u00e9rience<\/strong> men\u00e9 par All Leaders Initiative aupr\u00e8s des participants :\n \t<li>Recueil de la satisfaction \u00e0 froid, de la mise en \u0153uvre r\u00e9elle des enseignements, des b\u00e9n\u00e9fices et des difficult\u00e9s rencontr\u00e9s, \u2026 par entretiens t\u00e9l\u00e9phones ou visio, par questionnaire en ligne, ou mix des deux approches<\/li>\n \t<li>Restitution orale et rapport synth\u00e9tique de retour d\u2019exp\u00e9rience pour le commanditaire de l\u2019organisation<\/li>\n<\/ul>\n\t\t\t\t\t\t\t\t<\/div>\n\t\t\t\t<\/div>\n\t\t\t\t<div class=\"elementor-element elementor-element-a14ced4 elementor-widget elementor-widget-text-editor\" data-id=\"a14ced4\" data-element_type=\"widget\" data-e-type=\"widget\" data-widget_type=\"text-editor.default\">\n\t\t\t\t<div class=\"elementor-widget-container\">\n\t\t\t\t\t\t\t\t\t<ul><li><strong>2 jours<\/strong> de formation en pr\u00e9sentiel et un<strong> retour d\u2019exp\u00e9rience<\/strong> \u00ab \u00e0 froid \u00bb<\/li><li><strong>8 \u00e0 16<\/strong> participants<\/li><li><strong>Pas de pr\u00e9requis<\/strong><\/li><li><strong>Une p\u00e9dagogie active avec des mises en situation, des vid\u00e9os et des t\u00e9moignages et un manuel des premiers secours en sant\u00e9 mentale remis \u00e0 chaque secouriste form\u00e9.<\/strong><\/li><li>\u00c9ligible au financement <strong>comme formation professionnelle<\/strong><\/li><li><strong>3 500 \u20ac HT<\/strong> le module intra-entreprise, retour d\u2019exp\u00e9rience \u00e0 + 3 ou 6 mois inclus, pour 8 participants (250 \u20ac HT par participant suppl\u00e9mentaire dans la limite d\u2019un groupe de 16)<\/li><\/ul>\t\t\t\t\t\t\t\t<\/div>\n\t\t\t\t<\/div>\n\t\t<div data-particle_enable=\"false\" data-particle-mobile-disabled=\"false\" class=\"elementor-element elementor-element-e0eb869 e-con-full e-flex e-con e-child\" data-id=\"e0eb869\" data-element_type=\"container\" data-e-type=\"container\" data-settings=\"{&quot;background_background&quot;:&quot;classic&quot;}\">\n\t\t\t\t<div class=\"elementor-element elementor-element-bbb7c3f elementor-widget elementor-widget-menu-anchor\" data-id=\"bbb7c3f\" data-element_type=\"widget\" data-e-type=\"widget\" data-widget_type=\"menu-anchor.default\">\n\t\t\t\t<div class=\"elementor-widget-container\">\n\t\t\t\t\t\t\t<div class=\"elementor-menu-anchor\" id=\"DatesInter\"><\/div>\n\t\t\t\t\t\t<\/div>\n\t\t\t\t<\/div>\n\t\t\t\t<div class=\"elementor-element elementor-element-c9a4272 elementor-widget elementor-widget-heading\" data-id=\"c9a4272\" data-element_type=\"widget\" data-e-type=\"widget\" data-widget_type=\"heading.default\">\n\t\t\t\t<div class=\"elementor-widget-container\">\n\t\t\t\t\t<div class=\"elementor-heading-title elementor-size-default\">Nous proposons \u00e9galement des sessions interentreprises ouvertes \u00e0 inscription individuelle :<\/div>\t\t\t\t<\/div>\n\t\t\t\t<\/div>\n\t\t\t\t<div class=\"elementor-element elementor-element-3b8fa49 elementor-widget-mobile__width-initial elementor-widget elementor-widget-text-editor\" data-id=\"3b8fa49\" data-element_type=\"widget\" data-e-type=\"widget\" data-widget_type=\"text-editor.default\">\n\t\t\t\t<div class=\"elementor-widget-container\">\n\t\t\t\t\t\t\t\t\t<h4 style=\"text-align: center;\"><strong>Prochaines dates :<\/strong><\/h4><ul><li>A Paris 17e quartier des Batignolles, espace <a href=\"https:\/\/cheztasoeur.fr\/\" target=\"_blank\" rel=\"noopener\">&#8220;Chez ta s\u0153ur&#8221;<\/a>\u00a0<\/li><li>Tarif : 250 \u20ac TTC pour les particuliers ; 290 \u20ac HT pour les participants entreprise<\/li><\/ul>\t\t\t\t\t\t\t\t<\/div>\n\t\t\t\t<\/div>\n\t\t\t\t<div class=\"elementor-element elementor-element-0a3453f elementor-widget elementor-widget-text-editor\" data-id=\"0a3453f\" data-element_type=\"widget\" data-e-type=\"widget\" data-widget_type=\"text-editor.default\">\n\t\t\t\t<div class=\"elementor-widget-container\">\n\t\t\t\t\t\t\t\t\tDates 2026 \u00e0 venir !\t\t\t\t\t\t\t\t<\/div>\n\t\t\t\t<\/div>\n\t\t\t\t<\/div>\n\t\t\t\t<div class=\"elementor-element elementor-element-4d685af elementor-widget elementor-widget-image\" data-id=\"4d685af\" data-element_type=\"widget\" data-e-type=\"widget\" data-widget_type=\"image.default\">\n\t\t\t\t<div class=\"elementor-widget-container\">\n\t\t\t\t\t\t\t\t\t\t\t\t\t\t\t<img loading=\"lazy\" decoding=\"async\" width=\"300\" height=\"102\" src=\"https:\/\/all-leaders.fr\/wp-content\/uploads\/2023\/04\/LOGO_PSSM_FORMATEUR_COULEUR-300x102.png\" class=\"attachment-medium size-medium wp-image-12105\" alt=\"Formateur accr\u00e9dit\u00e9 PSSM France\" srcset=\"https:\/\/all-leaders.fr\/wp-content\/uploads\/2023\/04\/LOGO_PSSM_FORMATEUR_COULEUR-300x102.png 300w, https:\/\/all-leaders.fr\/wp-content\/uploads\/2023\/04\/LOGO_PSSM_FORMATEUR_COULEUR-768x261.png 768w, https:\/\/all-leaders.fr\/wp-content\/uploads\/2023\/04\/LOGO_PSSM_FORMATEUR_COULEUR.png 834w\" sizes=\"(max-width: 300px) 100vw, 300px\" \/>\t\t\t\t\t\t\t\t\t\t\t\t\t\t\t<\/div>\n\t\t\t\t<\/div>\n\t\t\t\t<div class=\"elementor-element elementor-element-245a90c elementor-widget elementor-widget-text-editor\" data-id=\"245a90c\" data-element_type=\"widget\" data-e-type=\"widget\" data-widget_type=\"text-editor.default\">\n\t\t\t\t<div class=\"elementor-widget-container\">\n\t\t\t\t\t\t\t\t\t<p class=\"MsoNormal\"><b><span style=\"font-size: 12.0pt; line-height: 107%;\">Pierre-Etienne BOST<\/span><br \/>06 85 54 05 11<br \/>pe@all-leaders.fr<\/b><\/p><p class=\"MsoNormal\"><i>Associ\u00e9 cofondateur All Leaders Initiative<br \/>Coach professionnel certifi\u00e9<br \/>Directeur Conseil chez OpinionWay \u2013 p\u00f4le Transformations du travail<\/i><\/p>\t\t\t\t\t\t\t\t<\/div>\n\t\t\t\t<\/div>\n\t\t\t\t<div class=\"elementor-element elementor-element-ee93f0a elementor-widget elementor-widget-html\" data-id=\"ee93f0a\" data-element_type=\"widget\" data-e-type=\"widget\" data-widget_type=\"html.default\">\n\t\t\t\t<div class=\"elementor-widget-container\">\n\t\t\t\t\t<script type=\"application\/ld+json\">\n{\n  \"@context\": \"https:\/\/schema.org\",\n  \"@graph\": [\n    {\n      \"@type\": \"Course\",\n      \"name\": \"Formation Premiers Secours en Sant\u00e9 Mentale (PSSM)\",\n      \"description\": \"Formation accr\u00e9dit\u00e9e pour devenir Secouriste en Sant\u00e9 Mentale. Apprenez \u00e0 identifier les troubles psychiques les plus courants, \u00e0 d\u00e9construire les pr\u00e9jug\u00e9s et \u00e0 orienter les collaborateurs vers une aide professionnelle.\",\n      \"url\": \"https:\/\/all-leaders.fr\/accompagnements\/sante-mentale-et-performance-durable\/formations-pssm-premiers-secours-en-sante-mentale\/\",\n      \"provider\": {\n        \"@type\": \"Organization\",\n        \"name\": \"All Leaders Initiative\",\n        \"url\": \"https:\/\/all-leaders.fr\"\n      },\n      \"hasCourseInstance\": [\n        {\n          \"@type\": \"CourseInstance\",\n          \"courseMode\": \"In-person\", \/\/ Ou 'Online', ou 'Blended'\n          \"location\": {\n            \"@type\": \"Place\",\n            \"name\": \"Intra-entreprise ou Inter-entreprise, France\"\n          },\n          \"offers\": {\n            \"@type\": \"Offer\",\n            \"price\": \"Sur devis\", \/\/ Utilisez le prix r\u00e9el si possible, sinon \"Sur devis\"\n            \"priceCurrency\": \"EUR\",\n            \"category\": \"Formation professionnelle\"\n          }\n        }\n      ],\n      \"occupationalCredentialAwarded\": \"Certificat de Secouriste en Sant\u00e9 Mentale\",\n      \"coursePrerequisites\": \"Aucun pr\u00e9requis. Ouvert \u00e0 tous les employ\u00e9s, managers et membres du CSE.\"\n    },\n    {\n      \"@type\": \"Organization\",\n      \"@id\": \"https:\/\/all-leaders.fr\/#organization\",\n      \"name\": \"All Leaders Initiative\",\n      \"url\": \"https:\/\/all-leaders.fr\",\n      \"logo\": \"https:\/\/all-leaders.fr\/wp-content\/uploads\/2023\/03\/ALL_LEADERS_INITIATIVE_R_BRIGHT_LOGO_BG-250px_blanc.jpg\", \n      \"sameAs\": [\n        \"https:\/\/www.linkedin.com\/in\/bluecells\/\",\n        \"https:\/\/www.linkedin.com\/in\/jlmitry\/\",\n        \"https:\/\/www.linkedin.com\/in\/mepy\/\",\n        \"https:\/\/www.linkedin.com\/in\/pebost\/\"\n      ]\n    }\n      \"contactPoint\": {\n        \"@type\": \"ContactPoint\",\n        \"contactType\": \"sales\",\n        \"areaServed\": \"FR\",\n        \"availableLanguage\": \"French, English\"\n      }\n    }\n  ]\n}\n<\/script>\t\t\t\t<\/div>\n\t\t\t\t<\/div>\n\t\t\t\t<\/div>\n\t\t\t\t<\/div>\n\t\t\t\t<\/div>\n\t\t\t\t<\/div>\n\t\t","protected":false},"excerpt":{"rendered":"<p>Pour acqu\u00e9rir des connaissances fondamentales sur les troubles psychiques les plus courants et un plan d\u2019action pour adopter un comportement adapt\u00e9.<\/p>\n","protected":false},"author":3,"featured_media":13561,"template":"","meta":[],"etat":[100],"thematiques":[125],"publics-cible":[47,49,48,69,50],"types-formations":[40],"class_list":["post-1109","accompagnements","type-accompagnements","status-publish","has-post-thumbnail","hentry","etat-monte","thematiques-sante-mentale-et-performance-durable","publics-cible-assistants","publics-cible-collaborateurs","publics-cible-managers","publics-cible-particuliers","publics-cible-top-managers-et-dirigeants","types-formations-action"],"yoast_head":"<!-- This site is optimized with the Yoast SEO plugin v27.1.1 - https:\/\/yoast.com\/product\/yoast-seo-wordpress\/ -->\n<title>Premier Secours en Sant\u00e9 Mentale (PSSM)<\/title>\n<meta name=\"description\" content=\"Formez des r\u00e9f\u00e9rents internes aux Premier Secours en Sant\u00e9 Mentale pour leur apporter des connaissances fondamentales et un plan d\u2019action pour adopter un comportement adapt\u00e9.\" \/>\n<meta name=\"robots\" content=\"index, follow, max-snippet:-1, max-image-preview:large, max-video-preview:-1\" \/>\n<link rel=\"canonical\" href=\"https:\/\/all-leaders.fr\/en\/accompagnements\/sante-mentale-et-performance-durable\/formations-pssm-premiers-secours-en-sante-mentale\/\" \/>\n<meta property=\"og:locale\" content=\"en_US\" \/>\n<meta property=\"og:type\" content=\"article\" \/>\n<meta property=\"og:title\" content=\"Premier Secours en Sant\u00e9 Mentale (PSSM)\" \/>\n<meta property=\"og:description\" content=\"Formez vos r\u00e9f\u00e9rents internes au Premier Secours en Sant\u00e9 Mentale.\" \/>\n<meta property=\"og:url\" content=\"https:\/\/all-leaders.fr\/en\/accompagnements\/sante-mentale-et-performance-durable\/formations-pssm-premiers-secours-en-sante-mentale\/\" \/>\n<meta property=\"og:site_name\" content=\"All Leaders Initiative\" \/>\n<meta property=\"article:modified_time\" content=\"2026-04-23T13:21:34+00:00\" \/>\n<meta property=\"og:image\" content=\"https:\/\/all-leaders.fr\/wp-content\/uploads\/2023\/04\/PSSM_Formateur_Couleur.jpg\" \/>\n\t<meta property=\"og:image:width\" content=\"945\" \/>\n\t<meta property=\"og:image:height\" content=\"472\" \/>\n\t<meta property=\"og:image:type\" content=\"image\/jpeg\" \/>\n<meta name=\"twitter:card\" content=\"summary_large_image\" \/>\n<meta name=\"twitter:title\" content=\"Premier Secours en Sant\u00e9 Mentale (PSSM)\" \/>\n<meta name=\"twitter:description\" content=\"Formez vos r\u00e9f\u00e9rents internes au Premier Secours en Sant\u00e9 Mentale.\" \/>\n<meta name=\"twitter:image\" content=\"https:\/\/all-leaders.fr\/wp-content\/uploads\/2023\/03\/fullconsciouness.jpg\" \/>\n<meta name=\"twitter:label1\" content=\"Est. reading time\" \/>\n\t<meta name=\"twitter:data1\" content=\"4 minutes\" \/>\n<script type=\"application\/ld+json\" class=\"yoast-schema-graph\">{\"@context\":\"https:\/\/schema.org\",\"@graph\":[{\"@type\":\"WebPage\",\"@id\":\"https:\/\/all-leaders.fr\/en\/accompagnements\/sante-mentale-et-performance-durable\/formations-pssm-premiers-secours-en-sante-mentale\/\",\"url\":\"https:\/\/all-leaders.fr\/en\/accompagnements\/sante-mentale-et-performance-durable\/formations-pssm-premiers-secours-en-sante-mentale\/\",\"name\":\"Premier Secours en Sant\u00e9 Mentale (PSSM)\",\"isPartOf\":{\"@id\":\"https:\/\/all-leaders.fr\/en\/#website\"},\"primaryImageOfPage\":{\"@id\":\"https:\/\/all-leaders.fr\/en\/accompagnements\/sante-mentale-et-performance-durable\/formations-pssm-premiers-secours-en-sante-mentale\/#primaryimage\"},\"image\":{\"@id\":\"https:\/\/all-leaders.fr\/en\/accompagnements\/sante-mentale-et-performance-durable\/formations-pssm-premiers-secours-en-sante-mentale\/#primaryimage\"},\"thumbnailUrl\":\"https:\/\/all-leaders.fr\/wp-content\/uploads\/2023\/04\/PSSM-Secouriste-en-Sante-Mentale-en-entreprise.webp\",\"datePublished\":\"2023-04-04T06:53:28+00:00\",\"dateModified\":\"2026-04-23T13:21:34+00:00\",\"description\":\"Formez des r\u00e9f\u00e9rents internes aux Premier Secours en Sant\u00e9 Mentale pour leur apporter des connaissances fondamentales et un plan d\u2019action pour adopter un comportement adapt\u00e9.\",\"breadcrumb\":{\"@id\":\"https:\/\/all-leaders.fr\/en\/accompagnements\/sante-mentale-et-performance-durable\/formations-pssm-premiers-secours-en-sante-mentale\/#breadcrumb\"},\"inLanguage\":\"en-US\",\"potentialAction\":[{\"@type\":\"ReadAction\",\"target\":[\"https:\/\/all-leaders.fr\/en\/accompagnements\/sante-mentale-et-performance-durable\/formations-pssm-premiers-secours-en-sante-mentale\/\"]}]},{\"@type\":\"ImageObject\",\"inLanguage\":\"en-US\",\"@id\":\"https:\/\/all-leaders.fr\/en\/accompagnements\/sante-mentale-et-performance-durable\/formations-pssm-premiers-secours-en-sante-mentale\/#primaryimage\",\"url\":\"https:\/\/all-leaders.fr\/wp-content\/uploads\/2023\/04\/PSSM-Secouriste-en-Sante-Mentale-en-entreprise.webp\",\"contentUrl\":\"https:\/\/all-leaders.fr\/wp-content\/uploads\/2023\/04\/PSSM-Secouriste-en-Sante-Mentale-en-entreprise.webp\",\"width\":1000,\"height\":339,\"caption\":\"PSSM - Secouriste en Sante\u0301 Mentale en entreprise\"},{\"@type\":\"BreadcrumbList\",\"@id\":\"https:\/\/all-leaders.fr\/en\/accompagnements\/sante-mentale-et-performance-durable\/formations-pssm-premiers-secours-en-sante-mentale\/#breadcrumb\",\"itemListElement\":[{\"@type\":\"ListItem\",\"position\":1,\"name\":\"Accueil\",\"item\":\"https:\/\/all-leaders.fr\/en\/\"},{\"@type\":\"ListItem\",\"position\":2,\"name\":\"Accompagnements\",\"item\":\"https:\/\/all-leaders.fr\/en\/accompagnements\/%thematiques%\/\"},{\"@type\":\"ListItem\",\"position\":3,\"name\":\"Sant\u00e9 mentale et performance durable\"}]},{\"@type\":\"WebSite\",\"@id\":\"https:\/\/all-leaders.fr\/en\/#website\",\"url\":\"https:\/\/all-leaders.fr\/en\/\",\"name\":\"all-leaders.fr\",\"description\":\"All Leaders Initiative\",\"publisher\":{\"@id\":\"https:\/\/all-leaders.fr\/en\/#organization\"},\"potentialAction\":[{\"@type\":\"SearchAction\",\"target\":{\"@type\":\"EntryPoint\",\"urlTemplate\":\"https:\/\/all-leaders.fr\/en\/?s={search_term_string}\"},\"query-input\":{\"@type\":\"PropertyValueSpecification\",\"valueRequired\":true,\"valueName\":\"search_term_string\"}}],\"inLanguage\":\"en-US\"},{\"@type\":\"Organization\",\"@id\":\"https:\/\/all-leaders.fr\/en\/#organization\",\"name\":\"all-leaders.fr\",\"url\":\"https:\/\/all-leaders.fr\/en\/\",\"logo\":{\"@type\":\"ImageObject\",\"inLanguage\":\"en-US\",\"@id\":\"https:\/\/all-leaders.fr\/en\/#\/schema\/logo\/image\/\",\"url\":\"https:\/\/all-leaders.fr\/wp-content\/uploads\/2023\/03\/ALL_LEADERS_INITIATIVE_L_DARK_LOGO.svg\",\"contentUrl\":\"https:\/\/all-leaders.fr\/wp-content\/uploads\/2023\/03\/ALL_LEADERS_INITIATIVE_L_DARK_LOGO.svg\",\"width\":1360,\"height\":512,\"caption\":\"all-leaders.fr\"},\"image\":{\"@id\":\"https:\/\/all-leaders.fr\/en\/#\/schema\/logo\/image\/\"},\"sameAs\":[\"https:\/\/www.linkedin.com\/company\/all-leaders-initiative\/\"]}]}<\/script>\n<!-- \/ Yoast SEO plugin. -->","yoast_head_json":{"title":"Premier Secours en Sant\u00e9 Mentale (PSSM)","description":"Formez des r\u00e9f\u00e9rents internes aux Premier Secours en Sant\u00e9 Mentale pour leur apporter des connaissances fondamentales et un plan d\u2019action pour adopter un comportement adapt\u00e9.","robots":{"index":"index","follow":"follow","max-snippet":"max-snippet:-1","max-image-preview":"max-image-preview:large","max-video-preview":"max-video-preview:-1"},"canonical":"https:\/\/all-leaders.fr\/en\/accompagnements\/sante-mentale-et-performance-durable\/formations-pssm-premiers-secours-en-sante-mentale\/","og_locale":"en_US","og_type":"article","og_title":"Premier Secours en Sant\u00e9 Mentale (PSSM)","og_description":"Formez vos r\u00e9f\u00e9rents internes au Premier Secours en Sant\u00e9 Mentale.","og_url":"https:\/\/all-leaders.fr\/en\/accompagnements\/sante-mentale-et-performance-durable\/formations-pssm-premiers-secours-en-sante-mentale\/","og_site_name":"All Leaders Initiative","article_modified_time":"2026-04-23T13:21:34+00:00","og_image":[{"width":945,"height":472,"url":"https:\/\/all-leaders.fr\/wp-content\/uploads\/2023\/04\/PSSM_Formateur_Couleur.jpg","type":"image\/jpeg"}],"twitter_card":"summary_large_image","twitter_title":"Premier Secours en Sant\u00e9 Mentale (PSSM)","twitter_description":"Formez vos r\u00e9f\u00e9rents internes au Premier Secours en Sant\u00e9 Mentale.","twitter_image":"https:\/\/all-leaders.fr\/wp-content\/uploads\/2023\/03\/fullconsciouness.jpg","twitter_misc":{"Est. reading time":"4 minutes"},"schema":{"@context":"https:\/\/schema.org","@graph":[{"@type":"WebPage","@id":"https:\/\/all-leaders.fr\/en\/accompagnements\/sante-mentale-et-performance-durable\/formations-pssm-premiers-secours-en-sante-mentale\/","url":"https:\/\/all-leaders.fr\/en\/accompagnements\/sante-mentale-et-performance-durable\/formations-pssm-premiers-secours-en-sante-mentale\/","name":"Premier Secours en Sant\u00e9 Mentale (PSSM)","isPartOf":{"@id":"https:\/\/all-leaders.fr\/en\/#website"},"primaryImageOfPage":{"@id":"https:\/\/all-leaders.fr\/en\/accompagnements\/sante-mentale-et-performance-durable\/formations-pssm-premiers-secours-en-sante-mentale\/#primaryimage"},"image":{"@id":"https:\/\/all-leaders.fr\/en\/accompagnements\/sante-mentale-et-performance-durable\/formations-pssm-premiers-secours-en-sante-mentale\/#primaryimage"},"thumbnailUrl":"https:\/\/all-leaders.fr\/wp-content\/uploads\/2023\/04\/PSSM-Secouriste-en-Sante-Mentale-en-entreprise.webp","datePublished":"2023-04-04T06:53:28+00:00","dateModified":"2026-04-23T13:21:34+00:00","description":"Formez des r\u00e9f\u00e9rents internes aux Premier Secours en Sant\u00e9 Mentale pour leur apporter des connaissances fondamentales et un plan d\u2019action pour adopter un comportement adapt\u00e9.","breadcrumb":{"@id":"https:\/\/all-leaders.fr\/en\/accompagnements\/sante-mentale-et-performance-durable\/formations-pssm-premiers-secours-en-sante-mentale\/#breadcrumb"},"inLanguage":"en-US","potentialAction":[{"@type":"ReadAction","target":["https:\/\/all-leaders.fr\/en\/accompagnements\/sante-mentale-et-performance-durable\/formations-pssm-premiers-secours-en-sante-mentale\/"]}]},{"@type":"ImageObject","inLanguage":"en-US","@id":"https:\/\/all-leaders.fr\/en\/accompagnements\/sante-mentale-et-performance-durable\/formations-pssm-premiers-secours-en-sante-mentale\/#primaryimage","url":"https:\/\/all-leaders.fr\/wp-content\/uploads\/2023\/04\/PSSM-Secouriste-en-Sante-Mentale-en-entreprise.webp","contentUrl":"https:\/\/all-leaders.fr\/wp-content\/uploads\/2023\/04\/PSSM-Secouriste-en-Sante-Mentale-en-entreprise.webp","width":1000,"height":339,"caption":"PSSM - Secouriste en Sante\u0301 Mentale en entreprise"},{"@type":"BreadcrumbList","@id":"https:\/\/all-leaders.fr\/en\/accompagnements\/sante-mentale-et-performance-durable\/formations-pssm-premiers-secours-en-sante-mentale\/#breadcrumb","itemListElement":[{"@type":"ListItem","position":1,"name":"Accueil","item":"https:\/\/all-leaders.fr\/en\/"},{"@type":"ListItem","position":2,"name":"Accompagnements","item":"https:\/\/all-leaders.fr\/en\/accompagnements\/%thematiques%\/"},{"@type":"ListItem","position":3,"name":"Sant\u00e9 mentale et performance durable"}]},{"@type":"WebSite","@id":"https:\/\/all-leaders.fr\/en\/#website","url":"https:\/\/all-leaders.fr\/en\/","name":"all-leaders.fr","description":"All Leaders Initiative","publisher":{"@id":"https:\/\/all-leaders.fr\/en\/#organization"},"potentialAction":[{"@type":"SearchAction","target":{"@type":"EntryPoint","urlTemplate":"https:\/\/all-leaders.fr\/en\/?s={search_term_string}"},"query-input":{"@type":"PropertyValueSpecification","valueRequired":true,"valueName":"search_term_string"}}],"inLanguage":"en-US"},{"@type":"Organization","@id":"https:\/\/all-leaders.fr\/en\/#organization","name":"all-leaders.fr","url":"https:\/\/all-leaders.fr\/en\/","logo":{"@type":"ImageObject","inLanguage":"en-US","@id":"https:\/\/all-leaders.fr\/en\/#\/schema\/logo\/image\/","url":"https:\/\/all-leaders.fr\/wp-content\/uploads\/2023\/03\/ALL_LEADERS_INITIATIVE_L_DARK_LOGO.svg","contentUrl":"https:\/\/all-leaders.fr\/wp-content\/uploads\/2023\/03\/ALL_LEADERS_INITIATIVE_L_DARK_LOGO.svg","width":1360,"height":512,"caption":"all-leaders.fr"},"image":{"@id":"https:\/\/all-leaders.fr\/en\/#\/schema\/logo\/image\/"},"sameAs":["https:\/\/www.linkedin.com\/company\/all-leaders-initiative\/"]}]}},"_links":{"self":[{"href":"https:\/\/all-leaders.fr\/en\/wp-json\/wp\/v2\/accompagnements\/1109","targetHints":{"allow":["GET"]}}],"collection":[{"href":"https:\/\/all-leaders.fr\/en\/wp-json\/wp\/v2\/accompagnements"}],"about":[{"href":"https:\/\/all-leaders.fr\/en\/wp-json\/wp\/v2\/types\/accompagnements"}],"author":[{"embeddable":true,"href":"https:\/\/all-leaders.fr\/en\/wp-json\/wp\/v2\/users\/3"}],"version-history":[{"count":64,"href":"https:\/\/all-leaders.fr\/en\/wp-json\/wp\/v2\/accompagnements\/1109\/revisions"}],"predecessor-version":[{"id":15817,"href":"https:\/\/all-leaders.fr\/en\/wp-json\/wp\/v2\/accompagnements\/1109\/revisions\/15817"}],"wp:featuredmedia":[{"embeddable":true,"href":"https:\/\/all-leaders.fr\/en\/wp-json\/wp\/v2\/media\/13561"}],"wp:attachment":[{"href":"https:\/\/all-leaders.fr\/en\/wp-json\/wp\/v2\/media?parent=1109"}],"wp:term":[{"taxonomy":"etat","embeddable":true,"href":"https:\/\/all-leaders.fr\/en\/wp-json\/wp\/v2\/etat?post=1109"},{"taxonomy":"thematiques","embeddable":true,"href":"https:\/\/all-leaders.fr\/en\/wp-json\/wp\/v2\/thematiques?post=1109"},{"taxonomy":"publics-cible","embeddable":true,"href":"https:\/\/all-leaders.fr\/en\/wp-json\/wp\/v2\/publics-cible?post=1109"},{"taxonomy":"types-formations","embeddable":true,"href":"https:\/\/all-leaders.fr\/en\/wp-json\/wp\/v2\/types-formations?post=1109"}],"curies":[{"name":"wp","href":"https:\/\/api.w.org\/{rel}","templated":true}]}}