{"id":1112,"date":"2023-04-04T06:58:08","date_gmt":"2023-04-04T06:58:08","guid":{"rendered":"https:\/\/all-leaders.fr\/?post_type=formations&#038;p=1112"},"modified":"2025-11-03T11:32:44","modified_gmt":"2025-11-03T11:32:44","slug":"groupes-de-supervision-collective","status":"publish","type":"accompagnements","link":"https:\/\/all-leaders.fr\/en\/accompagnements\/sante-mentale-et-performance-durable\/groupes-de-supervision-collective\/","title":{"rendered":"Groupes de supervision collective"},"content":{"rendered":"\t\t<div data-elementor-type=\"wp-post\" data-elementor-id=\"1112\" class=\"elementor elementor-1112\" data-elementor-post-type=\"accompagnements\">\n\t\t\t\t<div data-particle_enable=\"false\" data-particle-mobile-disabled=\"false\" class=\"elementor-element elementor-element-ae5becf e-con-full e-flex e-con e-parent\" data-id=\"ae5becf\" data-element_type=\"container\" data-e-type=\"container\" data-settings=\"{&quot;background_background&quot;:&quot;classic&quot;}\">\n\t\t\t\t<div class=\"elementor-element elementor-element-650ec96 elementor-widget-laptop__width-inherit elementor-widget elementor-widget-heading\" data-id=\"650ec96\" data-element_type=\"widget\" data-e-type=\"widget\" data-widget_type=\"heading.default\">\n\t\t\t\t<div class=\"elementor-widget-container\">\n\t\t\t\t\t<h2 class=\"elementor-heading-title elementor-size-small\">Supervision Collective :<\/h2>\t\t\t\t<\/div>\n\t\t\t\t<\/div>\n\t\t\t\t<div class=\"elementor-element elementor-element-e61a931 elementor-widget-laptop__width-inherit elementor-widget elementor-widget-heading\" data-id=\"e61a931\" data-element_type=\"widget\" data-e-type=\"widget\" data-widget_type=\"heading.default\">\n\t\t\t\t<div class=\"elementor-widget-container\">\n\t\t\t\t\t<h3 class=\"elementor-heading-title elementor-size-small\">Le soutien indispensable \u00e0 l'Analyse de Pratiques Professionnelles<\/h3>\t\t\t\t<\/div>\n\t\t\t\t<\/div>\n\t\t\t\t<div class=\"elementor-element elementor-element-d874709 elementor-widget__width-inherit elementor-widget elementor-widget-heading\" data-id=\"d874709\" data-element_type=\"widget\" data-e-type=\"widget\" data-widget_type=\"heading.default\">\n\t\t\t\t<div class=\"elementor-widget-container\">\n\t\t\t\t\t<h4 class=\"elementor-heading-title elementor-size-small\">Ce dispositif est directement inspir\u00e9 des supervisions des professionnels de l\u2019accompagnement et des masterclass d\u2019entrepreneurs.\n\n<\/h4>\t\t\t\t<\/div>\n\t\t\t\t<\/div>\n\t\t\t\t<div class=\"elementor-element elementor-element-9875165 elementor-widget elementor-widget-text-editor\" data-id=\"9875165\" data-element_type=\"widget\" data-e-type=\"widget\" data-widget_type=\"text-editor.default\">\n\t\t\t\t<div class=\"elementor-widget-container\">\n\t\t\t\t\t\t\t\t\t<p>2 \u00e0 4 fois une journ\u00e9e par an, il permet aux collaborateurs de se retrouver, dans un cercle de confiance constitu\u00e9 de pairs de son entreprise de niveau \u00e9quivalent, pour partager leurs exp\u00e9riences, leurs connaissances, leurs id\u00e9es et leurs conseils.<br \/><br \/><\/p><p>Les membres du groupe travaillent ensemble, dans un cadre pos\u00e9 par un coach exp\u00e9riment\u00e9, pour r\u00e9soudre des probl\u00e8mes professionnels, \u00e9changer des strat\u00e9gies de r\u00e9ussite, partager des connaissances et se soutenir les uns les autres.<\/p>\t\t\t\t\t\t\t\t<\/div>\n\t\t\t\t<\/div>\n\t\t\t\t<div class=\"elementor-element elementor-element-57172e4 elementor-widget__width-inherit elementor-widget elementor-widget-heading\" data-id=\"57172e4\" data-element_type=\"widget\" data-e-type=\"widget\" data-widget_type=\"heading.default\">\n\t\t\t\t<div class=\"elementor-widget-container\">\n\t\t\t\t\t<h4 class=\"elementor-heading-title elementor-size-small\">Chacun s\u2019enrichit des cas apport\u00e9s par les autres participants. Cela rend humble et confiant \u00e0 la fois, et augmente le sentiment d\u2019appartenance.\n\n<\/h4>\t\t\t\t<\/div>\n\t\t\t\t<\/div>\n\t\t\t\t<div class=\"elementor-element elementor-element-d9fb9d0 elementor-widget elementor-widget-text-editor\" data-id=\"d9fb9d0\" data-element_type=\"widget\" data-e-type=\"widget\" data-widget_type=\"text-editor.default\">\n\t\t\t\t<div class=\"elementor-widget-container\">\n\t\t\t\t\t\t\t\t\t<p><span style=\"color: var( --e-global-color-text ); font-family: var( --e-global-typography-text-font-family ), Sans-serif; font-size: var( --e-global-typography-text-font-size ); font-style: var( --e-global-typography-text-font-style ); font-weight: var( --e-global-typography-text-font-weight ); letter-spacing: var( --e-global-typography-text-letter-spacing ); text-transform: var( --e-global-typography-text-text-transform ); text-align: var(--text-align);\">Le coach professionnel qui anime ces cessions sera garant de la structure de la r\u00e9union et de son cadre confidentiel, ouvert et honn\u00eate. Il facilitera la discussion et s\u2019assurer que chaque membre du groupe a l\u2019opportunit\u00e9 de participer pleinement, m\u00eame s\u2019il n\u2019a pas de challenge \u00e0 exposer.<\/span><\/p><p>Le principe de base de la supervision est double :<\/p><ul><li>la collaboration et la coop\u00e9ration dans un petit groupe peuvent aider \u00e0 stimuler la cr\u00e9ativit\u00e9, \u00e0 renforcer les comp\u00e9tences, \u00e0 promouvoir l\u2019apprentissage et \u00e0 offrir un soutien mutuel<\/li><\/ul><ul><li>le coach, ext\u00e9rieur \u00e0 l\u2019organisation mais choisi pour sa connaissance du monde de l\u2019entreprise et du secteur concern\u00e9, procure objectivit\u00e9 et impartialit\u00e9 vis-\u00e0-vis de l\u2019entreprise et de ses membres. Il est \u00e9galement capable d\u2019apporter de nouvelles perspectives et opportunit\u00e9s d\u2019am\u00e9lioration.<\/li><\/ul>\t\t\t\t\t\t\t\t<\/div>\n\t\t\t\t<\/div>\n\t\t\t\t<div class=\"elementor-element elementor-element-2f595d2 elementor-widget__width-inherit elementor-widget elementor-widget-heading\" data-id=\"2f595d2\" data-element_type=\"widget\" data-e-type=\"widget\" data-widget_type=\"heading.default\">\n\t\t\t\t<div class=\"elementor-widget-container\">\n\t\t\t\t\t<h3 class=\"elementor-heading-title elementor-size-small\">Au-del\u00e0 de ces rendez-vous, il est fr\u00e9quent que les groupes ainsi cr\u00e9\u00e9s s\u2019entraident hors s\u00e9ances collectives.\n<\/h3>\t\t\t\t<\/div>\n\t\t\t\t<\/div>\n\t\t\t\t<div class=\"elementor-element elementor-element-47b8641 elementor-widget elementor-widget-text-editor\" data-id=\"47b8641\" data-element_type=\"widget\" data-e-type=\"widget\" data-widget_type=\"text-editor.default\">\n\t\t\t\t<div class=\"elementor-widget-container\">\n\t\t\t\t\t\t\t\t\t<p><span style=\"color: var( --e-global-color-text ); font-family: var( --e-global-typography-text-font-family ), Sans-serif; font-size: var( --e-global-typography-text-font-size ); font-style: var( --e-global-typography-text-font-style ); font-weight: var( --e-global-typography-text-font-weight ); letter-spacing: var( --e-global-typography-text-letter-spacing ); text-transform: var( --e-global-typography-text-text-transform ); text-align: var(--text-align);\">Managers, DRH, mettre en place des groupes de supervision collective dans vos pratiques ont de nombreux avantages. A moindre co\u00fbt, puisque ce sont des interventions tr\u00e8s ponctuelles, elles permettent aux b\u00e9n\u00e9ficiaires :<\/span><\/p>\n<ol>\n<li>d\u2019am\u00e9liorer leur <b>productivit\u00e9<\/b> : par ce biais, le collaborateurs r\u00e9solvent leurs probl\u00e8mes et trouvent des solutions plus rapidement.<\/li>\n<li>de d\u00e9velopper leurs <b>comp\u00e9tences<\/b> : ce sont autant d\u2019occasions d\u2019apprendre de nouvelles comp\u00e9tences, issues de leur \u00ab&nbsp;cas&nbsp;\u00bb ou de ceux des autres, et de partager leur expertise.<\/li>\n<li>de renforcer leur <b>motivation<\/b> : les participants se sentent plus connect\u00e9s et plus soutenus dans leur travail, ce qui peut renforcer leur motivation et leur engagement dans l\u2019organisation.<\/li>\n<li>de d\u00e9velopper leur <b>leadership<\/b> : c\u2019est aussi une occasion de partager de mani\u00e8re ouverte leur exp\u00e9rience, de donner des conseils et de guider d\u2019autres professionnels de leur domaine.<\/li>\n<li>de les <b>fid\u00e9liser<\/b> : peu d\u2019entreprise offrent une telle opportunit\u00e9 d\u2019am\u00e9lioration et de d\u00e9veloppement en s\u2019appuyant sur leurs ressources internes. Ceci contribue \u00e0 cr\u00e9er pour le b\u00e9n\u00e9ficiaire un sentiment valorisant et autour d\u2019eux un environnement de travail plus positif et plus collaboratif.<\/li>\n<\/ol>\t\t\t\t\t\t\t\t<\/div>\n\t\t\t\t<\/div>\n\t\t\t\t<div class=\"elementor-element elementor-element-1943c0e elementor-widget__width-inherit elementor-widget elementor-widget-heading\" data-id=\"1943c0e\" data-element_type=\"widget\" data-e-type=\"widget\" data-widget_type=\"heading.default\">\n\t\t\t\t<div class=\"elementor-widget-container\">\n\t\t\t\t\t<h2 class=\"elementor-heading-title elementor-size-default\">FAQ<\/h2>\t\t\t\t<\/div>\n\t\t\t\t<\/div>\n\t\t\t\t<div class=\"elementor-element elementor-element-fc2b931 elementor-widget elementor-widget-eael-adv-accordion\" data-id=\"fc2b931\" data-element_type=\"widget\" data-e-type=\"widget\" data-widget_type=\"eael-adv-accordion.default\">\n\t\t\t\t<div class=\"elementor-widget-container\">\n\t\t\t\t\t        <div class=\"eael-adv-accordion\" id=\"eael-adv-accordion-fc2b931\" data-scroll-on-click=\"no\" data-scroll-speed=\"300\" data-accordion-id=\"fc2b931\" data-accordion-type=\"accordion\" data-toogle-speed=\"300\">\n    <div class=\"eael-accordion-list\">\n                <div id=\"de-quoi-parle-t-on-en-groupe-de-supervision\" class=\"elementor-tab-title eael-accordion-header\" tabindex=\"0\" data-tab=\"1\" aria-controls=\"elementor-tab-content-2641\"><span class=\"eael-advanced-accordion-icon-closed\"><i aria-hidden=\"true\" class=\"fa-accordion-icon fas fa-plus\"><\/i><\/span><span class=\"eael-advanced-accordion-icon-opened\"><i aria-hidden=\"true\" class=\"fa-accordion-icon fas fa-minus\"><\/i><\/span><span class=\"eael-accordion-tab-title\">de quoi parle-t-on en groupe de supervision?<\/span><i aria-hidden=\"true\" class=\"fa-toggle fas fa-angle-right\"><\/i><\/div><div id=\"elementor-tab-content-2641\" class=\"eael-accordion-content clearfix\" data-tab=\"1\" aria-labelledby=\"de-quoi-parle-t-on-en-groupe-de-supervision\"><p>Le sujets abord\u00e9s en supervision varient en fonction des besoins et des int\u00e9r\u00eats des participants. Cependant, voici quelques exemples typiques de sujets qui peuvent \u00eatre discut\u00e9s :<\/p><ul><li>D\u00e9veloppement de comp\u00e9tences : partage de strat\u00e9gies et conseils pour d\u00e9velopper leurs comp\u00e9tences professionnelles, telles que la communication, le leadership, la gestion du temps, la r\u00e9solution de probl\u00e8mes, etc.<\/li><li>D\u00e9fis professionnels : partage des d\u00e9fis professionnels rencontr\u00e9s (un cas par personne). Prise de hauteur et recherche des solutions en groupe. Cela peut inclure des d\u00e9fis li\u00e9s \u00e0 la gestion des projets, des conflits avec des coll\u00e8gues ou des clients, ou des difficult\u00e9s \u00e0 atteindre des objectifs.<\/li><li>D\u00e9veloppement personnel : il est fr\u00e9quent que certains cas incluent des sujets li\u00e9s au d\u00e9veloppement personnel, tels que la gestion du stress, la prise de d\u00e9cision, la confiance en soi, l\u2019estime de soi, etc.<\/li><\/ul><\/div>\n                <\/div><div class=\"eael-accordion-list\">\n                <div id=\"quels-sont-les-outils-utiliss-en-supervision-collective-\" class=\"elementor-tab-title eael-accordion-header\" tabindex=\"0\" data-tab=\"2\" aria-controls=\"elementor-tab-content-2642\"><span class=\"eael-advanced-accordion-icon-closed\"><i aria-hidden=\"true\" class=\"fa-accordion-icon fas fa-plus\"><\/i><\/span><span class=\"eael-advanced-accordion-icon-opened\"><i aria-hidden=\"true\" class=\"fa-accordion-icon fas fa-minus\"><\/i><\/span><span class=\"eael-accordion-tab-title\">quels sont les outils utilis\u00e9s en supervision collective ?<\/span><i aria-hidden=\"true\" class=\"fa-toggle fas fa-angle-right\"><\/i><\/div><div id=\"elementor-tab-content-2642\" class=\"eael-accordion-content clearfix\" data-tab=\"2\" aria-labelledby=\"quels-sont-les-outils-utiliss-en-supervision-collective-\"><p>Le superviseur apporte avant tout un cadre professionnel, ferme et bienveillant, permettant \u00e0 chacun d\u2019\u00eatre le plus authentique possible.<\/p><p>\u00a0<\/p><p>Sa posture oscille entre celle d\u2019un r\u00e9gulateur (harmonise les relations entre les participants et permet un travail de qualit\u00e9), un formateur (fait des apports th\u00e9oriques pertinents sur ce qui est v\u00e9cu par les participants) et leader (am\u00e8ne \u00e0 une r\u00e9solution commune de probl\u00e8mes). Les outils utilis\u00e9s varient en fonction de ses pratiques et de la demande des participants. Cependant citons-en quelques un, bien connus des facilitateurs : brainstorming, SWOT, barom\u00e8tres, chapeaux de Bono, CODEV, \u2026<\/p><p>\u00a0<\/p><p>Enfin, il est utile de pr\u00e9ciser que l\u2019utilisation de ces outils peut \u00eatre mod\u00e9lisant pour le groupe : chaque participant pourra se l\u2019approprier et le reproduire avec son \u00e9quipe de travail ou son \u00e9quipe projet.<\/p><\/div>\n                <\/div><\/div>\t\t\t\t<\/div>\n\t\t\t\t<\/div>\n\t\t<div data-particle_enable=\"false\" data-particle-mobile-disabled=\"false\" class=\"elementor-element elementor-element-6553313 e-con-full e-flex e-con e-child\" data-id=\"6553313\" data-element_type=\"container\" data-e-type=\"container\" data-settings=\"{&quot;background_background&quot;:&quot;classic&quot;}\">\n\t\t\t\t<\/div>\n\t\t\t\t<div class=\"elementor-element elementor-element-b2df365 elementor-widget__width-inherit elementor-widget-mobile__width-initial elementor-widget elementor-widget-heading\" data-id=\"b2df365\" data-element_type=\"widget\" data-e-type=\"widget\" data-widget_type=\"heading.default\">\n\t\t\t\t<div class=\"elementor-widget-container\">\n\t\t\t\t\t<h3 class=\"elementor-heading-title elementor-size-default\">Des \u00e9tudes et des chiffres :<\/h3>\t\t\t\t<\/div>\n\t\t\t\t<\/div>\n\t\t\t\t<div class=\"elementor-element elementor-element-57d08b0 elementor-widget elementor-widget-text-editor\" data-id=\"57d08b0\" data-element_type=\"widget\" data-e-type=\"widget\" data-widget_type=\"text-editor.default\">\n\t\t\t\t<div class=\"elementor-widget-container\">\n\t\t\t\t\t\t\t\t\t<ul><li>Une <a href=\"https:\/\/www.gsb.stanford.edu\/sites\/default\/files\/documents\/Peer-Coaching-Research-Paper.pdf\">\u00e9tude de l\u2019Universit\u00e9 de Stanford<\/a>\u00a0a montr\u00e9 que la combinaison de collaboration, de soutien social et d\u2019enseignement \u00e9tait l\u2019une des cl\u00e9s du d\u00e9veloppement professionnel r\u00e9ussi : les groupes de supervision collective r\u00e9pondent \u00e0 ces trois crit\u00e8res !\u00a0<\/li><li>Selon une <a href=\"https:\/\/www.ucop.edu\/academic-personnel-programs\/_files\/faculty-development\/faculty-development-articles\/collaborative-learning.pdf\">\u00e9tude men\u00e9e par l\u2019Universit\u00e9 de Californie<\/a>, les groupes de supervision collective peuvent aider \u00e0 acc\u00e9l\u00e9rer l\u2019apprentissage et \u00e0 renforcer les comp\u00e9tences gr\u00e2ce \u00e0 l\u2019interaction sociale et \u00e0 la r\u00e9troaction. Cela augmente \u00e9galement la motivation et de la confiance en soi des participants.<\/li><li>Un article publi\u00e9 dans <a href=\"https:\/\/hbr.org\/2011\/05\/the-power-of-small-wins\">Harvard Business Review<\/a> a soulign\u00e9 que les groupes de supervision collective peuvent offrir un soutien \u00e9motionnel, un feedback constructif et un \u00e9change de connaissances et de comp\u00e9tences. Ils peuvent aider \u00e0 combattre l\u2019isolement professionnel et \u00e0 renforcer les relations interpersonnelles au travail.\u00a0<\/li><li>Enfin, <a href=\"https:\/\/www.darden.virginia.edu\/sites\/default\/files\/uva-darden-ideas-to-action-mastermind-groups-creating-a-collaborative-environment.pdf\">dans une \u00e9tude men\u00e9e par l\u2019Universit\u00e9 de Virginie<\/a>, les participants ont signal\u00e9 une am\u00e9lioration de la qualit\u00e9 de leur travail et de leur cr\u00e9ativit\u00e9 gr\u00e2ce \u00e0 leur participation \u00e0 des groupes de supervision collective ou mastermind. Ils ont \u00e9galement signal\u00e9 une augmentation de leur confiance et de leur motivation.\u00a0<\/li><\/ul><p>\u00a0<\/p><p>Alors n\u2019h\u00e9sitez pas et essayez ! L\u2019impact sur le d\u00e9veloppement professionnel des collaborateurs, la qualit\u00e9 du travail, la cr\u00e9ativit\u00e9, la motivation et la confiance en soi est r\u00e9el.<\/p>\t\t\t\t\t\t\t\t<\/div>\n\t\t\t\t<\/div>\n\t\t<div data-particle_enable=\"false\" data-particle-mobile-disabled=\"false\" class=\"elementor-element elementor-element-a63ad08 e-con-full e-flex e-con e-child\" data-id=\"a63ad08\" data-element_type=\"container\" data-e-type=\"container\">\n\t\t\t\t<div class=\"elementor-element elementor-element-8d1c38f elementor-view-default elementor-widget elementor-widget-icon\" data-id=\"8d1c38f\" data-element_type=\"widget\" data-e-type=\"widget\" data-widget_type=\"icon.default\">\n\t\t\t\t<div class=\"elementor-widget-container\">\n\t\t\t\t\t\t\t<div class=\"elementor-icon-wrapper\">\n\t\t\t<div class=\"elementor-icon\">\n\t\t\t<i aria-hidden=\"true\" class=\"fas fa-file-download\"><\/i>\t\t\t<\/div>\n\t\t<\/div>\n\t\t\t\t\t\t<\/div>\n\t\t\t\t<\/div>\n\t\t\t\t<div class=\"elementor-element elementor-element-c6a28dd elementor-widget elementor-widget-heading\" data-id=\"c6a28dd\" data-element_type=\"widget\" data-e-type=\"widget\" data-widget_type=\"heading.default\">\n\t\t\t\t<div class=\"elementor-widget-container\">\n\t\t\t\t\t<h2 class=\"elementor-heading-title elementor-size-medium\"><a href=\"https:\/\/all-leaders.fr\/wp-content\/uploads\/2023\/04\/Brochure-All-Leaders-Managez.pdf\">T\u00e9l\u00e9charger la brochure<\/a><\/h2>\t\t\t\t<\/div>\n\t\t\t\t<\/div>\n\t\t\t\t<\/div>\n\t\t\t\t<\/div>\n\t\t<div data-particle_enable=\"false\" data-particle-mobile-disabled=\"false\" class=\"elementor-element elementor-element-d0d9b2a e-flex e-con-boxed e-con e-parent\" data-id=\"d0d9b2a\" data-element_type=\"container\" data-e-type=\"container\">\n\t\t\t\t\t<div class=\"e-con-inner\">\n\t\t\t\t<div class=\"elementor-element elementor-element-a46e111 elementor-widget elementor-widget-html\" data-id=\"a46e111\" data-element_type=\"widget\" data-e-type=\"widget\" data-widget_type=\"html.default\">\n\t\t\t\t<div class=\"elementor-widget-container\">\n\t\t\t\t\t<script type=\"application\/ld+json\">\n{\n  \"@context\": \"https:\/\/schema.org\",\n  \"@graph\": [\n    {\n      \"@type\": \"Service\",\n      \"serviceType\": \"Supervision Collective et APP\",\n      \"name\": \"Groupes de Supervision Collective et Analyse de Pratiques Professionnelles (APP)\",\n      \"description\": \"Service de soutien professionnel r\u00e9gulier pour les managers et dirigeants. Nos groupes de supervision collective offrent un espace s\u00e9curis\u00e9 d'analyse de cas complexes pour lutter contre l'isolement et d\u00e9velopper de nouvelles solutions manag\u00e9riales.\",\n      \"url\": \"https:\/\/all-leaders.fr\/services\/sante-mentale-et-performance-durable\/groupes-de-supervision-collective\/\",\n      \"provider\": {\n        \"@type\": \"Organization\",\n        \"name\": \"All Leaders Initiative\",\n        \"@id\": \"https:\/\/all-leaders.fr\/#organization\" \/\/ R\u00e9f\u00e9rence \u00e0 l'organisation d\u00e9finie ci-dessous\n      },\n      \"areaServed\": {\n        \"@type\": \"Country\",\n        \"name\": \"France\"\n      },\n      \"audience\": {\n        \"@type\": \"Audience\",\n        \"name\": \"Managers, Dirigeants, Professionnels RH\"\n      },\n      \"keywords\": [\n        \"Supervision Collective\",\n        \"Analyse de Pratiques Professionnelles\",\n        \"Soutien Manag\u00e9rial\",\n        \"Groupe de Supervision Managers\",\n        \"Gestion des cas complexes\"\n      ],\n      \"potentialAction\": {\n        \"@type\": \"ContactAction\",\n        \"target\": \"https:\/\/all-leaders.fr\/contact\/\",\n        \"actionType\": \"ContactPoint\"\n      }\n    },\n    {\n      \/\/ Votre structure Organization obligatoire\n      \"@type\": \"Organization\",\n      \"@id\": \"https:\/\/all-leaders.fr\/#organization\",\n      \"name\": \"All Leaders Initiative\",\n      \"url\": \"https:\/\/all-leaders.fr\",\n      \"logo\": \"https:\/\/all-leaders.fr\/wp-content\/uploads\/2023\/03\/ALL_LEADERS_INITIATIVE_R_BRIGHT_LOGO_BG-250px_blanc.jpg\", \n      \"sameAs\": [\n        \"https:\/\/www.linkedin.com\/in\/mepy\/\",\n        \"https:\/\/www.linkedin.com\/in\/pebost\/\"\n      ],\n      \"contactPoint\": {\n        \"@type\": \"ContactPoint\",\n        \"contactType\": \"sales\",\n        \"areaServed\": \"FR\",\n        \"availableLanguage\": [\"French\", \"Italian\", \"English\"] \/\/ Mettre les langues en tableau\n      }\n    }\n  ]\n}\n<\/script>\t\t\t\t<\/div>\n\t\t\t\t<\/div>\n\t\t\t\t\t<\/div>\n\t\t\t\t<\/div>\n\t\t\t\t<\/div>\n\t\t","protected":false},"excerpt":{"rendered":"<p>Ne restez plus seul face \u00e0 vos d\u00e9fis. Transformez vos probl\u00e8mes professionnels en strat\u00e9gies de r\u00e9ussite avec la force du groupe.<\/p>\n","protected":false},"author":2,"featured_media":347,"template":"","meta":[],"etat":[100],"thematiques":[125],"publics-cible":[47,49],"types-formations":[40],"class_list":["post-1112","accompagnements","type-accompagnements","status-publish","has-post-thumbnail","hentry","etat-monte","thematiques-sante-mentale-et-performance-durable","publics-cible-assistants","publics-cible-collaborateurs","types-formations-action"],"yoast_head":"<!-- This site is optimized with the Yoast SEO plugin v27.1.1 - https:\/\/yoast.com\/product\/yoast-seo-wordpress\/ -->\n<title>Groupes de supervision collective<\/title>\n<meta name=\"description\" content=\"Ce dispositif est directement inspir\u00e9 des supervisions des professionnels de l\u2019accompagnement et des masterclass d\u2019entrepreneurs.\" \/>\n<meta name=\"robots\" content=\"index, follow, max-snippet:-1, max-image-preview:large, max-video-preview:-1\" \/>\n<link rel=\"canonical\" href=\"https:\/\/all-leaders.fr\/en\/accompagnements\/sante-mentale-et-performance-durable\/groupes-de-supervision-collective\/\" \/>\n<meta property=\"og:locale\" content=\"en_US\" \/>\n<meta property=\"og:type\" content=\"article\" \/>\n<meta property=\"og:title\" content=\"Groupes de supervision collective\" \/>\n<meta property=\"og:description\" content=\"Ce dispositif est directement inspir\u00e9 des supervisions des professionnels de l\u2019accompagnement et des masterclass d\u2019entrepreneurs.\" \/>\n<meta property=\"og:url\" content=\"https:\/\/all-leaders.fr\/en\/accompagnements\/sante-mentale-et-performance-durable\/groupes-de-supervision-collective\/\" \/>\n<meta property=\"og:site_name\" content=\"All Leaders Initiative\" \/>\n<meta property=\"article:modified_time\" content=\"2025-11-03T11:32:44+00:00\" \/>\n<meta property=\"og:image\" content=\"https:\/\/all-leaders.fr\/wp-content\/uploads\/2023\/03\/supervision.png\" \/>\n\t<meta property=\"og:image:width\" content=\"1024\" \/>\n\t<meta property=\"og:image:height\" content=\"683\" \/>\n\t<meta property=\"og:image:type\" content=\"image\/jpeg\" \/>\n<meta name=\"twitter:card\" content=\"summary_large_image\" \/>\n<meta name=\"twitter:title\" content=\"Groupes de supervision collective\" \/>\n<meta name=\"twitter:description\" content=\"Ce dispositif est directement inspir\u00e9 des supervisions des professionnels de l\u2019accompagnement et des masterclass d\u2019entrepreneurs.\" \/>\n<meta name=\"twitter:image\" content=\"https:\/\/all-leaders.fr\/wp-content\/uploads\/2023\/03\/supervision.png\" \/>\n<meta name=\"twitter:label1\" content=\"Est. reading time\" \/>\n\t<meta name=\"twitter:data1\" content=\"5 minutes\" \/>\n<script type=\"application\/ld+json\" class=\"yoast-schema-graph\">{\"@context\":\"https:\/\/schema.org\",\"@graph\":[{\"@type\":\"WebPage\",\"@id\":\"https:\/\/all-leaders.fr\/en\/accompagnements\/sante-mentale-et-performance-durable\/groupes-de-supervision-collective\/\",\"url\":\"https:\/\/all-leaders.fr\/en\/accompagnements\/sante-mentale-et-performance-durable\/groupes-de-supervision-collective\/\",\"name\":\"Groupes de supervision collective\",\"isPartOf\":{\"@id\":\"https:\/\/all-leaders.fr\/en\/#website\"},\"primaryImageOfPage\":{\"@id\":\"https:\/\/all-leaders.fr\/en\/accompagnements\/sante-mentale-et-performance-durable\/groupes-de-supervision-collective\/#primaryimage\"},\"image\":{\"@id\":\"https:\/\/all-leaders.fr\/en\/accompagnements\/sante-mentale-et-performance-durable\/groupes-de-supervision-collective\/#primaryimage\"},\"thumbnailUrl\":\"https:\/\/all-leaders.fr\/wp-content\/uploads\/2023\/03\/supervision.png\",\"datePublished\":\"2023-04-04T06:58:08+00:00\",\"dateModified\":\"2025-11-03T11:32:44+00:00\",\"description\":\"Ce dispositif est directement inspir\u00e9 des supervisions des professionnels de l\u2019accompagnement et des masterclass d\u2019entrepreneurs.\",\"breadcrumb\":{\"@id\":\"https:\/\/all-leaders.fr\/en\/accompagnements\/sante-mentale-et-performance-durable\/groupes-de-supervision-collective\/#breadcrumb\"},\"inLanguage\":\"en-US\",\"potentialAction\":[{\"@type\":\"ReadAction\",\"target\":[\"https:\/\/all-leaders.fr\/en\/accompagnements\/sante-mentale-et-performance-durable\/groupes-de-supervision-collective\/\"]}]},{\"@type\":\"ImageObject\",\"inLanguage\":\"en-US\",\"@id\":\"https:\/\/all-leaders.fr\/en\/accompagnements\/sante-mentale-et-performance-durable\/groupes-de-supervision-collective\/#primaryimage\",\"url\":\"https:\/\/all-leaders.fr\/wp-content\/uploads\/2023\/03\/supervision.png\",\"contentUrl\":\"https:\/\/all-leaders.fr\/wp-content\/uploads\/2023\/03\/supervision.png\",\"width\":1024,\"height\":683,\"caption\":\"Supervision collective\"},{\"@type\":\"BreadcrumbList\",\"@id\":\"https:\/\/all-leaders.fr\/en\/accompagnements\/sante-mentale-et-performance-durable\/groupes-de-supervision-collective\/#breadcrumb\",\"itemListElement\":[{\"@type\":\"ListItem\",\"position\":1,\"name\":\"Accueil\",\"item\":\"https:\/\/all-leaders.fr\/en\/\"},{\"@type\":\"ListItem\",\"position\":2,\"name\":\"Accompagnements\",\"item\":\"https:\/\/all-leaders.fr\/en\/accompagnements\/%thematiques%\/\"},{\"@type\":\"ListItem\",\"position\":3,\"name\":\"Sant\u00e9 mentale et performance durable\"}]},{\"@type\":\"WebSite\",\"@id\":\"https:\/\/all-leaders.fr\/en\/#website\",\"url\":\"https:\/\/all-leaders.fr\/en\/\",\"name\":\"all-leaders.fr\",\"description\":\"All Leaders Initiative\",\"publisher\":{\"@id\":\"https:\/\/all-leaders.fr\/en\/#organization\"},\"potentialAction\":[{\"@type\":\"SearchAction\",\"target\":{\"@type\":\"EntryPoint\",\"urlTemplate\":\"https:\/\/all-leaders.fr\/en\/?s={search_term_string}\"},\"query-input\":{\"@type\":\"PropertyValueSpecification\",\"valueRequired\":true,\"valueName\":\"search_term_string\"}}],\"inLanguage\":\"en-US\"},{\"@type\":\"Organization\",\"@id\":\"https:\/\/all-leaders.fr\/en\/#organization\",\"name\":\"all-leaders.fr\",\"url\":\"https:\/\/all-leaders.fr\/en\/\",\"logo\":{\"@type\":\"ImageObject\",\"inLanguage\":\"en-US\",\"@id\":\"https:\/\/all-leaders.fr\/en\/#\/schema\/logo\/image\/\",\"url\":\"https:\/\/all-leaders.fr\/wp-content\/uploads\/2023\/03\/ALL_LEADERS_INITIATIVE_L_DARK_LOGO.svg\",\"contentUrl\":\"https:\/\/all-leaders.fr\/wp-content\/uploads\/2023\/03\/ALL_LEADERS_INITIATIVE_L_DARK_LOGO.svg\",\"width\":1360,\"height\":512,\"caption\":\"all-leaders.fr\"},\"image\":{\"@id\":\"https:\/\/all-leaders.fr\/en\/#\/schema\/logo\/image\/\"},\"sameAs\":[\"https:\/\/www.linkedin.com\/company\/all-leaders-initiative\/\"]}]}<\/script>\n<!-- \/ Yoast SEO plugin. -->","yoast_head_json":{"title":"Groupes de supervision collective","description":"Ce dispositif est directement inspir\u00e9 des supervisions des professionnels de l\u2019accompagnement et des masterclass d\u2019entrepreneurs.","robots":{"index":"index","follow":"follow","max-snippet":"max-snippet:-1","max-image-preview":"max-image-preview:large","max-video-preview":"max-video-preview:-1"},"canonical":"https:\/\/all-leaders.fr\/en\/accompagnements\/sante-mentale-et-performance-durable\/groupes-de-supervision-collective\/","og_locale":"en_US","og_type":"article","og_title":"Groupes de supervision collective","og_description":"Ce dispositif est directement inspir\u00e9 des supervisions des professionnels de l\u2019accompagnement et des masterclass d\u2019entrepreneurs.","og_url":"https:\/\/all-leaders.fr\/en\/accompagnements\/sante-mentale-et-performance-durable\/groupes-de-supervision-collective\/","og_site_name":"All Leaders Initiative","article_modified_time":"2025-11-03T11:32:44+00:00","og_image":[{"width":1024,"height":683,"url":"https:\/\/all-leaders.fr\/wp-content\/uploads\/2023\/03\/supervision.png","type":"image\/jpeg"}],"twitter_card":"summary_large_image","twitter_title":"Groupes de supervision collective","twitter_description":"Ce dispositif est directement inspir\u00e9 des supervisions des professionnels de l\u2019accompagnement et des masterclass d\u2019entrepreneurs.","twitter_image":"https:\/\/all-leaders.fr\/wp-content\/uploads\/2023\/03\/supervision.png","twitter_misc":{"Est. reading time":"5 minutes"},"schema":{"@context":"https:\/\/schema.org","@graph":[{"@type":"WebPage","@id":"https:\/\/all-leaders.fr\/en\/accompagnements\/sante-mentale-et-performance-durable\/groupes-de-supervision-collective\/","url":"https:\/\/all-leaders.fr\/en\/accompagnements\/sante-mentale-et-performance-durable\/groupes-de-supervision-collective\/","name":"Groupes de supervision collective","isPartOf":{"@id":"https:\/\/all-leaders.fr\/en\/#website"},"primaryImageOfPage":{"@id":"https:\/\/all-leaders.fr\/en\/accompagnements\/sante-mentale-et-performance-durable\/groupes-de-supervision-collective\/#primaryimage"},"image":{"@id":"https:\/\/all-leaders.fr\/en\/accompagnements\/sante-mentale-et-performance-durable\/groupes-de-supervision-collective\/#primaryimage"},"thumbnailUrl":"https:\/\/all-leaders.fr\/wp-content\/uploads\/2023\/03\/supervision.png","datePublished":"2023-04-04T06:58:08+00:00","dateModified":"2025-11-03T11:32:44+00:00","description":"Ce dispositif est directement inspir\u00e9 des supervisions des professionnels de l\u2019accompagnement et des masterclass d\u2019entrepreneurs.","breadcrumb":{"@id":"https:\/\/all-leaders.fr\/en\/accompagnements\/sante-mentale-et-performance-durable\/groupes-de-supervision-collective\/#breadcrumb"},"inLanguage":"en-US","potentialAction":[{"@type":"ReadAction","target":["https:\/\/all-leaders.fr\/en\/accompagnements\/sante-mentale-et-performance-durable\/groupes-de-supervision-collective\/"]}]},{"@type":"ImageObject","inLanguage":"en-US","@id":"https:\/\/all-leaders.fr\/en\/accompagnements\/sante-mentale-et-performance-durable\/groupes-de-supervision-collective\/#primaryimage","url":"https:\/\/all-leaders.fr\/wp-content\/uploads\/2023\/03\/supervision.png","contentUrl":"https:\/\/all-leaders.fr\/wp-content\/uploads\/2023\/03\/supervision.png","width":1024,"height":683,"caption":"Supervision collective"},{"@type":"BreadcrumbList","@id":"https:\/\/all-leaders.fr\/en\/accompagnements\/sante-mentale-et-performance-durable\/groupes-de-supervision-collective\/#breadcrumb","itemListElement":[{"@type":"ListItem","position":1,"name":"Accueil","item":"https:\/\/all-leaders.fr\/en\/"},{"@type":"ListItem","position":2,"name":"Accompagnements","item":"https:\/\/all-leaders.fr\/en\/accompagnements\/%thematiques%\/"},{"@type":"ListItem","position":3,"name":"Sant\u00e9 mentale et performance durable"}]},{"@type":"WebSite","@id":"https:\/\/all-leaders.fr\/en\/#website","url":"https:\/\/all-leaders.fr\/en\/","name":"all-leaders.fr","description":"All Leaders Initiative","publisher":{"@id":"https:\/\/all-leaders.fr\/en\/#organization"},"potentialAction":[{"@type":"SearchAction","target":{"@type":"EntryPoint","urlTemplate":"https:\/\/all-leaders.fr\/en\/?s={search_term_string}"},"query-input":{"@type":"PropertyValueSpecification","valueRequired":true,"valueName":"search_term_string"}}],"inLanguage":"en-US"},{"@type":"Organization","@id":"https:\/\/all-leaders.fr\/en\/#organization","name":"all-leaders.fr","url":"https:\/\/all-leaders.fr\/en\/","logo":{"@type":"ImageObject","inLanguage":"en-US","@id":"https:\/\/all-leaders.fr\/en\/#\/schema\/logo\/image\/","url":"https:\/\/all-leaders.fr\/wp-content\/uploads\/2023\/03\/ALL_LEADERS_INITIATIVE_L_DARK_LOGO.svg","contentUrl":"https:\/\/all-leaders.fr\/wp-content\/uploads\/2023\/03\/ALL_LEADERS_INITIATIVE_L_DARK_LOGO.svg","width":1360,"height":512,"caption":"all-leaders.fr"},"image":{"@id":"https:\/\/all-leaders.fr\/en\/#\/schema\/logo\/image\/"},"sameAs":["https:\/\/www.linkedin.com\/company\/all-leaders-initiative\/"]}]}},"_links":{"self":[{"href":"https:\/\/all-leaders.fr\/en\/wp-json\/wp\/v2\/accompagnements\/1112","targetHints":{"allow":["GET"]}}],"collection":[{"href":"https:\/\/all-leaders.fr\/en\/wp-json\/wp\/v2\/accompagnements"}],"about":[{"href":"https:\/\/all-leaders.fr\/en\/wp-json\/wp\/v2\/types\/accompagnements"}],"author":[{"embeddable":true,"href":"https:\/\/all-leaders.fr\/en\/wp-json\/wp\/v2\/users\/2"}],"version-history":[{"count":43,"href":"https:\/\/all-leaders.fr\/en\/wp-json\/wp\/v2\/accompagnements\/1112\/revisions"}],"predecessor-version":[{"id":15151,"href":"https:\/\/all-leaders.fr\/en\/wp-json\/wp\/v2\/accompagnements\/1112\/revisions\/15151"}],"wp:featuredmedia":[{"embeddable":true,"href":"https:\/\/all-leaders.fr\/en\/wp-json\/wp\/v2\/media\/347"}],"wp:attachment":[{"href":"https:\/\/all-leaders.fr\/en\/wp-json\/wp\/v2\/media?parent=1112"}],"wp:term":[{"taxonomy":"etat","embeddable":true,"href":"https:\/\/all-leaders.fr\/en\/wp-json\/wp\/v2\/etat?post=1112"},{"taxonomy":"thematiques","embeddable":true,"href":"https:\/\/all-leaders.fr\/en\/wp-json\/wp\/v2\/thematiques?post=1112"},{"taxonomy":"publics-cible","embeddable":true,"href":"https:\/\/all-leaders.fr\/en\/wp-json\/wp\/v2\/publics-cible?post=1112"},{"taxonomy":"types-formations","embeddable":true,"href":"https:\/\/all-leaders.fr\/en\/wp-json\/wp\/v2\/types-formations?post=1112"}],"curies":[{"name":"wp","href":"https:\/\/api.w.org\/{rel}","templated":true}]}}