{"id":1114,"date":"2023-04-04T07:06:16","date_gmt":"2023-04-04T07:06:16","guid":{"rendered":"https:\/\/all-leaders.fr\/?post_type=formations&#038;p=1114"},"modified":"2025-10-26T10:10:58","modified_gmt":"2025-10-26T10:10:58","slug":"parcours-de-leadership-manager-coach","status":"publish","type":"accompagnements","link":"https:\/\/all-leaders.fr\/en\/accompagnements\/coaching-en-leadership\/parcours-de-leadership-manager-coach\/","title":{"rendered":"Parcours de Leadership sur Mesure : D\u00e9veloppez le Manager-Coach"},"content":{"rendered":"\t\t<div data-elementor-type=\"wp-post\" data-elementor-id=\"1114\" class=\"elementor elementor-1114\" data-elementor-post-type=\"accompagnements\">\n\t\t\t\t<div data-particle_enable=\"false\" data-particle-mobile-disabled=\"false\" class=\"elementor-element elementor-element-7c4ac75 e-con-full e-flex e-con e-parent\" data-id=\"7c4ac75\" data-element_type=\"container\" data-e-type=\"container\" data-settings=\"{&quot;background_background&quot;:&quot;classic&quot;}\">\n\t\t\t\t<div class=\"elementor-element elementor-element-fb0367e elementor-widget elementor-widget-text-editor\" data-id=\"fb0367e\" data-element_type=\"widget\" data-e-type=\"widget\" data-widget_type=\"text-editor.default\">\n\t\t\t\t<div class=\"elementor-widget-container\">\n\t\t\t\t\t\t\t\t\t<p>Un parcours de Leadership, bien diff\u00e9rent d\u2019une formation classique standard, est une v\u00e9ritable exp\u00e9rience de d\u00e9veloppement pour des managers choisis et volontaires pour d\u00e9velopper leur savoir-\u00eatre autant que leur savoir-faire, et incarner les valeurs et principes de management souhait\u00e9s par leur organisation.<\/p>\t\t\t\t\t\t\t\t<\/div>\n\t\t\t\t<\/div>\n\t\t\t\t<div class=\"elementor-element elementor-element-3a0168a elementor-widget__width-inherit elementor-widget elementor-widget-heading\" data-id=\"3a0168a\" data-element_type=\"widget\" data-e-type=\"widget\" data-widget_type=\"heading.default\">\n\t\t\t\t<div class=\"elementor-widget-container\">\n\t\t\t\t\t<h2 class=\"elementor-heading-title elementor-size-large\">Chaque parcours est con\u00e7u en accord avec les objectifs et les enjeux de l\u2019organisation.<\/h2>\t\t\t\t<\/div>\n\t\t\t\t<\/div>\n\t\t\t\t<div class=\"elementor-element elementor-element-fb2f4fc elementor-widget elementor-widget-text-editor\" data-id=\"fb2f4fc\" data-element_type=\"widget\" data-e-type=\"widget\" data-widget_type=\"text-editor.default\">\n\t\t\t\t<div class=\"elementor-widget-container\">\n\t\t\t\t\t\t\t\t\t<p>Typiquement, il peut se d\u00e9ployer en 5 modules de 2 journ\u00e9es, pour un groupe de 12 \u00e0 15 managers constitu\u00e9 en une \u00ab\u00a0promotion\u00a0\u00bb dont le d\u00e9veloppement collectif impacte positivement et durablement l\u2019organisation gr\u00e2ce \u00e0 la profondeur et la qualit\u00e9 des liens nou\u00e9s entre les participants, en plus de leur d\u00e9veloppement individuel.<\/p>\t\t\t\t\t\t\t\t<\/div>\n\t\t\t\t<\/div>\n\t\t<div data-particle_enable=\"false\" data-particle-mobile-disabled=\"false\" class=\"elementor-element elementor-element-b97fea3 e-con-full e-flex e-con e-child\" data-id=\"b97fea3\" data-element_type=\"container\" data-e-type=\"container\" data-settings=\"{&quot;background_background&quot;:&quot;classic&quot;}\">\n\t\t\t\t<div class=\"elementor-element elementor-element-1c59ac2 elementor-widget elementor-widget-heading\" data-id=\"1c59ac2\" data-element_type=\"widget\" data-e-type=\"widget\" data-widget_type=\"heading.default\">\n\t\t\t\t<div class=\"elementor-widget-container\">\n\t\t\t\t\t<h4 class=\"elementor-heading-title elementor-size-medium\">Exemple illustratif d\u2019un parcours et de ses th\u00e9matiques :<\/h4>\t\t\t\t<\/div>\n\t\t\t\t<\/div>\n\t\t<div data-particle_enable=\"false\" data-particle-mobile-disabled=\"false\" class=\"elementor-element elementor-element-5ea7ad3 e-flex e-con-boxed e-con e-child\" data-id=\"5ea7ad3\" data-element_type=\"container\" data-e-type=\"container\" data-settings=\"{&quot;background_background&quot;:&quot;classic&quot;}\">\n\t\t\t\t\t<div class=\"e-con-inner\">\n\t\t\t\t<div class=\"elementor-element elementor-element-30c25fc elementor-widget elementor-widget-heading\" data-id=\"30c25fc\" data-element_type=\"widget\" data-e-type=\"widget\" data-widget_type=\"heading.default\">\n\t\t\t\t<div class=\"elementor-widget-container\">\n\t\t\t\t\t<h4 class=\"elementor-heading-title elementor-size-medium\">MODULE 1 : CONSTRUIRE LA CONFIANCE<\/h4>\t\t\t\t<\/div>\n\t\t\t\t<\/div>\n\t\t\t\t<div class=\"elementor-element elementor-element-323cbe8 elementor-widget elementor-widget-text-editor\" data-id=\"323cbe8\" data-element_type=\"widget\" data-e-type=\"widget\" data-widget_type=\"text-editor.default\">\n\t\t\t\t<div class=\"elementor-widget-container\">\n\t\t\t\t\t\t\t\t\tConstitution du groupe. Importance du cadre. Enjeux de la communication interpersonnelle. Premiers pas du manager-coach.\t\t\t\t\t\t\t\t<\/div>\n\t\t\t\t<\/div>\n\t\t\t\t\t<\/div>\n\t\t\t\t<\/div>\n\t\t<div data-particle_enable=\"false\" data-particle-mobile-disabled=\"false\" class=\"elementor-element elementor-element-d11c854 e-flex e-con-boxed e-con e-child\" data-id=\"d11c854\" data-element_type=\"container\" data-e-type=\"container\" data-settings=\"{&quot;background_background&quot;:&quot;classic&quot;}\">\n\t\t\t\t\t<div class=\"e-con-inner\">\n\t\t\t\t<div class=\"elementor-element elementor-element-f2091a7 elementor-widget elementor-widget-heading\" data-id=\"f2091a7\" data-element_type=\"widget\" data-e-type=\"widget\" data-widget_type=\"heading.default\">\n\t\t\t\t<div class=\"elementor-widget-container\">\n\t\t\t\t\t<h4 class=\"elementor-heading-title elementor-size-medium\">MODULE 2 : LA PERFORMANCE D'\u00c9QUIPE<\/h4>\t\t\t\t<\/div>\n\t\t\t\t<\/div>\n\t\t\t\t<div class=\"elementor-element elementor-element-8bf0e75 elementor-widget elementor-widget-text-editor\" data-id=\"8bf0e75\" data-element_type=\"widget\" data-e-type=\"widget\" data-widget_type=\"text-editor.default\">\n\t\t\t\t<div class=\"elementor-widget-container\">\n\t\t\t\t\t\t\t\t\tStades de d\u00e9veloppement des \u00e9quipes. D\u00e9veloppement de l&#8217;autonomie. Intelligence relationnelle et situationnelle.\t\t\t\t\t\t\t\t<\/div>\n\t\t\t\t<\/div>\n\t\t\t\t\t<\/div>\n\t\t\t\t<\/div>\n\t\t<div data-particle_enable=\"false\" data-particle-mobile-disabled=\"false\" class=\"elementor-element elementor-element-0c49a94 e-flex e-con-boxed e-con e-child\" data-id=\"0c49a94\" data-element_type=\"container\" data-e-type=\"container\" data-settings=\"{&quot;background_background&quot;:&quot;classic&quot;}\">\n\t\t\t\t\t<div class=\"e-con-inner\">\n\t\t\t\t<div class=\"elementor-element elementor-element-b4b7d80 elementor-widget elementor-widget-heading\" data-id=\"b4b7d80\" data-element_type=\"widget\" data-e-type=\"widget\" data-widget_type=\"heading.default\">\n\t\t\t\t<div class=\"elementor-widget-container\">\n\t\t\t\t\t<h4 class=\"elementor-heading-title elementor-size-medium\">MODULE 3 : SENS ET VISION<\/h4>\t\t\t\t<\/div>\n\t\t\t\t<\/div>\n\t\t\t\t<div class=\"elementor-element elementor-element-3fcd810 elementor-widget elementor-widget-text-editor\" data-id=\"3fcd810\" data-element_type=\"widget\" data-e-type=\"widget\" data-widget_type=\"text-editor.default\">\n\t\t\t\t<div class=\"elementor-widget-container\">\n\t\t\t\t\t\t\t\t\t<p>Donner du sens \u00e0 son action. Construire une vision partag\u00e9e et la d\u00e9ployer. Le leadership par l&#8217;intention.<\/p>\t\t\t\t\t\t\t\t<\/div>\n\t\t\t\t<\/div>\n\t\t\t\t\t<\/div>\n\t\t\t\t<\/div>\n\t\t<div data-particle_enable=\"false\" data-particle-mobile-disabled=\"false\" class=\"elementor-element elementor-element-31ac6df e-flex e-con-boxed e-con e-child\" data-id=\"31ac6df\" data-element_type=\"container\" data-e-type=\"container\" data-settings=\"{&quot;background_background&quot;:&quot;classic&quot;}\">\n\t\t\t\t\t<div class=\"e-con-inner\">\n\t\t\t\t<div class=\"elementor-element elementor-element-c754f16 elementor-widget elementor-widget-heading\" data-id=\"c754f16\" data-element_type=\"widget\" data-e-type=\"widget\" data-widget_type=\"heading.default\">\n\t\t\t\t<div class=\"elementor-widget-container\">\n\t\t\t\t\t<h4 class=\"elementor-heading-title elementor-size-medium\">MODULE 4 : INTELLIGENCE COLLECTIVE<\/h4>\t\t\t\t<\/div>\n\t\t\t\t<\/div>\n\t\t\t\t<div class=\"elementor-element elementor-element-14f687c elementor-widget elementor-widget-text-editor\" data-id=\"14f687c\" data-element_type=\"widget\" data-e-type=\"widget\" data-widget_type=\"text-editor.default\">\n\t\t\t\t<div class=\"elementor-widget-container\">\n\t\t\t\t\t\t\t\t\t<p>Paradoxes du manager. Conditions de l\u2019organisation apprenante. Rapport aux erreurs et s\u00e9curit\u00e9 psychologique. Diversit\u00e9 et interculturalit\u00e9.<\/p>\t\t\t\t\t\t\t\t<\/div>\n\t\t\t\t<\/div>\n\t\t\t\t\t<\/div>\n\t\t\t\t<\/div>\n\t\t<div data-particle_enable=\"false\" data-particle-mobile-disabled=\"false\" class=\"elementor-element elementor-element-694bb1d e-flex e-con-boxed e-con e-child\" data-id=\"694bb1d\" data-element_type=\"container\" data-e-type=\"container\" data-settings=\"{&quot;background_background&quot;:&quot;classic&quot;}\">\n\t\t\t\t\t<div class=\"e-con-inner\">\n\t\t\t\t<div class=\"elementor-element elementor-element-1b3e3d9 elementor-widget elementor-widget-heading\" data-id=\"1b3e3d9\" data-element_type=\"widget\" data-e-type=\"widget\" data-widget_type=\"heading.default\">\n\t\t\t\t<div class=\"elementor-widget-container\">\n\t\t\t\t\t<h4 class=\"elementor-heading-title elementor-size-medium\">MODULE 5 : CHEMIN PARCOURU<\/h4>\t\t\t\t<\/div>\n\t\t\t\t<\/div>\n\t\t\t\t<div class=\"elementor-element elementor-element-5ef8785 elementor-widget elementor-widget-text-editor\" data-id=\"5ef8785\" data-element_type=\"widget\" data-e-type=\"widget\" data-widget_type=\"text-editor.default\">\n\t\t\t\t<div class=\"elementor-widget-container\">\n\t\t\t\t\t\t\t\t\tIdentit\u00e9 de manager et identit\u00e9s int\u00e9gr\u00e9es. Plan d&#8217;actions personnel. D\u00e9veloppement d&#8217;un sujet pratique personnel.\t\t\t\t\t\t\t\t<\/div>\n\t\t\t\t<\/div>\n\t\t\t\t\t<\/div>\n\t\t\t\t<\/div>\n\t\t<div data-particle_enable=\"false\" data-particle-mobile-disabled=\"false\" class=\"elementor-element elementor-element-4b1b531 e-con-full e-flex e-con e-child\" data-id=\"4b1b531\" data-element_type=\"container\" data-e-type=\"container\">\n\t\t\t\t<div class=\"elementor-element elementor-element-41567a9 elementor-view-default elementor-widget elementor-widget-icon\" data-id=\"41567a9\" data-element_type=\"widget\" data-e-type=\"widget\" data-widget_type=\"icon.default\">\n\t\t\t\t<div class=\"elementor-widget-container\">\n\t\t\t\t\t\t\t<div class=\"elementor-icon-wrapper\">\n\t\t\t<div class=\"elementor-icon\">\n\t\t\t<i aria-hidden=\"true\" class=\"fas fa-file-download\"><\/i>\t\t\t<\/div>\n\t\t<\/div>\n\t\t\t\t\t\t<\/div>\n\t\t\t\t<\/div>\n\t\t\t\t<div class=\"elementor-element elementor-element-efbc53c elementor-widget elementor-widget-heading\" data-id=\"efbc53c\" data-element_type=\"widget\" data-e-type=\"widget\" data-widget_type=\"heading.default\">\n\t\t\t\t<div class=\"elementor-widget-container\">\n\t\t\t\t\t<h2 class=\"elementor-heading-title elementor-size-medium\"><a href=\"https:\/\/all-leaders.fr\/wp-content\/uploads\/2023\/04\/Brochure-All-Leaders-Managez.pdf\">T\u00e9l\u00e9charger la brochure<\/a><\/h2>\t\t\t\t<\/div>\n\t\t\t\t<\/div>\n\t\t\t\t<\/div>\n\t\t\t\t<\/div>\n\t\t\t\t<div class=\"elementor-element elementor-element-fbc5499 elementor-widget elementor-widget-text-editor\" data-id=\"fbc5499\" data-element_type=\"widget\" data-e-type=\"widget\" data-widget_type=\"text-editor.default\">\n\t\t\t\t<div class=\"elementor-widget-container\">\n\t\t\t\t\t\t\t\t\t<p>Nos parcours de leadership combinent de mani\u00e8re int\u00e9grative <strong>diff\u00e9rentes ressources et inspirations<\/strong> essentielles dont les principes du coaching int\u00e9gratif de Vincent Lenhardt, les principaux enseignements de l\u2019Analyse Transactionnelle et de l\u2019El\u00e9ment Humain<sup>\u00ae<\/sup>.<br \/><br \/>Et pour \u00eatre <strong>r\u00e9ellement \u00ab\u00a0sur mesure\u00a0\u00bb<\/strong>, ils s\u2019appuient sur l\u2019exp\u00e9rience et la qualit\u00e9 des intervenants facilitateurs (coachs professionnels avec une solide exp\u00e9rience du management et de la transmission), \u00e0 m\u00eame de <strong>cr\u00e9er les conditions de confiance et de d\u00e9veloppement<\/strong> des participants et d\u2019ajuster le parcours au plus pr\u00e8s des besoins pouvant \u00e9merger.<br \/><br \/><\/p><p><strong>Ils combinent 4 vecteurs d&#8217;apprentissage :<\/strong><br \/><br \/><\/p><ol><li>Apports th\u00e9oriques cl\u00e9s permettant de conscientiser les enjeux pratiques des participants<\/li><li>Travail en \u00e9mergence \u00e0 partir des enjeux concrets v\u00e9cus par les participants<\/li><li>Exercices d&#8217;exploration et de mise en situation<\/li><li>Echanges en sous-groupes de pairs, entre les modules.<\/li><\/ol>\t\t\t\t\t\t\t\t<\/div>\n\t\t\t\t<\/div>\n\t\t<div data-particle_enable=\"false\" data-particle-mobile-disabled=\"false\" class=\"elementor-element elementor-element-af36395 e-con-full e-flex e-con e-child\" data-id=\"af36395\" data-element_type=\"container\" data-e-type=\"container\" data-settings=\"{&quot;background_background&quot;:&quot;classic&quot;}\">\n\t\t\t\t<div class=\"elementor-element elementor-element-df51ea8 elementor-widget elementor-widget-heading\" data-id=\"df51ea8\" data-element_type=\"widget\" data-e-type=\"widget\" data-widget_type=\"heading.default\">\n\t\t\t\t<div class=\"elementor-widget-container\">\n\t\t\t\t\t<h3 class=\"elementor-heading-title elementor-size-large\">Retours d\u2019exp\u00e9rience et t\u00e9moignages<\/h3>\t\t\t\t<\/div>\n\t\t\t\t<\/div>\n\t\t\t\t<div class=\"elementor-element elementor-element-ed465cb elementor-widget elementor-widget-heading\" data-id=\"ed465cb\" data-element_type=\"widget\" data-e-type=\"widget\" data-widget_type=\"heading.default\">\n\t\t\t\t<div class=\"elementor-widget-container\">\n\t\t\t\t\t<h3 class=\"elementor-heading-title elementor-size-small\">(exemple d\u2019un grand acteur industriel fran\u00e7ais)<\/h3>\t\t\t\t<\/div>\n\t\t\t\t<\/div>\n\t\t<div data-particle_enable=\"false\" data-particle-mobile-disabled=\"false\" class=\"elementor-element elementor-element-5529733 e-con-full e-flex e-con e-child\" data-id=\"5529733\" data-element_type=\"container\" data-e-type=\"container\">\n\t\t<div data-particle_enable=\"false\" data-particle-mobile-disabled=\"false\" class=\"elementor-element elementor-element-7d221a4 e-con-full e-flex e-con e-child\" data-id=\"7d221a4\" data-element_type=\"container\" data-e-type=\"container\">\n\t\t\t\t<div class=\"elementor-element elementor-element-edd060a elementor-widget__width-inherit elementor-widget elementor-widget-heading\" data-id=\"edd060a\" data-element_type=\"widget\" data-e-type=\"widget\" data-widget_type=\"heading.default\">\n\t\t\t\t<div class=\"elementor-widget-container\">\n\t\t\t\t\t<h3 class=\"elementor-heading-title elementor-size-small\">100%<\/h3>\t\t\t\t<\/div>\n\t\t\t\t<\/div>\n\t\t\t\t<div class=\"elementor-element elementor-element-35a769e elementor-widget elementor-widget-text-editor\" data-id=\"35a769e\" data-element_type=\"widget\" data-e-type=\"widget\" data-widget_type=\"text-editor.default\">\n\t\t\t\t<div class=\"elementor-widget-container\">\n\t\t\t\t\t\t\t\t\t<p>de recommandation de d\u00e9ployer le parcours vers les autres managers<\/p>\t\t\t\t\t\t\t\t<\/div>\n\t\t\t\t<\/div>\n\t\t\t\t<\/div>\n\t\t<div data-particle_enable=\"false\" data-particle-mobile-disabled=\"false\" class=\"elementor-element elementor-element-6419b13 e-con-full e-flex e-con e-child\" data-id=\"6419b13\" data-element_type=\"container\" data-e-type=\"container\">\n\t\t\t\t<div class=\"elementor-element elementor-element-6f734d5 elementor-widget__width-inherit elementor-widget elementor-widget-heading\" data-id=\"6f734d5\" data-element_type=\"widget\" data-e-type=\"widget\" data-widget_type=\"heading.default\">\n\t\t\t\t<div class=\"elementor-widget-container\">\n\t\t\t\t\t<h3 class=\"elementor-heading-title elementor-size-small\">93%<\/h3>\t\t\t\t<\/div>\n\t\t\t\t<\/div>\n\t\t\t\t<div class=\"elementor-element elementor-element-9c95232 elementor-widget elementor-widget-text-editor\" data-id=\"9c95232\" data-element_type=\"widget\" data-e-type=\"widget\" data-widget_type=\"text-editor.default\">\n\t\t\t\t<div class=\"elementor-widget-container\">\n\t\t\t\t\t\t\t\t\t<p>des participants consid\u00e8rent que le parcours leur permet d\u2019\u00e9voluer significativement en termes d\u2019attitudes et de comportements dans leur r\u00f4le de managers<\/p>\t\t\t\t\t\t\t\t<\/div>\n\t\t\t\t<\/div>\n\t\t\t\t<\/div>\n\t\t<div data-particle_enable=\"false\" data-particle-mobile-disabled=\"false\" class=\"elementor-element elementor-element-0c3cb6b e-con-full e-flex e-con e-child\" data-id=\"0c3cb6b\" data-element_type=\"container\" data-e-type=\"container\">\n\t\t\t\t<div class=\"elementor-element elementor-element-11431da elementor-widget__width-inherit elementor-widget elementor-widget-heading\" data-id=\"11431da\" data-element_type=\"widget\" data-e-type=\"widget\" data-widget_type=\"heading.default\">\n\t\t\t\t<div class=\"elementor-widget-container\">\n\t\t\t\t\t<h3 class=\"elementor-heading-title elementor-size-small\">94%<\/h3>\t\t\t\t<\/div>\n\t\t\t\t<\/div>\n\t\t\t\t<div class=\"elementor-element elementor-element-671018f elementor-widget elementor-widget-text-editor\" data-id=\"671018f\" data-element_type=\"widget\" data-e-type=\"widget\" data-widget_type=\"text-editor.default\">\n\t\t\t\t<div class=\"elementor-widget-container\">\n\t\t\t\t\t\t\t\t\t<p>n\u2019avaient jamais exp\u00e9riment\u00e9 un parcours similaire dans leur vie professionnelle<\/p>\t\t\t\t\t\t\t\t<\/div>\n\t\t\t\t<\/div>\n\t\t\t\t<\/div>\n\t\t\t\t<\/div>\n\t\t\t\t<div class=\"elementor-element elementor-element-6473a3a elementor-widget elementor-widget-heading\" data-id=\"6473a3a\" data-element_type=\"widget\" data-e-type=\"widget\" data-widget_type=\"heading.default\">\n\t\t\t\t<div class=\"elementor-widget-container\">\n\t\t\t\t\t<h3 class=\"elementor-heading-title elementor-size-small\">Les participants sont ceux qui en parlent le mieux !<\/h3>\t\t\t\t<\/div>\n\t\t\t\t<\/div>\n\t\t\t\t<div class=\"elementor-element elementor-element-8efeb97 elementor-widget elementor-widget-text-editor\" data-id=\"8efeb97\" data-element_type=\"widget\" data-e-type=\"widget\" data-widget_type=\"text-editor.default\">\n\t\t\t\t<div class=\"elementor-widget-container\">\n\t\t\t\t\t\t\t\t\t<p><b>Quelques verbatims de managers participants :<\/b><\/p><p><em>\u00ab Ce parcours m&#8217;a permis de conscientiser certaines de mes pratiques manag\u00e9riales et par cons\u00e9quent de les am\u00e9liorer. \u00bb<\/em><\/p><p><em>\u00ab Cela permet de prendre conscience de certaines situations. De prendre du recul. Et d\u2019avoir une plus grande s\u00e9curit\u00e9 dans mon r\u00f4le \u00bb<\/em><\/p><p><em>\u00ab Ce parcours m\u2019a offert une belle remise en question. Il permet d\u2019objectiver des pratiques, des postures et des r\u00e9flexions n\u00e9cessaires \u00e0 un management plus construit. \u00bb<\/em><\/p><p><em>\u00ab Cela me permet de disposer de pairs permettant d\u2019\u00e9changer autours de difficult\u00e9s communes et de bonnes pratiques. \u00bb<\/em><\/p><p><em>\u00ab Meilleur \u00e9quilibre perso\/pro, ce qui me permet d&#8217;\u00eatre calme ce qui rassure l&#8217;\u00e9quipe. \u00bb<\/em><\/p><p><em>\u00ab Des bulles temporelles qui permettent de prendre du recul sur les probl\u00e8mes du quotidien, de les relativiser et de trouver de nouvelles pistes. \u00bb<\/em><\/p><p><em>\u00ab Aussi un espace d&#8217;\u00e9changes avec d&#8217;autres managers, de profils, d&#8217;exp\u00e9riences, de parcours diff\u00e9rents : permet du partage d&#8217;exp\u00e9rience, des apports mutuels, de la prise de recul. \u00bb<\/em><\/p>\t\t\t\t\t\t\t\t<\/div>\n\t\t\t\t<\/div>\n\t\t\t\t<\/div>\n\t\t\t\t<div class=\"elementor-element elementor-element-975c3ce elementor-widget elementor-widget-html\" data-id=\"975c3ce\" data-element_type=\"widget\" data-e-type=\"widget\" data-widget_type=\"html.default\">\n\t\t\t\t<div class=\"elementor-widget-container\">\n\t\t\t\t\t<script type=\"application\/ld+json\">\n{\n  \"@context\": \"https:\/\/schema.org\",\n  \"@type\": \"Course\",\n  \"name\": \"Parcours de Leadership Sur Mesure : Devenez Manager-Coach\",\n  \"description\": \"Un parcours de d\u00e9veloppement de 5 modules sur 2 jours chacun, con\u00e7u pour des managers volontaires. Il vise \u00e0 d\u00e9velopper le savoir-\u00eatre et le leadership pour ma\u00eetriser la posture de manager-coach et incarner les valeurs de l'entreprise. Fond\u00e9 sur le coaching int\u00e9gratif et le Leadership Bas\u00e9 sur l'Intention (LBI).\",\n  \"url\": \"https:\/\/all-leaders.fr\/services\/coaching-en-leadership\/parcours-de-leadership\/\",\n  \"keywords\": [\"Parcours de Leadership\", \"Manager-Coach\", \"Coaching Int\u00e9gratif\", \"Leadership Bas\u00e9 sur l'Intention\", \"D\u00e9veloppement Manag\u00e9rial\"],\n  \"inLanguage\": \"fr-FR\",\n  \"provider\": {\n    \"@type\": \"Organization\",\n    \"name\": \"All Leaders Initiative\",\n    \"url\": \"https:\/\/all-leaders.fr\/\"\n  },\n  \"occupationalCredentialAwarded\": {\n    \"@type\": \"EducationalOccupationalCredential\",\n    \"name\": \"Attestation de participation au Parcours de Leadership Int\u00e9gratif\"\n  },\n  \"courseWorkload\": {\n    \"@type\": \"Duration\",\n    \"description\": \"Programme d\u00e9ploy\u00e9 en 5 modules de 2 jours (soit 10 jours de formation\/coaching sur une p\u00e9riode \u00e9tendue).\"\n  },\n  \"audience\": {\n    \"@type\": \"EducationalAudience\",\n    \"audienceType\": \"Managers, Leaders, Cadres sup\u00e9rieurs\"\n  },\n  \"hasCourseInstance\": {\n    \"@type\": \"CourseInstance\",\n    \"courseMode\": \"In-person \/ En pr\u00e9sentiel (Groupes 'Promotions' de 12 \u00e0 15 managers)\",\n    \"courseWorkload\": \"10 jours\",\n    \"offers\": {\n      \"@type\": \"Offer\",\n      \"category\": \"Educational\",\n      \"description\": \"Parcours sur mesure pour l'organisation. Contacter pour un devis personnalis\u00e9.\",\n      \"availability\": \"https:\/\/schema.org\/InStock\",\n      \"url\": \"https:\/\/all-leaders.fr\/contact\/\"\n    }\n  },\n  \"syllabusSections\": [\n    {\n      \"@type\": \"Course\",\n      \"name\": \"MODULE 1 : CONSTRUIRE LA CONFIANCE\",\n      \"description\": \"Constitution du groupe, importance du cadre, enjeux de la communication interpersonnelle et premiers pas du manager-coach.\"\n    },\n    {\n      \"@type\": \"Course\",\n      \"name\": \"MODULE 2 : LA PERFORMANCE D'\u00c9QUIPE\",\n      \"description\": \"Stades de d\u00e9veloppement des \u00e9quipes, d\u00e9veloppement de l'autonomie, intelligence relationnelle et situationnelle.\"\n    },\n    {\n      \"@type\": \"Course\",\n      \"name\": \"MODULE 3 : SENS ET VISION\",\n      \"description\": \"Donner du sens \u00e0 son action, construire une vision partag\u00e9e et la d\u00e9ployer, ma\u00eetrise du leadership par l'intention.\"\n    },\n    {\n      \"@type\": \"Course\",\n      \"name\": \"MODULE 4 : INTELLIGENCE COLLECTIVE\",\n      \"description\": \"Paradoxes du manager, conditions de l'organisation apprenante, rapport aux erreurs et s\u00e9curit\u00e9 psychologique, diversit\u00e9 et interculturalit\u00e9.\"\n    },\n    {\n      \"@type\": \"Course\",\n      \"name\": \"MODULE 5 : CHEMIN PARCOURU\",\n      \"description\": \"Identification de l'identit\u00e9 de manager, plan d'actions personnel et d\u00e9veloppement d'un sujet pratique personnel pour ancrer la transformation.\"\n    }\n  ]\n}\n<\/script>\t\t\t\t<\/div>\n\t\t\t\t<\/div>\n\t\t\t\t<\/div>\n\t\t\t\t<\/div>\n\t\t","protected":false},"excerpt":{"rendered":"<p>Lib\u00e9rez le leader qui est en vous. Notre parcours de d\u00e9veloppement, bien plus qu&#8217;une simple formation, vous aide \u00e0 prendre du recul, \u00e0 ma\u00eetriser la posture de manager-coach et \u00e0 incarner les valeurs de votre entreprise. D\u00e9veloppez votre savoir-\u00eatre et votre leadership pour une transformation durable.<\/p>\n","protected":false},"author":3,"featured_media":2269,"template":"","meta":[],"etat":[100],"thematiques":[127],"publics-cible":[47,48],"types-formations":[40],"class_list":["post-1114","accompagnements","type-accompagnements","status-publish","has-post-thumbnail","hentry","etat-monte","thematiques-coaching-en-leadership","publics-cible-assistants","publics-cible-managers","types-formations-action"],"yoast_head":"<!-- This site is optimized with the Yoast SEO plugin v27.1.1 - https:\/\/yoast.com\/product\/yoast-seo-wordpress\/ -->\n<title>Parcours de Leadership int\u00e9gratif : Manager-Coach, Confiance, LBI<\/title>\n<meta name=\"description\" content=\"D\u00e9vouvrez le parcours de Leadership pour manager-coach le plus complet : confiance, s\u00e9curit\u00e9 psychologique, Leadership par l&#039;Intention (LBI).\" \/>\n<meta name=\"robots\" content=\"index, follow, max-snippet:-1, max-image-preview:large, max-video-preview:-1\" \/>\n<link rel=\"canonical\" href=\"https:\/\/all-leaders.fr\/en\/accompagnements\/coaching-en-leadership\/parcours-de-leadership-manager-coach\/\" \/>\n<meta property=\"og:locale\" content=\"en_US\" \/>\n<meta property=\"og:type\" content=\"article\" \/>\n<meta property=\"og:title\" content=\"Parcours de leadership\" \/>\n<meta property=\"og:description\" content=\"Un parcours de Leadership est une v\u00e9ritable exp\u00e9rience de d\u00e9veloppement pour des managers choisis et volontaires pour d\u00e9velopper leur savoir-\u00eatre autant que leur savoir-faire, et incarner les valeurs et principes de management de leur organisation.\" \/>\n<meta property=\"og:url\" content=\"https:\/\/all-leaders.fr\/en\/accompagnements\/coaching-en-leadership\/parcours-de-leadership-manager-coach\/\" \/>\n<meta property=\"og:site_name\" content=\"All Leaders Initiative\" \/>\n<meta property=\"article:modified_time\" content=\"2025-10-26T10:10:58+00:00\" \/>\n<meta property=\"og:image\" content=\"https:\/\/all-leaders.fr\/wp-content\/uploads\/2023\/04\/parcoursleadership.jpg\" \/>\n\t<meta property=\"og:image:width\" content=\"1024\" \/>\n\t<meta property=\"og:image:height\" content=\"683\" \/>\n\t<meta property=\"og:image:type\" content=\"image\/jpeg\" \/>\n<meta name=\"twitter:card\" content=\"summary_large_image\" \/>\n<meta name=\"twitter:title\" content=\"Parcours de leadership\" \/>\n<meta name=\"twitter:description\" content=\"Un parcours de Leadership est une v\u00e9ritable exp\u00e9rience de d\u00e9veloppement pour des managers choisis et volontaires pour d\u00e9velopper leur savoir-\u00eatre autant que leur savoir-faire, et incarner les valeurs et principes de management de leur organisation.\" \/>\n<meta name=\"twitter:image\" content=\"https:\/\/all-leaders.fr\/wp-content\/uploads\/2023\/04\/parcoursleadership.jpg\" \/>\n<meta name=\"twitter:label1\" content=\"Est. reading time\" \/>\n\t<meta name=\"twitter:data1\" content=\"3 minutes\" \/>\n<script type=\"application\/ld+json\" class=\"yoast-schema-graph\">{\"@context\":\"https:\/\/schema.org\",\"@graph\":[{\"@type\":\"WebPage\",\"@id\":\"https:\/\/all-leaders.fr\/en\/accompagnements\/coaching-en-leadership\/parcours-de-leadership-manager-coach\/\",\"url\":\"https:\/\/all-leaders.fr\/en\/accompagnements\/coaching-en-leadership\/parcours-de-leadership-manager-coach\/\",\"name\":\"Parcours de Leadership int\u00e9gratif : Manager-Coach, Confiance, LBI\",\"isPartOf\":{\"@id\":\"https:\/\/all-leaders.fr\/en\/#website\"},\"primaryImageOfPage\":{\"@id\":\"https:\/\/all-leaders.fr\/en\/accompagnements\/coaching-en-leadership\/parcours-de-leadership-manager-coach\/#primaryimage\"},\"image\":{\"@id\":\"https:\/\/all-leaders.fr\/en\/accompagnements\/coaching-en-leadership\/parcours-de-leadership-manager-coach\/#primaryimage\"},\"thumbnailUrl\":\"https:\/\/all-leaders.fr\/wp-content\/uploads\/2023\/04\/parcoursleadership.jpg\",\"datePublished\":\"2023-04-04T07:06:16+00:00\",\"dateModified\":\"2025-10-26T10:10:58+00:00\",\"description\":\"D\u00e9vouvrez le parcours de Leadership pour manager-coach le plus complet : confiance, s\u00e9curit\u00e9 psychologique, Leadership par l'Intention (LBI).\",\"breadcrumb\":{\"@id\":\"https:\/\/all-leaders.fr\/en\/accompagnements\/coaching-en-leadership\/parcours-de-leadership-manager-coach\/#breadcrumb\"},\"inLanguage\":\"en-US\",\"potentialAction\":[{\"@type\":\"ReadAction\",\"target\":[\"https:\/\/all-leaders.fr\/en\/accompagnements\/coaching-en-leadership\/parcours-de-leadership-manager-coach\/\"]}]},{\"@type\":\"ImageObject\",\"inLanguage\":\"en-US\",\"@id\":\"https:\/\/all-leaders.fr\/en\/accompagnements\/coaching-en-leadership\/parcours-de-leadership-manager-coach\/#primaryimage\",\"url\":\"https:\/\/all-leaders.fr\/wp-content\/uploads\/2023\/04\/parcoursleadership.jpg\",\"contentUrl\":\"https:\/\/all-leaders.fr\/wp-content\/uploads\/2023\/04\/parcoursleadership.jpg\",\"width\":1024,\"height\":683,\"caption\":\"Parcours leadership\"},{\"@type\":\"BreadcrumbList\",\"@id\":\"https:\/\/all-leaders.fr\/en\/accompagnements\/coaching-en-leadership\/parcours-de-leadership-manager-coach\/#breadcrumb\",\"itemListElement\":[{\"@type\":\"ListItem\",\"position\":1,\"name\":\"Accueil\",\"item\":\"https:\/\/all-leaders.fr\/en\/\"},{\"@type\":\"ListItem\",\"position\":2,\"name\":\"Accompagnements\",\"item\":\"https:\/\/all-leaders.fr\/en\/accompagnements\/%thematiques%\/\"},{\"@type\":\"ListItem\",\"position\":3,\"name\":\"Coaching en leadership\"}]},{\"@type\":\"WebSite\",\"@id\":\"https:\/\/all-leaders.fr\/en\/#website\",\"url\":\"https:\/\/all-leaders.fr\/en\/\",\"name\":\"all-leaders.fr\",\"description\":\"All Leaders Initiative\",\"publisher\":{\"@id\":\"https:\/\/all-leaders.fr\/en\/#organization\"},\"potentialAction\":[{\"@type\":\"SearchAction\",\"target\":{\"@type\":\"EntryPoint\",\"urlTemplate\":\"https:\/\/all-leaders.fr\/en\/?s={search_term_string}\"},\"query-input\":{\"@type\":\"PropertyValueSpecification\",\"valueRequired\":true,\"valueName\":\"search_term_string\"}}],\"inLanguage\":\"en-US\"},{\"@type\":\"Organization\",\"@id\":\"https:\/\/all-leaders.fr\/en\/#organization\",\"name\":\"all-leaders.fr\",\"url\":\"https:\/\/all-leaders.fr\/en\/\",\"logo\":{\"@type\":\"ImageObject\",\"inLanguage\":\"en-US\",\"@id\":\"https:\/\/all-leaders.fr\/en\/#\/schema\/logo\/image\/\",\"url\":\"https:\/\/all-leaders.fr\/wp-content\/uploads\/2023\/03\/ALL_LEADERS_INITIATIVE_L_DARK_LOGO.svg\",\"contentUrl\":\"https:\/\/all-leaders.fr\/wp-content\/uploads\/2023\/03\/ALL_LEADERS_INITIATIVE_L_DARK_LOGO.svg\",\"width\":1360,\"height\":512,\"caption\":\"all-leaders.fr\"},\"image\":{\"@id\":\"https:\/\/all-leaders.fr\/en\/#\/schema\/logo\/image\/\"},\"sameAs\":[\"https:\/\/www.linkedin.com\/company\/all-leaders-initiative\/\"]}]}<\/script>\n<!-- \/ Yoast SEO plugin. -->","yoast_head_json":{"title":"Parcours de Leadership int\u00e9gratif : Manager-Coach, Confiance, LBI","description":"D\u00e9vouvrez le parcours de Leadership pour manager-coach le plus complet : confiance, s\u00e9curit\u00e9 psychologique, Leadership par l'Intention (LBI).","robots":{"index":"index","follow":"follow","max-snippet":"max-snippet:-1","max-image-preview":"max-image-preview:large","max-video-preview":"max-video-preview:-1"},"canonical":"https:\/\/all-leaders.fr\/en\/accompagnements\/coaching-en-leadership\/parcours-de-leadership-manager-coach\/","og_locale":"en_US","og_type":"article","og_title":"Parcours de leadership","og_description":"Un parcours de Leadership est une v\u00e9ritable exp\u00e9rience de d\u00e9veloppement pour des managers choisis et volontaires pour d\u00e9velopper leur savoir-\u00eatre autant que leur savoir-faire, et incarner les valeurs et principes de management de leur organisation.","og_url":"https:\/\/all-leaders.fr\/en\/accompagnements\/coaching-en-leadership\/parcours-de-leadership-manager-coach\/","og_site_name":"All Leaders Initiative","article_modified_time":"2025-10-26T10:10:58+00:00","og_image":[{"width":1024,"height":683,"url":"https:\/\/all-leaders.fr\/wp-content\/uploads\/2023\/04\/parcoursleadership.jpg","type":"image\/jpeg"}],"twitter_card":"summary_large_image","twitter_title":"Parcours de leadership","twitter_description":"Un parcours de Leadership est une v\u00e9ritable exp\u00e9rience de d\u00e9veloppement pour des managers choisis et volontaires pour d\u00e9velopper leur savoir-\u00eatre autant que leur savoir-faire, et incarner les valeurs et principes de management de leur organisation.","twitter_image":"https:\/\/all-leaders.fr\/wp-content\/uploads\/2023\/04\/parcoursleadership.jpg","twitter_misc":{"Est. reading time":"3 minutes"},"schema":{"@context":"https:\/\/schema.org","@graph":[{"@type":"WebPage","@id":"https:\/\/all-leaders.fr\/en\/accompagnements\/coaching-en-leadership\/parcours-de-leadership-manager-coach\/","url":"https:\/\/all-leaders.fr\/en\/accompagnements\/coaching-en-leadership\/parcours-de-leadership-manager-coach\/","name":"Parcours de Leadership int\u00e9gratif : Manager-Coach, Confiance, LBI","isPartOf":{"@id":"https:\/\/all-leaders.fr\/en\/#website"},"primaryImageOfPage":{"@id":"https:\/\/all-leaders.fr\/en\/accompagnements\/coaching-en-leadership\/parcours-de-leadership-manager-coach\/#primaryimage"},"image":{"@id":"https:\/\/all-leaders.fr\/en\/accompagnements\/coaching-en-leadership\/parcours-de-leadership-manager-coach\/#primaryimage"},"thumbnailUrl":"https:\/\/all-leaders.fr\/wp-content\/uploads\/2023\/04\/parcoursleadership.jpg","datePublished":"2023-04-04T07:06:16+00:00","dateModified":"2025-10-26T10:10:58+00:00","description":"D\u00e9vouvrez le parcours de Leadership pour manager-coach le plus complet : confiance, s\u00e9curit\u00e9 psychologique, Leadership par l'Intention (LBI).","breadcrumb":{"@id":"https:\/\/all-leaders.fr\/en\/accompagnements\/coaching-en-leadership\/parcours-de-leadership-manager-coach\/#breadcrumb"},"inLanguage":"en-US","potentialAction":[{"@type":"ReadAction","target":["https:\/\/all-leaders.fr\/en\/accompagnements\/coaching-en-leadership\/parcours-de-leadership-manager-coach\/"]}]},{"@type":"ImageObject","inLanguage":"en-US","@id":"https:\/\/all-leaders.fr\/en\/accompagnements\/coaching-en-leadership\/parcours-de-leadership-manager-coach\/#primaryimage","url":"https:\/\/all-leaders.fr\/wp-content\/uploads\/2023\/04\/parcoursleadership.jpg","contentUrl":"https:\/\/all-leaders.fr\/wp-content\/uploads\/2023\/04\/parcoursleadership.jpg","width":1024,"height":683,"caption":"Parcours leadership"},{"@type":"BreadcrumbList","@id":"https:\/\/all-leaders.fr\/en\/accompagnements\/coaching-en-leadership\/parcours-de-leadership-manager-coach\/#breadcrumb","itemListElement":[{"@type":"ListItem","position":1,"name":"Accueil","item":"https:\/\/all-leaders.fr\/en\/"},{"@type":"ListItem","position":2,"name":"Accompagnements","item":"https:\/\/all-leaders.fr\/en\/accompagnements\/%thematiques%\/"},{"@type":"ListItem","position":3,"name":"Coaching en leadership"}]},{"@type":"WebSite","@id":"https:\/\/all-leaders.fr\/en\/#website","url":"https:\/\/all-leaders.fr\/en\/","name":"all-leaders.fr","description":"All Leaders Initiative","publisher":{"@id":"https:\/\/all-leaders.fr\/en\/#organization"},"potentialAction":[{"@type":"SearchAction","target":{"@type":"EntryPoint","urlTemplate":"https:\/\/all-leaders.fr\/en\/?s={search_term_string}"},"query-input":{"@type":"PropertyValueSpecification","valueRequired":true,"valueName":"search_term_string"}}],"inLanguage":"en-US"},{"@type":"Organization","@id":"https:\/\/all-leaders.fr\/en\/#organization","name":"all-leaders.fr","url":"https:\/\/all-leaders.fr\/en\/","logo":{"@type":"ImageObject","inLanguage":"en-US","@id":"https:\/\/all-leaders.fr\/en\/#\/schema\/logo\/image\/","url":"https:\/\/all-leaders.fr\/wp-content\/uploads\/2023\/03\/ALL_LEADERS_INITIATIVE_L_DARK_LOGO.svg","contentUrl":"https:\/\/all-leaders.fr\/wp-content\/uploads\/2023\/03\/ALL_LEADERS_INITIATIVE_L_DARK_LOGO.svg","width":1360,"height":512,"caption":"all-leaders.fr"},"image":{"@id":"https:\/\/all-leaders.fr\/en\/#\/schema\/logo\/image\/"},"sameAs":["https:\/\/www.linkedin.com\/company\/all-leaders-initiative\/"]}]}},"_links":{"self":[{"href":"https:\/\/all-leaders.fr\/en\/wp-json\/wp\/v2\/accompagnements\/1114","targetHints":{"allow":["GET"]}}],"collection":[{"href":"https:\/\/all-leaders.fr\/en\/wp-json\/wp\/v2\/accompagnements"}],"about":[{"href":"https:\/\/all-leaders.fr\/en\/wp-json\/wp\/v2\/types\/accompagnements"}],"author":[{"embeddable":true,"href":"https:\/\/all-leaders.fr\/en\/wp-json\/wp\/v2\/users\/3"}],"version-history":[{"count":25,"href":"https:\/\/all-leaders.fr\/en\/wp-json\/wp\/v2\/accompagnements\/1114\/revisions"}],"predecessor-version":[{"id":14346,"href":"https:\/\/all-leaders.fr\/en\/wp-json\/wp\/v2\/accompagnements\/1114\/revisions\/14346"}],"wp:featuredmedia":[{"embeddable":true,"href":"https:\/\/all-leaders.fr\/en\/wp-json\/wp\/v2\/media\/2269"}],"wp:attachment":[{"href":"https:\/\/all-leaders.fr\/en\/wp-json\/wp\/v2\/media?parent=1114"}],"wp:term":[{"taxonomy":"etat","embeddable":true,"href":"https:\/\/all-leaders.fr\/en\/wp-json\/wp\/v2\/etat?post=1114"},{"taxonomy":"thematiques","embeddable":true,"href":"https:\/\/all-leaders.fr\/en\/wp-json\/wp\/v2\/thematiques?post=1114"},{"taxonomy":"publics-cible","embeddable":true,"href":"https:\/\/all-leaders.fr\/en\/wp-json\/wp\/v2\/publics-cible?post=1114"},{"taxonomy":"types-formations","embeddable":true,"href":"https:\/\/all-leaders.fr\/en\/wp-json\/wp\/v2\/types-formations?post=1114"}],"curies":[{"name":"wp","href":"https:\/\/api.w.org\/{rel}","templated":true}]}}