{"id":1115,"date":"2023-04-04T07:11:29","date_gmt":"2023-04-04T07:11:29","guid":{"rendered":"https:\/\/all-leaders.fr\/?post_type=formations&#038;p=1115"},"modified":"2025-11-07T21:27:59","modified_gmt":"2025-11-07T21:27:59","slug":"ateliers-collectifs-coaching-equipes","status":"publish","type":"accompagnements","link":"https:\/\/all-leaders.fr\/en\/accompagnements\/coaching-de-managers\/ateliers-collectifs-coaching-equipes\/","title":{"rendered":"Ateliers collectifs (coaching d\u2019\u00e9quipes)"},"content":{"rendered":"\t\t<div data-elementor-type=\"wp-post\" data-elementor-id=\"1115\" class=\"elementor elementor-1115\" data-elementor-post-type=\"accompagnements\">\n\t\t\t\t<div data-particle_enable=\"false\" data-particle-mobile-disabled=\"false\" class=\"elementor-element elementor-element-add1e64 e-con-full e-flex e-con e-parent\" data-id=\"add1e64\" data-element_type=\"container\" data-e-type=\"container\" data-settings=\"{&quot;background_background&quot;:&quot;classic&quot;}\">\n\t\t\t\t<div class=\"elementor-element elementor-element-5a8e3ae elementor-widget elementor-widget-text-editor\" data-id=\"5a8e3ae\" data-element_type=\"widget\" data-e-type=\"widget\" data-widget_type=\"text-editor.default\">\n\t\t\t\t<div class=\"elementor-widget-container\">\n\t\t\t\t\t\t\t\t\t<p>Au regard des circonstances actuelles, le coaching d&#8217;\u00e9quipes est plus que jamais n\u00e9cessaire. Vos \u00e9quipes doivent en effet pouvoir b\u00e9n\u00e9ficier d\u2019un \u00ab lieu s\u00fbr \u00bb \u00e0 la fois sans jugement et potentialisant pour prendre du recul, explorer des options, affiner sa capacit\u00e9 \u00e0 ajuster ses capacit\u00e9s relationnelles, maintenir sa r\u00e9silience\u2026<\/p><p><b>En somme, \u00eatre plus efficace, de mani\u00e8re saine et \u00ab durable \u00bb !<\/b><\/p>\t\t\t\t\t\t\t\t<\/div>\n\t\t\t\t<\/div>\n\t\t\t\t<div class=\"elementor-element elementor-element-5e4e7bd elementor-widget__width-inherit elementor-widget elementor-widget-heading\" data-id=\"5e4e7bd\" data-element_type=\"widget\" data-e-type=\"widget\" data-widget_type=\"heading.default\">\n\t\t\t\t<div class=\"elementor-widget-container\">\n\t\t\t\t\t<h2 class=\"elementor-heading-title elementor-size-large\">Comment les ateliers collectifs sont-ils organis\u00e9s ?<\/h2>\t\t\t\t<\/div>\n\t\t\t\t<\/div>\n\t\t\t\t<div class=\"elementor-element elementor-element-f2f7122 elementor-widget elementor-widget-text-editor\" data-id=\"f2f7122\" data-element_type=\"widget\" data-e-type=\"widget\" data-widget_type=\"text-editor.default\">\n\t\t\t\t<div class=\"elementor-widget-container\">\n\t\t\t\t\t\t\t\t\t<p>Que cela soit pour travailler sur un challenge identifi\u00e9 ou animer les temps forts d\u2019une \u00e9quipe, ces ateliers sont con\u00e7us sur mesure par un coach professionnel certifi\u00e9, apr\u00e8s avoir entendu les challenges du responsable et \u00e9ventuellement sond\u00e9 les \u00e9quipes par entretien.<\/p><p>C\u2019est le \u00ab\u00a0c\u0153ur de m\u00e9tier\u00a0\u00bb du coach et il est difficile de donner a priori une id\u00e9e du contenu.\u00a0<\/p><p>Dans le format cependant, il s\u2019agit de mettre sur pieds, avec le responsable ou le donneur d\u2019ordre, une strat\u00e9gie dont la journ\u00e9e ou les journ\u00e9es (ou les demi-journ\u00e9es) de travail viendront adresser les besoins profonds de l\u2019\u00e9quipe.<\/p>\t\t\t\t\t\t\t\t<\/div>\n\t\t\t\t<\/div>\n\t\t\t\t<div class=\"elementor-element elementor-element-587cfca elementor-widget__width-inherit elementor-widget elementor-widget-heading\" data-id=\"587cfca\" data-element_type=\"widget\" data-e-type=\"widget\" data-widget_type=\"heading.default\">\n\t\t\t\t<div class=\"elementor-widget-container\">\n\t\t\t\t\t<h2 class=\"elementor-heading-title elementor-size-large\">Qu'est-ce que cela implique ?<\/h2>\t\t\t\t<\/div>\n\t\t\t\t<\/div>\n\t\t\t\t<div class=\"elementor-element elementor-element-1599cfa elementor-widget elementor-widget-text-editor\" data-id=\"1599cfa\" data-element_type=\"widget\" data-e-type=\"widget\" data-widget_type=\"text-editor.default\">\n\t\t\t\t<div class=\"elementor-widget-container\">\n\t\t\t\t\t\t\t\t\t<p>Ceci implique :<\/p><ul><li>un <b>travail pr\u00e9liminaire de diagnostic<\/b> sur l\u2019\u00e9quipe et ses enjeux pass\u00e9s, actuels et futurs, qui est d\u00e9j\u00e0 un travail de coaching.<\/li><li>ce diagnostic \u00e9tant partag\u00e9 et bonifi\u00e9 avec le responsable, nous vous aiderons \u00e0 choisir la meilleure strat\u00e9gie pour atteindre <strong>vos objectifs collectifs<\/strong><\/li><li>dans ce cadre, nous \u00e9laborerons ensemble le programme de ces interventions au sein de l\u2019\u00e9quipe, qui m\u00ealeront typiquement trois composantes :<br \/><ul class=\"zero-bullet\"><li><b>[des op\u00e9rations] :<\/b> travaux de groupe sur les challenges de l\u2019organisation<\/li><li><b>[de la r\u00e9gulation] :<\/b> travail sur les relations interpersonnelles destin\u00e9es \u00e0 cr\u00e9er du lien ou \u00ab nettoyer \u00bb certaines interactions<\/li><li><b>[de la formation] :<\/b> apports cibl\u00e9s sur des concepts m\u00e9tier ou relatifs au leadership<\/li><\/ul><\/li><li>enfin, le coach animera ces interventions au profit de l\u2019\u00e9quipe qui sera en parit\u00e9 avec son responsable ; il sera garant du cadre, du respect de l\u2019intention du programme et du traitement des enjeux qui pourraient en \u00e9merger.<\/li><li>ces sessions seront suivies d\u2019un debriefing avec le donneur d\u2019ordres, 1 voire 3 mois apr\u00e8s l\u2019intervention, afin de capitaliser sur les apprentissages et de les mettre en perspective des objectifs initiaux.<\/li><\/ul>\t\t\t\t\t\t\t\t<\/div>\n\t\t\t\t<\/div>\n\t\t\t\t<div class=\"elementor-element elementor-element-fa38c61 elementor-widget elementor-widget-text-editor\" data-id=\"fa38c61\" data-element_type=\"widget\" data-e-type=\"widget\" data-widget_type=\"text-editor.default\">\n\t\t\t\t<div class=\"elementor-widget-container\">\n\t\t\t\t\t\t\t\t\t<p>Notre intention est ainsi de structurer et de personnaliser de contenu, en fonction de la population cible et de la culture de votre organisation dans 6 journ\u00e9es espac\u00e9es d\u2019un mois.<\/p><p>Les intervenants sont issus du monde de l\u2019entreprise et sont des coachs professionnels certifi\u00e9s ou des formateurs pour adultes. Des intervenants internes ou externes peuvent \u00e9galement \u00eatre sollicit\u00e9s, en fonction des th\u00e8mes abord\u00e9s et de vos envies<\/p><p>La p\u00e9dagogie comprend des pr\u00e9sentations interactives, des ateliers, des \u00e9tudes de cas, des jeux de r\u00f4le et des r\u00e9flexions de groupe.<\/p>\t\t\t\t\t\t\t\t<\/div>\n\t\t\t\t<\/div>\n\t\t\t\t<div class=\"elementor-element elementor-element-1d32182 elementor-widget__width-inherit elementor-widget elementor-widget-heading\" data-id=\"1d32182\" data-element_type=\"widget\" data-e-type=\"widget\" data-widget_type=\"heading.default\">\n\t\t\t\t<div class=\"elementor-widget-container\">\n\t\t\t\t\t<h2 class=\"elementor-heading-title elementor-size-large\">Quelques exemples propices au coaching d'\u00e9quipes <\/h2>\t\t\t\t<\/div>\n\t\t\t\t<\/div>\n\t\t\t\t<div class=\"elementor-element elementor-element-aa5b100 elementor-widget elementor-widget-text-editor\" data-id=\"aa5b100\" data-element_type=\"widget\" data-e-type=\"widget\" data-widget_type=\"text-editor.default\">\n\t\t\t\t<div class=\"elementor-widget-container\">\n\t\t\t\t\t\t\t\t\t<p>Sur le fond, cela peut concerner :<\/p><ul><li><span style=\"background-color: transparent; color: var( --e-global-color-text ); font-family: var( --e-global-typography-text-font-family ), Sans-serif; font-style: var( --e-global-typography-text-font-style ); font-weight: var( --e-global-typography-text-font-weight ); letter-spacing: var( --e-global-typography-text-letter-spacing ); text-transform: var( --e-global-typography-text-text-transform ); text-align: var(--text-align);\">Des travaux sur la mission de l\u2019\u00e9quipe, les valeurs, la mission<\/span><\/li><li><span style=\"background-color: transparent; color: var( --e-global-color-text ); font-family: var( --e-global-typography-text-font-family ), Sans-serif; font-style: var( --e-global-typography-text-font-style ); font-weight: var( --e-global-typography-text-font-weight ); letter-spacing: var( --e-global-typography-text-letter-spacing ); text-transform: var( --e-global-typography-text-text-transform ); text-align: var(--text-align);\">Une r\u00e9flexion sur les principes de management : style de leadership au sein de l\u2019\u00e9quipe, modalit\u00e9s de prise de d\u00e9cision, capacit\u00e9 collaborative<\/span><\/li><li><span style=\"background-color: transparent; color: var( --e-global-color-text ); font-family: var( --e-global-typography-text-font-family ), Sans-serif; font-style: var( --e-global-typography-text-font-style ); font-weight: var( --e-global-typography-text-font-weight ); letter-spacing: var( --e-global-typography-text-letter-spacing ); text-transform: var( --e-global-typography-text-text-transform ); text-align: var(--text-align);\">Un travail sur la s\u00e9curit\u00e9 psychologique au sein de l\u2019\u00e9quipe\u00a0: comment r\u00e9duire les non-dits, augmenter les feedbacks et pacifier son rapport \u00e0 l\u2019erreur<\/span><\/li><li><span style=\"background-color: transparent; color: var( --e-global-color-text ); font-family: var( --e-global-typography-text-font-family ), Sans-serif; font-style: var( --e-global-typography-text-font-style ); font-weight: var( --e-global-typography-text-font-weight ); letter-spacing: var( --e-global-typography-text-letter-spacing ); text-transform: var( --e-global-typography-text-text-transform ); text-align: var(--text-align);\">Un travail sur la coh\u00e9sion d\u2019\u00e9quipe, ses les rituels et la mise en place d\u2019une \u00ab\u00a0routine\u00a0\u00bb saine, notamment lors de la mise en place du travail hybride<\/span><\/li><li><span style=\"background-color: transparent; color: var( --e-global-color-text ); font-family: var( --e-global-typography-text-font-family ), Sans-serif; font-style: var( --e-global-typography-text-font-style ); font-weight: var( --e-global-typography-text-font-weight ); letter-spacing: var( --e-global-typography-text-letter-spacing ); text-transform: var( --e-global-typography-text-text-transform ); text-align: var(--text-align);\">Cr\u00e9er les conditions pour d\u00e9velopper la coh\u00e9sion d\u2019\u00e9quipe et l\u2019efficacit\u00e9 collective.<\/span><\/li><\/ul><p><\/p>\t\t\t\t\t\t\t\t<\/div>\n\t\t\t\t<\/div>\n\t\t<div data-particle_enable=\"false\" data-particle-mobile-disabled=\"false\" class=\"elementor-element elementor-element-8fe5e37 e-con-full e-flex e-con e-child\" data-id=\"8fe5e37\" data-element_type=\"container\" data-e-type=\"container\" data-settings=\"{&quot;background_background&quot;:&quot;classic&quot;}\">\n\t\t<div data-particle_enable=\"false\" data-particle-mobile-disabled=\"false\" class=\"elementor-element elementor-element-6df4f05 e-flex e-con-boxed e-con e-child\" data-id=\"6df4f05\" data-element_type=\"container\" data-e-type=\"container\" data-settings=\"{&quot;background_background&quot;:&quot;classic&quot;}\">\n\t\t\t\t\t<div class=\"e-con-inner\">\n\t\t<div data-particle_enable=\"false\" data-particle-mobile-disabled=\"false\" class=\"elementor-element elementor-element-2dc03f9 e-flex e-con-boxed e-con e-child\" data-id=\"2dc03f9\" data-element_type=\"container\" data-e-type=\"container\" data-settings=\"{&quot;background_background&quot;:&quot;classic&quot;}\">\n\t\t\t\t\t<div class=\"e-con-inner\">\n\t\t\t\t<div class=\"elementor-element elementor-element-8f1dba1 elementor-widget elementor-widget-heading\" data-id=\"8f1dba1\" data-element_type=\"widget\" data-e-type=\"widget\" data-widget_type=\"heading.default\">\n\t\t\t\t<div class=\"elementor-widget-container\">\n\t\t\t\t\t<h3 class=\"elementor-heading-title elementor-size-medium\">Coaching d'\u00e9quipe : de nombreux b\u00e9n\u00e9fices pour l'\u00e9quipe et l'entreprise.<\/h3>\t\t\t\t<\/div>\n\t\t\t\t<\/div>\n\t\t\t\t<div class=\"elementor-element elementor-element-0859579 elementor-widget__width-initial elementor-widget elementor-widget-heading\" data-id=\"0859579\" data-element_type=\"widget\" data-e-type=\"widget\" data-widget_type=\"heading.default\">\n\t\t\t\t<div class=\"elementor-widget-container\">\n\t\t\t\t\t<h4 class=\"elementor-heading-title elementor-size-medium\">En offrant un espace-temps d\u00e9di\u00e9 \u00e0 l'atteinte des objectifs partag\u00e9s, par les membres de l'\u00e9quipe et pour eux :<\/h4>\t\t\t\t<\/div>\n\t\t\t\t<\/div>\n\t\t\t\t<div class=\"elementor-element elementor-element-71ff383 elementor-widget elementor-widget-text-editor\" data-id=\"71ff383\" data-element_type=\"widget\" data-e-type=\"widget\" data-widget_type=\"text-editor.default\">\n\t\t\t\t<div class=\"elementor-widget-container\">\n\t\t\t\t\t\t\t\t\t<ul>\n<li>ils ont appris \u00e0 travailler ensemble, d&#8217;une mani\u00e8re diff\u00e9rente, et \u00e0 mieux se conna\u00eetre<\/li>\n<li>ils ont pu faire passer des messages, que vous connaissiez peut-\u00eatre auparavant, mais que vous d\u00e9couvrirez s\u00fbrement ce jour-l\u00e0, que vous avez pris le temps d&#8217;\u00e9couter<\/li>\n<li>ce moment partag\u00e9 aura fortement contribu\u00e9 \u00e0 fa\u00e7onner la culture commune.<\/li>\n<\/ul>\n<p>Ce sont les bases de <b>l&#8217;intelligence collective<\/b>.<\/p>\t\t\t\t\t\t\t\t<\/div>\n\t\t\t\t<\/div>\n\t\t\t\t\t<\/div>\n\t\t\t\t<\/div>\n\t\t\t\t<div class=\"elementor-element elementor-element-2dfe382 elementor-widget__width-initial elementor-widget-laptop__width-initial elementor-widget-tablet_extra__width-initial elementor-widget elementor-widget-heading\" data-id=\"2dfe382\" data-element_type=\"widget\" data-e-type=\"widget\" data-widget_type=\"heading.default\">\n\t\t\t\t<div class=\"elementor-widget-container\">\n\t\t\t\t\t<h2 class=\"elementor-heading-title elementor-size-small\">Tarif<\/h2>\t\t\t\t<\/div>\n\t\t\t\t<\/div>\n\t\t\t\t<div class=\"elementor-element elementor-element-f72795d elementor-widget__width-initial elementor-widget-laptop__width-initial elementor-widget-tablet_extra__width-initial elementor-widget elementor-widget-text-editor\" data-id=\"f72795d\" data-element_type=\"widget\" data-e-type=\"widget\" data-widget_type=\"text-editor.default\">\n\t\t\t\t<div class=\"elementor-widget-container\">\n\t\t\t\t\t\t\t\t\t<p>A discuter en fonction du nombre de jours de pr\u00e9paration et d&#8217;intervention, et de la taille de l&#8217;\u00e9quipe.\u00a0<\/p>\t\t\t\t\t\t\t\t<\/div>\n\t\t\t\t<\/div>\n\t\t\t\t\t<\/div>\n\t\t\t\t<\/div>\n\t\t\t\t<\/div>\n\t\t\t\t<\/div>\n\t\t\t\t<\/div>\n\t\t","protected":false},"excerpt":{"rendered":"<p>Renforcer la coh\u00e9sion et l&#8217;intelligence collective de l&#8217;\u00e9quipe en lui permettant de mieux collaborer, communiquer et de d\u00e9velopper une culture commune gr\u00e2ce \u00e0 un temps d\u00e9di\u00e9 \u00e0 leurs objectifs partag\u00e9s.<\/p>\n","protected":false},"author":2,"featured_media":2266,"template":"","meta":[],"etat":[100],"thematiques":[126],"publics-cible":[47],"types-formations":[40],"class_list":["post-1115","accompagnements","type-accompagnements","status-publish","has-post-thumbnail","hentry","etat-monte","thematiques-coaching-de-managers","publics-cible-assistants","types-formations-action"],"yoast_head":"<!-- This site is optimized with the Yoast SEO plugin v27.1.1 - https:\/\/yoast.com\/product\/yoast-seo-wordpress\/ -->\n<title>Coaching d&#039;\u00e9quipes : Optimisez coh\u00e9sion et performance<\/title>\n<meta name=\"description\" content=\"Le coaching d&#039;\u00e9quipes est plus que jamais n\u00e9cessaire. Offrez \u00e0 vos \u00e9quipes un \u00ab lieu s\u00fbr \u00bb, \u00e0 la fois potentialisant et sans jugement.\" \/>\n<meta name=\"robots\" content=\"index, follow, max-snippet:-1, max-image-preview:large, max-video-preview:-1\" \/>\n<link rel=\"canonical\" href=\"https:\/\/all-leaders.fr\/en\/accompagnements\/coaching-de-managers\/ateliers-collectifs-coaching-equipes\/\" \/>\n<meta property=\"og:locale\" content=\"en_US\" \/>\n<meta property=\"og:type\" content=\"article\" \/>\n<meta property=\"og:title\" content=\"Coaching d\u2019\u00e9quipes\" \/>\n<meta property=\"og:description\" content=\"Au regard des circonstances actuelles, le coaching d&#039;\u00e9quipes est plus que jamais n\u00e9cessaire. Vos \u00e9quipes doivent en effet pouvoir b\u00e9n\u00e9ficier d\u2019un \u00ab lieu s\u00fbr \u00bb \u00e0 la fois potentialisant et sans jugement.\" \/>\n<meta property=\"og:url\" content=\"https:\/\/all-leaders.fr\/en\/accompagnements\/coaching-de-managers\/ateliers-collectifs-coaching-equipes\/\" \/>\n<meta property=\"og:site_name\" content=\"All Leaders Initiative\" \/>\n<meta property=\"article:modified_time\" content=\"2025-11-07T21:27:59+00:00\" \/>\n<meta property=\"og:image\" content=\"https:\/\/all-leaders.fr\/wp-content\/uploads\/2023\/04\/atelier-collectif.jpg\" \/>\n\t<meta property=\"og:image:width\" content=\"1024\" \/>\n\t<meta property=\"og:image:height\" content=\"683\" \/>\n\t<meta property=\"og:image:type\" content=\"image\/jpeg\" \/>\n<meta name=\"twitter:card\" content=\"summary_large_image\" \/>\n<meta name=\"twitter:title\" content=\"Coaching d\u2019\u00e9quipes\" \/>\n<meta name=\"twitter:description\" content=\"Au regard des circonstances actuelles, le coaching d&#039;\u00e9quipes est plus que jamais n\u00e9cessaire. Vos \u00e9quipes doivent en effet pouvoir b\u00e9n\u00e9ficier d\u2019un \u00ab lieu s\u00fbr \u00bb \u00e0 la fois potentialisant et sans jugement.\" \/>\n<meta name=\"twitter:image\" content=\"https:\/\/all-leaders.fr\/wp-content\/uploads\/2023\/04\/atelier-collectif.jpg\" \/>\n<meta name=\"twitter:label1\" content=\"Est. reading time\" \/>\n\t<meta name=\"twitter:data1\" content=\"4 minutes\" \/>\n<script type=\"application\/ld+json\" class=\"yoast-schema-graph\">{\"@context\":\"https:\/\/schema.org\",\"@graph\":[{\"@type\":\"WebPage\",\"@id\":\"https:\/\/all-leaders.fr\/en\/accompagnements\/coaching-de-managers\/ateliers-collectifs-coaching-equipes\/\",\"url\":\"https:\/\/all-leaders.fr\/en\/accompagnements\/coaching-de-managers\/ateliers-collectifs-coaching-equipes\/\",\"name\":\"Coaching d'\u00e9quipes : Optimisez coh\u00e9sion et performance\",\"isPartOf\":{\"@id\":\"https:\/\/all-leaders.fr\/en\/#website\"},\"primaryImageOfPage\":{\"@id\":\"https:\/\/all-leaders.fr\/en\/accompagnements\/coaching-de-managers\/ateliers-collectifs-coaching-equipes\/#primaryimage\"},\"image\":{\"@id\":\"https:\/\/all-leaders.fr\/en\/accompagnements\/coaching-de-managers\/ateliers-collectifs-coaching-equipes\/#primaryimage\"},\"thumbnailUrl\":\"https:\/\/all-leaders.fr\/wp-content\/uploads\/2023\/04\/atelier-collectif.jpg\",\"datePublished\":\"2023-04-04T07:11:29+00:00\",\"dateModified\":\"2025-11-07T21:27:59+00:00\",\"description\":\"Le coaching d'\u00e9quipes est plus que jamais n\u00e9cessaire. Offrez \u00e0 vos \u00e9quipes un \u00ab lieu s\u00fbr \u00bb, \u00e0 la fois potentialisant et sans jugement.\",\"breadcrumb\":{\"@id\":\"https:\/\/all-leaders.fr\/en\/accompagnements\/coaching-de-managers\/ateliers-collectifs-coaching-equipes\/#breadcrumb\"},\"inLanguage\":\"en-US\",\"potentialAction\":[{\"@type\":\"ReadAction\",\"target\":[\"https:\/\/all-leaders.fr\/en\/accompagnements\/coaching-de-managers\/ateliers-collectifs-coaching-equipes\/\"]}]},{\"@type\":\"ImageObject\",\"inLanguage\":\"en-US\",\"@id\":\"https:\/\/all-leaders.fr\/en\/accompagnements\/coaching-de-managers\/ateliers-collectifs-coaching-equipes\/#primaryimage\",\"url\":\"https:\/\/all-leaders.fr\/wp-content\/uploads\/2023\/04\/atelier-collectif.jpg\",\"contentUrl\":\"https:\/\/all-leaders.fr\/wp-content\/uploads\/2023\/04\/atelier-collectif.jpg\",\"width\":1024,\"height\":683,\"caption\":\"Atelier collectif\"},{\"@type\":\"BreadcrumbList\",\"@id\":\"https:\/\/all-leaders.fr\/en\/accompagnements\/coaching-de-managers\/ateliers-collectifs-coaching-equipes\/#breadcrumb\",\"itemListElement\":[{\"@type\":\"ListItem\",\"position\":1,\"name\":\"Accueil\",\"item\":\"https:\/\/all-leaders.fr\/en\/\"},{\"@type\":\"ListItem\",\"position\":2,\"name\":\"Accompagnements\",\"item\":\"https:\/\/all-leaders.fr\/en\/accompagnements\/%thematiques%\/\"},{\"@type\":\"ListItem\",\"position\":3,\"name\":\"Coaching de managers\"}]},{\"@type\":\"WebSite\",\"@id\":\"https:\/\/all-leaders.fr\/en\/#website\",\"url\":\"https:\/\/all-leaders.fr\/en\/\",\"name\":\"all-leaders.fr\",\"description\":\"All Leaders Initiative\",\"publisher\":{\"@id\":\"https:\/\/all-leaders.fr\/en\/#organization\"},\"potentialAction\":[{\"@type\":\"SearchAction\",\"target\":{\"@type\":\"EntryPoint\",\"urlTemplate\":\"https:\/\/all-leaders.fr\/en\/?s={search_term_string}\"},\"query-input\":{\"@type\":\"PropertyValueSpecification\",\"valueRequired\":true,\"valueName\":\"search_term_string\"}}],\"inLanguage\":\"en-US\"},{\"@type\":\"Organization\",\"@id\":\"https:\/\/all-leaders.fr\/en\/#organization\",\"name\":\"all-leaders.fr\",\"url\":\"https:\/\/all-leaders.fr\/en\/\",\"logo\":{\"@type\":\"ImageObject\",\"inLanguage\":\"en-US\",\"@id\":\"https:\/\/all-leaders.fr\/en\/#\/schema\/logo\/image\/\",\"url\":\"https:\/\/all-leaders.fr\/wp-content\/uploads\/2023\/03\/ALL_LEADERS_INITIATIVE_L_DARK_LOGO.svg\",\"contentUrl\":\"https:\/\/all-leaders.fr\/wp-content\/uploads\/2023\/03\/ALL_LEADERS_INITIATIVE_L_DARK_LOGO.svg\",\"width\":1360,\"height\":512,\"caption\":\"all-leaders.fr\"},\"image\":{\"@id\":\"https:\/\/all-leaders.fr\/en\/#\/schema\/logo\/image\/\"},\"sameAs\":[\"https:\/\/www.linkedin.com\/company\/all-leaders-initiative\/\"]}]}<\/script>\n<!-- \/ Yoast SEO plugin. -->","yoast_head_json":{"title":"Coaching d'\u00e9quipes : Optimisez coh\u00e9sion et performance","description":"Le coaching d'\u00e9quipes est plus que jamais n\u00e9cessaire. Offrez \u00e0 vos \u00e9quipes un \u00ab lieu s\u00fbr \u00bb, \u00e0 la fois potentialisant et sans jugement.","robots":{"index":"index","follow":"follow","max-snippet":"max-snippet:-1","max-image-preview":"max-image-preview:large","max-video-preview":"max-video-preview:-1"},"canonical":"https:\/\/all-leaders.fr\/en\/accompagnements\/coaching-de-managers\/ateliers-collectifs-coaching-equipes\/","og_locale":"en_US","og_type":"article","og_title":"Coaching d\u2019\u00e9quipes","og_description":"Au regard des circonstances actuelles, le coaching d'\u00e9quipes est plus que jamais n\u00e9cessaire. Vos \u00e9quipes doivent en effet pouvoir b\u00e9n\u00e9ficier d\u2019un \u00ab lieu s\u00fbr \u00bb \u00e0 la fois potentialisant et sans jugement.","og_url":"https:\/\/all-leaders.fr\/en\/accompagnements\/coaching-de-managers\/ateliers-collectifs-coaching-equipes\/","og_site_name":"All Leaders Initiative","article_modified_time":"2025-11-07T21:27:59+00:00","og_image":[{"width":1024,"height":683,"url":"https:\/\/all-leaders.fr\/wp-content\/uploads\/2023\/04\/atelier-collectif.jpg","type":"image\/jpeg"}],"twitter_card":"summary_large_image","twitter_title":"Coaching d\u2019\u00e9quipes","twitter_description":"Au regard des circonstances actuelles, le coaching d'\u00e9quipes est plus que jamais n\u00e9cessaire. Vos \u00e9quipes doivent en effet pouvoir b\u00e9n\u00e9ficier d\u2019un \u00ab lieu s\u00fbr \u00bb \u00e0 la fois potentialisant et sans jugement.","twitter_image":"https:\/\/all-leaders.fr\/wp-content\/uploads\/2023\/04\/atelier-collectif.jpg","twitter_misc":{"Est. reading time":"4 minutes"},"schema":{"@context":"https:\/\/schema.org","@graph":[{"@type":"WebPage","@id":"https:\/\/all-leaders.fr\/en\/accompagnements\/coaching-de-managers\/ateliers-collectifs-coaching-equipes\/","url":"https:\/\/all-leaders.fr\/en\/accompagnements\/coaching-de-managers\/ateliers-collectifs-coaching-equipes\/","name":"Coaching d'\u00e9quipes : Optimisez coh\u00e9sion et performance","isPartOf":{"@id":"https:\/\/all-leaders.fr\/en\/#website"},"primaryImageOfPage":{"@id":"https:\/\/all-leaders.fr\/en\/accompagnements\/coaching-de-managers\/ateliers-collectifs-coaching-equipes\/#primaryimage"},"image":{"@id":"https:\/\/all-leaders.fr\/en\/accompagnements\/coaching-de-managers\/ateliers-collectifs-coaching-equipes\/#primaryimage"},"thumbnailUrl":"https:\/\/all-leaders.fr\/wp-content\/uploads\/2023\/04\/atelier-collectif.jpg","datePublished":"2023-04-04T07:11:29+00:00","dateModified":"2025-11-07T21:27:59+00:00","description":"Le coaching d'\u00e9quipes est plus que jamais n\u00e9cessaire. Offrez \u00e0 vos \u00e9quipes un \u00ab lieu s\u00fbr \u00bb, \u00e0 la fois potentialisant et sans jugement.","breadcrumb":{"@id":"https:\/\/all-leaders.fr\/en\/accompagnements\/coaching-de-managers\/ateliers-collectifs-coaching-equipes\/#breadcrumb"},"inLanguage":"en-US","potentialAction":[{"@type":"ReadAction","target":["https:\/\/all-leaders.fr\/en\/accompagnements\/coaching-de-managers\/ateliers-collectifs-coaching-equipes\/"]}]},{"@type":"ImageObject","inLanguage":"en-US","@id":"https:\/\/all-leaders.fr\/en\/accompagnements\/coaching-de-managers\/ateliers-collectifs-coaching-equipes\/#primaryimage","url":"https:\/\/all-leaders.fr\/wp-content\/uploads\/2023\/04\/atelier-collectif.jpg","contentUrl":"https:\/\/all-leaders.fr\/wp-content\/uploads\/2023\/04\/atelier-collectif.jpg","width":1024,"height":683,"caption":"Atelier collectif"},{"@type":"BreadcrumbList","@id":"https:\/\/all-leaders.fr\/en\/accompagnements\/coaching-de-managers\/ateliers-collectifs-coaching-equipes\/#breadcrumb","itemListElement":[{"@type":"ListItem","position":1,"name":"Accueil","item":"https:\/\/all-leaders.fr\/en\/"},{"@type":"ListItem","position":2,"name":"Accompagnements","item":"https:\/\/all-leaders.fr\/en\/accompagnements\/%thematiques%\/"},{"@type":"ListItem","position":3,"name":"Coaching de managers"}]},{"@type":"WebSite","@id":"https:\/\/all-leaders.fr\/en\/#website","url":"https:\/\/all-leaders.fr\/en\/","name":"all-leaders.fr","description":"All Leaders Initiative","publisher":{"@id":"https:\/\/all-leaders.fr\/en\/#organization"},"potentialAction":[{"@type":"SearchAction","target":{"@type":"EntryPoint","urlTemplate":"https:\/\/all-leaders.fr\/en\/?s={search_term_string}"},"query-input":{"@type":"PropertyValueSpecification","valueRequired":true,"valueName":"search_term_string"}}],"inLanguage":"en-US"},{"@type":"Organization","@id":"https:\/\/all-leaders.fr\/en\/#organization","name":"all-leaders.fr","url":"https:\/\/all-leaders.fr\/en\/","logo":{"@type":"ImageObject","inLanguage":"en-US","@id":"https:\/\/all-leaders.fr\/en\/#\/schema\/logo\/image\/","url":"https:\/\/all-leaders.fr\/wp-content\/uploads\/2023\/03\/ALL_LEADERS_INITIATIVE_L_DARK_LOGO.svg","contentUrl":"https:\/\/all-leaders.fr\/wp-content\/uploads\/2023\/03\/ALL_LEADERS_INITIATIVE_L_DARK_LOGO.svg","width":1360,"height":512,"caption":"all-leaders.fr"},"image":{"@id":"https:\/\/all-leaders.fr\/en\/#\/schema\/logo\/image\/"},"sameAs":["https:\/\/www.linkedin.com\/company\/all-leaders-initiative\/"]}]}},"_links":{"self":[{"href":"https:\/\/all-leaders.fr\/en\/wp-json\/wp\/v2\/accompagnements\/1115","targetHints":{"allow":["GET"]}}],"collection":[{"href":"https:\/\/all-leaders.fr\/en\/wp-json\/wp\/v2\/accompagnements"}],"about":[{"href":"https:\/\/all-leaders.fr\/en\/wp-json\/wp\/v2\/types\/accompagnements"}],"author":[{"embeddable":true,"href":"https:\/\/all-leaders.fr\/en\/wp-json\/wp\/v2\/users\/2"}],"version-history":[{"count":34,"href":"https:\/\/all-leaders.fr\/en\/wp-json\/wp\/v2\/accompagnements\/1115\/revisions"}],"predecessor-version":[{"id":15565,"href":"https:\/\/all-leaders.fr\/en\/wp-json\/wp\/v2\/accompagnements\/1115\/revisions\/15565"}],"wp:featuredmedia":[{"embeddable":true,"href":"https:\/\/all-leaders.fr\/en\/wp-json\/wp\/v2\/media\/2266"}],"wp:attachment":[{"href":"https:\/\/all-leaders.fr\/en\/wp-json\/wp\/v2\/media?parent=1115"}],"wp:term":[{"taxonomy":"etat","embeddable":true,"href":"https:\/\/all-leaders.fr\/en\/wp-json\/wp\/v2\/etat?post=1115"},{"taxonomy":"thematiques","embeddable":true,"href":"https:\/\/all-leaders.fr\/en\/wp-json\/wp\/v2\/thematiques?post=1115"},{"taxonomy":"publics-cible","embeddable":true,"href":"https:\/\/all-leaders.fr\/en\/wp-json\/wp\/v2\/publics-cible?post=1115"},{"taxonomy":"types-formations","embeddable":true,"href":"https:\/\/all-leaders.fr\/en\/wp-json\/wp\/v2\/types-formations?post=1115"}],"curies":[{"name":"wp","href":"https:\/\/api.w.org\/{rel}","templated":true}]}}