{"id":1117,"date":"2023-04-04T07:12:37","date_gmt":"2023-04-04T07:12:37","guid":{"rendered":"https:\/\/all-leaders.fr\/?post_type=formations&#038;p=1117"},"modified":"2025-11-07T21:24:51","modified_gmt":"2025-11-07T21:24:51","slug":"coaching-individuel-pour-managers","status":"publish","type":"accompagnements","link":"https:\/\/all-leaders.fr\/en\/accompagnements\/coaching-de-managers\/coaching-individuel-pour-managers\/","title":{"rendered":"S\u00e9ances de coaching individuel"},"content":{"rendered":"\t\t<div data-elementor-type=\"wp-post\" data-elementor-id=\"1117\" class=\"elementor elementor-1117\" data-elementor-post-type=\"accompagnements\">\n\t\t\t\t<div data-particle_enable=\"false\" data-particle-mobile-disabled=\"false\" class=\"elementor-element elementor-element-bab660f e-con-full e-flex e-con e-parent\" data-id=\"bab660f\" data-element_type=\"container\" data-e-type=\"container\" data-settings=\"{&quot;background_background&quot;:&quot;classic&quot;}\">\n\t\t\t\t<div class=\"elementor-element elementor-element-c9a95d1 elementor-widget elementor-widget-text-editor\" data-id=\"c9a95d1\" data-element_type=\"widget\" data-e-type=\"widget\" data-widget_type=\"text-editor.default\">\n\t\t\t\t<div class=\"elementor-widget-container\">\n\t\t\t\t\t\t\t\t\t<p>Le coaching individuel n&#8217;est pas une \u00e9ni\u00e8me coquetterie manag\u00e9riale. Aujourd\u2019hui plus que jamais, il est n\u00e9cessaire de pouvoir faire b\u00e9n\u00e9ficier un collaborateur, quel que soit son niveau hi\u00e9rarchique, d\u2019un \u00ab\u00a0lieu s\u00fbr\u00a0\u00bb, dans lequel il pourra d\u00e9velopper ses comp\u00e9tences, ses performances, sa confiance en soi et sa motivation.<\/p>\t\t\t\t\t\t\t\t<\/div>\n\t\t\t\t<\/div>\n\t\t\t\t<div class=\"elementor-element elementor-element-be68290 elementor-widget__width-inherit elementor-widget elementor-widget-heading\" data-id=\"be68290\" data-element_type=\"widget\" data-e-type=\"widget\" data-widget_type=\"heading.default\">\n\t\t\t\t<div class=\"elementor-widget-container\">\n\t\t\t\t\t<h2 class=\"elementor-heading-title elementor-size-medium\">Quels b\u00e9n\u00e9fices ? Pour qui ?<\/h2>\t\t\t\t<\/div>\n\t\t\t\t<\/div>\n\t\t\t\t<div class=\"elementor-element elementor-element-f4e7185 elementor-widget__width-inherit elementor-widget elementor-widget-heading\" data-id=\"f4e7185\" data-element_type=\"widget\" data-e-type=\"widget\" data-widget_type=\"heading.default\">\n\t\t\t\t<div class=\"elementor-widget-container\">\n\t\t\t\t\t<h3 class=\"elementor-heading-title elementor-size-medium\">Pour soi-m\u00eame<\/h3>\t\t\t\t<\/div>\n\t\t\t\t<\/div>\n\t\t\t\t<div class=\"elementor-element elementor-element-876df3c elementor-widget elementor-widget-text-editor\" data-id=\"876df3c\" data-element_type=\"widget\" data-e-type=\"widget\" data-widget_type=\"text-editor.default\">\n\t\t\t\t<div class=\"elementor-widget-container\">\n\t\t\t\t\t\t\t\t\t<p>Cette d\u00e9marche, d\u00e9j\u00e0 bien connue et appr\u00e9ci\u00e9e des cadres en entreprise, est ici propos\u00e9e \u00e0 chaque leader,\u00a0<strong>toutes cat\u00e9gories socio-professionnelles comprises<\/strong>.<\/p><p>Elle permet \u00e0 chacun d\u2019affirmer sa posture et la qualit\u00e9 de sa relation \u00e0 soi, \u00e0 son travail, \u00e0 son \u00e9quipe, sa mission et son organisation, accompagn\u00e9 par un coach professionnel certifi\u00e9.<\/p>\t\t\t\t\t\t\t\t<\/div>\n\t\t\t\t<\/div>\n\t\t\t\t<div class=\"elementor-element elementor-element-20a343e elementor-widget__width-inherit elementor-widget elementor-widget-heading\" data-id=\"20a343e\" data-element_type=\"widget\" data-e-type=\"widget\" data-widget_type=\"heading.default\">\n\t\t\t\t<div class=\"elementor-widget-container\">\n\t\t\t\t\t<h3 class=\"elementor-heading-title elementor-size-medium\">Et pour toute l'entreprise<\/h3>\t\t\t\t<\/div>\n\t\t\t\t<\/div>\n\t\t\t\t<div class=\"elementor-element elementor-element-c6806bc elementor-widget elementor-widget-text-editor\" data-id=\"c6806bc\" data-element_type=\"widget\" data-e-type=\"widget\" data-widget_type=\"text-editor.default\">\n\t\t\t\t<div class=\"elementor-widget-container\">\n\t\t\t\t\t\t\t\t\t<p><span style=\"color: var( --e-global-color-text ); font-family: var( --e-global-typography-text-font-family ), Sans-serif; font-size: var( --e-global-typography-text-font-size ); font-style: var( --e-global-typography-text-font-style ); font-weight: var( --e-global-typography-text-font-weight ); letter-spacing: var( --e-global-typography-text-letter-spacing ); text-transform: var( --e-global-typography-text-text-transform ); text-align: var(--text-align);\">Parce que chacun compte dans l\u2019accomplissement de la performance commune, il est important de reconna\u00eetre les comp\u00e9tences propres et l\u2019apport sp\u00e9cifique de chacun, en fonction de ses objectifs, dans la mission commune de l&#8217;entreprise : le coaching individuel est un outil tout \u00e0 fait appropri\u00e9 pour cela.<\/span><\/p><p>Par ailleurs, il contribue \u00e0 cr\u00e9er une culture d\u2019apprentissage et de d\u00e9veloppement au sein de l\u2019entreprise. Dans ce cadre \u00e9galement, il est vertueux de pouvoir le proposer \u00e0 l\u2019ensemble des collaborateurs volontaires.<\/p><p>Enfin, il peut faire partie des \u00e9l\u00e9ments offerts par l\u2019employeur qui peut contribuer \u00e0 am\u00e9liorer la satisfaction des collaborateurs et \u00e0 r\u00e9duire le taux de turnover : ceux qui re\u00e7oivent un soutien individuel pour d\u00e9velopper leur potentiel sont plus susceptibles de rester motiv\u00e9s et engag\u00e9s dans leur travail et am\u00e9liorent, de l\u2019int\u00e9rieur, l\u2019image de l\u2019entreprise.<\/p>\t\t\t\t\t\t\t\t<\/div>\n\t\t\t\t<\/div>\n\t\t<div data-particle_enable=\"false\" data-particle-mobile-disabled=\"false\" class=\"elementor-element elementor-element-66b65e3 e-con-full e-flex e-con e-child\" data-id=\"66b65e3\" data-element_type=\"container\" data-e-type=\"container\" data-settings=\"{&quot;background_background&quot;:&quot;classic&quot;}\">\n\t\t\t\t<\/div>\n\t\t\t\t<div class=\"elementor-element elementor-element-5549e02 elementor-widget__width-inherit elementor-widget elementor-widget-heading\" data-id=\"5549e02\" data-element_type=\"widget\" data-e-type=\"widget\" data-widget_type=\"heading.default\">\n\t\t\t\t<div class=\"elementor-widget-container\">\n\t\t\t\t\t<h2 class=\"elementor-heading-title elementor-size-medium\">Le coaching individuel en pratique<\/h2>\t\t\t\t<\/div>\n\t\t\t\t<\/div>\n\t\t\t\t<div class=\"elementor-element elementor-element-1fa5531 elementor-widget elementor-widget-text-editor\" data-id=\"1fa5531\" data-element_type=\"widget\" data-e-type=\"widget\" data-widget_type=\"text-editor.default\">\n\t\t\t\t<div class=\"elementor-widget-container\">\n\t\t\t\t\t\t\t\t\t<p>En 8 \u00e0 12 session de travail de 1h30 environ avec un coach professionnel certifi\u00e9, ceci m\u00e8ne \u00e0 s\u2019investir dans une d\u00e9marche responsabilisante et engageante autours d\u2019objectifs et d\u2019indicateurs partag\u00e9s avec son organisation.<\/p><p>Ces s\u00e9ances sont pr\u00e9c\u00e9d\u00e9es d\u2019un entretien exploratoire permettant au coach et au coach\u00e9 de se choisir mutuellement, et d\u2019un entretien tripartite, avec un repr\u00e9sentant de l\u2019organisation, qui permet d\u2019ajuster ensemble les objectifs du coaching.<\/p><p>Voici, un peu plus en d\u00e9tails, comment cela s\u2019articule, vu du coach\u00e9 :<\/p>\t\t\t\t\t\t\t\t<\/div>\n\t\t\t\t<\/div>\n\t\t\t\t<div class=\"elementor-element elementor-element-365641f elementor-widget__width-inherit elementor-widget elementor-widget-heading\" data-id=\"365641f\" data-element_type=\"widget\" data-e-type=\"widget\" data-widget_type=\"heading.default\">\n\t\t\t\t<div class=\"elementor-widget-container\">\n\t\t\t\t\t<h3 class=\"elementor-heading-title elementor-size-medium\">Entretien exploratoire<\/h3>\t\t\t\t<\/div>\n\t\t\t\t<\/div>\n\t\t\t\t<div class=\"elementor-element elementor-element-71d6b15 elementor-widget elementor-widget-text-editor\" data-id=\"71d6b15\" data-element_type=\"widget\" data-e-type=\"widget\" data-widget_type=\"text-editor.default\">\n\t\t\t\t<div class=\"elementor-widget-container\">\n\t\t\t\t\t\t\t\t\t<p>1h avec un coach professionnel certifi\u00e9 pour explorer vos forces et vos attentes, et faire connaissance avec le coach de votre choix (vous pourrez en rencontrer jusqu\u2019\u00e0 trois)<\/p><p>Le travail d\u2019une s\u00e9ance exploratoire, qui permet d\u2019expliciter ses enjeux, ses objectifs et les indicateurs associ\u00e9s, et de choisir librement coach qui lui convient le mieux. Puis les objectifs sont n\u00e9goci\u00e9s dans un format dit \u00ab\u00a0tripartite\u00a0\u00bb avec un manager direct<\/p><p>Elle s\u2019articule souvent autour des demandes suivantes :<\/p><ul><li>meilleure connaissance de soi,<\/li><li>maitrise du langage et des comportements,<\/li><li>meilleur \u00e9quilibre<\/li><li>meilleure capacit\u00e9 \u00e0 f\u00e9d\u00e9rer autour d\u2019une vision commune, du sens et de l\u2019ambition,<\/li><li>meilleure gestion du stress et des situations conflictuelles.<\/li><\/ul>\t\t\t\t\t\t\t\t<\/div>\n\t\t\t\t<\/div>\n\t\t\t\t<div class=\"elementor-element elementor-element-334cad9 elementor-widget__width-inherit elementor-widget elementor-widget-heading\" data-id=\"334cad9\" data-element_type=\"widget\" data-e-type=\"widget\" data-widget_type=\"heading.default\">\n\t\t\t\t<div class=\"elementor-widget-container\">\n\t\t\t\t\t<h3 class=\"elementor-heading-title elementor-size-medium\">Entretien tripartite<\/h3>\t\t\t\t<\/div>\n\t\t\t\t<\/div>\n\t\t\t\t<div class=\"elementor-element elementor-element-df702f7 elementor-widget elementor-widget-text-editor\" data-id=\"df702f7\" data-element_type=\"widget\" data-e-type=\"widget\" data-widget_type=\"text-editor.default\">\n\t\t\t\t<div class=\"elementor-widget-container\">\n\t\t\t\t\t\t\t\t\t<p>En pr\u00e9sence du coach, vous exposerez vos objectifs \u00e0 un repr\u00e9sentant de l\u2019entreprise (sup\u00e9rieur hi\u00e9rarchique, RH ou autre personne de confiance) qui pourra les commenter ou les bonifier. Sur cette base, le coach \u00e9tablira un contrat de coaching qui vous mettra tous trois en responsabilit\u00e9 et d\u00e9crira les objectifs du coaching, mais aussi les r\u00e8gles de fonctionnement et les modalit\u00e9s de la relation.<\/p>\t\t\t\t\t\t\t\t<\/div>\n\t\t\t\t<\/div>\n\t\t\t\t<div class=\"elementor-element elementor-element-e758a9b elementor-widget__width-inherit elementor-widget elementor-widget-heading\" data-id=\"e758a9b\" data-element_type=\"widget\" data-e-type=\"widget\" data-widget_type=\"heading.default\">\n\t\t\t\t<div class=\"elementor-widget-container\">\n\t\t\t\t\t<h3 class=\"elementor-heading-title elementor-size-medium\">S\u00e9ances de coaching<\/h3>\t\t\t\t<\/div>\n\t\t\t\t<\/div>\n\t\t\t\t<div class=\"elementor-element elementor-element-eedde1d elementor-widget elementor-widget-text-editor\" data-id=\"eedde1d\" data-element_type=\"widget\" data-e-type=\"widget\" data-widget_type=\"text-editor.default\">\n\t\t\t\t<div class=\"elementor-widget-container\">\n\t\t\t\t\t\t\t\t\t<p>En t\u00eate-\u00e0-t\u00eate avec votre coach, et en toute confidentialit\u00e9, vous travaillerez \u00e0 l\u2019atteinte de vos objectifs. Le coach mettra en place un ensemble de protections et de permissions vous permettant de rechercher, par vous-m\u00eames, vos propres solutions. Il vous donnera \u00e9galement des outils simples, \u00e9prouv\u00e9s, et directement transposables dans votre quotidien, vous permettant de structurer votre approche.<\/p>\t\t\t\t\t\t\t\t<\/div>\n\t\t\t\t<\/div>\n\t\t\t\t<div class=\"elementor-element elementor-element-31d71d9 elementor-widget__width-inherit elementor-widget elementor-widget-heading\" data-id=\"31d71d9\" data-element_type=\"widget\" data-e-type=\"widget\" data-widget_type=\"heading.default\">\n\t\t\t\t<div class=\"elementor-widget-container\">\n\t\t\t\t\t<h3 class=\"elementor-heading-title elementor-size-medium\">Conclusion<\/h3>\t\t\t\t<\/div>\n\t\t\t\t<\/div>\n\t\t\t\t<div class=\"elementor-element elementor-element-2df8907 elementor-widget elementor-widget-text-editor\" data-id=\"2df8907\" data-element_type=\"widget\" data-e-type=\"widget\" data-widget_type=\"text-editor.default\">\n\t\t\t\t<div class=\"elementor-widget-container\">\n\t\t\t\t\t\t\t\t\t<p>Durant la derni\u00e8re s\u00e9ance de coaching vous reviendrez sur votre travail, vos apprentissages et prises de conscience, et ferez un bilan de vos atouts et challenges \u00e0 venir.<\/p>\t\t\t\t\t\t\t\t<\/div>\n\t\t\t\t<\/div>\n\t\t\t\t<div class=\"elementor-element elementor-element-397c05b elementor-widget__width-inherit elementor-widget elementor-widget-heading\" data-id=\"397c05b\" data-element_type=\"widget\" data-e-type=\"widget\" data-widget_type=\"heading.default\">\n\t\t\t\t<div class=\"elementor-widget-container\">\n\t\t\t\t\t<h3 class=\"elementor-heading-title elementor-size-medium\">Bilan tripartite<\/h3>\t\t\t\t<\/div>\n\t\t\t\t<\/div>\n\t\t\t\t<div class=\"elementor-element elementor-element-9b39ae7 elementor-widget elementor-widget-text-editor\" data-id=\"9b39ae7\" data-element_type=\"widget\" data-e-type=\"widget\" data-widget_type=\"text-editor.default\">\n\t\t\t\t<div class=\"elementor-widget-container\">\n\t\t\t\t\t\t\t\t\t<p>Ceci sera de nouveau partag\u00e9, en pr\u00e9sence du coach, avec le repr\u00e9sentant de l\u2019entreprise avec lequel vous partagerez vos indicateurs de r\u00e9ussite. Il vous fera aussi un retour sur votre progression.<\/p>\t\t\t\t\t\t\t\t<\/div>\n\t\t\t\t<\/div>\n\t\t<div data-particle_enable=\"false\" data-particle-mobile-disabled=\"false\" class=\"elementor-element elementor-element-9ebb4b7 e-con-full e-flex e-con e-child\" data-id=\"9ebb4b7\" data-element_type=\"container\" data-e-type=\"container\">\n\t\t\t\t<div class=\"elementor-element elementor-element-2eea1e0 elementor-view-default elementor-widget elementor-widget-icon\" data-id=\"2eea1e0\" data-element_type=\"widget\" data-e-type=\"widget\" data-widget_type=\"icon.default\">\n\t\t\t\t<div class=\"elementor-widget-container\">\n\t\t\t\t\t\t\t<div class=\"elementor-icon-wrapper\">\n\t\t\t<div class=\"elementor-icon\">\n\t\t\t<i aria-hidden=\"true\" class=\"fas fa-file-download\"><\/i>\t\t\t<\/div>\n\t\t<\/div>\n\t\t\t\t\t\t<\/div>\n\t\t\t\t<\/div>\n\t\t\t\t<div class=\"elementor-element elementor-element-4d06f5f elementor-widget elementor-widget-heading\" data-id=\"4d06f5f\" data-element_type=\"widget\" data-e-type=\"widget\" data-widget_type=\"heading.default\">\n\t\t\t\t<div class=\"elementor-widget-container\">\n\t\t\t\t\t<h2 class=\"elementor-heading-title elementor-size-medium\"><a href=\"https:\/\/all-leaders.fr\/wp-content\/uploads\/2023\/04\/Brochure-All-Leaders-Managez.pdf\">T\u00e9l\u00e9charger la brochure<\/a><\/h2>\t\t\t\t<\/div>\n\t\t\t\t<\/div>\n\t\t\t\t<\/div>\n\t\t<div data-particle_enable=\"false\" data-particle-mobile-disabled=\"false\" class=\"elementor-element elementor-element-be9b077 e-con-full e-flex e-con e-child\" data-id=\"be9b077\" data-element_type=\"container\" data-e-type=\"container\" data-settings=\"{&quot;background_background&quot;:&quot;classic&quot;}\">\n\t\t\t\t<\/div>\n\t\t\t\t<div class=\"elementor-element elementor-element-5f05391 elementor-widget__width-inherit elementor-widget elementor-widget-heading\" data-id=\"5f05391\" data-element_type=\"widget\" data-e-type=\"widget\" data-widget_type=\"heading.default\">\n\t\t\t\t<div class=\"elementor-widget-container\">\n\t\t\t\t\t<h3 class=\"elementor-heading-title elementor-size-medium\">Le coaching n\u2019est pas un aveu de faiblesse !<\/h3>\t\t\t\t<\/div>\n\t\t\t\t<\/div>\n\t\t\t\t<div class=\"elementor-element elementor-element-0791d1e elementor-widget__width-inherit elementor-widget elementor-widget-heading\" data-id=\"0791d1e\" data-element_type=\"widget\" data-e-type=\"widget\" data-widget_type=\"heading.default\">\n\t\t\t\t<div class=\"elementor-widget-container\">\n\t\t\t\t\t<h4 class=\"elementor-heading-title elementor-size-medium\">Pour finir<\/h4>\t\t\t\t<\/div>\n\t\t\t\t<\/div>\n\t\t\t\t<div class=\"elementor-element elementor-element-f7abc56 elementor-widget elementor-widget-text-editor\" data-id=\"f7abc56\" data-element_type=\"widget\" data-e-type=\"widget\" data-widget_type=\"text-editor.default\">\n\t\t\t\t<div class=\"elementor-widget-container\">\n\t\t\t\t\t\t\t\t\t<p>Au contraire, c\u2019est une marque de courage et de d\u00e9termination pour atteindre ses objectifs professionnels et personnels. Il y a encore trop de r\u00e9ticence \u00e0 se faire coacher, m\u00eame si tout le monde sait que c\u2019est la \u00ab\u00a0marque des champions\u00a0\u00bb.<\/p><p>En r\u00e9alit\u00e9, le coaching individuel est un signe de force et de maturit\u00e9, car il montre que l\u2019on est pr\u00eat \u00e0 prendre en main son d\u00e9veloppement professionnel et personnel, \u00e0 identifier ses forces et ses faiblesses, \u00e0 accepter de regarder ses &#8220;angles morts&#8221;, \u00e0 apprendre de nouvelles comp\u00e9tences et \u00e0 s\u2019am\u00e9liorer en tant que personne et professionnel.<\/p><p>En travaillant sur l&#8217;aspect op\u00e9rationnel mais aussi et surtout l&#8217;intelligence \u00e9motionnelle, relationnelle et situationnelle des b\u00e9n\u00e9ficiaires, l&#8217;entreprise investit sur son avenir en misant sur le d\u00e9veloppement et le mieux-\u00eatre de ses collaborateurs.\u00a0<\/p><p>Que<span style=\"color: var( --e-global-color-text ); font-family: var( --e-global-typography-text-font-family ), Sans-serif; font-size: var( --e-global-typography-text-font-size ); font-style: var( --e-global-typography-text-font-style ); font-weight: var( --e-global-typography-text-font-weight ); letter-spacing: var( --e-global-typography-text-letter-spacing ); text-transform: var( --e-global-typography-text-text-transform ); text-align: var(--text-align);\">ls que soient leur niveau hi\u00e9rarchique ou leur statut socio-professionnel, ils contribueront ainsi \u00e0 renforcer la culture, \u00e0 am\u00e9liorer la performance globale et \u00e0 fid\u00e9liser les employ\u00e9s talentueux<\/span><\/p>\t\t\t\t\t\t\t\t<\/div>\n\t\t\t\t<\/div>\n\t\t\t\t<div class=\"elementor-element elementor-element-7705c30 elementor-widget__width-inherit elementor-widget elementor-widget-heading\" data-id=\"7705c30\" data-element_type=\"widget\" data-e-type=\"widget\" data-widget_type=\"heading.default\">\n\t\t\t\t<div class=\"elementor-widget-container\">\n\t\t\t\t\t<h4 class=\"elementor-heading-title elementor-size-medium\">Quelques chiffres<\/h4>\t\t\t\t<\/div>\n\t\t\t\t<\/div>\n\t\t\t\t<div class=\"elementor-element elementor-element-f676035 elementor-widget elementor-widget-text-editor\" data-id=\"f676035\" data-element_type=\"widget\" data-e-type=\"widget\" data-widget_type=\"text-editor.default\">\n\t\t\t\t<div class=\"elementor-widget-container\">\n\t\t\t\t\t\t\t\t\t<p>Quelques chiffres illustrant les b\u00e9n\u00e9fices du coaching individuel pour les collaborateurs et l\u2019entreprise en termes de productivit\u00e9, de performance, de bien-\u00eatre, de comp\u00e9tences et de retour sur investissement :<\/p>\t\t\t\t\t\t\t\t<\/div>\n\t\t\t\t<\/div>\n\t\t\t\t<div class=\"elementor-element elementor-element-31cd22e elementor-widget elementor-widget-text-editor\" data-id=\"31cd22e\" data-element_type=\"widget\" data-e-type=\"widget\" data-widget_type=\"text-editor.default\">\n\t\t\t\t<div class=\"elementor-widget-container\">\n\t\t\t\t\t\t\t\t\t<ul>\n \t<li>Selon une <a href=\"https:\/\/coachfederation.org\/app\/uploads\/2017\/01\/ICF-Global-Coaching-Client-Study-FINAL.pdf\">\u00e9tude men\u00e9e par l\u2019International Coaching Federation<\/a>, 80&nbsp;% des employ\u00e9s qui ont re\u00e7u un coaching individuel rapportent am\u00e9lioration de leur confiance en eux, de leur satisfaction au travail et de leur capacit\u00e9 \u00e0 g\u00e9rer leur stress.<\/li>\n \t<li>Selon <a href=\"https:\/\/coachfederation.org\/app\/uploads\/2017\/01\/ICF-Global-Coaching-Client-Study-FINAL.pdf\">une autre \u00e9tude men\u00e9e par le m\u00eame organisme<\/a>, les employ\u00e9s qui ont re\u00e7u un coaching individuel ont en moyenne une augmentation de 46&nbsp;% de leur productivit\u00e9.<\/li>\n \t<li>Une <a href=\"https:\/\/www.pwc.com\/us\/en\/library\/employee-engagement\/coaching-for-growth.html\">enqu\u00eate men\u00e9e par le cabinet de conseil PwC<\/a> a r\u00e9v\u00e9l\u00e9 que 93 % des employ\u00e9s estiment que le coaching individuel est b\u00e9n\u00e9fique pour leur performance professionnelle.<\/li>\n \t<li>Selon une <a href=\"https:\/\/www.mckinsey.com\/featured-insights\/leadership\/the-value-of-executive-coaching\">\u00e9tude men\u00e9e par le cabinet de conseil McKinsey<\/a>, les employ\u00e9s qui ont acc\u00e8s \u00e0 un coaching individuel sont plus susceptibles de recommander leur entreprise \u00e0 d\u2019autres personnes.<\/li>\n \t<li>Selon une <a href=\"https:\/\/hbr.org\/2009\/01\/what-can-coaches-do-for-you\">enqu\u00eate men\u00e9e par la Harvard Business Review<\/a>, 70 % des employ\u00e9s qui ont re\u00e7u un coaching individuel ont signal\u00e9 une am\u00e9lioration de leurs comp\u00e9tences de leadership.<\/li>\n \t<li>Selon une <a href=\"https:\/\/www.mindtools.com\/pages\/article\/newTMM_15.htm\">\u00e9tude men\u00e9e par la Manchester Consulting Group<\/a>, le retour sur investissement du coaching individuel peut \u00eatre de 5 \u00e0 7 fois le co\u00fbt initial.<\/li>\n<\/ul>\t\t\t\t\t\t\t\t<\/div>\n\t\t\t\t<\/div>\n\t\t\t\t<\/div>\n\t\t\t\t<\/div>\n\t\t","protected":false},"excerpt":{"rendered":"<p>Essentiel, le coaching individuel offre un espace s\u00e9curis\u00e9 \u00e0 tout collaborateur pour d\u00e9velopper ses comp\u00e9tences, sa performance, sa confiance et sa motivation.<\/p>\n","protected":false},"author":2,"featured_media":2278,"template":"","meta":[],"etat":[100],"thematiques":[126],"publics-cible":[47],"types-formations":[40],"class_list":["post-1117","accompagnements","type-accompagnements","status-publish","has-post-thumbnail","hentry","etat-monte","thematiques-coaching-de-managers","publics-cible-assistants","types-formations-action"],"yoast_head":"<!-- This site is optimized with the Yoast SEO plugin v27.1.1 - https:\/\/yoast.com\/product\/yoast-seo-wordpress\/ -->\n<title>S\u00e9ances de coaching individuel\u200b<\/title>\n<meta name=\"description\" content=\"Le coaching individuel offre au collaborateur et ce, quel que soit son niveau hi\u00e9rarchique, un \u00ab\u00a0lieu s\u00fbr\u00a0\u00bb, dans lequel il pourra d\u00e9velopper ses comp\u00e9tences, ses performances, sa confiance en soi et sa motivation.\" \/>\n<meta name=\"robots\" content=\"index, follow, max-snippet:-1, max-image-preview:large, max-video-preview:-1\" \/>\n<link rel=\"canonical\" href=\"https:\/\/all-leaders.fr\/en\/accompagnements\/coaching-de-managers\/coaching-individuel-pour-managers\/\" \/>\n<meta property=\"og:locale\" content=\"en_US\" \/>\n<meta property=\"og:type\" content=\"article\" \/>\n<meta property=\"og:title\" content=\"S\u00e9ances de coaching individuel\u200b\" \/>\n<meta property=\"og:description\" content=\"Le coaching individuel offre au collaborateur et ce, quel que soit son niveau hi\u00e9rarchique, un \u00ab\u00a0lieu s\u00fbr\u00a0\u00bb, dans lequel il pourra d\u00e9velopper ses comp\u00e9tences, ses performances, sa confiance en soi et sa motivation.\" \/>\n<meta property=\"og:url\" content=\"https:\/\/all-leaders.fr\/en\/accompagnements\/coaching-de-managers\/coaching-individuel-pour-managers\/\" \/>\n<meta property=\"og:site_name\" content=\"All Leaders Initiative\" \/>\n<meta property=\"article:modified_time\" content=\"2025-11-07T21:24:51+00:00\" \/>\n<meta property=\"og:image\" content=\"https:\/\/all-leaders.fr\/wp-content\/uploads\/2023\/04\/coaching-individuel-2.jpg\" \/>\n\t<meta property=\"og:image:width\" content=\"1024\" \/>\n\t<meta property=\"og:image:height\" content=\"683\" \/>\n\t<meta property=\"og:image:type\" content=\"image\/jpeg\" \/>\n<meta name=\"twitter:card\" content=\"summary_large_image\" \/>\n<meta name=\"twitter:title\" content=\"S\u00e9ances de coaching individuel\u200b\" \/>\n<meta name=\"twitter:description\" content=\"Le coaching individuel offre au collaborateur et ce, quel que soit son niveau hi\u00e9rarchique, un \u00ab\u00a0lieu s\u00fbr\u00a0\u00bb, dans lequel il pourra d\u00e9velopper ses comp\u00e9tences, ses performances, sa confiance en soi et sa motivation.\" \/>\n<meta name=\"twitter:image\" content=\"https:\/\/all-leaders.fr\/wp-content\/uploads\/2023\/04\/coaching-individuel-2.jpg\" \/>\n<meta name=\"twitter:label1\" content=\"Est. reading time\" \/>\n\t<meta name=\"twitter:data1\" content=\"6 minutes\" \/>\n<script type=\"application\/ld+json\" class=\"yoast-schema-graph\">{\"@context\":\"https:\/\/schema.org\",\"@graph\":[{\"@type\":\"WebPage\",\"@id\":\"https:\/\/all-leaders.fr\/en\/accompagnements\/coaching-de-managers\/coaching-individuel-pour-managers\/\",\"url\":\"https:\/\/all-leaders.fr\/en\/accompagnements\/coaching-de-managers\/coaching-individuel-pour-managers\/\",\"name\":\"S\u00e9ances de coaching individuel\u200b\",\"isPartOf\":{\"@id\":\"https:\/\/all-leaders.fr\/en\/#website\"},\"primaryImageOfPage\":{\"@id\":\"https:\/\/all-leaders.fr\/en\/accompagnements\/coaching-de-managers\/coaching-individuel-pour-managers\/#primaryimage\"},\"image\":{\"@id\":\"https:\/\/all-leaders.fr\/en\/accompagnements\/coaching-de-managers\/coaching-individuel-pour-managers\/#primaryimage\"},\"thumbnailUrl\":\"https:\/\/all-leaders.fr\/wp-content\/uploads\/2023\/04\/coaching-individuel.jpg\",\"datePublished\":\"2023-04-04T07:12:37+00:00\",\"dateModified\":\"2025-11-07T21:24:51+00:00\",\"description\":\"Le coaching individuel offre au collaborateur et ce, quel que soit son niveau hi\u00e9rarchique, un \u00ab\u00a0lieu s\u00fbr\u00a0\u00bb, dans lequel il pourra d\u00e9velopper ses comp\u00e9tences, ses performances, sa confiance en soi et sa motivation.\",\"breadcrumb\":{\"@id\":\"https:\/\/all-leaders.fr\/en\/accompagnements\/coaching-de-managers\/coaching-individuel-pour-managers\/#breadcrumb\"},\"inLanguage\":\"en-US\",\"potentialAction\":[{\"@type\":\"ReadAction\",\"target\":[\"https:\/\/all-leaders.fr\/en\/accompagnements\/coaching-de-managers\/coaching-individuel-pour-managers\/\"]}]},{\"@type\":\"ImageObject\",\"inLanguage\":\"en-US\",\"@id\":\"https:\/\/all-leaders.fr\/en\/accompagnements\/coaching-de-managers\/coaching-individuel-pour-managers\/#primaryimage\",\"url\":\"https:\/\/all-leaders.fr\/wp-content\/uploads\/2023\/04\/coaching-individuel.jpg\",\"contentUrl\":\"https:\/\/all-leaders.fr\/wp-content\/uploads\/2023\/04\/coaching-individuel.jpg\",\"width\":1024,\"height\":683,\"caption\":\"Coaching individuel\"},{\"@type\":\"BreadcrumbList\",\"@id\":\"https:\/\/all-leaders.fr\/en\/accompagnements\/coaching-de-managers\/coaching-individuel-pour-managers\/#breadcrumb\",\"itemListElement\":[{\"@type\":\"ListItem\",\"position\":1,\"name\":\"Accueil\",\"item\":\"https:\/\/all-leaders.fr\/en\/\"},{\"@type\":\"ListItem\",\"position\":2,\"name\":\"Accompagnements\",\"item\":\"https:\/\/all-leaders.fr\/en\/accompagnements\/%thematiques%\/\"},{\"@type\":\"ListItem\",\"position\":3,\"name\":\"Coaching de managers\"}]},{\"@type\":\"WebSite\",\"@id\":\"https:\/\/all-leaders.fr\/en\/#website\",\"url\":\"https:\/\/all-leaders.fr\/en\/\",\"name\":\"all-leaders.fr\",\"description\":\"All Leaders Initiative\",\"publisher\":{\"@id\":\"https:\/\/all-leaders.fr\/en\/#organization\"},\"potentialAction\":[{\"@type\":\"SearchAction\",\"target\":{\"@type\":\"EntryPoint\",\"urlTemplate\":\"https:\/\/all-leaders.fr\/en\/?s={search_term_string}\"},\"query-input\":{\"@type\":\"PropertyValueSpecification\",\"valueRequired\":true,\"valueName\":\"search_term_string\"}}],\"inLanguage\":\"en-US\"},{\"@type\":\"Organization\",\"@id\":\"https:\/\/all-leaders.fr\/en\/#organization\",\"name\":\"all-leaders.fr\",\"url\":\"https:\/\/all-leaders.fr\/en\/\",\"logo\":{\"@type\":\"ImageObject\",\"inLanguage\":\"en-US\",\"@id\":\"https:\/\/all-leaders.fr\/en\/#\/schema\/logo\/image\/\",\"url\":\"https:\/\/all-leaders.fr\/wp-content\/uploads\/2023\/03\/ALL_LEADERS_INITIATIVE_L_DARK_LOGO.svg\",\"contentUrl\":\"https:\/\/all-leaders.fr\/wp-content\/uploads\/2023\/03\/ALL_LEADERS_INITIATIVE_L_DARK_LOGO.svg\",\"width\":1360,\"height\":512,\"caption\":\"all-leaders.fr\"},\"image\":{\"@id\":\"https:\/\/all-leaders.fr\/en\/#\/schema\/logo\/image\/\"},\"sameAs\":[\"https:\/\/www.linkedin.com\/company\/all-leaders-initiative\/\"]}]}<\/script>\n<!-- \/ Yoast SEO plugin. -->","yoast_head_json":{"title":"S\u00e9ances de coaching individuel\u200b","description":"Le coaching individuel offre au collaborateur et ce, quel que soit son niveau hi\u00e9rarchique, un \u00ab\u00a0lieu s\u00fbr\u00a0\u00bb, dans lequel il pourra d\u00e9velopper ses comp\u00e9tences, ses performances, sa confiance en soi et sa motivation.","robots":{"index":"index","follow":"follow","max-snippet":"max-snippet:-1","max-image-preview":"max-image-preview:large","max-video-preview":"max-video-preview:-1"},"canonical":"https:\/\/all-leaders.fr\/en\/accompagnements\/coaching-de-managers\/coaching-individuel-pour-managers\/","og_locale":"en_US","og_type":"article","og_title":"S\u00e9ances de coaching individuel\u200b","og_description":"Le coaching individuel offre au collaborateur et ce, quel que soit son niveau hi\u00e9rarchique, un \u00ab\u00a0lieu s\u00fbr\u00a0\u00bb, dans lequel il pourra d\u00e9velopper ses comp\u00e9tences, ses performances, sa confiance en soi et sa motivation.","og_url":"https:\/\/all-leaders.fr\/en\/accompagnements\/coaching-de-managers\/coaching-individuel-pour-managers\/","og_site_name":"All Leaders Initiative","article_modified_time":"2025-11-07T21:24:51+00:00","og_image":[{"width":1024,"height":683,"url":"https:\/\/all-leaders.fr\/wp-content\/uploads\/2023\/04\/coaching-individuel-2.jpg","type":"image\/jpeg"}],"twitter_card":"summary_large_image","twitter_title":"S\u00e9ances de coaching individuel\u200b","twitter_description":"Le coaching individuel offre au collaborateur et ce, quel que soit son niveau hi\u00e9rarchique, un \u00ab\u00a0lieu s\u00fbr\u00a0\u00bb, dans lequel il pourra d\u00e9velopper ses comp\u00e9tences, ses performances, sa confiance en soi et sa motivation.","twitter_image":"https:\/\/all-leaders.fr\/wp-content\/uploads\/2023\/04\/coaching-individuel-2.jpg","twitter_misc":{"Est. reading time":"6 minutes"},"schema":{"@context":"https:\/\/schema.org","@graph":[{"@type":"WebPage","@id":"https:\/\/all-leaders.fr\/en\/accompagnements\/coaching-de-managers\/coaching-individuel-pour-managers\/","url":"https:\/\/all-leaders.fr\/en\/accompagnements\/coaching-de-managers\/coaching-individuel-pour-managers\/","name":"S\u00e9ances de coaching individuel\u200b","isPartOf":{"@id":"https:\/\/all-leaders.fr\/en\/#website"},"primaryImageOfPage":{"@id":"https:\/\/all-leaders.fr\/en\/accompagnements\/coaching-de-managers\/coaching-individuel-pour-managers\/#primaryimage"},"image":{"@id":"https:\/\/all-leaders.fr\/en\/accompagnements\/coaching-de-managers\/coaching-individuel-pour-managers\/#primaryimage"},"thumbnailUrl":"https:\/\/all-leaders.fr\/wp-content\/uploads\/2023\/04\/coaching-individuel.jpg","datePublished":"2023-04-04T07:12:37+00:00","dateModified":"2025-11-07T21:24:51+00:00","description":"Le coaching individuel offre au collaborateur et ce, quel que soit son niveau hi\u00e9rarchique, un \u00ab\u00a0lieu s\u00fbr\u00a0\u00bb, dans lequel il pourra d\u00e9velopper ses comp\u00e9tences, ses performances, sa confiance en soi et sa motivation.","breadcrumb":{"@id":"https:\/\/all-leaders.fr\/en\/accompagnements\/coaching-de-managers\/coaching-individuel-pour-managers\/#breadcrumb"},"inLanguage":"en-US","potentialAction":[{"@type":"ReadAction","target":["https:\/\/all-leaders.fr\/en\/accompagnements\/coaching-de-managers\/coaching-individuel-pour-managers\/"]}]},{"@type":"ImageObject","inLanguage":"en-US","@id":"https:\/\/all-leaders.fr\/en\/accompagnements\/coaching-de-managers\/coaching-individuel-pour-managers\/#primaryimage","url":"https:\/\/all-leaders.fr\/wp-content\/uploads\/2023\/04\/coaching-individuel.jpg","contentUrl":"https:\/\/all-leaders.fr\/wp-content\/uploads\/2023\/04\/coaching-individuel.jpg","width":1024,"height":683,"caption":"Coaching individuel"},{"@type":"BreadcrumbList","@id":"https:\/\/all-leaders.fr\/en\/accompagnements\/coaching-de-managers\/coaching-individuel-pour-managers\/#breadcrumb","itemListElement":[{"@type":"ListItem","position":1,"name":"Accueil","item":"https:\/\/all-leaders.fr\/en\/"},{"@type":"ListItem","position":2,"name":"Accompagnements","item":"https:\/\/all-leaders.fr\/en\/accompagnements\/%thematiques%\/"},{"@type":"ListItem","position":3,"name":"Coaching de managers"}]},{"@type":"WebSite","@id":"https:\/\/all-leaders.fr\/en\/#website","url":"https:\/\/all-leaders.fr\/en\/","name":"all-leaders.fr","description":"All Leaders Initiative","publisher":{"@id":"https:\/\/all-leaders.fr\/en\/#organization"},"potentialAction":[{"@type":"SearchAction","target":{"@type":"EntryPoint","urlTemplate":"https:\/\/all-leaders.fr\/en\/?s={search_term_string}"},"query-input":{"@type":"PropertyValueSpecification","valueRequired":true,"valueName":"search_term_string"}}],"inLanguage":"en-US"},{"@type":"Organization","@id":"https:\/\/all-leaders.fr\/en\/#organization","name":"all-leaders.fr","url":"https:\/\/all-leaders.fr\/en\/","logo":{"@type":"ImageObject","inLanguage":"en-US","@id":"https:\/\/all-leaders.fr\/en\/#\/schema\/logo\/image\/","url":"https:\/\/all-leaders.fr\/wp-content\/uploads\/2023\/03\/ALL_LEADERS_INITIATIVE_L_DARK_LOGO.svg","contentUrl":"https:\/\/all-leaders.fr\/wp-content\/uploads\/2023\/03\/ALL_LEADERS_INITIATIVE_L_DARK_LOGO.svg","width":1360,"height":512,"caption":"all-leaders.fr"},"image":{"@id":"https:\/\/all-leaders.fr\/en\/#\/schema\/logo\/image\/"},"sameAs":["https:\/\/www.linkedin.com\/company\/all-leaders-initiative\/"]}]}},"_links":{"self":[{"href":"https:\/\/all-leaders.fr\/en\/wp-json\/wp\/v2\/accompagnements\/1117","targetHints":{"allow":["GET"]}}],"collection":[{"href":"https:\/\/all-leaders.fr\/en\/wp-json\/wp\/v2\/accompagnements"}],"about":[{"href":"https:\/\/all-leaders.fr\/en\/wp-json\/wp\/v2\/types\/accompagnements"}],"author":[{"embeddable":true,"href":"https:\/\/all-leaders.fr\/en\/wp-json\/wp\/v2\/users\/2"}],"version-history":[{"count":16,"href":"https:\/\/all-leaders.fr\/en\/wp-json\/wp\/v2\/accompagnements\/1117\/revisions"}],"predecessor-version":[{"id":15562,"href":"https:\/\/all-leaders.fr\/en\/wp-json\/wp\/v2\/accompagnements\/1117\/revisions\/15562"}],"wp:featuredmedia":[{"embeddable":true,"href":"https:\/\/all-leaders.fr\/en\/wp-json\/wp\/v2\/media\/2278"}],"wp:attachment":[{"href":"https:\/\/all-leaders.fr\/en\/wp-json\/wp\/v2\/media?parent=1117"}],"wp:term":[{"taxonomy":"etat","embeddable":true,"href":"https:\/\/all-leaders.fr\/en\/wp-json\/wp\/v2\/etat?post=1117"},{"taxonomy":"thematiques","embeddable":true,"href":"https:\/\/all-leaders.fr\/en\/wp-json\/wp\/v2\/thematiques?post=1117"},{"taxonomy":"publics-cible","embeddable":true,"href":"https:\/\/all-leaders.fr\/en\/wp-json\/wp\/v2\/publics-cible?post=1117"},{"taxonomy":"types-formations","embeddable":true,"href":"https:\/\/all-leaders.fr\/en\/wp-json\/wp\/v2\/types-formations?post=1117"}],"curies":[{"name":"wp","href":"https:\/\/api.w.org\/{rel}","templated":true}]}}