{"id":12994,"date":"2025-10-17T11:00:06","date_gmt":"2025-10-17T11:00:06","guid":{"rendered":"https:\/\/all-leaders.fr\/?post_type=accompagnements&#038;p=12994"},"modified":"2025-10-31T14:44:31","modified_gmt":"2025-10-31T14:44:31","slug":"leadership-feminin","status":"publish","type":"accompagnements","link":"https:\/\/all-leaders.fr\/en\/accompagnements\/coaching-en-leadership\/leadership-feminin\/","title":{"rendered":"Leadership f\u00e9minin"},"content":{"rendered":"\t\t<div data-elementor-type=\"wp-post\" data-elementor-id=\"12994\" class=\"elementor elementor-12994\" data-elementor-post-type=\"accompagnements\">\n\t\t\t\t<div data-particle_enable=\"false\" data-particle-mobile-disabled=\"false\" class=\"elementor-element elementor-element-4fa49fb6 e-flex e-con-boxed e-con e-parent\" data-id=\"4fa49fb6\" data-element_type=\"container\" data-e-type=\"container\">\n\t\t\t\t\t<div class=\"e-con-inner\">\n\t\t\t\t<div class=\"elementor-element elementor-element-c79e260 elementor-widget__width-initial elementor-widget elementor-widget-heading\" data-id=\"c79e260\" data-element_type=\"widget\" data-e-type=\"widget\" data-widget_type=\"heading.default\">\n\t\t\t\t<div class=\"elementor-widget-container\">\n\t\t\t\t\t<h2 class=\"elementor-heading-title elementor-size-default\">D\u00e9velopper le leadership f\u00e9minin dans votre organisation<\/h2>\t\t\t\t<\/div>\n\t\t\t\t<\/div>\n\t\t\t\t<div class=\"elementor-element elementor-element-1b8adc9 elementor-widget elementor-widget-heading\" data-id=\"1b8adc9\" data-element_type=\"widget\" data-e-type=\"widget\" data-widget_type=\"heading.default\">\n\t\t\t\t<div class=\"elementor-widget-container\">\n\t\t\t\t\t<div class=\"elementor-heading-title elementor-size-default\">Pour un leadership plus incarn\u00e9, plus \u00e9quilibr\u00e9, plus humain\n<\/div>\t\t\t\t<\/div>\n\t\t\t\t<\/div>\n\t\t\t\t<div class=\"elementor-element elementor-element-00ff35a elementor-widget elementor-widget-heading\" data-id=\"00ff35a\" data-element_type=\"widget\" data-e-type=\"widget\" data-widget_type=\"heading.default\">\n\t\t\t\t<div class=\"elementor-widget-container\">\n\t\t\t\t\t<h3 class=\"elementor-heading-title elementor-size-default\">Enjeux<\/h3>\t\t\t\t<\/div>\n\t\t\t\t<\/div>\n\t\t\t\t<div class=\"elementor-element elementor-element-2d0e585c elementor-widget elementor-widget-text-editor\" data-id=\"2d0e585c\" data-element_type=\"widget\" data-e-type=\"widget\" data-widget_type=\"text-editor.default\">\n\t\t\t\t<div class=\"elementor-widget-container\">\n\t\t\t\t\t\t\t\t\t\n<p class=\"p1\">Dans un monde professionnel encore largement fa\u00e7onn\u00e9 par des mod\u00e8les masculins de r\u00e9ussite, de nombreuses femmes peinent \u00e0 trouver leur juste place dans l\u2019exercice du pouvoir, de l\u2019autorit\u00e9 et de la confiance.<\/p>\n<p class=\"p1\">Chez <b>ALL LEADERS INITIATIVE<\/b>, nous pensons que le leadership f\u00e9minin n\u2019est pas une affaire de genre, mais un <b>levier de transformation collective<\/b>.<br \/>Notre ambition : permettre aux femmes de <b>trouver leur propre mani\u00e8re de diriger<\/b>, avec lucidit\u00e9, courage et authenticit\u00e9.<\/p>\n\t\t\t\t\t\t\t\t<\/div>\n\t\t\t\t<\/div>\n\t\t\t\t<div class=\"elementor-element elementor-element-a0201fe elementor-widget elementor-widget-heading\" data-id=\"a0201fe\" data-element_type=\"widget\" data-e-type=\"widget\" data-widget_type=\"heading.default\">\n\t\t\t\t<div class=\"elementor-widget-container\">\n\t\t\t\t\t<h3 class=\"elementor-heading-title elementor-size-default\">Notre singularit\u00e9 : l\u2019exp\u00e9rience du r\u00e9el<\/h3>\t\t\t\t<\/div>\n\t\t\t\t<\/div>\n\t\t\t\t<div class=\"elementor-element elementor-element-917ae9e elementor-widget elementor-widget-text-editor\" data-id=\"917ae9e\" data-element_type=\"widget\" data-e-type=\"widget\" data-widget_type=\"text-editor.default\">\n\t\t\t\t<div class=\"elementor-widget-container\">\n\t\t\t\t\t\t\t\t\t\n<p class=\"p1\">Le leadership f\u00e9minin ne s\u2019enseigne pas seulement. Il se <b>transmet par l\u2019exp\u00e9rience<\/b>.<\/p>\n<p class=\"p1\">C\u2019est pourquoi nos programmes sont anim\u00e9s par des <b>femmes au parcours atypique<\/b>, qui ont, comme moi, exerc\u00e9 des responsabilit\u00e9s dans des univers exigeants et techniques avant de devenir coachs professionnelles.<\/p>\n<p class=\"p1\">Je suis issue de la <b>premi\u00e8re promotion de femmes admises \u00e0 l\u2019\u00c9cole navale<\/b>.<br \/>J\u2019ai \u00e9t\u00e9 <b>officier de marine<\/b>, pionni\u00e8re dans la f\u00e9minisation des b\u00e2timents de combat.<br \/>J\u2019ai dirig\u00e9 des \u00e9quipes dans des environnements <b>ultra-techniques et \u00e0 haute responsabilit\u00e9<\/b>, au c\u0153ur de la <b>s\u00fbret\u00e9 nucl\u00e9aire<\/b>.<br \/>Et j\u2019ai construit ce parcours tout en \u00e9tant <b>m\u00e8re de quatre enfants<\/b>.<\/p>\n<p class=\"p1\">Cette exp\u00e9rience m\u2019a appris que l\u2019autorit\u00e9 n\u2019exclut ni la bienveillance ni la vuln\u00e9rabilit\u00e9, et que l\u2019\u00e9quilibre entre exigence et humanit\u00e9 est une force, pas une faiblesse.<\/p>\n<p class=\"p1\">Aujourd\u2019hui, je transmets cette conviction \u00e0 travers des <b>programmes de coaching et de formation<\/b> d\u00e9di\u00e9s aux femmes leaders et \u00e0 celles et ceux qui souhaitent soutenir la parit\u00e9 dans leurs \u00e9quipes.<\/p>\n\t\t\t\t\t\t\t\t<\/div>\n\t\t\t\t<\/div>\n\t\t\t\t<div class=\"elementor-element elementor-element-773dfa0 elementor-widget elementor-widget-heading\" data-id=\"773dfa0\" data-element_type=\"widget\" data-e-type=\"widget\" data-widget_type=\"heading.default\">\n\t\t\t\t<div class=\"elementor-widget-container\">\n\t\t\t\t\t<h3 class=\"elementor-heading-title elementor-size-default\">Notre conviction\n<\/h3>\t\t\t\t<\/div>\n\t\t\t\t<\/div>\n\t\t\t\t<div class=\"elementor-element elementor-element-00a6f86 elementor-widget elementor-widget-text-editor\" data-id=\"00a6f86\" data-element_type=\"widget\" data-e-type=\"widget\" data-widget_type=\"text-editor.default\">\n\t\t\t\t<div class=\"elementor-widget-container\">\n\t\t\t\t\t\t\t\t\t\n<p class=\"p1\">En th\u00e9orie, le leadership ne devrait pas \u00eatre genr\u00e9.<br \/>En pratique, il l\u2019est encore.<\/p>\n<p class=\"p1\">Le sujet n\u2019est pas de revendiquer une diff\u00e9rence, mais de <b>r\u00e9habiliter la diversit\u00e9 des postures<\/b> :<\/p>\n<ul class=\"ul1\">\n<li class=\"li1\">Celles qui conjuguent <b>force et douceur<\/b>,<\/li>\n<li class=\"li1\">Celles qui allient <b>ambition et sens<\/b>,<\/li>\n<li class=\"li1\">Celles qui osent <b>affirmer sans dominer<\/b>.<\/li>\n<\/ul>\n<p class=\"p1\">D\u00e9velopper le leadership f\u00e9minin, c\u2019est permettre aux femmes de s\u2019autoriser pleinement \u00e0 \u00eatre elles-m\u00eames sans devoir endosser les codes d\u2019un leadership \u00ab\u00a0tiers\u00a0\u00bb.<\/p>\n\t\t\t\t\t\t\t\t<\/div>\n\t\t\t\t<\/div>\n\t\t\t\t<div class=\"elementor-element elementor-element-6c495ed elementor-widget elementor-widget-heading\" data-id=\"6c495ed\" data-element_type=\"widget\" data-e-type=\"widget\" data-widget_type=\"heading.default\">\n\t\t\t\t<div class=\"elementor-widget-container\">\n\t\t\t\t\t<h3 class=\"elementor-heading-title elementor-size-default\">Notre approche du leadership f\u00e9minin<\/h3>\t\t\t\t<\/div>\n\t\t\t\t<\/div>\n\t\t\t\t<div class=\"elementor-element elementor-element-39da08c elementor-widget elementor-widget-text-editor\" data-id=\"39da08c\" data-element_type=\"widget\" data-e-type=\"widget\" data-widget_type=\"text-editor.default\">\n\t\t\t\t<div class=\"elementor-widget-container\">\n\t\t\t\t\t\t\t\t\t\n<p class=\"p1\">Inspir\u00e9e \u00e0 la fois du coaching int\u00e9gratif de <a href=\"https:\/\/fr.wikipedia.org\/wiki\/Vincent_Lenhardt\"><b>Vincent Lenhardt<\/b><\/a>, de la philosophie humaniste d\u2019<a href=\"https:\/\/fr.wikipedia.org\/wiki\/Andr%C3%A9_Comte-Sponville\"><b>Andr\u00e9 Comte-Sponville<\/b><\/a> et de l\u2019approche incarn\u00e9e de <a href=\"https:\/\/fr.wikipedia.org\/wiki\/Simon_Sinek\"><b>Simon Sinek<\/b><\/a>, notre d\u00e9marche s\u2019appuie sur trois piliers :<\/p>\n<ul class=\"ul1\">\n<li class=\"li1\"><b>Le sens<\/b>, pour donner une direction claire et coh\u00e9rente ;<\/li>\n<li class=\"li1\"><b>L\u2019action<\/b>, pour ancrer les apprentissages dans le concret ;<\/li>\n<li class=\"li1\"><b>L\u2019ancrage<\/b>, pour aligner la t\u00eate, le c\u0153ur et le corps en mouvement.<\/li>\n<\/ul>\n<p class=\"p1\">Nous proposons :<\/p>\n<ul class=\"ul1\">\n<li class=\"li1\">Des <b>coachings individuels<\/b> pour femmes dirigeantes ou managers ;<\/li>\n<li class=\"li1\">Des <b>parcours collectifs<\/b> favorisant la sororit\u00e9 professionnelle, la confiance et le leadership incarn\u00e9 ;<\/li>\n<li class=\"li1\">Des <b>s\u00e9minaires mixtes<\/b> pour revisiter la coop\u00e9ration homme-femme dans les sph\u00e8res de pouvoir ;<\/li>\n<li class=\"li1\">Des <b>conf\u00e9rences inspirantes<\/b> sur le leadership \u00e9thique et \u00e9quilibr\u00e9.<\/li>\n<\/ul>\n<p class=\"p1\">Nos interventions s\u2019adaptent \u00e0 la culture de chaque organisation et peuvent \u00eatre anim\u00e9es par <b>des femmes au parcours pionnier<\/b>, issues de la d\u00e9fense, de l\u2019industrie, de la haute fonction publique ou du secteur priv\u00e9.<\/p>\n\t\t\t\t\t\t\t\t<\/div>\n\t\t\t\t<\/div>\n\t\t\t\t<div class=\"elementor-element elementor-element-caf82f4 elementor-widget elementor-widget-image\" data-id=\"caf82f4\" data-element_type=\"widget\" data-e-type=\"widget\" data-widget_type=\"image.default\">\n\t\t\t\t<div class=\"elementor-widget-container\">\n\t\t\t\t\t\t\t\t\t\t\t\t\t\t\t<img fetchpriority=\"high\" decoding=\"async\" width=\"800\" height=\"602\" src=\"https:\/\/all-leaders.fr\/wp-content\/uploads\/2025\/10\/leadership-feminin.webp\" class=\"attachment-large size-large wp-image-14445\" alt=\"Le leadership f\u00e9minin en entreprise - La force des femmes PDG\" srcset=\"https:\/\/all-leaders.fr\/wp-content\/uploads\/2025\/10\/leadership-feminin.webp 1000w, https:\/\/all-leaders.fr\/wp-content\/uploads\/2025\/10\/leadership-feminin-300x226.webp 300w, https:\/\/all-leaders.fr\/wp-content\/uploads\/2025\/10\/leadership-feminin-768x578.webp 768w\" sizes=\"(max-width: 800px) 100vw, 800px\" \/>\t\t\t\t\t\t\t\t\t\t\t\t\t\t\t<\/div>\n\t\t\t\t<\/div>\n\t\t\t\t<div class=\"elementor-element elementor-element-aa1b686 elementor-widget elementor-widget-heading\" data-id=\"aa1b686\" data-element_type=\"widget\" data-e-type=\"widget\" data-widget_type=\"heading.default\">\n\t\t\t\t<div class=\"elementor-widget-container\">\n\t\t\t\t\t<h3 class=\"elementor-heading-title elementor-size-default\">B\u00e9n\u00e9fices pour l\u2019entreprise\n<\/h3>\t\t\t\t<\/div>\n\t\t\t\t<\/div>\n\t\t\t\t<div class=\"elementor-element elementor-element-0ba3256 elementor-widget elementor-widget-text-editor\" data-id=\"0ba3256\" data-element_type=\"widget\" data-e-type=\"widget\" data-widget_type=\"text-editor.default\">\n\t\t\t\t<div class=\"elementor-widget-container\">\n\t\t\t\t\t\t\t\t\t\n<ul class=\"ul1\">\n<li class=\"li1\">Une meilleure repr\u00e9sentation f\u00e9minine dans les postes strat\u00e9giques ;<\/li>\n<li class=\"li1\">Des leaders plus confiants, plus \u00e9quilibr\u00e9s, plus inspirants ;<\/li>\n<li class=\"li1\">Des \u00e9quipes plus engag\u00e9es, ouvertes et solidaires ;<\/li>\n<li class=\"li1\">Une culture de leadership partag\u00e9e, fond\u00e9e sur la confiance, le respect et la performance durable.<\/li>\n<\/ul>\n\t\t\t\t\t\t\t\t<\/div>\n\t\t\t\t<\/div>\n\t\t\t\t<div class=\"elementor-element elementor-element-81c8295 elementor-widget elementor-widget-heading\" data-id=\"81c8295\" data-element_type=\"widget\" data-e-type=\"widget\" data-widget_type=\"heading.default\">\n\t\t\t\t<div class=\"elementor-widget-container\">\n\t\t\t\t\t<h3 class=\"elementor-heading-title elementor-size-default\">En un mot\n<\/h3>\t\t\t\t<\/div>\n\t\t\t\t<\/div>\n\t\t\t\t<div class=\"elementor-element elementor-element-f0e1f2a elementor-widget elementor-widget-text-editor\" data-id=\"f0e1f2a\" data-element_type=\"widget\" data-e-type=\"widget\" data-widget_type=\"text-editor.default\">\n\t\t\t\t<div class=\"elementor-widget-container\">\n\t\t\t\t\t\t\t\t\t\n<ul class=\"ul1\">\n<li class=\"li1\">\n<p class=\"p1\">Le leadership f\u00e9minin n\u2019est pas un sujet \u201cpour les femmes\u201d.<br \/>C\u2019est un sujet <b>pour toutes les organisations<\/b> qui veulent faire \u00e9voluer leurs mod\u00e8les de pouvoir, de relation et de r\u00e9ussite.<\/p>\n<p class=\"p1\"><span class=\"s1\">\ud83d\udc49<\/span> <a href=\"https:\/\/all-leaders.fr\/#contact\"><span class=\"s2\">Contactez-nous<\/span><\/a> pour concevoir ensemble un programme sur mesure, anim\u00e9 par des femmes qui ont fait leurs preuves \u2014 dans la mer, le nucl\u00e9aire, l\u2019entreprise ou la vie.<\/p>\n<\/li>\n<\/ul>\n\t\t\t\t\t\t\t\t<\/div>\n\t\t\t\t<\/div>\n\t\t\t\t<div class=\"elementor-element elementor-element-b7c22a8 elementor-widget elementor-widget-html\" data-id=\"b7c22a8\" data-element_type=\"widget\" data-e-type=\"widget\" data-widget_type=\"html.default\">\n\t\t\t\t<div class=\"elementor-widget-container\">\n\t\t\t\t\t<script type=\"application\/ld+json\">\n{\n  \"@context\": \"https:\/\/schema.org\",\n  \"@graph\": [\n    {\n      \/\/ SCH\u00c9MA PRINCIPAL : D\u00c9TAILS DU SERVICE\n      \"@type\": \"Service\",\n      \"serviceType\": \"Coaching en Leadership et Mentorat\",\n      \"name\": \"Accompagnement 'Leadership au F\u00e9minin'\",\n      \"url\": \"https:\/\/all-leaders.fr\/services\/coaching-en-leadership\/leadership-au-feminin\/\",\n      \"description\": \"Un programme unique de coaching et mentorat de All Leaders Initiative destin\u00e9 aux femmes pour r\u00e9v\u00e9ler leur potentiel, renforcer leur leadership, d\u00e9velopper leur confiance et affirmer leur authenticit\u00e9 au sein de leur carri\u00e8re.\",\n      \"image\": \"https:\/\/all-leaders.fr\/wp-content\/uploads\/2023\/03\/ALL_LEADERS_INITIATIVE_R_BRIGHT_LOGO_BG-250px_blanc.jpg\",\n      \n      \"provider\": {\n        \"@id\": \"https:\/\/all-leaders.fr\/#organization\"\n      },\n      \n      \"audience\": {\n        \"@type\": \"Audience\",\n        \"audienceType\": \"Femmes Managers et Leaders Professionnelles\",\n        \"name\": \"Femmes cadres, dirigeantes, et professionnelles souhaitant d\u00e9velopper leur leadership\"\n      },\n      \n      \"offers\": {\n        \"@type\": \"Offer\",\n        \"priceCurrency\": \"EUR\",\n        \"category\": \"Programme de Coaching Professionnel\",\n        \"availability\": \"https:\/\/schema.org\/InStock\" \/\/ Le service est disponible\n      },\n\n      \/\/ OPTIONNEL : Si c'est un programme r\u00e9current (tr\u00e8s recommand\u00e9 pour les formations\/coachings)\n      \"hasCourseInstance\": {\n        \"@type\": \"CourseInstance\",\n        \"courseMode\": \"In-person, Online\", \/\/ Ex: En pr\u00e9sentiel, en ligne\n        \"location\": {\n          \"@type\": \"Place\",\n          \"name\": \"France et International (via modules \u00e0 distance)\"\n        }\n      },\n\n      \"areaServed\": {\n        \"@type\": \"Country\", \/\/ Plus pr\u00e9cis que State\n        \"name\": \"France\"\n      }\n    },\n    {\n      \/\/ SCH\u00c9MA SECONDAIRE : D\u00c9TAILS DE L'ORGANISATION (pour r\u00e9utilisation)\n      \"@type\": \"Organization\",\n      \"@id\": \"https:\/\/all-leaders.fr\/#organization\",\n      \"name\": \"All Leaders Initiative\",\n      \"url\": \"https:\/\/all-leaders.fr\",\n      \"logo\": \"https:\/\/all-leaders.fr\/wp-content\/uploads\/2023\/03\/ALL_LEADERS_INITIATIVE_R_BRIGHT_LOGO_BG-250px_blanc.jpg\",\n      \"sameAs\": [\n        \"https:\/\/www.linkedin.com\/in\/bluecells\/\",\n        \"https:\/\/www.linkedin.com\/in\/mepy\/\",\n        \"https:\/\/www.linkedin.com\/in\/pebost\/\"\n        \/\/ Ajoutez ici les liens vers les r\u00e9seaux sociaux de l'entreprise si existants (LinkedIn entreprise, etc.)\n      ],\n      \"contactPoint\": {\n          \"@type\": \"ContactPoint\",\n          \"contactType\": \"sales\",\n          \"areaServed\": \"FR\",\n          \"availableLanguage\": [\"French\", \"Italian\", \"English\"]\n      }\n    }\n  ]\n}\n<\/script>\t\t\t\t<\/div>\n\t\t\t\t<\/div>\n\t\t\t\t\t<\/div>\n\t\t\t\t<\/div>\n\t\t\t\t<\/div>\n\t\t","protected":false},"excerpt":{"rendered":"<p>D\u00e9couvrez un coaching d\u00e9di\u00e9 au leadership f\u00e9minin : les femmes manquent de mod\u00e8les accessibles et font face \u00e0 des d\u00e9fis sp\u00e9cifiques dans des environnements historiquement masculins. Les programmes de leadership f\u00e9minin cr\u00e9ent des espaces pr\u00e9cieux o\u00f9 les dirigeantes peuvent s&#8217;autoriser, respirer et se sentir l\u00e9gitimes face \u00e0 une histoire du pouvoir \u00e9crite au masculin.<\/p>\n","protected":false},"author":2,"featured_media":13005,"template":"","meta":[],"etat":[],"thematiques":[127],"publics-cible":[48,50],"types-formations":[40],"class_list":["post-12994","accompagnements","type-accompagnements","status-publish","has-post-thumbnail","hentry","thematiques-coaching-en-leadership","publics-cible-managers","publics-cible-top-managers-et-dirigeants","types-formations-action"],"yoast_head":"<!-- This site is optimized with the Yoast SEO plugin v27.1.1 - https:\/\/yoast.com\/product\/yoast-seo-wordpress\/ -->\n<title>Leadership f\u00e9minin - All Leaders Initiative<\/title>\n<meta name=\"description\" content=\"R\u00e9v\u00e9lez votre vrai leadership f\u00e9minin. Coaching pour femmes cadres et dirigeantes : affirmez-vous, sans freins et boostez votre carri\u00e8re.\" \/>\n<meta name=\"robots\" content=\"index, follow, max-snippet:-1, max-image-preview:large, max-video-preview:-1\" \/>\n<link rel=\"canonical\" href=\"https:\/\/all-leaders.fr\/en\/accompagnements\/coaching-en-leadership\/leadership-feminin\/\" \/>\n<meta property=\"og:locale\" content=\"en_US\" \/>\n<meta property=\"og:type\" content=\"article\" \/>\n<meta property=\"og:title\" content=\"Leadership f\u00e9minin - All Leaders Initiative\" \/>\n<meta property=\"og:description\" content=\"R\u00e9v\u00e9lez votre vrai leadership f\u00e9minin. Coaching pour femmes cadres et dirigeantes : affirmez-vous, sans freins et boostez votre carri\u00e8re.\" \/>\n<meta property=\"og:url\" content=\"https:\/\/all-leaders.fr\/en\/accompagnements\/coaching-en-leadership\/leadership-feminin\/\" \/>\n<meta property=\"og:site_name\" content=\"All Leaders Initiative\" \/>\n<meta property=\"article:modified_time\" content=\"2025-10-31T14:44:31+00:00\" \/>\n<meta property=\"og:image\" content=\"https:\/\/all-leaders.fr\/wp-content\/uploads\/2025\/10\/leadership-au-feminin.webp\" \/>\n\t<meta property=\"og:image:width\" content=\"1000\" \/>\n\t<meta property=\"og:image:height\" content=\"565\" \/>\n\t<meta property=\"og:image:type\" content=\"image\/webp\" \/>\n<meta name=\"twitter:card\" content=\"summary_large_image\" \/>\n<meta name=\"twitter:label1\" content=\"Est. reading time\" \/>\n\t<meta name=\"twitter:data1\" content=\"4 minutes\" \/>\n<script type=\"application\/ld+json\" class=\"yoast-schema-graph\">{\"@context\":\"https:\/\/schema.org\",\"@graph\":[{\"@type\":\"WebPage\",\"@id\":\"https:\/\/all-leaders.fr\/en\/accompagnements\/coaching-en-leadership\/leadership-feminin\/\",\"url\":\"https:\/\/all-leaders.fr\/en\/accompagnements\/coaching-en-leadership\/leadership-feminin\/\",\"name\":\"Leadership f\u00e9minin - All Leaders Initiative\",\"isPartOf\":{\"@id\":\"https:\/\/all-leaders.fr\/en\/#website\"},\"primaryImageOfPage\":{\"@id\":\"https:\/\/all-leaders.fr\/en\/accompagnements\/coaching-en-leadership\/leadership-feminin\/#primaryimage\"},\"image\":{\"@id\":\"https:\/\/all-leaders.fr\/en\/accompagnements\/coaching-en-leadership\/leadership-feminin\/#primaryimage\"},\"thumbnailUrl\":\"https:\/\/all-leaders.fr\/wp-content\/uploads\/2025\/10\/leadership-au-feminin.webp\",\"datePublished\":\"2025-10-17T11:00:06+00:00\",\"dateModified\":\"2025-10-31T14:44:31+00:00\",\"description\":\"R\u00e9v\u00e9lez votre vrai leadership f\u00e9minin. Coaching pour femmes cadres et dirigeantes : affirmez-vous, sans freins et boostez votre carri\u00e8re.\",\"breadcrumb\":{\"@id\":\"https:\/\/all-leaders.fr\/en\/accompagnements\/coaching-en-leadership\/leadership-feminin\/#breadcrumb\"},\"inLanguage\":\"en-US\",\"potentialAction\":[{\"@type\":\"ReadAction\",\"target\":[\"https:\/\/all-leaders.fr\/en\/accompagnements\/coaching-en-leadership\/leadership-feminin\/\"]}]},{\"@type\":\"ImageObject\",\"inLanguage\":\"en-US\",\"@id\":\"https:\/\/all-leaders.fr\/en\/accompagnements\/coaching-en-leadership\/leadership-feminin\/#primaryimage\",\"url\":\"https:\/\/all-leaders.fr\/wp-content\/uploads\/2025\/10\/leadership-au-feminin.webp\",\"contentUrl\":\"https:\/\/all-leaders.fr\/wp-content\/uploads\/2025\/10\/leadership-au-feminin.webp\",\"width\":1000,\"height\":565,\"caption\":\"Le leadership au fe\u0301minin est une chance pour l'entreprise\"},{\"@type\":\"BreadcrumbList\",\"@id\":\"https:\/\/all-leaders.fr\/en\/accompagnements\/coaching-en-leadership\/leadership-feminin\/#breadcrumb\",\"itemListElement\":[{\"@type\":\"ListItem\",\"position\":1,\"name\":\"Accueil\",\"item\":\"https:\/\/all-leaders.fr\/en\/\"},{\"@type\":\"ListItem\",\"position\":2,\"name\":\"Accompagnements\",\"item\":\"https:\/\/all-leaders.fr\/en\/accompagnements\/%thematiques%\/\"},{\"@type\":\"ListItem\",\"position\":3,\"name\":\"Coaching en leadership\"}]},{\"@type\":\"WebSite\",\"@id\":\"https:\/\/all-leaders.fr\/en\/#website\",\"url\":\"https:\/\/all-leaders.fr\/en\/\",\"name\":\"all-leaders.fr\",\"description\":\"All Leaders Initiative\",\"publisher\":{\"@id\":\"https:\/\/all-leaders.fr\/en\/#organization\"},\"potentialAction\":[{\"@type\":\"SearchAction\",\"target\":{\"@type\":\"EntryPoint\",\"urlTemplate\":\"https:\/\/all-leaders.fr\/en\/?s={search_term_string}\"},\"query-input\":{\"@type\":\"PropertyValueSpecification\",\"valueRequired\":true,\"valueName\":\"search_term_string\"}}],\"inLanguage\":\"en-US\"},{\"@type\":\"Organization\",\"@id\":\"https:\/\/all-leaders.fr\/en\/#organization\",\"name\":\"all-leaders.fr\",\"url\":\"https:\/\/all-leaders.fr\/en\/\",\"logo\":{\"@type\":\"ImageObject\",\"inLanguage\":\"en-US\",\"@id\":\"https:\/\/all-leaders.fr\/en\/#\/schema\/logo\/image\/\",\"url\":\"https:\/\/all-leaders.fr\/wp-content\/uploads\/2023\/03\/ALL_LEADERS_INITIATIVE_L_DARK_LOGO.svg\",\"contentUrl\":\"https:\/\/all-leaders.fr\/wp-content\/uploads\/2023\/03\/ALL_LEADERS_INITIATIVE_L_DARK_LOGO.svg\",\"width\":1360,\"height\":512,\"caption\":\"all-leaders.fr\"},\"image\":{\"@id\":\"https:\/\/all-leaders.fr\/en\/#\/schema\/logo\/image\/\"},\"sameAs\":[\"https:\/\/www.linkedin.com\/company\/all-leaders-initiative\/\"]}]}<\/script>\n<!-- \/ Yoast SEO plugin. -->","yoast_head_json":{"title":"Leadership f\u00e9minin - All Leaders Initiative","description":"R\u00e9v\u00e9lez votre vrai leadership f\u00e9minin. Coaching pour femmes cadres et dirigeantes : affirmez-vous, sans freins et boostez votre carri\u00e8re.","robots":{"index":"index","follow":"follow","max-snippet":"max-snippet:-1","max-image-preview":"max-image-preview:large","max-video-preview":"max-video-preview:-1"},"canonical":"https:\/\/all-leaders.fr\/en\/accompagnements\/coaching-en-leadership\/leadership-feminin\/","og_locale":"en_US","og_type":"article","og_title":"Leadership f\u00e9minin - All Leaders Initiative","og_description":"R\u00e9v\u00e9lez votre vrai leadership f\u00e9minin. Coaching pour femmes cadres et dirigeantes : affirmez-vous, sans freins et boostez votre carri\u00e8re.","og_url":"https:\/\/all-leaders.fr\/en\/accompagnements\/coaching-en-leadership\/leadership-feminin\/","og_site_name":"All Leaders Initiative","article_modified_time":"2025-10-31T14:44:31+00:00","og_image":[{"width":1000,"height":565,"url":"https:\/\/all-leaders.fr\/wp-content\/uploads\/2025\/10\/leadership-au-feminin.webp","type":"image\/webp"}],"twitter_card":"summary_large_image","twitter_misc":{"Est. reading time":"4 minutes"},"schema":{"@context":"https:\/\/schema.org","@graph":[{"@type":"WebPage","@id":"https:\/\/all-leaders.fr\/en\/accompagnements\/coaching-en-leadership\/leadership-feminin\/","url":"https:\/\/all-leaders.fr\/en\/accompagnements\/coaching-en-leadership\/leadership-feminin\/","name":"Leadership f\u00e9minin - All Leaders Initiative","isPartOf":{"@id":"https:\/\/all-leaders.fr\/en\/#website"},"primaryImageOfPage":{"@id":"https:\/\/all-leaders.fr\/en\/accompagnements\/coaching-en-leadership\/leadership-feminin\/#primaryimage"},"image":{"@id":"https:\/\/all-leaders.fr\/en\/accompagnements\/coaching-en-leadership\/leadership-feminin\/#primaryimage"},"thumbnailUrl":"https:\/\/all-leaders.fr\/wp-content\/uploads\/2025\/10\/leadership-au-feminin.webp","datePublished":"2025-10-17T11:00:06+00:00","dateModified":"2025-10-31T14:44:31+00:00","description":"R\u00e9v\u00e9lez votre vrai leadership f\u00e9minin. Coaching pour femmes cadres et dirigeantes : affirmez-vous, sans freins et boostez votre carri\u00e8re.","breadcrumb":{"@id":"https:\/\/all-leaders.fr\/en\/accompagnements\/coaching-en-leadership\/leadership-feminin\/#breadcrumb"},"inLanguage":"en-US","potentialAction":[{"@type":"ReadAction","target":["https:\/\/all-leaders.fr\/en\/accompagnements\/coaching-en-leadership\/leadership-feminin\/"]}]},{"@type":"ImageObject","inLanguage":"en-US","@id":"https:\/\/all-leaders.fr\/en\/accompagnements\/coaching-en-leadership\/leadership-feminin\/#primaryimage","url":"https:\/\/all-leaders.fr\/wp-content\/uploads\/2025\/10\/leadership-au-feminin.webp","contentUrl":"https:\/\/all-leaders.fr\/wp-content\/uploads\/2025\/10\/leadership-au-feminin.webp","width":1000,"height":565,"caption":"Le leadership au fe\u0301minin est une chance pour l'entreprise"},{"@type":"BreadcrumbList","@id":"https:\/\/all-leaders.fr\/en\/accompagnements\/coaching-en-leadership\/leadership-feminin\/#breadcrumb","itemListElement":[{"@type":"ListItem","position":1,"name":"Accueil","item":"https:\/\/all-leaders.fr\/en\/"},{"@type":"ListItem","position":2,"name":"Accompagnements","item":"https:\/\/all-leaders.fr\/en\/accompagnements\/%thematiques%\/"},{"@type":"ListItem","position":3,"name":"Coaching en leadership"}]},{"@type":"WebSite","@id":"https:\/\/all-leaders.fr\/en\/#website","url":"https:\/\/all-leaders.fr\/en\/","name":"all-leaders.fr","description":"All Leaders Initiative","publisher":{"@id":"https:\/\/all-leaders.fr\/en\/#organization"},"potentialAction":[{"@type":"SearchAction","target":{"@type":"EntryPoint","urlTemplate":"https:\/\/all-leaders.fr\/en\/?s={search_term_string}"},"query-input":{"@type":"PropertyValueSpecification","valueRequired":true,"valueName":"search_term_string"}}],"inLanguage":"en-US"},{"@type":"Organization","@id":"https:\/\/all-leaders.fr\/en\/#organization","name":"all-leaders.fr","url":"https:\/\/all-leaders.fr\/en\/","logo":{"@type":"ImageObject","inLanguage":"en-US","@id":"https:\/\/all-leaders.fr\/en\/#\/schema\/logo\/image\/","url":"https:\/\/all-leaders.fr\/wp-content\/uploads\/2023\/03\/ALL_LEADERS_INITIATIVE_L_DARK_LOGO.svg","contentUrl":"https:\/\/all-leaders.fr\/wp-content\/uploads\/2023\/03\/ALL_LEADERS_INITIATIVE_L_DARK_LOGO.svg","width":1360,"height":512,"caption":"all-leaders.fr"},"image":{"@id":"https:\/\/all-leaders.fr\/en\/#\/schema\/logo\/image\/"},"sameAs":["https:\/\/www.linkedin.com\/company\/all-leaders-initiative\/"]}]}},"_links":{"self":[{"href":"https:\/\/all-leaders.fr\/en\/wp-json\/wp\/v2\/accompagnements\/12994","targetHints":{"allow":["GET"]}}],"collection":[{"href":"https:\/\/all-leaders.fr\/en\/wp-json\/wp\/v2\/accompagnements"}],"about":[{"href":"https:\/\/all-leaders.fr\/en\/wp-json\/wp\/v2\/types\/accompagnements"}],"author":[{"embeddable":true,"href":"https:\/\/all-leaders.fr\/en\/wp-json\/wp\/v2\/users\/2"}],"version-history":[{"count":32,"href":"https:\/\/all-leaders.fr\/en\/wp-json\/wp\/v2\/accompagnements\/12994\/revisions"}],"predecessor-version":[{"id":14459,"href":"https:\/\/all-leaders.fr\/en\/wp-json\/wp\/v2\/accompagnements\/12994\/revisions\/14459"}],"wp:featuredmedia":[{"embeddable":true,"href":"https:\/\/all-leaders.fr\/en\/wp-json\/wp\/v2\/media\/13005"}],"wp:attachment":[{"href":"https:\/\/all-leaders.fr\/en\/wp-json\/wp\/v2\/media?parent=12994"}],"wp:term":[{"taxonomy":"etat","embeddable":true,"href":"https:\/\/all-leaders.fr\/en\/wp-json\/wp\/v2\/etat?post=12994"},{"taxonomy":"thematiques","embeddable":true,"href":"https:\/\/all-leaders.fr\/en\/wp-json\/wp\/v2\/thematiques?post=12994"},{"taxonomy":"publics-cible","embeddable":true,"href":"https:\/\/all-leaders.fr\/en\/wp-json\/wp\/v2\/publics-cible?post=12994"},{"taxonomy":"types-formations","embeddable":true,"href":"https:\/\/all-leaders.fr\/en\/wp-json\/wp\/v2\/types-formations?post=12994"}],"curies":[{"name":"wp","href":"https:\/\/api.w.org\/{rel}","templated":true}]}}