{"id":721,"date":"2023-03-31T07:29:30","date_gmt":"2023-03-31T07:29:30","guid":{"rendered":"https:\/\/all-leaders.fr\/?post_type=formations&#038;p=721"},"modified":"2025-11-03T11:42:17","modified_gmt":"2025-11-03T11:42:17","slug":"formation-agressivite-professionnelle-virtual-box","status":"publish","type":"accompagnements","link":"https:\/\/all-leaders.fr\/en\/accompagnements\/gestion-de-la-conflictualite\/formation-agressivite-professionnelle-virtual-box\/","title":{"rendered":"Gestion de l&#8217;agressivit\u00e9 professionnelle &#8211; Formation Virtual Box"},"content":{"rendered":"\t\t<div data-elementor-type=\"wp-post\" data-elementor-id=\"721\" class=\"elementor elementor-721\" data-elementor-post-type=\"accompagnements\">\n\t\t\t\t<div data-particle_enable=\"false\" data-particle-mobile-disabled=\"false\" class=\"elementor-element elementor-element-290db8e e-con-full e-flex e-con e-parent\" data-id=\"290db8e\" data-element_type=\"container\" data-e-type=\"container\" data-settings=\"{&quot;background_background&quot;:&quot;classic&quot;}\">\n\t\t\t\t<div class=\"elementor-element elementor-element-d3ea8fc elementor-widget__width-initial elementor-widget elementor-widget-heading\" data-id=\"d3ea8fc\" data-element_type=\"widget\" data-e-type=\"widget\" data-widget_type=\"heading.default\">\n\t\t\t\t<div class=\"elementor-widget-container\">\n\t\t\t\t\t<h2 class=\"elementor-heading-title elementor-size-default\">L'agressivit\u00e9 est souvent le dernier brin de la relation.<\/h2>\t\t\t\t<\/div>\n\t\t\t\t<\/div>\n\t\t\t\t<div class=\"elementor-element elementor-element-c6d3ddf elementor-widget__width-inherit elementor-widget elementor-widget-heading\" data-id=\"c6d3ddf\" data-element_type=\"widget\" data-e-type=\"widget\" data-widget_type=\"heading.default\">\n\t\t\t\t<div class=\"elementor-widget-container\">\n\t\t\t\t\t<h3 class=\"elementor-heading-title elementor-size-default\">Saurez-vous le pr\u00e9server ?<\/h3>\t\t\t\t<\/div>\n\t\t\t\t<\/div>\n\t\t\t\t<div class=\"elementor-element elementor-element-652eaa9 elementor-widget elementor-widget-text-editor\" data-id=\"652eaa9\" data-element_type=\"widget\" data-e-type=\"widget\" data-widget_type=\"text-editor.default\">\n\t\t\t\t<div class=\"elementor-widget-container\">\n\t\t\t\t\t\t\t\t\t<p>Aujourd&#8217;hui,\u00a0<span style=\"letter-spacing: 0px;\">l&#8217;agressivit\u00e9 professionnelle\u00a0<\/span><span style=\"letter-spacing: 0px;\">est en augmentation et n\u00e9cessite une pr\u00e9paration \u00e0 la gestion des conflits : gestion d&#8217;usagers agressifs, forces de protection, tensions entre coll\u00e8gues dans un environnement sous pression.<\/span><\/p><p>En tant que <b>professionnels responsables<\/b>, nous ne pouvons pas nous soustraire \u00e0 cette confrontation. Nous \u00e9voluons sous une triple contrainte : <b>refuser de nous laisser malmener, prot\u00e9ger les int\u00e9r\u00eats de notre employeur, et ne rien faire<\/b> qui pourrait \u00eatre retenu contre nous ou notre employeur.<\/p>\t\t\t\t\t\t\t\t<\/div>\n\t\t\t\t<\/div>\n\t\t\t\t<div class=\"elementor-element elementor-element-f5ab20c elementor-widget__width-initial elementor-widget elementor-widget-heading\" data-id=\"f5ab20c\" data-element_type=\"widget\" data-e-type=\"widget\" data-widget_type=\"heading.default\">\n\t\t\t\t<div class=\"elementor-widget-container\">\n\t\t\t\t\t<h2 class=\"elementor-heading-title elementor-size-default\">Comment se pr\u00e9parer v\u00e9ritablement \u00e0 g\u00e9rer l'agressivit\u00e9 professionnelle ?\n<\/h2>\t\t\t\t<\/div>\n\t\t\t\t<\/div>\n\t\t\t\t<div class=\"elementor-element elementor-element-98cdc60 elementor-widget__width-inherit elementor-widget-laptop__width-initial elementor-widget elementor-widget-heading\" data-id=\"98cdc60\" data-element_type=\"widget\" data-e-type=\"widget\" data-widget_type=\"heading.default\">\n\t\t\t\t<div class=\"elementor-widget-container\">\n\t\t\t\t\t<h3 class=\"elementor-heading-title elementor-size-default\">Notre approche en 4 \u00e9tapes<\/h3>\t\t\t\t<\/div>\n\t\t\t\t<\/div>\n\t\t\t\t<div class=\"elementor-element elementor-element-b5d0d01 elementor-widget elementor-widget-text-editor\" data-id=\"b5d0d01\" data-element_type=\"widget\" data-e-type=\"widget\" data-widget_type=\"text-editor.default\">\n\t\t\t\t<div class=\"elementor-widget-container\">\n\t\t\t\t\t\t\t\t\t<h4>1. Conna\u00eetre sa r\u00e9action \u00e0 l&#8217;agressivit\u00e9&nbsp;: il faut la c\u00f4toyer<\/h4>\nImpossible de savoir comment vous r\u00e9agissez face \u00e0 l&#8217;agressivit\u00e9 sans l&#8217;avoir v\u00e9cue. Les protocoles th\u00e9oriques, aussi complets soient-ils, ne remplacent jamais l&#8217;exp\u00e9rience directe. C&#8217;est dans la confrontation &#8211; m\u00eame simul\u00e9e &#8211; que vous d\u00e9couvrirez vos r\u00e9flexes, vos blocages, vos ressources insoup\u00e7onn\u00e9es.\n\n<strong>Notre approche :<\/strong> Des mises en situation progressives et r\u00e9alistes qui vous permettent d&#8217;observer vos r\u00e9actions physiologiques, \u00e9motionnelles et comportementales face \u00e0 l&#8217;agressivit\u00e9.\n<h4>2. C\u00f4toyer l&#8217;agressivit\u00e9 en s\u00e9curit\u00e9&nbsp;: l&#8217;accompagnement professionnel<\/h4>\nPour explorer votre rapport \u00e0 l&#8217;agressivit\u00e9 sans risque de traumatisme, il faut un cadre s\u00e9curis\u00e9 sur les plans psychologique ET physique. C&#8217;est la condition sine qua non d&#8217;un apprentissage constructif.\n\n&lt;p&#8221;&gt;<strong>Notre garantie :<\/strong> Un double accompagnement par deux professionnels compl\u00e9mentaires &#8211; une psychoth\u00e9rapeute et coach, et un expert en self-d\u00e9fense et gestion des conflits sous stress. Ils cr\u00e9ent ensemble un espace-temps cadr\u00e9 o\u00f9 l&#8217;intensit\u00e9 est dos\u00e9e selon vos capacit\u00e9s.&lt;\/p&#8221;&gt;\n<h4>3. Comprendre l&#8217;agressivit\u00e9 : l&#8217;\u00e9tudier sous toutes ses facettes<\/h4>\nL&#8217;agressivit\u00e9 ob\u00e9it \u00e0 des m\u00e9caniques pr\u00e9cises : escalade \u00e9motionnelle, d\u00e9shumanisation, basculement dans la violence. Comprendre ces ressorts vous donne des cl\u00e9s de lecture et d&#8217;action.\n\n<strong>Notre m\u00e9thode :<\/strong> Alternance entre p\u00e9riodes d&#8217;entra\u00eenement\/mises en situation et moments de d\u00e9briefing\/analyse. Vous explorez les deux c\u00f4t\u00e9s : celui de l&#8217;agress\u00e9 ET celui de l&#8217;agresseur, car nous avons tous en nous ce double potentiel.\n<h4>4. R\u00e9soudre durablement : travailler sur soi<\/h4>\nLa gestion de l&#8217;agressivit\u00e9 professionnelle commence par un travail int\u00e9rieur : s\u00e9curit\u00e9 ontologique, relation \u00e0 soi-m\u00eame, rapport \u00e0 l&#8217;autorit\u00e9, aux limites, \u00e0 la vuln\u00e9rabilit\u00e9. C&#8217;est ce socle qui d\u00e9termine votre capacit\u00e9 \u00e0 rester ancr\u00e9 face \u00e0 la temp\u00eate.\n\n<strong>Notre accompagnement :<\/strong> Un travail de fond sur votre propre rapport \u00e0 la violence et l&#8217;agressivit\u00e9, vos croyances, vos peurs. Parce qu&#8217;on ne peut g\u00e9rer \u00e0 l&#8217;ext\u00e9rieur ce qu&#8217;on n&#8217;a pas apprivois\u00e9 \u00e0 l&#8217;int\u00e9rieur.\t\t\t\t\t\t\t\t<\/div>\n\t\t\t\t<\/div>\n\t\t\t\t<div class=\"elementor-element elementor-element-5d5b4ae elementor-widget elementor-widget-heading\" data-id=\"5d5b4ae\" data-element_type=\"widget\" data-e-type=\"widget\" data-widget_type=\"heading.default\">\n\t\t\t\t<div class=\"elementor-widget-container\">\n\t\t\t\t\t<h2 class=\"elementor-heading-title elementor-size-default\">La s\u00e9curit\u00e9 garantie par deux experts compl\u00e9mentaires<\/h2>\t\t\t\t<\/div>\n\t\t\t\t<\/div>\n\t\t\t\t<div class=\"elementor-element elementor-element-a01d0fd elementor-widget elementor-widget-text-editor\" data-id=\"a01d0fd\" data-element_type=\"widget\" data-e-type=\"widget\" data-widget_type=\"text-editor.default\">\n\t\t\t\t<div class=\"elementor-widget-container\">\n\t\t\t\t\t\t\t\t\t<h3 class=\"text-lg font-bold text-text-100 mt-1 -mb-1.5\">Une psychoth\u00e9rapeute et coach<\/h3><p class=\"text-lg font-bold text-text-100 mt-1 -mb-1.5\"><strong><a href=\"https:\/\/all-leaders.fr\/equipe-all-leaders\/marie-emmanuelle-py\/\">Marie Emmanuelle PY<\/a><\/strong><\/p><p class=\"whitespace-normal break-words\">Sp\u00e9cialis\u00e9e dans l&#8217;accompagnement des personnes confront\u00e9es \u00e0 l&#8217;agressivit\u00e9, elle vous aide \u00e0 :<\/p><ul class=\"[&amp;:not(:last-child)_ul]:pb-1 [&amp;:not(:last-child)_ol]:pb-1 list-disc space-y-2.5 pl-7\"><li class=\"whitespace-normal break-words\">Comprendre les causes profondes de vos r\u00e9actions<\/li><li class=\"whitespace-normal break-words\">D\u00e9velopper vos comp\u00e9tences \u00e9motionnelles et relationnelles<\/li><li class=\"whitespace-normal break-words\">Int\u00e9grer les exp\u00e9riences v\u00e9cues sans traumatisme<\/li><li class=\"whitespace-normal break-words\">Renforcer votre s\u00e9curit\u00e9 int\u00e9rieure et votre assertivit\u00e9<\/li><\/ul><h3 class=\"text-lg font-bold text-text-100 mt-1 -mb-1.5\">Un expert en self-d\u00e9fense et gestion des conflits sous stress<\/h3><div><p class=\"text-lg font-bold text-text-100 mt-1 -mb-1.5\"><strong><a href=\"https:\/\/all-leaders.fr\/equipe-all-leaders\/jerome-bouteiller\/\">J\u00e9r\u00f4me BOUTEILLER<\/a><\/strong><\/p><\/div><p class=\"whitespace-normal break-words\">Professionnel de la protection individuelle et collective, il vous transmet :<\/p><ul class=\"[&amp;:not(:last-child)_ul]:pb-1 [&amp;:not(:last-child)_ol]:pb-1 list-disc space-y-2.5 pl-7\"><li class=\"whitespace-normal break-words\">Des techniques de d\u00e9fense adapt\u00e9es et proportionn\u00e9es<\/li><li class=\"whitespace-normal break-words\">Les strat\u00e9gies de d\u00e9sescalade verbale et physique<\/li><li class=\"whitespace-normal break-words\">La lecture des signaux pr\u00e9curseurs de violence<\/li><li class=\"whitespace-normal break-words\">Les postures et attitudes qui prot\u00e8gent sans provoquer<\/li><\/ul><p class=\"whitespace-normal break-words\"><strong>Cette double expertise vous offre une approche compl\u00e8te :<\/strong> le physique ET le psychologique, la technique ET l&#8217;humain, la protection ET la compr\u00e9hension.<\/p>\t\t\t\t\t\t\t\t<\/div>\n\t\t\t\t<\/div>\n\t\t\t\t<div class=\"elementor-element elementor-element-4766c20 elementor-widget elementor-widget-heading\" data-id=\"4766c20\" data-element_type=\"widget\" data-e-type=\"widget\" data-widget_type=\"heading.default\">\n\t\t\t\t<div class=\"elementor-widget-container\">\n\t\t\t\t\t<h2 class=\"elementor-heading-title elementor-size-default\">Le programme VIRTUAL BOX<\/h2>\t\t\t\t<\/div>\n\t\t\t\t<\/div>\n\t\t\t\t<div class=\"elementor-element elementor-element-3caff4c elementor-widget elementor-widget-text-editor\" data-id=\"3caff4c\" data-element_type=\"widget\" data-e-type=\"widget\" data-widget_type=\"text-editor.default\">\n\t\t\t\t<div class=\"elementor-widget-container\">\n\t\t\t\t\t\t\t\t\t<p class=\"whitespace-normal break-words\"><strong>Format :<\/strong> Stage r\u00e9sidentiel de 2 jours \u00bd<\/p><p class=\"whitespace-normal break-words\"><strong>Contenu :<\/strong><\/p><ul class=\"[&amp;:not(:last-child)_ul]:pb-1 [&amp;:not(:last-child)_ol]:pb-1 list-disc space-y-2.5 pl-7\"><li class=\"whitespace-normal break-words\">Les diff\u00e9rents types d&#8217;agression verbale et physique et leurs cons\u00e9quences<\/li><li class=\"whitespace-normal break-words\">La m\u00e9canique d&#8217;une agression : comment la contenir ou la g\u00e9rer<\/li><li class=\"whitespace-normal break-words\">Techniques d&#8217;urgence pour ma\u00eetriser une agression avant qu&#8217;elle se transforme en violence<\/li><li class=\"whitespace-normal break-words\">Techniques de protection individuelles et strat\u00e9gies de groupe<\/li><li class=\"whitespace-normal break-words\">Travail approfondi sur votre propre rapport \u00e0 la violence et l&#8217;agressivit\u00e9<\/li><\/ul><p class=\"whitespace-normal break-words\"><strong>P\u00e9dagogie :<\/strong> Alternance de phases pratiques (mises en situation, entra\u00eenements) et de phases r\u00e9flexives (d\u00e9briefings, analyses, partages).<\/p><p class=\"whitespace-normal break-words\"><strong>Public :<\/strong> Professionnels confront\u00e9s \u00e0 l&#8217;agressivit\u00e9 (contact avec le public, secteur m\u00e9dical, administration, transport, management de terrain, s\u00e9curit\u00e9&#8230;) &#8211; Groupes de 6 \u00e0 18 personnes.<\/p><p class=\"whitespace-normal break-words\"><strong>Pr\u00e9requis :<\/strong> Bonne sant\u00e9 physique, les efforts \u00e9tant adapt\u00e9s aux possibilit\u00e9s de chacun.<\/p>\t\t\t\t\t\t\t\t<\/div>\n\t\t\t\t<\/div>\n\t\t\t\t<div class=\"elementor-element elementor-element-34a4c40 elementor-widget elementor-widget-heading\" data-id=\"34a4c40\" data-element_type=\"widget\" data-e-type=\"widget\" data-widget_type=\"heading.default\">\n\t\t\t\t<div class=\"elementor-widget-container\">\n\t\t\t\t\t<h2 class=\"elementor-heading-title elementor-size-default\">Pourquoi cette approche est unique<\/h2>\t\t\t\t<\/div>\n\t\t\t\t<\/div>\n\t\t\t\t<div class=\"elementor-element elementor-element-5039073 elementor-widget elementor-widget-text-editor\" data-id=\"5039073\" data-element_type=\"widget\" data-e-type=\"widget\" data-widget_type=\"text-editor.default\">\n\t\t\t\t<div class=\"elementor-widget-container\">\n\t\t\t\t\t\t\t\t\t<p class=\"whitespace-normal break-words\">Parce que chaque agression est sp\u00e9cifique&#8230; Et qu&#8217;en m\u00eame temps, elles se ressemblent toutes.<\/p><p class=\"whitespace-normal break-words\">Dans la vraie vie, trois phases se succ\u00e8dent trop rapidement pour \u00eatre conscientis\u00e9es :<\/p><ol class=\"[&amp;:not(:last-child)_ul]:pb-1 [&amp;:not(:last-child)_ol]:pb-1 list-decimal space-y-2.5 pl-7\"><li class=\"whitespace-normal break-words\">\u00c9chec de la parole et de la r\u00e9solution du conflit<\/li><li class=\"whitespace-normal break-words\">D\u00e9shumanisation des protagonistes<\/li><li class=\"whitespace-normal break-words\">Violence physique en ultime ressort<\/li><\/ol><p class=\"whitespace-normal break-words\">Nous r\u00e9agissons en mode automatique, parfois archa\u00efque, et la sc\u00e8ne s&#8217;imprime dans notre cerveau avant intellectualisation &#8211; d&#8217;o\u00f9 le risque traumatique.<\/p><p class=\"whitespace-normal break-words\"><strong>Avec la Virtual Box, nous ralentissons le film<\/strong> : vous vivez ces phases en conscience, accompagn\u00e9, pour d\u00e9velopper de nouveaux automatismes constructifs.<\/p>\t\t\t\t\t\t\t\t<\/div>\n\t\t\t\t<\/div>\n\t\t<div data-particle_enable=\"false\" data-particle-mobile-disabled=\"false\" class=\"elementor-element elementor-element-fe30ba9 e-flex e-con-boxed e-con e-child\" data-id=\"fe30ba9\" data-element_type=\"container\" data-e-type=\"container\" data-settings=\"{&quot;background_background&quot;:&quot;classic&quot;}\">\n\t\t\t\t\t<div class=\"e-con-inner\">\n\t\t<div data-particle_enable=\"false\" data-particle-mobile-disabled=\"false\" class=\"elementor-element elementor-element-c86c662 e-con-full e-flex e-con e-child\" data-id=\"c86c662\" data-element_type=\"container\" data-e-type=\"container\" data-settings=\"{&quot;background_background&quot;:&quot;classic&quot;}\">\n\t\t\t\t<div class=\"elementor-element elementor-element-96393e3 elementor-widget elementor-widget-heading\" data-id=\"96393e3\" data-element_type=\"widget\" data-e-type=\"widget\" data-widget_type=\"heading.default\">\n\t\t\t\t<div class=\"elementor-widget-container\">\n\t\t\t\t\t<h2 class=\"elementor-heading-title elementor-size-default\">T\u00e9moignage<\/h2>\t\t\t\t<\/div>\n\t\t\t\t<\/div>\n\t\t\t\t<div class=\"elementor-element elementor-element-610c2f5 elementor-widget elementor-widget-heading\" data-id=\"610c2f5\" data-element_type=\"widget\" data-e-type=\"widget\" data-widget_type=\"heading.default\">\n\t\t\t\t<div class=\"elementor-widget-container\">\n\t\t\t\t\t<h2 class=\"elementor-heading-title elementor-size-default\">\"Une subtile alliance de 2 formateurs qui unissent leurs comp\u00e9tences pour nous offrir le meilleur de nous-m\u00eames dans la connaissance de soi et la gestion de l'agressivit\u00e9 professionnelle. L'intelligence et la profonde humanit\u00e9 de ces experts conduit \u00e0 des r\u00e9sultats stup\u00e9fiants.\"<br><strong>- Vincent Marchand<\/strong>\n<\/h2>\t\t\t\t<\/div>\n\t\t\t\t<\/div>\n\t\t\t\t<\/div>\n\t\t\t\t\t<\/div>\n\t\t\t\t<\/div>\n\t\t\t\t<div class=\"elementor-element elementor-element-95cb188 elementor-widget elementor-widget-heading\" data-id=\"95cb188\" data-element_type=\"widget\" data-e-type=\"widget\" data-widget_type=\"heading.default\">\n\t\t\t\t<div class=\"elementor-widget-container\">\n\t\t\t\t\t<h2 class=\"elementor-heading-title elementor-size-default\">Les b\u00e9n\u00e9fices pour votre organisation<\/h2>\t\t\t\t<\/div>\n\t\t\t\t<\/div>\n\t\t\t\t<div class=\"elementor-element elementor-element-9415bd9 elementor-widget elementor-widget-text-editor\" data-id=\"9415bd9\" data-element_type=\"widget\" data-e-type=\"widget\" data-widget_type=\"text-editor.default\">\n\t\t\t\t<div class=\"elementor-widget-container\">\n\t\t\t\t\t\t\t\t\t<p class=\"whitespace-normal break-words\"><b>L&#8217;agressivit\u00e9 s&#8217;invite toujours plus dans nos vies professionnelles :<\/b><\/p><ul class=\"[&amp;:not(:last-child)_ul]:pb-1 [&amp;:not(:last-child)_ol]:pb-1 list-disc space-y-2.5 pl-7\"><li class=\"whitespace-normal break-words\">En France, 4,5% des travailleurs ont d\u00e9clar\u00e9 avoir subi au moins une agression physique en 2017 (DARES)<\/li><li class=\"whitespace-normal break-words\">Le taux de violence physique au travail varie entre 1,5% et 8% selon les pays de l&#8217;UE<\/li><li class=\"whitespace-normal break-words\">Aux \u00c9tats-Unis, 20% des employ\u00e9s ont \u00e9t\u00e9 t\u00e9moins ou victimes d&#8217;agression verbale<\/li><\/ul><p class=\"whitespace-normal break-words\"><strong>Les b\u00e9n\u00e9fices concrets de la formation :<\/strong><\/p><ul class=\"[&amp;:not(:last-child)_ul]:pb-1 [&amp;:not(:last-child)_ol]:pb-1 list-disc space-y-2.5 pl-7\"><li class=\"whitespace-normal break-words\">R\u00e9duction des co\u00fbts li\u00e9s aux arr\u00eats de travail<\/li><li class=\"whitespace-normal break-words\">Am\u00e9lioration de la satisfaction et du bien-\u00eatre des collaborateurs<\/li><li class=\"whitespace-normal break-words\">Limitation du turnover<\/li><li class=\"whitespace-normal break-words\">R\u00e9duction des risques de poursuites judiciaires<\/li><li class=\"whitespace-normal break-words\">Am\u00e9lioration de l&#8217;image de l&#8217;entreprise<\/li><li class=\"whitespace-normal break-words\">Coh\u00e9sion d&#8217;\u00e9quipe renforc\u00e9e<\/li><\/ul>\t\t\t\t\t\t\t\t<\/div>\n\t\t\t\t<\/div>\n\t\t<div data-particle_enable=\"false\" data-particle-mobile-disabled=\"false\" class=\"elementor-element elementor-element-11eab06 e-con-full e-flex e-con e-child\" data-id=\"11eab06\" data-element_type=\"container\" data-e-type=\"container\" data-settings=\"{&quot;background_background&quot;:&quot;classic&quot;}\">\n\t\t<div data-particle_enable=\"false\" data-particle-mobile-disabled=\"false\" class=\"elementor-element elementor-element-4928947 e-con-full e-flex e-con e-child\" data-id=\"4928947\" data-element_type=\"container\" data-e-type=\"container\" data-settings=\"{&quot;background_background&quot;:&quot;classic&quot;}\">\n\t\t\t\t<div class=\"elementor-element elementor-element-843b67b elementor-widget elementor-widget-heading\" data-id=\"843b67b\" data-element_type=\"widget\" data-e-type=\"widget\" data-widget_type=\"heading.default\">\n\t\t\t\t<div class=\"elementor-widget-container\">\n\t\t\t\t\t<h2 class=\"elementor-heading-title elementor-size-default\">Informations pratiques<\/h2>\t\t\t\t<\/div>\n\t\t\t\t<\/div>\n\t\t\t\t<div class=\"elementor-element elementor-element-1474279 elementor-widget elementor-widget-text-editor\" data-id=\"1474279\" data-element_type=\"widget\" data-e-type=\"widget\" data-widget_type=\"text-editor.default\">\n\t\t\t\t<div class=\"elementor-widget-container\">\n\t\t\t\t\t\t\t\t\t<p><strong>Tarif :<\/strong><span style=\"font-size: 20px;\"> \u00c0 partir de 1350\u20ac\/personne, en r\u00e9sidentiel<\/span><\/p>\n<p class=\"whitespace-normal break-words\"><strong>Groupe :<\/strong> 6 \u00e0 18 personnes<\/p>\n<p class=\"whitespace-normal break-words\"><strong>Encadrement :<\/strong> Double, avec un professionnel de la self-d\u00e9fense et une coach\/psychoth\u00e9rapeute<\/p>\n<p class=\"whitespace-normal break-words\"><strong>Contactez-nous<\/strong> pour \u00e9changer sur vos besoins sp\u00e9cifiques et adapter les modalit\u00e9s logistiques.<\/p>\t\t\t\t\t\t\t\t<\/div>\n\t\t\t\t<\/div>\n\t\t<div data-particle_enable=\"false\" data-particle-mobile-disabled=\"false\" class=\"elementor-element elementor-element-d6a08fe e-con-full e-flex e-con e-child\" data-id=\"d6a08fe\" data-element_type=\"container\" data-e-type=\"container\">\n\t\t\t\t<div class=\"elementor-element elementor-element-e947180 elementor-view-default elementor-widget elementor-widget-icon\" data-id=\"e947180\" data-element_type=\"widget\" data-e-type=\"widget\" data-widget_type=\"icon.default\">\n\t\t\t\t<div class=\"elementor-widget-container\">\n\t\t\t\t\t\t\t<div class=\"elementor-icon-wrapper\">\n\t\t\t<div class=\"elementor-icon\">\n\t\t\t<i aria-hidden=\"true\" class=\"fas fa-file-download\"><\/i>\t\t\t<\/div>\n\t\t<\/div>\n\t\t\t\t\t\t<\/div>\n\t\t\t\t<\/div>\n\t\t\t\t<div class=\"elementor-element elementor-element-af4b832 elementor-widget elementor-widget-heading\" data-id=\"af4b832\" data-element_type=\"widget\" data-e-type=\"widget\" data-widget_type=\"heading.default\">\n\t\t\t\t<div class=\"elementor-widget-container\">\n\t\t\t\t\t<h4 class=\"elementor-heading-title elementor-size-medium\"><a href=\"https:\/\/all-leaders.fr\/wp-content\/uploads\/2023\/05\/6_Brochure-Virtual-Box.pdf\">T\u00e9l\u00e9charger la brochure Virtual Box<\/a><\/h4>\t\t\t\t<\/div>\n\t\t\t\t<\/div>\n\t\t\t\t<\/div>\n\t\t\t\t<\/div>\n\t\t\t\t<\/div>\n\t\t\t\t<\/div>\n\t\t<div data-particle_enable=\"false\" data-particle-mobile-disabled=\"false\" class=\"elementor-element elementor-element-aee4a45 e-con-full e-flex e-con e-parent\" data-id=\"aee4a45\" data-element_type=\"container\" data-e-type=\"container\">\n\t\t\t\t<div class=\"elementor-element elementor-element-abc1476 elementor-widget elementor-widget-heading\" data-id=\"abc1476\" data-element_type=\"widget\" data-e-type=\"widget\" data-widget_type=\"heading.default\">\n\t\t\t\t<div class=\"elementor-widget-container\">\n\t\t\t\t\t<h2 class=\"elementor-heading-title elementor-size-default\">FAQ<\/h2>\t\t\t\t<\/div>\n\t\t\t\t<\/div>\n\t\t\t\t<div class=\"elementor-element elementor-element-6059b0b elementor-widget__width-inherit elementor-widget elementor-widget-heading\" data-id=\"6059b0b\" data-element_type=\"widget\" data-e-type=\"widget\" data-widget_type=\"heading.default\">\n\t\t\t\t<div class=\"elementor-widget-container\">\n\t\t\t\t\t<h3 class=\"elementor-heading-title elementor-size-default\">Comment se d\u00e9roule une formation Virtual Box ?<\/h3>\t\t\t\t<\/div>\n\t\t\t\t<\/div>\n\t\t\t\t<div class=\"elementor-element elementor-element-a714c39 elementor-widget elementor-widget-text-editor\" data-id=\"a714c39\" data-element_type=\"widget\" data-e-type=\"widget\" data-widget_type=\"text-editor.default\">\n\t\t\t\t<div class=\"elementor-widget-container\">\n\t\t\t\t\t\t\t\t\t<p class=\"whitespace-normal break-words\">C&#8217;est notre secret de fabrication ! Le programme alterne pratique intensive et d\u00e9briefings, sans temps morts. Mises en situation r\u00e9alistes, techniques de protection, exploration de vos r\u00e9actions face \u00e0 l&#8217;agressivit\u00e9. L&#8217;humain est au centre : chaque participant progresse \u00e0 son rythme, accompagn\u00e9 en continu par nos deux experts.<\/p>\t\t\t\t\t\t\t\t<\/div>\n\t\t\t\t<\/div>\n\t\t\t\t<div class=\"elementor-element elementor-element-ab64037 elementor-widget__width-inherit elementor-widget elementor-widget-heading\" data-id=\"ab64037\" data-element_type=\"widget\" data-e-type=\"widget\" data-widget_type=\"heading.default\">\n\t\t\t\t<div class=\"elementor-widget-container\">\n\t\t\t\t\t<h3 class=\"elementor-heading-title elementor-size-default\">Qui peut participer \u00e0 cette formation ?<\/h3>\t\t\t\t<\/div>\n\t\t\t\t<\/div>\n\t\t\t\t<div class=\"elementor-element elementor-element-7c757a6 elementor-widget elementor-widget-text-editor\" data-id=\"7c757a6\" data-element_type=\"widget\" data-e-type=\"widget\" data-widget_type=\"text-editor.default\">\n\t\t\t\t<div class=\"elementor-widget-container\">\n\t\t\t\t\t\t\t\t\t<p class=\"whitespace-normal break-words\">Toute personne pr\u00eate \u00e0 repousser ses limites et confront\u00e9e \u00e0 l&#8217;agressivit\u00e9 professionnelle. La partie physique n\u00e9cessite un bon \u00e9tat de sant\u00e9 g\u00e9n\u00e9ral, mais les exercices sont adapt\u00e9s aux capacit\u00e9s de chacun. Rien d&#8217;extr\u00eame type commando : juste l&#8217;engagement d&#8217;explorer votre rapport \u00e0 la violence.<\/p>\t\t\t\t\t\t\t\t<\/div>\n\t\t\t\t<\/div>\n\t\t\t\t<div class=\"elementor-element elementor-element-27b1eff elementor-widget__width-inherit elementor-widget elementor-widget-heading\" data-id=\"27b1eff\" data-element_type=\"widget\" data-e-type=\"widget\" data-widget_type=\"heading.default\">\n\t\t\t\t<div class=\"elementor-widget-container\">\n\t\t\t\t\t<h3 class=\"elementor-heading-title elementor-size-default\">Quels sont les r\u00e9sultats concrets apr\u00e8s la formation ?<\/h3>\t\t\t\t<\/div>\n\t\t\t\t<\/div>\n\t\t\t\t<div class=\"elementor-element elementor-element-2540b08 elementor-widget elementor-widget-text-editor\" data-id=\"2540b08\" data-element_type=\"widget\" data-e-type=\"widget\" data-widget_type=\"text-editor.default\">\n\t\t\t\t<div class=\"elementor-widget-container\">\n\t\t\t\t\t\t\t\t\t<p class=\"whitespace-normal break-words\">Un alignement personnel et social renforc\u00e9, des outils directement mobilisables, une nouvelle fa\u00e7on d&#8217;\u00eatre et de faire face \u00e0 l&#8217;agressivit\u00e9. Vous repartez avec des techniques \u00e9prouv\u00e9es et une meilleure connaissance de vous-m\u00eame. Pour les organisations, nous pouvons d\u00e9finir ensemble des indicateurs de suivi adapt\u00e9s.<\/p>\t\t\t\t\t\t\t\t<\/div>\n\t\t\t\t<\/div>\n\t\t\t\t<div class=\"elementor-element elementor-element-a757666 elementor-widget__width-inherit elementor-widget elementor-widget-heading\" data-id=\"a757666\" data-element_type=\"widget\" data-e-type=\"widget\" data-widget_type=\"heading.default\">\n\t\t\t\t<div class=\"elementor-widget-container\">\n\t\t\t\t\t<h3 class=\"elementor-heading-title elementor-size-default\">La formation est-elle \u00e9ligible au CPF\/OPCO ?<\/h3>\t\t\t\t<\/div>\n\t\t\t\t<\/div>\n\t\t\t\t<div class=\"elementor-element elementor-element-9ab818b elementor-widget elementor-widget-text-editor\" data-id=\"9ab818b\" data-element_type=\"widget\" data-e-type=\"widget\" data-widget_type=\"text-editor.default\">\n\t\t\t\t<div class=\"elementor-widget-container\">\n\t\t\t\t\t\t\t\t\t<p class=\"whitespace-normal break-words\">Non, nous ne sommes pas certifi\u00e9s Qualiopi. En revanche, la formation peut \u00eatre prise en charge par votre employeur dans le cadre du plan de d\u00e9veloppement des comp\u00e9tences ou financ\u00e9e directement. Contactez-nous pour explorer les solutions de financement adapt\u00e9es \u00e0 votre situation.<\/p>\t\t\t\t\t\t\t\t<\/div>\n\t\t\t\t<\/div>\n\t\t\t\t<div class=\"elementor-element elementor-element-e89b896 elementor-widget__width-inherit elementor-widget elementor-widget-heading\" data-id=\"e89b896\" data-element_type=\"widget\" data-e-type=\"widget\" data-widget_type=\"heading.default\">\n\t\t\t\t<div class=\"elementor-widget-container\">\n\t\t\t\t\t<h3 class=\"elementor-heading-title elementor-size-default\">O\u00f9 se d\u00e9roule le stage r\u00e9sidentiel ?\n<\/h3>\t\t\t\t<\/div>\n\t\t\t\t<\/div>\n\t\t\t\t<div class=\"elementor-element elementor-element-d22b9c3 elementor-widget elementor-widget-text-editor\" data-id=\"d22b9c3\" data-element_type=\"widget\" data-e-type=\"widget\" data-widget_type=\"text-editor.default\">\n\t\t\t\t<div class=\"elementor-widget-container\">\n\t\t\t\t\t\t\t\t\t<p class=\"whitespace-normal break-words\">Dans un lieu unique et pr\u00e9serv\u00e9, accessible via un transfert \u00e9co-responsable. Cette unit\u00e9 de lieu volontairement born\u00e9e et contr\u00f4l\u00e9e garantit la s\u00e9curit\u00e9 du cadre et l&#8217;immersion totale. L&#8217;environnement est pens\u00e9 pour favoriser la concentration, l&#8217;apprentissage et la coh\u00e9sion du groupe.<\/p>\t\t\t\t\t\t\t\t<\/div>\n\t\t\t\t<\/div>\n\t\t\t\t<\/div>\n\t\t<div data-particle_enable=\"false\" data-particle-mobile-disabled=\"false\" class=\"elementor-element elementor-element-d62fe70 e-flex e-con-boxed e-con e-parent\" data-id=\"d62fe70\" data-element_type=\"container\" data-e-type=\"container\">\n\t\t\t\t\t<div class=\"e-con-inner\">\n\t\t\t\t<div class=\"elementor-element elementor-element-4314805 elementor-widget elementor-widget-html\" data-id=\"4314805\" data-element_type=\"widget\" data-e-type=\"widget\" data-widget_type=\"html.default\">\n\t\t\t\t<div class=\"elementor-widget-container\">\n\t\t\t\t\t<script type=\"application\/ld+json\">\n[\n  {\n    \"@context\": \"https:\/\/schema.org\",\n    \"@type\": \"Course\",\n    \"name\": \"Gestion de l\u2019agressivit\u00e9 professionnelle \u2013 Formation Virtual Box\",\n    \"description\": \"Une immersion totale dans un monde d'inconfort physique et psychologique pour se conna\u00eetre et apprivoiser son agressivit\u00e9 et celle des autres. Cette formation en stage r\u00e9sidentiel de 2 jours et demi est encadr\u00e9e par une psychoth\u00e9rapeute et un expert en self-d\u00e9fense et gestion des conflits sous stress.\",\n    \"url\": \"https:\/\/all-leaders.fr\/services\/gestion-de-la-conflictualite\/formation-agressivite-professionnelle\/\",\n    \"keywords\": [\"Agressivit\u00e9 professionnelle\", \"Gestion de la conflictualit\u00e9\", \"Virtual Box\", \"Self-d\u00e9fense\", \"Management de crise\", \"Formation\"],\n    \"inLanguage\": \"fr-FR\",\n    \"provider\": {\n      \"@type\": \"Organization\",\n      \"name\": \"All Leaders Initiative\",\n      \"url\": \"https:\/\/all-leaders.fr\/\",\n      \"logo\": \"https:\/\/all-leaders.fr\/wp-content\/uploads\/2023\/03\/ALL_LEADERS_INITIATIVE_L_DARK_LOGO.svg\",\n      \"address\": {\n        \"@type\": \"PostalAddress\",\n        \"streetAddress\": \"69 rue La Condamine\",\n        \"addressLocality\": \"Paris\",\n        \"postalCode\": \"75017\",\n        \"addressCountry\": \"FR\"\n      }\n    },\n    \"hasCourseInstance\": {\n      \"@type\": \"CourseInstance\",\n      \"courseMode\": \"Stage r\u00e9sidentiel (In-person)\",\n      \"courseWorkload\": \"2 jours et demi\",\n      \"instructor\": [\n        {\n          \"@type\": \"Person\",\n          \"name\": \"Marie Emmanuelle PY\",\n          \"jobTitle\": \"Psychoth\u00e9rapeute et coach\",\n          \"url\": \"https:\/\/all-leaders.fr\/equipe-all-leaders\/marie-emmanuelle-py\/\"\n        },\n        {\n          \"@type\": \"Person\",\n          \"name\": \"J\u00e9r\u00f4me BOUTEILLER\",\n          \"jobTitle\": \"Expert en self-d\u00e9fense et gestion des conflits sous stress\",\n          \"url\": \"https:\/\/all-leaders.fr\/equipe-all-leaders\/jerome-bouteiller\/\"\n        }\n      ],\n      \"offers\": {\n        \"@type\": \"Offer\",\n        \"category\": \"Educational\",\n        \"price\": \"1350\",\n        \"priceCurrency\": \"EUR\",\n        \"description\": \"Tarif \u00e0 partir de 1350\u20ac\/personne, en r\u00e9sidentiel. Groupe : 6 \u00e0 18 personnes.\",\n        \"availability\": \"https:\/\/schema.org\/InStock\",\n        \"url\": \"https:\/\/all-leaders.fr\/contact\/\"\n      }\n    }\n  },\n  {\n    \"@context\": \"https:\/\/schema.org\",\n    \"@type\": \"FAQPage\",\n    \"mainEntity\": [\n      {\n        \"@type\": \"Question\",\n        \"name\": \"Comment se d\u00e9roule une formation Virtual Box ?\",\n        \"acceptedAnswer\": {\n          \"@type\": \"Answer\",\n          \"text\": \"C\u2019est notre secret de fabrication ! Le programme alterne pratique intensive et d\u00e9briefings, sans temps morts. Mises en situation r\u00e9alistes, techniques de protection, exploration de vos r\u00e9actions face \u00e0 l\u2019agressivit\u00e9. L\u2019humain est au centre : chaque participant progresse \u00e0 son rythme, accompagn\u00e9 en continu par nos deux experts.\"\n        }\n      },\n      {\n        \"@type\": \"Question\",\n        \"name\": \"Qui peut participer \u00e0 cette formation ?\",\n        \"acceptedAnswer\": {\n          \"@type\": \"Answer\",\n          \"text\": \"Toute personne pr\u00eate \u00e0 repousser ses limites et confront\u00e9e \u00e0 l\u2019agressivit\u00e9 professionnelle. La partie physique n\u00e9cessite un bon \u00e9tat de sant\u00e9 g\u00e9n\u00e9ral, mais les exercices sont adapt\u00e9s aux capacit\u00e9s de chacun. Rien d\u2019extr\u00eame type commando : juste l\u2019engagement d\u2019explorer votre rapport \u00e0 la violence.\"\n        }\n      },\n      {\n        \"@type\": \"Question\",\n        \"name\": \"Quels sont les r\u00e9sultats concrets apr\u00e8s la formation ?\",\n        \"acceptedAnswer\": {\n          \"@type\": \"Answer\",\n          \"text\": \"Un alignement personnel et social renforc\u00e9, des outils directement mobilisables, une nouvelle fa\u00e7on d\u2019\u00eatre et de faire face \u00e0 l\u2019agressivit\u00e9. Vous repartez avec des techniques \u00e9prouv\u00e9es et une meilleure connaissance de vous-m\u00eame. Pour les organisations, nous pouvons d\u00e9finir ensemble des indicateurs de suivi adapt\u00e9s.\"\n        }\n      },\n      {\n        \"@type\": \"Question\",\n        \"name\": \"La formation est-elle \u00e9ligible au CPF\/OPCO ?\",\n        \"acceptedAnswer\": {\n          \"@type\": \"Answer\",\n          \"text\": \"Non, nous ne sommes pas certifi\u00e9s Qualiopi. En revanche, la formation peut \u00eatre prise en charge par votre employeur dans le cadre du plan de d\u00e9veloppement des comp\u00e9tences ou financ\u00e9e directement. Contactez-nous pour explorer les solutions de financement adapt\u00e9es \u00e0 votre situation.\"\n        }\n      },\n      {\n        \"@type\": \"Question\",\n        \"name\": \"O\u00f9 se d\u00e9roule le stage r\u00e9sidentiel ?\",\n        \"acceptedAnswer\": {\n          \"@type\": \"Answer\",\n          \"text\": \"Dans un lieu unique et pr\u00e9serv\u00e9, accessible via un transfert \u00e9co-responsable. Cette unit\u00e9 de lieu volontairement born\u00e9e et contr\u00f4l\u00e9e garantit la s\u00e9curit\u00e9 du cadre et l\u2019immersion totale. L\u2019environnement est pens\u00e9 pour favoriser la concentration, l\u2019apprentissage et la coh\u00e9sion du groupe.\"\n        }\n      }\n    ]\n  }\n]\n<\/script>\t\t\t\t<\/div>\n\t\t\t\t<\/div>\n\t\t\t\t\t<\/div>\n\t\t\t\t<\/div>\n\t\t\t\t<\/div>\n\t\t","protected":false},"excerpt":{"rendered":"<p>Une immersion totale dans un monde d&#8217;inconfort physique et psychologique pour se conna\u00eetre et apprivoiser son agressivit\u00e9 et celle des autres. Une \u00e9tape n\u00e9cessaire \u00e0 la r\u00e9solution de l&#8217;agressivit\u00e9 professionnelle.<\/p>\n","protected":false},"author":1,"featured_media":722,"template":"","meta":[],"etat":[100],"thematiques":[128],"publics-cible":[47,49,48,50],"types-formations":[51],"class_list":["post-721","accompagnements","type-accompagnements","status-publish","has-post-thumbnail","hentry","etat-monte","thematiques-gestion-de-la-conflictualite","publics-cible-assistants","publics-cible-collaborateurs","publics-cible-managers","publics-cible-top-managers-et-dirigeants","types-formations-immersion"],"yoast_head":"<!-- This site is optimized with the Yoast SEO plugin v27.1.1 - https:\/\/yoast.com\/product\/yoast-seo-wordpress\/ -->\n<title>Gestion de l&#039;agressivit\u00e9 professionnelle - Formation Virtual Box<\/title>\n<meta name=\"description\" content=\"G\u00e9rez l&#039;agressivit\u00e9 professionnelle en toute s\u00e9curit\u00e9. Formation Virtual Box : 2,5 jours avec psychoth\u00e9rapeute et expert self-d\u00e9fense.\" \/>\n<meta name=\"robots\" content=\"index, follow, max-snippet:-1, max-image-preview:large, max-video-preview:-1\" \/>\n<link rel=\"canonical\" href=\"https:\/\/all-leaders.fr\/en\/accompagnements\/gestion-de-la-conflictualite\/formation-agressivite-professionnelle-virtual-box\/\" \/>\n<meta property=\"og:locale\" content=\"en_US\" \/>\n<meta property=\"og:type\" content=\"article\" \/>\n<meta property=\"og:title\" content=\"Gestion de l&#039;agressivit\u00e9 professionnelle - Formation Virtual Box - All Leaders Initiative\" \/>\n<meta property=\"og:description\" content=\"VIRTUAL BOX : explorez les ressorts de l\u2019agressivit\u00e9 et de la violence en vous adaptant aux inconforts g\u00e9n\u00e9r\u00e9s par la confrontation directe.\" \/>\n<meta property=\"og:url\" content=\"https:\/\/all-leaders.fr\/en\/accompagnements\/gestion-de-la-conflictualite\/formation-agressivite-professionnelle-virtual-box\/\" \/>\n<meta property=\"og:site_name\" content=\"All Leaders Initiative\" \/>\n<meta property=\"article:modified_time\" content=\"2025-11-03T11:42:17+00:00\" \/>\n<meta property=\"og:image\" content=\"https:\/\/all-leaders.fr\/wp-content\/uploads\/2023\/03\/vbox.jpg\" \/>\n\t<meta property=\"og:image:width\" content=\"1024\" \/>\n\t<meta property=\"og:image:height\" content=\"683\" \/>\n\t<meta property=\"og:image:type\" content=\"image\/jpeg\" \/>\n<meta name=\"twitter:card\" content=\"summary_large_image\" \/>\n<meta name=\"twitter:title\" content=\"Gestion de l&#039;agressivit\u00e9 professionnelle - Formation Virtual Box - All Leaders Initiative\" \/>\n<meta name=\"twitter:description\" content=\"VIRTUAL BOX : explorez les ressorts de l\u2019agressivit\u00e9 et de la violence en vous adaptant aux inconforts g\u00e9n\u00e9r\u00e9s par la confrontation directe.\" \/>\n<meta name=\"twitter:image\" content=\"https:\/\/all-leaders.fr\/wp-content\/uploads\/2023\/03\/vbox.jpg\" \/>\n<meta name=\"twitter:label1\" content=\"Est. reading time\" \/>\n\t<meta name=\"twitter:data1\" content=\"6 minutes\" \/>\n<script type=\"application\/ld+json\" class=\"yoast-schema-graph\">{\"@context\":\"https:\/\/schema.org\",\"@graph\":[{\"@type\":\"WebPage\",\"@id\":\"https:\/\/all-leaders.fr\/en\/accompagnements\/gestion-de-la-conflictualite\/formation-agressivite-professionnelle-virtual-box\/\",\"url\":\"https:\/\/all-leaders.fr\/en\/accompagnements\/gestion-de-la-conflictualite\/formation-agressivite-professionnelle-virtual-box\/\",\"name\":\"Gestion de l'agressivit\u00e9 professionnelle - Formation Virtual Box\",\"isPartOf\":{\"@id\":\"https:\/\/all-leaders.fr\/en\/#website\"},\"primaryImageOfPage\":{\"@id\":\"https:\/\/all-leaders.fr\/en\/accompagnements\/gestion-de-la-conflictualite\/formation-agressivite-professionnelle-virtual-box\/#primaryimage\"},\"image\":{\"@id\":\"https:\/\/all-leaders.fr\/en\/accompagnements\/gestion-de-la-conflictualite\/formation-agressivite-professionnelle-virtual-box\/#primaryimage\"},\"thumbnailUrl\":\"https:\/\/all-leaders.fr\/wp-content\/uploads\/2023\/03\/vbox.jpg\",\"datePublished\":\"2023-03-31T07:29:30+00:00\",\"dateModified\":\"2025-11-03T11:42:17+00:00\",\"description\":\"G\u00e9rez l'agressivit\u00e9 professionnelle en toute s\u00e9curit\u00e9. Formation Virtual Box : 2,5 jours avec psychoth\u00e9rapeute et expert self-d\u00e9fense.\",\"breadcrumb\":{\"@id\":\"https:\/\/all-leaders.fr\/en\/accompagnements\/gestion-de-la-conflictualite\/formation-agressivite-professionnelle-virtual-box\/#breadcrumb\"},\"inLanguage\":\"en-US\",\"potentialAction\":[{\"@type\":\"ReadAction\",\"target\":[\"https:\/\/all-leaders.fr\/en\/accompagnements\/gestion-de-la-conflictualite\/formation-agressivite-professionnelle-virtual-box\/\"]}]},{\"@type\":\"ImageObject\",\"inLanguage\":\"en-US\",\"@id\":\"https:\/\/all-leaders.fr\/en\/accompagnements\/gestion-de-la-conflictualite\/formation-agressivite-professionnelle-virtual-box\/#primaryimage\",\"url\":\"https:\/\/all-leaders.fr\/wp-content\/uploads\/2023\/03\/vbox.jpg\",\"contentUrl\":\"https:\/\/all-leaders.fr\/wp-content\/uploads\/2023\/03\/vbox.jpg\",\"width\":1024,\"height\":683,\"caption\":\"Virtual box\"},{\"@type\":\"BreadcrumbList\",\"@id\":\"https:\/\/all-leaders.fr\/en\/accompagnements\/gestion-de-la-conflictualite\/formation-agressivite-professionnelle-virtual-box\/#breadcrumb\",\"itemListElement\":[{\"@type\":\"ListItem\",\"position\":1,\"name\":\"Accueil\",\"item\":\"https:\/\/all-leaders.fr\/en\/\"},{\"@type\":\"ListItem\",\"position\":2,\"name\":\"Accompagnements\",\"item\":\"https:\/\/all-leaders.fr\/en\/accompagnements\/%thematiques%\/\"},{\"@type\":\"ListItem\",\"position\":3,\"name\":\"Gestion de la conflictualit\u00e9\"}]},{\"@type\":\"WebSite\",\"@id\":\"https:\/\/all-leaders.fr\/en\/#website\",\"url\":\"https:\/\/all-leaders.fr\/en\/\",\"name\":\"all-leaders.fr\",\"description\":\"All Leaders Initiative\",\"publisher\":{\"@id\":\"https:\/\/all-leaders.fr\/en\/#organization\"},\"potentialAction\":[{\"@type\":\"SearchAction\",\"target\":{\"@type\":\"EntryPoint\",\"urlTemplate\":\"https:\/\/all-leaders.fr\/en\/?s={search_term_string}\"},\"query-input\":{\"@type\":\"PropertyValueSpecification\",\"valueRequired\":true,\"valueName\":\"search_term_string\"}}],\"inLanguage\":\"en-US\"},{\"@type\":\"Organization\",\"@id\":\"https:\/\/all-leaders.fr\/en\/#organization\",\"name\":\"all-leaders.fr\",\"url\":\"https:\/\/all-leaders.fr\/en\/\",\"logo\":{\"@type\":\"ImageObject\",\"inLanguage\":\"en-US\",\"@id\":\"https:\/\/all-leaders.fr\/en\/#\/schema\/logo\/image\/\",\"url\":\"https:\/\/all-leaders.fr\/wp-content\/uploads\/2023\/03\/ALL_LEADERS_INITIATIVE_L_DARK_LOGO.svg\",\"contentUrl\":\"https:\/\/all-leaders.fr\/wp-content\/uploads\/2023\/03\/ALL_LEADERS_INITIATIVE_L_DARK_LOGO.svg\",\"width\":1360,\"height\":512,\"caption\":\"all-leaders.fr\"},\"image\":{\"@id\":\"https:\/\/all-leaders.fr\/en\/#\/schema\/logo\/image\/\"},\"sameAs\":[\"https:\/\/www.linkedin.com\/company\/all-leaders-initiative\/\"]}]}<\/script>\n<!-- \/ Yoast SEO plugin. -->","yoast_head_json":{"title":"Gestion de l'agressivit\u00e9 professionnelle - Formation Virtual Box","description":"G\u00e9rez l'agressivit\u00e9 professionnelle en toute s\u00e9curit\u00e9. Formation Virtual Box : 2,5 jours avec psychoth\u00e9rapeute et expert self-d\u00e9fense.","robots":{"index":"index","follow":"follow","max-snippet":"max-snippet:-1","max-image-preview":"max-image-preview:large","max-video-preview":"max-video-preview:-1"},"canonical":"https:\/\/all-leaders.fr\/en\/accompagnements\/gestion-de-la-conflictualite\/formation-agressivite-professionnelle-virtual-box\/","og_locale":"en_US","og_type":"article","og_title":"Gestion de l'agressivit\u00e9 professionnelle - Formation Virtual Box - All Leaders Initiative","og_description":"VIRTUAL BOX : explorez les ressorts de l\u2019agressivit\u00e9 et de la violence en vous adaptant aux inconforts g\u00e9n\u00e9r\u00e9s par la confrontation directe.","og_url":"https:\/\/all-leaders.fr\/en\/accompagnements\/gestion-de-la-conflictualite\/formation-agressivite-professionnelle-virtual-box\/","og_site_name":"All Leaders Initiative","article_modified_time":"2025-11-03T11:42:17+00:00","og_image":[{"width":1024,"height":683,"url":"https:\/\/all-leaders.fr\/wp-content\/uploads\/2023\/03\/vbox.jpg","type":"image\/jpeg"}],"twitter_card":"summary_large_image","twitter_title":"Gestion de l'agressivit\u00e9 professionnelle - Formation Virtual Box - All Leaders Initiative","twitter_description":"VIRTUAL BOX : explorez les ressorts de l\u2019agressivit\u00e9 et de la violence en vous adaptant aux inconforts g\u00e9n\u00e9r\u00e9s par la confrontation directe.","twitter_image":"https:\/\/all-leaders.fr\/wp-content\/uploads\/2023\/03\/vbox.jpg","twitter_misc":{"Est. reading time":"6 minutes"},"schema":{"@context":"https:\/\/schema.org","@graph":[{"@type":"WebPage","@id":"https:\/\/all-leaders.fr\/en\/accompagnements\/gestion-de-la-conflictualite\/formation-agressivite-professionnelle-virtual-box\/","url":"https:\/\/all-leaders.fr\/en\/accompagnements\/gestion-de-la-conflictualite\/formation-agressivite-professionnelle-virtual-box\/","name":"Gestion de l'agressivit\u00e9 professionnelle - Formation Virtual Box","isPartOf":{"@id":"https:\/\/all-leaders.fr\/en\/#website"},"primaryImageOfPage":{"@id":"https:\/\/all-leaders.fr\/en\/accompagnements\/gestion-de-la-conflictualite\/formation-agressivite-professionnelle-virtual-box\/#primaryimage"},"image":{"@id":"https:\/\/all-leaders.fr\/en\/accompagnements\/gestion-de-la-conflictualite\/formation-agressivite-professionnelle-virtual-box\/#primaryimage"},"thumbnailUrl":"https:\/\/all-leaders.fr\/wp-content\/uploads\/2023\/03\/vbox.jpg","datePublished":"2023-03-31T07:29:30+00:00","dateModified":"2025-11-03T11:42:17+00:00","description":"G\u00e9rez l'agressivit\u00e9 professionnelle en toute s\u00e9curit\u00e9. Formation Virtual Box : 2,5 jours avec psychoth\u00e9rapeute et expert self-d\u00e9fense.","breadcrumb":{"@id":"https:\/\/all-leaders.fr\/en\/accompagnements\/gestion-de-la-conflictualite\/formation-agressivite-professionnelle-virtual-box\/#breadcrumb"},"inLanguage":"en-US","potentialAction":[{"@type":"ReadAction","target":["https:\/\/all-leaders.fr\/en\/accompagnements\/gestion-de-la-conflictualite\/formation-agressivite-professionnelle-virtual-box\/"]}]},{"@type":"ImageObject","inLanguage":"en-US","@id":"https:\/\/all-leaders.fr\/en\/accompagnements\/gestion-de-la-conflictualite\/formation-agressivite-professionnelle-virtual-box\/#primaryimage","url":"https:\/\/all-leaders.fr\/wp-content\/uploads\/2023\/03\/vbox.jpg","contentUrl":"https:\/\/all-leaders.fr\/wp-content\/uploads\/2023\/03\/vbox.jpg","width":1024,"height":683,"caption":"Virtual box"},{"@type":"BreadcrumbList","@id":"https:\/\/all-leaders.fr\/en\/accompagnements\/gestion-de-la-conflictualite\/formation-agressivite-professionnelle-virtual-box\/#breadcrumb","itemListElement":[{"@type":"ListItem","position":1,"name":"Accueil","item":"https:\/\/all-leaders.fr\/en\/"},{"@type":"ListItem","position":2,"name":"Accompagnements","item":"https:\/\/all-leaders.fr\/en\/accompagnements\/%thematiques%\/"},{"@type":"ListItem","position":3,"name":"Gestion de la conflictualit\u00e9"}]},{"@type":"WebSite","@id":"https:\/\/all-leaders.fr\/en\/#website","url":"https:\/\/all-leaders.fr\/en\/","name":"all-leaders.fr","description":"All Leaders Initiative","publisher":{"@id":"https:\/\/all-leaders.fr\/en\/#organization"},"potentialAction":[{"@type":"SearchAction","target":{"@type":"EntryPoint","urlTemplate":"https:\/\/all-leaders.fr\/en\/?s={search_term_string}"},"query-input":{"@type":"PropertyValueSpecification","valueRequired":true,"valueName":"search_term_string"}}],"inLanguage":"en-US"},{"@type":"Organization","@id":"https:\/\/all-leaders.fr\/en\/#organization","name":"all-leaders.fr","url":"https:\/\/all-leaders.fr\/en\/","logo":{"@type":"ImageObject","inLanguage":"en-US","@id":"https:\/\/all-leaders.fr\/en\/#\/schema\/logo\/image\/","url":"https:\/\/all-leaders.fr\/wp-content\/uploads\/2023\/03\/ALL_LEADERS_INITIATIVE_L_DARK_LOGO.svg","contentUrl":"https:\/\/all-leaders.fr\/wp-content\/uploads\/2023\/03\/ALL_LEADERS_INITIATIVE_L_DARK_LOGO.svg","width":1360,"height":512,"caption":"all-leaders.fr"},"image":{"@id":"https:\/\/all-leaders.fr\/en\/#\/schema\/logo\/image\/"},"sameAs":["https:\/\/www.linkedin.com\/company\/all-leaders-initiative\/"]}]}},"_links":{"self":[{"href":"https:\/\/all-leaders.fr\/en\/wp-json\/wp\/v2\/accompagnements\/721","targetHints":{"allow":["GET"]}}],"collection":[{"href":"https:\/\/all-leaders.fr\/en\/wp-json\/wp\/v2\/accompagnements"}],"about":[{"href":"https:\/\/all-leaders.fr\/en\/wp-json\/wp\/v2\/types\/accompagnements"}],"author":[{"embeddable":true,"href":"https:\/\/all-leaders.fr\/en\/wp-json\/wp\/v2\/users\/1"}],"version-history":[{"count":108,"href":"https:\/\/all-leaders.fr\/en\/wp-json\/wp\/v2\/accompagnements\/721\/revisions"}],"predecessor-version":[{"id":15164,"href":"https:\/\/all-leaders.fr\/en\/wp-json\/wp\/v2\/accompagnements\/721\/revisions\/15164"}],"wp:featuredmedia":[{"embeddable":true,"href":"https:\/\/all-leaders.fr\/en\/wp-json\/wp\/v2\/media\/722"}],"wp:attachment":[{"href":"https:\/\/all-leaders.fr\/en\/wp-json\/wp\/v2\/media?parent=721"}],"wp:term":[{"taxonomy":"etat","embeddable":true,"href":"https:\/\/all-leaders.fr\/en\/wp-json\/wp\/v2\/etat?post=721"},{"taxonomy":"thematiques","embeddable":true,"href":"https:\/\/all-leaders.fr\/en\/wp-json\/wp\/v2\/thematiques?post=721"},{"taxonomy":"publics-cible","embeddable":true,"href":"https:\/\/all-leaders.fr\/en\/wp-json\/wp\/v2\/publics-cible?post=721"},{"taxonomy":"types-formations","embeddable":true,"href":"https:\/\/all-leaders.fr\/en\/wp-json\/wp\/v2\/types-formations?post=721"}],"curies":[{"name":"wp","href":"https:\/\/api.w.org\/{rel}","templated":true}]}}