{"id":8418,"date":"2023-05-24T10:03:04","date_gmt":"2023-05-24T10:03:04","guid":{"rendered":"https:\/\/all-leaders.fr\/?page_id=8418"},"modified":"2025-11-03T09:30:53","modified_gmt":"2025-11-03T09:30:53","slug":"professionnels-de-sante","status":"publish","type":"accompagnements","link":"https:\/\/all-leaders.fr\/en\/accompagnements\/solutions-metier-catalogue\/professionnels-de-sante\/","title":{"rendered":"Prot\u00e9ger les professionnels de sant\u00e9"},"content":{"rendered":"\t\t<div data-elementor-type=\"wp-page\" data-elementor-id=\"8418\" class=\"elementor elementor-8418\" data-elementor-post-type=\"accompagnements\">\n\t\t\t\t<div data-particle_enable=\"false\" data-particle-mobile-disabled=\"false\" class=\"elementor-element elementor-element-ef51939 e-con-full e-flex e-con e-parent\" data-id=\"ef51939\" data-element_type=\"container\" data-e-type=\"container\" data-settings=\"{&quot;background_background&quot;:&quot;classic&quot;}\">\n\t\t<div data-particle_enable=\"false\" data-particle-mobile-disabled=\"false\" class=\"elementor-element elementor-element-6ac8289 e-con-full e-flex e-con e-child\" data-id=\"6ac8289\" data-element_type=\"container\" data-e-type=\"container\" data-settings=\"{&quot;background_background&quot;:&quot;classic&quot;}\">\n\t\t\t\t<div class=\"elementor-element elementor-element-774cc22 elementor-widget-laptop__width-initial elementor-widget-widescreen__width-initial elementor-widget elementor-widget-heading\" data-id=\"774cc22\" data-element_type=\"widget\" data-e-type=\"widget\" data-widget_type=\"heading.default\">\n\t\t\t\t<div class=\"elementor-widget-container\">\n\t\t\t\t\t<h2 class=\"elementor-heading-title elementor-size-default\">proteger les soignants<\/h2>\t\t\t\t<\/div>\n\t\t\t\t<\/div>\n\t\t\t\t<div class=\"elementor-element elementor-element-cb0b13f elementor-widget-laptop__width-initial elementor-widget-widescreen__width-initial elementor-widget elementor-widget-heading\" data-id=\"cb0b13f\" data-element_type=\"widget\" data-e-type=\"widget\" data-widget_type=\"heading.default\">\n\t\t\t\t<div class=\"elementor-widget-container\">\n\t\t\t\t\t<h3 class=\"elementor-heading-title elementor-size-default\">Agir pour prot\u00e9ger, soutenir et valoriser ces professions qui nous sont ch\u00e8res.<\/h3>\t\t\t\t<\/div>\n\t\t\t\t<\/div>\n\t\t\t\t<div class=\"elementor-element elementor-element-8b67922 elementor-widget-laptop__width-initial elementor-widget-widescreen__width-inherit elementor-widget elementor-widget-heading\" data-id=\"8b67922\" data-element_type=\"widget\" data-e-type=\"widget\" data-widget_type=\"heading.default\">\n\t\t\t\t<div class=\"elementor-widget-container\">\n\t\t\t\t\t<p class=\"elementor-heading-title elementor-size-large\">Prot\u00e9ger ceux qui nous prot\u00e8gent. Soulager ceux qui prennent soin de nous. Faire en sorte que ceux que nous croisons dans nos moments les plus d\u00e9licats puissent d\u00e9ployer toute leur humanit\u00e9.<\/p>\t\t\t\t<\/div>\n\t\t\t\t<\/div>\n\t\t\t\t<\/div>\n\t\t\t\t<\/div>\n\t\t<div data-particle_enable=\"false\" data-particle-mobile-disabled=\"false\" class=\"elementor-element elementor-element-61f402c e-con-full e-flex e-con e-parent\" data-id=\"61f402c\" data-element_type=\"container\" data-e-type=\"container\" data-settings=\"{&quot;background_background&quot;:&quot;classic&quot;}\">\n\t\t<div data-particle_enable=\"false\" data-particle-mobile-disabled=\"false\" class=\"elementor-element elementor-element-bff1f13 e-con-full e-flex e-con e-child\" data-id=\"bff1f13\" data-element_type=\"container\" data-e-type=\"container\" data-settings=\"{&quot;background_background&quot;:&quot;classic&quot;}\">\n\t\t\t\t<div class=\"elementor-element elementor-element-805336f elementor-widget__width-inherit elementor-widget elementor-widget-heading\" data-id=\"805336f\" data-element_type=\"widget\" data-e-type=\"widget\" data-widget_type=\"heading.default\">\n\t\t\t\t<div class=\"elementor-widget-container\">\n\t\t\t\t\t<h2 class=\"elementor-heading-title elementor-size-default\">Des agressions qui alimentent la statistique<\/h2>\t\t\t\t<\/div>\n\t\t\t\t<\/div>\n\t\t<div data-particle_enable=\"false\" data-particle-mobile-disabled=\"false\" class=\"elementor-element elementor-element-d9b7a3c e-con-full e-flex e-con e-child\" data-id=\"d9b7a3c\" data-element_type=\"container\" data-e-type=\"container\">\n\t\t\t\t<div class=\"elementor-element elementor-element-ed16c36 elementor-widget__width-inherit elementor-widget-laptop__width-initial elementor-widget-mobile__width-initial elementor-widget elementor-widget-eael-progress-bar\" data-id=\"ed16c36\" data-element_type=\"widget\" data-e-type=\"widget\" data-widget_type=\"eael-progress-bar.default\">\n\t\t\t\t<div class=\"elementor-widget-container\">\n\t\t\t\t\t<div class=\"eael-progressbar-circle-container center\">\n                \n            \n                <div class=\"eael-progressbar eael-progressbar-circle\" data-layout=\"circle\" data-count=\"25\" data-duration=\"500\">\n                    <div class=\"eael-progressbar-circle-pie\">\n                        <div class=\"eael-progressbar-circle-half-left eael-progressbar-circle-half\"><\/div>\n                        <div class=\"eael-progressbar-circle-half-right eael-progressbar-circle-half\"><\/div>\n                    <\/div>\n                    <div class=\"eael-progressbar-circle-inner\"><\/div>\n                    <div class=\"eael-progressbar-circle-inner-content\">\n                        \n                        <span class=\"eael-progressbar-count-wrap\"><span class=\"eael-progressbar-count\">0<\/span><span class=\"postfix\">%<\/span><\/span>\n                    <\/div>\n                <\/div>\n\n                \n            <\/div>\t\t\t\t<\/div>\n\t\t\t\t<\/div>\n\t\t\t\t<div class=\"elementor-element elementor-element-11a1d04 elementor-widget__width-inherit elementor-widget-laptop__width-initial elementor-widget elementor-widget-text-editor\" data-id=\"11a1d04\" data-element_type=\"widget\" data-e-type=\"widget\" data-widget_type=\"text-editor.default\">\n\t\t\t\t<div class=\"elementor-widget-container\">\n\t\t\t\t\t\t\t\t\t<p>25 % des professionnels de sant\u00e9 en France ont \u00e9t\u00e9 <b>victimes de violences physiques.<\/b><\/p><p><a style=\"letter-spacing: 0px; background-color: #021a34;\" href=\"https:\/\/www.fhf.fr\/Actualites\/2019\/Enquete-ONVS-2019-Violences-en-milieu-de-sante\" target=\"_blank\" rel=\"noopener\">(Source ONVS &#8211; 2019)<\/a><b>\u00a0<\/b><\/p>\t\t\t\t\t\t\t\t<\/div>\n\t\t\t\t<\/div>\n\t\t\t\t<\/div>\n\t\t<div data-particle_enable=\"false\" data-particle-mobile-disabled=\"false\" class=\"elementor-element elementor-element-cccd586 e-con-full e-flex e-con e-child\" data-id=\"cccd586\" data-element_type=\"container\" data-e-type=\"container\">\n\t\t\t\t<div class=\"elementor-element elementor-element-3662b9d elementor-widget__width-inherit elementor-widget-laptop__width-initial elementor-widget-mobile__width-initial elementor-widget elementor-widget-eael-progress-bar\" data-id=\"3662b9d\" data-element_type=\"widget\" data-e-type=\"widget\" data-widget_type=\"eael-progress-bar.default\">\n\t\t\t\t<div class=\"elementor-widget-container\">\n\t\t\t\t\t<div class=\"eael-progressbar-circle-container center\">\n                \n            \n                <div class=\"eael-progressbar eael-progressbar-circle\" data-layout=\"circle\" data-count=\"11.6\" data-duration=\"500\">\n                    <div class=\"eael-progressbar-circle-pie\">\n                        <div class=\"eael-progressbar-circle-half-left eael-progressbar-circle-half\"><\/div>\n                        <div class=\"eael-progressbar-circle-half-right eael-progressbar-circle-half\"><\/div>\n                    <\/div>\n                    <div class=\"eael-progressbar-circle-inner\"><\/div>\n                    <div class=\"eael-progressbar-circle-inner-content\">\n                        \n                        <span class=\"eael-progressbar-count-wrap\"><span class=\"eael-progressbar-count\">0<\/span><span class=\"postfix\">%<\/span><\/span>\n                    <\/div>\n                <\/div>\n\n                \n            <\/div>\t\t\t\t<\/div>\n\t\t\t\t<\/div>\n\t\t\t\t<div class=\"elementor-element elementor-element-b4e39a9 elementor-widget__width-inherit elementor-widget-laptop__width-initial elementor-widget elementor-widget-text-editor\" data-id=\"b4e39a9\" data-element_type=\"widget\" data-e-type=\"widget\" data-widget_type=\"text-editor.default\">\n\t\t\t\t<div class=\"elementor-widget-container\">\n\t\t\t\t\t\t\t\t\t<p>11,6 % des professionnels de sant\u00e9 ont pr\u00e9sent\u00e9 des <b>sympt\u00f4mes de stress post-traumatique<\/b> en lien avec leur travail.<\/p><div><a href=\"https:\/\/www.irdes.fr\/recherche\/questions-d-economie-de-la-sante\/234-le-stress-post-traumatique-des-professionnels-de-sante.html\">(Etude IRDES &#8211; 2018)<\/a><\/div>\t\t\t\t\t\t\t\t<\/div>\n\t\t\t\t<\/div>\n\t\t\t\t<\/div>\n\t\t<div data-particle_enable=\"false\" data-particle-mobile-disabled=\"false\" class=\"elementor-element elementor-element-5da141b e-con-full e-flex e-con e-child\" data-id=\"5da141b\" data-element_type=\"container\" data-e-type=\"container\">\n\t\t\t\t<div class=\"elementor-element elementor-element-509ac77 elementor-widget__width-inherit elementor-widget-laptop__width-initial elementor-widget-mobile__width-initial elementor-widget elementor-widget-eael-progress-bar\" data-id=\"509ac77\" data-element_type=\"widget\" data-e-type=\"widget\" data-widget_type=\"eael-progress-bar.default\">\n\t\t\t\t<div class=\"elementor-widget-container\">\n\t\t\t\t\t<div class=\"eael-progressbar-circle-container center\">\n                \n            \n                <div class=\"eael-progressbar eael-progressbar-circle\" data-layout=\"circle\" data-count=\"48\" data-duration=\"500\">\n                    <div class=\"eael-progressbar-circle-pie\">\n                        <div class=\"eael-progressbar-circle-half-left eael-progressbar-circle-half\"><\/div>\n                        <div class=\"eael-progressbar-circle-half-right eael-progressbar-circle-half\"><\/div>\n                    <\/div>\n                    <div class=\"eael-progressbar-circle-inner\"><\/div>\n                    <div class=\"eael-progressbar-circle-inner-content\">\n                        \n                        <span class=\"eael-progressbar-count-wrap\"><span class=\"eael-progressbar-count\">0<\/span><span class=\"postfix\">%<\/span><\/span>\n                    <\/div>\n                <\/div>\n\n                \n            <\/div>\t\t\t\t<\/div>\n\t\t\t\t<\/div>\n\t\t\t\t<div class=\"elementor-element elementor-element-65c602d elementor-widget__width-inherit elementor-widget-laptop__width-initial elementor-widget elementor-widget-text-editor\" data-id=\"65c602d\" data-element_type=\"widget\" data-e-type=\"widget\" data-widget_type=\"text-editor.default\">\n\t\t\t\t<div class=\"elementor-widget-container\">\n\t\t\t\t\t\t\t\t\t<p>48 % des professionnels de sant\u00e9 ont \u00e9t\u00e9 confront\u00e9s \u00e0 des violences verbales, qu&#8217;il s&#8217;agisse de patients, de familles ou de visiteurs au cours de l&#8217;ann\u00e9e 2019.\u00a0<br \/><a href=\"https:\/\/www.fhf.fr\/Actualites\/2019\/Enquete-ONVS-2019-Violences-en-milieu-de-sante\" target=\"_blank\" rel=\"noopener\">(Source ONVS &#8211; 2019)<\/a><\/p>\t\t\t\t\t\t\t\t<\/div>\n\t\t\t\t<\/div>\n\t\t\t\t<\/div>\n\t\t<div data-particle_enable=\"false\" data-particle-mobile-disabled=\"false\" class=\"elementor-element elementor-element-010f706 e-con-full e-flex e-con e-child\" data-id=\"010f706\" data-element_type=\"container\" data-e-type=\"container\">\n\t\t\t\t<div class=\"elementor-element elementor-element-4f6e345 elementor-widget__width-inherit elementor-widget-laptop__width-initial elementor-widget-mobile__width-initial elementor-widget elementor-widget-eael-progress-bar\" data-id=\"4f6e345\" data-element_type=\"widget\" data-e-type=\"widget\" data-widget_type=\"eael-progress-bar.default\">\n\t\t\t\t<div class=\"elementor-widget-container\">\n\t\t\t\t\t<div class=\"eael-progressbar-circle-container center\">\n                \n            \n                <div class=\"eael-progressbar eael-progressbar-circle\" data-layout=\"circle\" data-count=\"12\" data-duration=\"500\">\n                    <div class=\"eael-progressbar-circle-pie\">\n                        <div class=\"eael-progressbar-circle-half-left eael-progressbar-circle-half\"><\/div>\n                        <div class=\"eael-progressbar-circle-half-right eael-progressbar-circle-half\"><\/div>\n                    <\/div>\n                    <div class=\"eael-progressbar-circle-inner\"><\/div>\n                    <div class=\"eael-progressbar-circle-inner-content\">\n                        \n                        <span class=\"eael-progressbar-count-wrap\"><span class=\"eael-progressbar-count\">0<\/span><span class=\"postfix\">%<\/span><\/span>\n                    <\/div>\n                <\/div>\n\n                \n            <\/div>\t\t\t\t<\/div>\n\t\t\t\t<\/div>\n\t\t\t\t<div class=\"elementor-element elementor-element-eea3394 elementor-widget__width-inherit elementor-widget-laptop__width-initial elementor-widget elementor-widget-text-editor\" data-id=\"eea3394\" data-element_type=\"widget\" data-e-type=\"widget\" data-widget_type=\"text-editor.default\">\n\t\t\t\t<div class=\"elementor-widget-container\">\n\t\t\t\t\t\t\t\t\t<p>En Europe, \u00e9galement, 12 % des travailleurs de la sant\u00e9 dans l&#8217;Union europ\u00e9enne ont d\u00e9clar\u00e9 avoir \u00e9t\u00e9 victimes de <b>violences physiques ou de harc\u00e8lement au travail <\/b>au cours de l&#8217;ann\u00e9e pr\u00e9c\u00e9dente.\u00a0<br \/><a href=\"https:\/\/www.eurofound.europa.eu\/publications\/report\/2019\/violence-and-harassment-in-european-workplaces-extent-impacts-and-policies\" target=\"_blank\" rel=\"noopener\">(Source Eurofond &#8211; 2019)<\/a><\/p>\t\t\t\t\t\t\t\t<\/div>\n\t\t\t\t<\/div>\n\t\t\t\t<\/div>\n\t\t\t\t<\/div>\n\t\t\t\t<\/div>\n\t\t<div data-particle_enable=\"false\" data-particle-mobile-disabled=\"false\" class=\"elementor-element elementor-element-544c4fe e-flex e-con-boxed e-con e-parent\" data-id=\"544c4fe\" data-element_type=\"container\" data-e-type=\"container\" data-settings=\"{&quot;background_background&quot;:&quot;classic&quot;}\">\n\t\t\t\t\t<div class=\"e-con-inner\">\n\t\t<div data-particle_enable=\"false\" data-particle-mobile-disabled=\"false\" class=\"elementor-element elementor-element-a80717d e-con-full e-flex e-con e-child\" data-id=\"a80717d\" data-element_type=\"container\" data-e-type=\"container\">\n\t\t\t\t<div class=\"elementor-element elementor-element-5aa66d4 elementor-widget-laptop__width-initial elementor-widget elementor-widget-image\" data-id=\"5aa66d4\" data-element_type=\"widget\" data-e-type=\"widget\" data-widget_type=\"image.default\">\n\t\t\t\t<div class=\"elementor-widget-container\">\n\t\t\t\t\t\t\t\t\t\t\t\t\t\t\t<img decoding=\"async\" width=\"100\" height=\"101\" src=\"https:\/\/all-leaders.fr\/wp-content\/uploads\/2023\/04\/ALL_LEADERS_INITIATIVE_R_DARK_LOGO.png\" class=\"attachment-medium_large size-medium_large wp-image-10766\" alt=\"\" srcset=\"https:\/\/all-leaders.fr\/wp-content\/uploads\/2023\/04\/ALL_LEADERS_INITIATIVE_R_DARK_LOGO.png 100w, https:\/\/all-leaders.fr\/wp-content\/uploads\/2023\/04\/elementor\/thumbs\/ALL_LEADERS_INITIATIVE_R_DARK_LOGO-q5doxdytbvy0qfg67b6d94xw7jcsyprnd2fiftcygk.png 50w\" sizes=\"(max-width: 100px) 100vw, 100px\" \/>\t\t\t\t\t\t\t\t\t\t\t\t\t\t\t<\/div>\n\t\t\t\t<\/div>\n\t\t\t\t<div class=\"elementor-element elementor-element-d8ab8e2 elementor-widget__width-inherit elementor-widget-laptop__width-initial elementor-invisible elementor-widget elementor-widget-heading\" data-id=\"d8ab8e2\" data-element_type=\"widget\" data-e-type=\"widget\" data-settings=\"{&quot;_animation&quot;:&quot;fadeIn&quot;}\" data-widget_type=\"heading.default\">\n\t\t\t\t<div class=\"elementor-widget-container\">\n\t\t\t\t\t<h3 class=\"elementor-heading-title elementor-size-xl\">Notre mission<\/h3>\t\t\t\t<\/div>\n\t\t\t\t<\/div>\n\t\t\t\t<div class=\"elementor-element elementor-element-e176046 elementor-widget__width-inherit elementor-invisible elementor-widget elementor-widget-heading\" data-id=\"e176046\" data-element_type=\"widget\" data-e-type=\"widget\" data-settings=\"{&quot;_animation&quot;:&quot;fadeInUp&quot;}\" data-widget_type=\"heading.default\">\n\t\t\t\t<div class=\"elementor-widget-container\">\n\t\t\t\t\t<h3 class=\"elementor-heading-title elementor-size-medium\">Aider les professionnels de sant\u00e9 exer\u00e7ant dans un cadre hospitalier \u00e0 lutter contre la frustration, la d\u00e9tresse ou la col\u00e8re face aux comportements agressifs voire violents auxquels ils sont confront\u00e9s.\n<\/h3>\t\t\t\t<\/div>\n\t\t\t\t<\/div>\n\t\t\t\t<\/div>\n\t\t<div data-particle_enable=\"false\" data-particle-mobile-disabled=\"false\" class=\"elementor-element elementor-element-c571851 e-con-full e-flex e-con e-child\" data-id=\"c571851\" data-element_type=\"container\" data-e-type=\"container\">\n\t\t\t\t<div class=\"elementor-element elementor-element-ce0e1e7 elementor-align-center elementor-invisible elementor-widget elementor-widget-button\" data-id=\"ce0e1e7\" data-element_type=\"widget\" data-e-type=\"widget\" data-settings=\"{&quot;_animation&quot;:&quot;tada&quot;}\" data-widget_type=\"button.default\">\n\t\t\t\t<div class=\"elementor-widget-container\">\n\t\t\t\t\t\t\t\t\t<div class=\"elementor-button-wrapper\">\n\t\t\t\t\t<a class=\"elementor-button elementor-button-link elementor-size-xs\" href=\"#propal\">\n\t\t\t\t\t\t<span class=\"elementor-button-content-wrapper\">\n\t\t\t\t\t\t\t\t\t<span class=\"elementor-button-text\">Voir nos propositions<\/span>\n\t\t\t\t\t<\/span>\n\t\t\t\t\t<\/a>\n\t\t\t\t<\/div>\n\t\t\t\t\t\t\t\t<\/div>\n\t\t\t\t<\/div>\n\t\t\t\t<\/div>\n\t\t\t\t\t<\/div>\n\t\t\t\t<\/div>\n\t\t<div data-particle_enable=\"false\" data-particle-mobile-disabled=\"false\" class=\"elementor-element elementor-element-17be230 e-flex e-con-boxed e-con e-parent\" data-id=\"17be230\" data-element_type=\"container\" data-e-type=\"container\">\n\t\t\t\t\t<div class=\"e-con-inner\">\n\t\t\t\t<div class=\"elementor-element elementor-element-f059b3b elementor-widget-laptop__width-initial elementor-widget-tablet_extra__width-initial elementor-widget elementor-widget-heading\" data-id=\"f059b3b\" data-element_type=\"widget\" data-e-type=\"widget\" data-widget_type=\"heading.default\">\n\t\t\t\t<div class=\"elementor-widget-container\">\n\t\t\t\t\t<h3 class=\"elementor-heading-title elementor-size-xl\">Vos services sont d\u00e9j\u00e0 en tension et les \u00e9quipes <span style=\"color:#AB0700\">vivent la violence au quotidien<\/span><\/h3>\t\t\t\t<\/div>\n\t\t\t\t<\/div>\n\t\t<div data-particle_enable=\"false\" data-particle-mobile-disabled=\"false\" class=\"elementor-element elementor-element-ef34cf5 e-con-full e-flex elementor-invisible e-con e-child\" data-id=\"ef34cf5\" data-element_type=\"container\" data-e-type=\"container\" data-settings=\"{&quot;animation&quot;:&quot;slideInLeft&quot;}\">\n\t\t\t\t<div class=\"elementor-element elementor-element-e6deda6 elementor-widget-laptop__width-initial elementor-widget elementor-widget-image\" data-id=\"e6deda6\" data-element_type=\"widget\" data-e-type=\"widget\" data-widget_type=\"image.default\">\n\t\t\t\t<div class=\"elementor-widget-container\">\n\t\t\t\t\t\t\t\t\t\t\t\t\t\t\t<img decoding=\"async\" width=\"186\" height=\"225\" src=\"https:\/\/all-leaders.fr\/wp-content\/uploads\/2023\/05\/fatigue.png\" class=\"attachment-medium size-medium wp-image-10928\" alt=\"\" \/>\t\t\t\t\t\t\t\t\t\t\t\t\t\t\t<\/div>\n\t\t\t\t<\/div>\n\t\t\t\t<div class=\"elementor-element elementor-element-2bf0add elementor-widget elementor-widget-heading\" data-id=\"2bf0add\" data-element_type=\"widget\" data-e-type=\"widget\" data-widget_type=\"heading.default\">\n\t\t\t\t<div class=\"elementor-widget-container\">\n\t\t\t\t\t<h2 class=\"elementor-heading-title elementor-size-default\">Violence psychologique <\/h2>\t\t\t\t<\/div>\n\t\t\t\t<\/div>\n\t\t\t\t<div class=\"elementor-element elementor-element-203021c elementor-widget elementor-widget-text-editor\" data-id=\"203021c\" data-element_type=\"widget\" data-e-type=\"widget\" data-widget_type=\"text-editor.default\">\n\t\t\t\t<div class=\"elementor-widget-container\">\n\t\t\t\t\t\t\t\t\t<p>de la part de certains patients, voire institutionnelle lorsque le personnel soignant est manipul\u00e9 \u00e9motionnellement, harcel\u00e9 ou intimid\u00e9.<\/p>\t\t\t\t\t\t\t\t<\/div>\n\t\t\t\t<\/div>\n\t\t\t\t<\/div>\n\t\t<div data-particle_enable=\"false\" data-particle-mobile-disabled=\"false\" class=\"elementor-element elementor-element-534700c e-con-full e-flex elementor-invisible e-con e-child\" data-id=\"534700c\" data-element_type=\"container\" data-e-type=\"container\" data-settings=\"{&quot;animation&quot;:&quot;slideInLeft&quot;}\">\n\t\t\t\t<div class=\"elementor-element elementor-element-045fab3 elementor-widget-laptop__width-initial elementor-widget elementor-widget-image\" data-id=\"045fab3\" data-element_type=\"widget\" data-e-type=\"widget\" data-widget_type=\"image.default\">\n\t\t\t\t<div class=\"elementor-widget-container\">\n\t\t\t\t\t\t\t\t\t\t\t\t\t\t\t<img fetchpriority=\"high\" decoding=\"async\" width=\"248\" height=\"300\" src=\"https:\/\/all-leaders.fr\/wp-content\/uploads\/2023\/05\/conflit-verbal-248x300.png\" class=\"attachment-medium size-medium wp-image-10929\" alt=\"\" srcset=\"https:\/\/all-leaders.fr\/wp-content\/uploads\/2023\/05\/conflit-verbal-248x300.png 248w, https:\/\/all-leaders.fr\/wp-content\/uploads\/2023\/05\/conflit-verbal.png 403w\" sizes=\"(max-width: 248px) 100vw, 248px\" \/>\t\t\t\t\t\t\t\t\t\t\t\t\t\t\t<\/div>\n\t\t\t\t<\/div>\n\t\t\t\t<div class=\"elementor-element elementor-element-4fb2b1b elementor-widget__width-inherit elementor-widget elementor-widget-heading\" data-id=\"4fb2b1b\" data-element_type=\"widget\" data-e-type=\"widget\" data-widget_type=\"heading.default\">\n\t\t\t\t<div class=\"elementor-widget-container\">\n\t\t\t\t\t<h2 class=\"elementor-heading-title elementor-size-default\">Violence verbale<\/h2>\t\t\t\t<\/div>\n\t\t\t\t<\/div>\n\t\t\t\t<div class=\"elementor-element elementor-element-bf17aaf elementor-widget elementor-widget-text-editor\" data-id=\"bf17aaf\" data-element_type=\"widget\" data-e-type=\"widget\" data-widget_type=\"text-editor.default\">\n\t\t\t\t<div class=\"elementor-widget-container\">\n\t\t\t\t\t\t\t\t\tde la part des patients, de leurs familles ou m\u00eame des coll\u00e8gues qui les insultent, les humilient ou les menacent verbalement.\t\t\t\t\t\t\t\t<\/div>\n\t\t\t\t<\/div>\n\t\t\t\t<\/div>\n\t\t<div data-particle_enable=\"false\" data-particle-mobile-disabled=\"false\" class=\"elementor-element elementor-element-c3c81f1 e-con-full e-flex elementor-invisible e-con e-child\" data-id=\"c3c81f1\" data-element_type=\"container\" data-e-type=\"container\" data-settings=\"{&quot;animation&quot;:&quot;slideInLeft&quot;}\">\n\t\t\t\t<div class=\"elementor-element elementor-element-8435604 elementor-widget-laptop__width-initial elementor-widget elementor-widget-image\" data-id=\"8435604\" data-element_type=\"widget\" data-e-type=\"widget\" data-widget_type=\"image.default\">\n\t\t\t\t<div class=\"elementor-widget-container\">\n\t\t\t\t\t\t\t\t\t\t\t\t\t\t\t<img loading=\"lazy\" decoding=\"async\" width=\"137\" height=\"224\" src=\"https:\/\/all-leaders.fr\/wp-content\/uploads\/2023\/05\/conflit-physique.png\" class=\"attachment-large size-large wp-image-10930\" alt=\"\" \/>\t\t\t\t\t\t\t\t\t\t\t\t\t\t\t<\/div>\n\t\t\t\t<\/div>\n\t\t\t\t<div class=\"elementor-element elementor-element-9880e04 elementor-widget elementor-widget-heading\" data-id=\"9880e04\" data-element_type=\"widget\" data-e-type=\"widget\" data-widget_type=\"heading.default\">\n\t\t\t\t<div class=\"elementor-widget-container\">\n\t\t\t\t\t<h2 class=\"elementor-heading-title elementor-size-default\">Violence physique voire sexuelle<\/h2>\t\t\t\t<\/div>\n\t\t\t\t<\/div>\n\t\t\t\t<div class=\"elementor-element elementor-element-0bd1c6a elementor-widget elementor-widget-text-editor\" data-id=\"0bd1c6a\" data-element_type=\"widget\" data-e-type=\"widget\" data-widget_type=\"text-editor.default\">\n\t\t\t\t<div class=\"elementor-widget-container\">\n\t\t\t\t\t\t\t\t\t<p>agressions directes, ou agressions de la part des patients ou des visiteurs mais aussi en interne.<\/p>\t\t\t\t\t\t\t\t<\/div>\n\t\t\t\t<\/div>\n\t\t\t\t<\/div>\n\t\t\t\t<div class=\"elementor-element elementor-element-0b4495b elementor-widget-laptop__width-initial elementor-widget elementor-widget-text-editor\" data-id=\"0b4495b\" data-element_type=\"widget\" data-e-type=\"widget\" data-widget_type=\"text-editor.default\">\n\t\t\t\t<div class=\"elementor-widget-container\">\n\t\t\t\t\t\t\t\t\t<p>Ces violences peuvent \u00eatre aggrav\u00e9es par la toxicomanie, les troubles mentaux graves ou des probl\u00e8mes sociaux. Si tous les services sont d\u00e9sormais concern\u00e9s, les <b>urgences <\/b>sont en premi\u00e8re ligne, suivies de la <b>psychiatrie<\/b>, de la <b>g\u00e9riatrie <\/b>et des services et centres de traitement de la <b>toxicomanie <\/b>(CSAPA et CAARUD).<\/p>\t\t\t\t\t\t\t\t<\/div>\n\t\t\t\t<\/div>\n\t\t<div data-particle_enable=\"false\" data-particle-mobile-disabled=\"false\" class=\"elementor-element elementor-element-b78148c e-con-full e-flex e-con e-child\" data-id=\"b78148c\" data-element_type=\"container\" data-e-type=\"container\">\n\t\t\t\t<div class=\"elementor-element elementor-element-5e17f52 elementor-widget__width-initial elementor-widget elementor-widget-image\" data-id=\"5e17f52\" data-element_type=\"widget\" data-e-type=\"widget\" data-widget_type=\"image.default\">\n\t\t\t\t<div class=\"elementor-widget-container\">\n\t\t\t\t\t\t\t\t\t\t\t\t\t\t\t<img loading=\"lazy\" decoding=\"async\" width=\"800\" height=\"800\" src=\"https:\/\/all-leaders.fr\/wp-content\/uploads\/2023\/05\/faits-emotions-sentiments.jpg\" class=\"attachment-large size-large wp-image-10932\" alt=\"\" srcset=\"https:\/\/all-leaders.fr\/wp-content\/uploads\/2023\/05\/faits-emotions-sentiments.jpg 1000w, https:\/\/all-leaders.fr\/wp-content\/uploads\/2023\/05\/faits-emotions-sentiments-300x300.jpg 300w, https:\/\/all-leaders.fr\/wp-content\/uploads\/2023\/05\/faits-emotions-sentiments-150x150.jpg 150w, https:\/\/all-leaders.fr\/wp-content\/uploads\/2023\/05\/faits-emotions-sentiments-768x768.jpg 768w\" sizes=\"(max-width: 800px) 100vw, 800px\" \/>\t\t\t\t\t\t\t\t\t\t\t\t\t\t\t<\/div>\n\t\t\t\t<\/div>\n\t\t\t\t<div class=\"elementor-element elementor-element-7f7a8f0 elementor-widget__width-initial elementor-widget elementor-widget-text-editor\" data-id=\"7f7a8f0\" data-element_type=\"widget\" data-e-type=\"widget\" data-widget_type=\"text-editor.default\">\n\t\t\t\t<div class=\"elementor-widget-container\">\n\t\t\t\t\t\t\t\t\t<p>Les violences qui envahissent les h\u00f4pitaux sont une r\u00e9alit\u00e9 sur laquelle le personnel a peu de prise. En revanche, il est possible de changer la mani\u00e8re dont elles sont v\u00e9cues (appr\u00e9hend\u00e9es, ressenties, g\u00e9r\u00e9es) individuellement et\u00a0collectivement.\u200b<\/p>\t\t\t\t\t\t\t\t<\/div>\n\t\t\t\t<\/div>\n\t\t\t\t<\/div>\n\t\t\t\t\t<\/div>\n\t\t\t\t<\/div>\n\t\t<div data-particle_enable=\"false\" data-particle-mobile-disabled=\"false\" class=\"elementor-element elementor-element-5fa0974 e-con-full e-flex e-con e-parent\" data-id=\"5fa0974\" data-element_type=\"container\" data-e-type=\"container\" id=\"propal\">\n\t\t<div data-particle_enable=\"false\" data-particle-mobile-disabled=\"false\" class=\"elementor-element elementor-element-037cfb3 e-con-full e-flex e-con e-child\" data-id=\"037cfb3\" data-element_type=\"container\" data-e-type=\"container\" id=\"propal\" data-settings=\"{&quot;background_background&quot;:&quot;classic&quot;}\">\n\t\t\t\t<div class=\"elementor-element elementor-element-0a5f172 elementor-widget-mobile__width-inherit elementor-widget elementor-widget-heading\" data-id=\"0a5f172\" data-element_type=\"widget\" data-e-type=\"widget\" data-widget_type=\"heading.default\">\n\t\t\t\t<div class=\"elementor-widget-container\">\n\t\t\t\t\t<h2 class=\"elementor-heading-title elementor-size-default\">4&nbsp;offres \u00e0 destination des professionnels de sant\u00e9<\/h2>\t\t\t\t<\/div>\n\t\t\t\t<\/div>\n\t\t\t\t<div class=\"elementor-element elementor-element-a40fef1 elementor-widget-laptop__width-initial elementor-widget-mobile__width-inherit elementor-widget elementor-widget-text-editor\" data-id=\"a40fef1\" data-element_type=\"widget\" data-e-type=\"widget\" data-widget_type=\"text-editor.default\">\n\t\t\t\t<div class=\"elementor-widget-container\">\n\t\t\t\t\t\t\t\t\t<p>Nous avons pris en compte les <b>sp\u00e9cificit\u00e9s du milieu hospitalier<\/b> pour adapter des solutions puissantes et \u00e9prouv\u00e9es \u00e0 ce contexte.<\/p><p>\u00a0<\/p><p><span style=\"color: var( --e-global-color-d6cea4e ); letter-spacing: 0px; text-align: var(--text-align); background-color: var( --e-global-color-text );\">En parall\u00e8le, nous travaillons \u00e0 parfaire notre proposition pour r\u00e9pondre \u00e0 la demande actuelle.\u00a0<\/span><span style=\"color: var( --e-global-color-d6cea4e ); letter-spacing: 0px; text-align: var(--text-align); background-color: var( --e-global-color-text );\">N\u2019h\u00e9sitez pas \u00e0 <\/span><a style=\"letter-spacing: 0px; text-align: var(--text-align);\" href=\"https:\/\/all-leaders.fr\/contact\/\"><b>nous contacter<\/b><\/a><span style=\"color: var( --e-global-color-d6cea4e ); letter-spacing: 0px; text-align: var(--text-align); background-color: var( --e-global-color-text );\"> pour d\u2019autres propositions sur mesure\u00a0!<\/span><\/p>\t\t\t\t\t\t\t\t<\/div>\n\t\t\t\t<\/div>\n\t\t\t\t<\/div>\n\t\t<div data-particle_enable=\"false\" data-particle-mobile-disabled=\"false\" class=\"elementor-element elementor-element-2f31581 e-con-full e-flex e-con e-child\" data-id=\"2f31581\" data-element_type=\"container\" data-e-type=\"container\">\n\t\t<div data-particle_enable=\"false\" data-particle-mobile-disabled=\"false\" class=\"elementor-element elementor-element-1d2f1f1 e-con-full e-flex elementor-invisible e-con e-child\" data-id=\"1d2f1f1\" data-element_type=\"container\" data-e-type=\"container\" data-settings=\"{&quot;animation&quot;:&quot;slideInLeft&quot;,&quot;background_background&quot;:&quot;gradient&quot;}\">\n\t\t\t\t<div class=\"elementor-element elementor-element-2a4a7f7 elementor-widget__width-inherit elementor-widget elementor-widget-heading\" data-id=\"2a4a7f7\" data-element_type=\"widget\" data-e-type=\"widget\" data-widget_type=\"heading.default\">\n\t\t\t\t<div class=\"elementor-widget-container\">\n\t\t\t\t\t<h2 class=\"elementor-heading-title elementor-size-default\">Gestion du stress<\/h2>\t\t\t\t<\/div>\n\t\t\t\t<\/div>\n\t\t\t\t<div class=\"elementor-element elementor-element-5e1ac1f elementor-widget__width-initial elementor-widget elementor-widget-text-editor\" data-id=\"5e1ac1f\" data-element_type=\"widget\" data-e-type=\"widget\" data-widget_type=\"text-editor.default\">\n\t\t\t\t<div class=\"elementor-widget-container\">\n\t\t\t\t\t\t\t\t\t<p><b>Tension, fatigue et rythmes effr\u00e9n\u00e9s finissent par avoir raison de l&#8217;organisme. Les erreurs apparaissent et les personnes perdent leur motivation.<\/b><\/p><p>Les outils pratico-pratiques propos\u00e9s par les TOP\u00ae (techniques d&#8217;optimisation du potentiel) permettent \u00e0 chacun de mieux r\u00e9cup\u00e9rer et de faire face aux pics de travail.<\/p><p>Un savoir-faire qui se transforme rapidement en savoir-\u00eatre.<\/p>\t\t\t\t\t\t\t\t<\/div>\n\t\t\t\t<\/div>\n\t\t\t\t<div class=\"elementor-element elementor-element-5ebaf77 elementor-grid-1 elementor-widget__width-initial elementor-grid-tablet-2 elementor-grid-mobile-1 elementor-posts--thumbnail-top elementor-widget elementor-widget-posts\" data-id=\"5ebaf77\" data-element_type=\"widget\" data-e-type=\"widget\" data-settings=\"{&quot;classic_columns&quot;:&quot;1&quot;,&quot;classic_columns_tablet&quot;:&quot;2&quot;,&quot;classic_columns_mobile&quot;:&quot;1&quot;,&quot;classic_row_gap&quot;:{&quot;unit&quot;:&quot;px&quot;,&quot;size&quot;:35,&quot;sizes&quot;:[]},&quot;classic_row_gap_widescreen&quot;:{&quot;unit&quot;:&quot;px&quot;,&quot;size&quot;:&quot;&quot;,&quot;sizes&quot;:[]},&quot;classic_row_gap_laptop&quot;:{&quot;unit&quot;:&quot;px&quot;,&quot;size&quot;:&quot;&quot;,&quot;sizes&quot;:[]},&quot;classic_row_gap_tablet_extra&quot;:{&quot;unit&quot;:&quot;px&quot;,&quot;size&quot;:&quot;&quot;,&quot;sizes&quot;:[]},&quot;classic_row_gap_tablet&quot;:{&quot;unit&quot;:&quot;px&quot;,&quot;size&quot;:&quot;&quot;,&quot;sizes&quot;:[]},&quot;classic_row_gap_mobile_extra&quot;:{&quot;unit&quot;:&quot;px&quot;,&quot;size&quot;:&quot;&quot;,&quot;sizes&quot;:[]},&quot;classic_row_gap_mobile&quot;:{&quot;unit&quot;:&quot;px&quot;,&quot;size&quot;:&quot;&quot;,&quot;sizes&quot;:[]}}\" data-widget_type=\"posts.classic\">\n\t\t\t\t<div class=\"elementor-widget-container\">\n\t\t\t\t\t\t\t<div class=\"elementor-posts-container elementor-posts elementor-posts--skin-classic elementor-grid\" role=\"list\">\n\t\t\t\t<article class=\"elementor-post elementor-grid-item post-10231 accompagnements type-accompagnements status-publish has-post-thumbnail hentry etat-approuve thematiques-sante-mentale-et-performance-durable publics-cible-assistants publics-cible-collaborateurs publics-cible-hopitaux publics-cible-managers publics-cible-particuliers publics-cible-top-managers-et-dirigeants types-formations-action\" role=\"listitem\">\n\t\t\t\t<a class=\"elementor-post__thumbnail__link\" href=\"https:\/\/all-leaders.fr\/en\/accompagnements\/sante-mentale-et-performance-durable\/gestion-du-stress-methode-top\/\" tabindex=\"-1\" >\n\t\t\t<div class=\"elementor-post__thumbnail\"><img loading=\"lazy\" decoding=\"async\" width=\"300\" height=\"146\" src=\"https:\/\/all-leaders.fr\/wp-content\/uploads\/2024\/02\/gestion-du-stress-a-lhopital-300x146.jpg\" class=\"attachment-medium size-medium wp-image-10338\" alt=\"\" srcset=\"https:\/\/all-leaders.fr\/wp-content\/uploads\/2024\/02\/gestion-du-stress-a-lhopital-300x146.jpg 300w, https:\/\/all-leaders.fr\/wp-content\/uploads\/2024\/02\/gestion-du-stress-a-lhopital-768x375.jpg 768w, https:\/\/all-leaders.fr\/wp-content\/uploads\/2024\/02\/gestion-du-stress-a-lhopital.jpg 1024w\" sizes=\"(max-width: 300px) 100vw, 300px\" \/><\/div>\n\t\t<\/a>\n\t\t\t\t<div class=\"elementor-post__text\">\n\t\t\t\t<div class=\"elementor-post__excerpt\">\n\t\t\t<p>Issue du monde militaire, la m\u00e9thode TOP&copy; permet de g\u00e9rer son stress et de rester performant. Formation qualifiante pour l&#8217;acc\u00e8s \u00e0 la formation Praticien.<\/p>\n\t\t<\/div>\n\t\t\t\t<\/div>\n\t\t\t\t<\/article>\n\t\t\t\t<\/div>\n\t\t\n\t\t\t\t\t\t<\/div>\n\t\t\t\t<\/div>\n\t\t\t\t<\/div>\n\t\t<div data-particle_enable=\"false\" data-particle-mobile-disabled=\"false\" class=\"elementor-element elementor-element-b327a84 e-con-full e-flex elementor-invisible e-con e-child\" data-id=\"b327a84\" data-element_type=\"container\" data-e-type=\"container\" data-settings=\"{&quot;animation&quot;:&quot;slideInLeft&quot;,&quot;background_background&quot;:&quot;gradient&quot;}\">\n\t\t\t\t<div class=\"elementor-element elementor-element-b38d17d elementor-widget__width-inherit elementor-widget elementor-widget-heading\" data-id=\"b38d17d\" data-element_type=\"widget\" data-e-type=\"widget\" data-widget_type=\"heading.default\">\n\t\t\t\t<div class=\"elementor-widget-container\">\n\t\t\t\t\t<h2 class=\"elementor-heading-title elementor-size-default\">Gestion des patients difficiles et de leur famille <\/h2>\t\t\t\t<\/div>\n\t\t\t\t<\/div>\n\t\t\t\t<div class=\"elementor-element elementor-element-faa42d4 elementor-widget__width-initial elementor-widget elementor-widget-text-editor\" data-id=\"faa42d4\" data-element_type=\"widget\" data-e-type=\"widget\" data-widget_type=\"text-editor.default\">\n\t\t\t\t<div class=\"elementor-widget-container\">\n\t\t\t\t\t\t\t\t\t<b>En situation d\u2019intervention, il est essentiel de suivre un protocole pr\u00e9cis. Comprendre la dynamique du conflit, adopter une posture de s\u00e9curit\u00e9 et se prot\u00e9ger rapidement peuvent changer la donne.<\/b>\n\n\u00c0 l\u2019issue de cette journ\u00e9e de formation (10\u00a0\u00e0 16 personnes), vous aurez compris l&#8217;int\u00e9r\u00eat d&#8217;avoir un protocole commun de r\u00e9solution pour mieux lire l&#8217;\u00e9volution de la situation et gagner en professionnalisme. Vous maitriserez les rudiments de la self-d\u00e9fense pour gagner du temps de survie et quelques outils de communication tactique. Et surtout, vous saurez que vous pouvez compter sur votre \u00e9quipe.\n\n<div style=\"font-size: 12px; line-height: 1.3em; padding-top: 1rem;\"><em>Cette formation est notamment propos\u00e9e en Italie dans le cadre de la formation continue des m\u00e9decins, contr\u00f4l\u00e9e par\u00a0<a href=\"https:\/\/www.agenas.gov.it\/\">l\u2019AGENAS<\/a>\u00a0(Minist\u00e8re de la Sant\u00e9 italien).<\/em>\n<\/div>\t\t\t\t\t\t\t\t<\/div>\n\t\t\t\t<\/div>\n\t\t\t\t<div class=\"elementor-element elementor-element-9cca4ba elementor-grid-1 elementor-widget__width-initial elementor-grid-tablet-2 elementor-grid-mobile-1 elementor-posts--thumbnail-top elementor-widget elementor-widget-posts\" data-id=\"9cca4ba\" data-element_type=\"widget\" data-e-type=\"widget\" data-settings=\"{&quot;classic_columns&quot;:&quot;1&quot;,&quot;classic_columns_tablet&quot;:&quot;2&quot;,&quot;classic_columns_mobile&quot;:&quot;1&quot;,&quot;classic_row_gap&quot;:{&quot;unit&quot;:&quot;px&quot;,&quot;size&quot;:35,&quot;sizes&quot;:[]},&quot;classic_row_gap_widescreen&quot;:{&quot;unit&quot;:&quot;px&quot;,&quot;size&quot;:&quot;&quot;,&quot;sizes&quot;:[]},&quot;classic_row_gap_laptop&quot;:{&quot;unit&quot;:&quot;px&quot;,&quot;size&quot;:&quot;&quot;,&quot;sizes&quot;:[]},&quot;classic_row_gap_tablet_extra&quot;:{&quot;unit&quot;:&quot;px&quot;,&quot;size&quot;:&quot;&quot;,&quot;sizes&quot;:[]},&quot;classic_row_gap_tablet&quot;:{&quot;unit&quot;:&quot;px&quot;,&quot;size&quot;:&quot;&quot;,&quot;sizes&quot;:[]},&quot;classic_row_gap_mobile_extra&quot;:{&quot;unit&quot;:&quot;px&quot;,&quot;size&quot;:&quot;&quot;,&quot;sizes&quot;:[]},&quot;classic_row_gap_mobile&quot;:{&quot;unit&quot;:&quot;px&quot;,&quot;size&quot;:&quot;&quot;,&quot;sizes&quot;:[]}}\" data-widget_type=\"posts.classic\">\n\t\t\t\t<div class=\"elementor-widget-container\">\n\t\t\t\t\t\t\t<div class=\"elementor-posts-container elementor-posts elementor-posts--skin-classic elementor-grid\" role=\"list\">\n\t\t\t\t<article class=\"elementor-post elementor-grid-item post-9348 accompagnements type-accompagnements status-publish has-post-thumbnail hentry etat-approuve thematiques-gestion-de-la-conflictualite publics-cible-hopitaux types-formations-action\" role=\"listitem\">\n\t\t\t\t<a class=\"elementor-post__thumbnail__link\" href=\"https:\/\/all-leaders.fr\/en\/accompagnements\/gestion-de-la-conflictualite\/agressivite-du-patient\/\" tabindex=\"-1\" >\n\t\t\t<div class=\"elementor-post__thumbnail\"><img loading=\"lazy\" decoding=\"async\" width=\"300\" height=\"147\" src=\"https:\/\/all-leaders.fr\/wp-content\/uploads\/2023\/09\/Design-sans-titre-1-300x147.jpg\" class=\"attachment-medium size-medium wp-image-9399\" alt=\"Super h\u00e9ros de l&#039;h\u00f4pital\" srcset=\"https:\/\/all-leaders.fr\/wp-content\/uploads\/2023\/09\/Design-sans-titre-1-300x147.jpg 300w, https:\/\/all-leaders.fr\/wp-content\/uploads\/2023\/09\/Design-sans-titre-1.jpg 640w\" sizes=\"(max-width: 300px) 100vw, 300px\" \/><\/div>\n\t\t<\/a>\n\t\t\t\t<div class=\"elementor-post__text\">\n\t\t\t\t<div class=\"elementor-post__excerpt\">\n\t\t\t<p>Pour aider les professionnels de sant\u00e9 hospitaliers et en cabinet \u00e0 g\u00e9rer la violence des patients et de leurs familles. Une approche humaine qui pr\u00e9serve la relation patient-soignant.<\/p>\n\t\t<\/div>\n\t\t\t\t<\/div>\n\t\t\t\t<\/article>\n\t\t\t\t<\/div>\n\t\t\n\t\t\t\t\t\t<\/div>\n\t\t\t\t<\/div>\n\t\t\t\t<\/div>\n\t\t<div data-particle_enable=\"false\" data-particle-mobile-disabled=\"false\" class=\"elementor-element elementor-element-136ccc3 e-con-full e-flex elementor-invisible e-con e-child\" data-id=\"136ccc3\" data-element_type=\"container\" data-e-type=\"container\" data-settings=\"{&quot;animation&quot;:&quot;slideInLeft&quot;,&quot;background_background&quot;:&quot;gradient&quot;}\">\n\t\t\t\t<div class=\"elementor-element elementor-element-32bc76b elementor-widget__width-inherit elementor-widget elementor-widget-heading\" data-id=\"32bc76b\" data-element_type=\"widget\" data-e-type=\"widget\" data-widget_type=\"heading.default\">\n\t\t\t\t<div class=\"elementor-widget-container\">\n\t\t\t\t\t<h2 class=\"elementor-heading-title elementor-size-default\">B\u00e2tir une s\u00e9curit\u00e9 institutionnelle<\/h2>\t\t\t\t<\/div>\n\t\t\t\t<\/div>\n\t\t\t\t<div class=\"elementor-element elementor-element-b8f862a elementor-widget__width-initial elementor-widget elementor-widget-text-editor\" data-id=\"b8f862a\" data-element_type=\"widget\" data-e-type=\"widget\" data-widget_type=\"text-editor.default\">\n\t\t\t\t<div class=\"elementor-widget-container\">\n\t\t\t\t\t\t\t\t\t<p><b>Prenez soin la s\u00e9curit\u00e9 psychologique et physique de vos \u00e9quipes de sant\u00e9. Affirmez ce qui vous rassemble.<\/b><\/p>\n<p>Nous savons qu\u2019aux souffrances personnelles s\u2019ajoutent des difficult\u00e9s de gestion des lieux de soin. Nous savons \u00e9galement que la violence de tout type envers les professionnels de sant\u00e9 est une pr\u00e9occupation majeure en termes de sant\u00e9 et de s\u00e9curit\u00e9 au travail. Nous parlerons de&nbsp;<span style=\"color: var( --e-global-color-text ); letter-spacing: 0px; background-color: transparent; text-align: var(--text-align);\"><b>s\u00e9curit\u00e9 psychologique<\/b> et d&#8217;<b>Appreciative Inquiry.<\/b><\/span><\/p>\t\t\t\t\t\t\t\t<\/div>\n\t\t\t\t<\/div>\n\t\t\t\t<div class=\"elementor-element elementor-element-efc535a elementor-grid-2 elementor-widget__width-initial elementor-grid-widescreen-2 elementor-grid-tablet-2 elementor-grid-mobile-1 elementor-posts--thumbnail-top elementor-widget elementor-widget-posts\" data-id=\"efc535a\" data-element_type=\"widget\" data-e-type=\"widget\" data-settings=\"{&quot;classic_columns&quot;:&quot;2&quot;,&quot;classic_columns_widescreen&quot;:&quot;2&quot;,&quot;classic_columns_tablet&quot;:&quot;2&quot;,&quot;classic_columns_mobile&quot;:&quot;1&quot;,&quot;classic_row_gap&quot;:{&quot;unit&quot;:&quot;px&quot;,&quot;size&quot;:35,&quot;sizes&quot;:[]},&quot;classic_row_gap_widescreen&quot;:{&quot;unit&quot;:&quot;px&quot;,&quot;size&quot;:&quot;&quot;,&quot;sizes&quot;:[]},&quot;classic_row_gap_laptop&quot;:{&quot;unit&quot;:&quot;px&quot;,&quot;size&quot;:&quot;&quot;,&quot;sizes&quot;:[]},&quot;classic_row_gap_tablet_extra&quot;:{&quot;unit&quot;:&quot;px&quot;,&quot;size&quot;:&quot;&quot;,&quot;sizes&quot;:[]},&quot;classic_row_gap_tablet&quot;:{&quot;unit&quot;:&quot;px&quot;,&quot;size&quot;:&quot;&quot;,&quot;sizes&quot;:[]},&quot;classic_row_gap_mobile_extra&quot;:{&quot;unit&quot;:&quot;px&quot;,&quot;size&quot;:&quot;&quot;,&quot;sizes&quot;:[]},&quot;classic_row_gap_mobile&quot;:{&quot;unit&quot;:&quot;px&quot;,&quot;size&quot;:&quot;&quot;,&quot;sizes&quot;:[]}}\" data-widget_type=\"posts.classic\">\n\t\t\t\t<div class=\"elementor-widget-container\">\n\t\t\t\t\t\t\t<div class=\"elementor-posts-container elementor-posts elementor-posts--skin-classic elementor-grid\" role=\"list\">\n\t\t\t\t<article class=\"elementor-post elementor-grid-item post-7053 accompagnements type-accompagnements status-publish has-post-thumbnail hentry etat-monte thematiques-coaching-de-managers publics-cible-assistants publics-cible-collaborateurs publics-cible-hopitaux publics-cible-managers publics-cible-top-managers-et-dirigeants types-formations-action\" role=\"listitem\">\n\t\t\t\t<a class=\"elementor-post__thumbnail__link\" href=\"https:\/\/all-leaders.fr\/en\/accompagnements\/coaching-de-managers\/appreciative-inquiry\/\" tabindex=\"-1\" >\n\t\t\t<div class=\"elementor-post__thumbnail\"><img loading=\"lazy\" decoding=\"async\" width=\"300\" height=\"200\" src=\"https:\/\/all-leaders.fr\/wp-content\/uploads\/2023\/04\/teamwork-facilitation-300x200.jpg\" class=\"attachment-medium size-medium wp-image-7589\" alt=\"Appreciative inquiry - Teamwork - Facilitation\" srcset=\"https:\/\/all-leaders.fr\/wp-content\/uploads\/2023\/04\/teamwork-facilitation-300x200.jpg 300w, https:\/\/all-leaders.fr\/wp-content\/uploads\/2023\/04\/teamwork-facilitation-768x512.jpg 768w, https:\/\/all-leaders.fr\/wp-content\/uploads\/2023\/04\/teamwork-facilitation.jpg 1024w\" sizes=\"(max-width: 300px) 100vw, 300px\" \/><\/div>\n\t\t<\/a>\n\t\t\t\t<div class=\"elementor-post__text\">\n\t\t\t\t<div class=\"elementor-post__excerpt\">\n\t\t\t<p>L&#8217;Appreciative Inquiry (AI) est une m\u00e9thode et un \u00e9tat d&#8217;esprit qui s&#8217;\u00e9carte de la r\u00e9solution de probl\u00e8mes classique. Elle se concentre sur l&#8217;identification et la valorisation des forces et r\u00e9ussites de l&#8217;organisation plut\u00f4t que sur ses faiblesses.<\/p>\n\t\t<\/div>\n\t\t\t\t<\/div>\n\t\t\t\t<\/article>\n\t\t\t\t<article class=\"elementor-post elementor-grid-item post-1126 accompagnements type-accompagnements status-publish has-post-thumbnail hentry etat-monte thematiques-coaching-de-managers thematiques-coaching-en-leadership publics-cible-assistants publics-cible-collaborateurs publics-cible-hopitaux publics-cible-managers publics-cible-top-managers-et-dirigeants types-formations-inspiration\" role=\"listitem\">\n\t\t\t\t<a class=\"elementor-post__thumbnail__link\" href=\"https:\/\/all-leaders.fr\/en\/accompagnements\/coaching-de-managers\/ateliers-de-sensibilisation-thematiques\/\" tabindex=\"-1\" >\n\t\t\t<div class=\"elementor-post__thumbnail\"><img loading=\"lazy\" decoding=\"async\" width=\"300\" height=\"200\" src=\"https:\/\/all-leaders.fr\/wp-content\/uploads\/2023\/04\/AdobeStock_107108391-300x200.jpeg\" class=\"attachment-medium size-medium wp-image-1165\" alt=\"Ateliers collectifs\" srcset=\"https:\/\/all-leaders.fr\/wp-content\/uploads\/2023\/04\/AdobeStock_107108391-300x200.jpeg 300w, https:\/\/all-leaders.fr\/wp-content\/uploads\/2023\/04\/AdobeStock_107108391-768x512.jpeg 768w, https:\/\/all-leaders.fr\/wp-content\/uploads\/2023\/04\/AdobeStock_107108391.jpeg 1024w\" sizes=\"(max-width: 300px) 100vw, 300px\" \/><\/div>\n\t\t<\/a>\n\t\t\t\t<div class=\"elementor-post__text\">\n\t\t\t\t<div class=\"elementor-post__excerpt\">\n\t\t\t<p>Des initiations courtes et ludiques adapt\u00e9es \u00e0 vos enjeux. Leadership bas\u00e9 sur l&#8217;intention, S\u00e9curit\u00e9 Psychologique&#8230; la recette des \u00e9quipes ultraperformantes.<\/p>\n\t\t<\/div>\n\t\t\t\t<\/div>\n\t\t\t\t<\/article>\n\t\t\t\t<\/div>\n\t\t\n\t\t\t\t\t\t<\/div>\n\t\t\t\t<\/div>\n\t\t\t\t<\/div>\n\t\t\t\t<\/div>\n\t\t\t\t<\/div>\n\t\t<div data-particle_enable=\"false\" data-particle-mobile-disabled=\"false\" class=\"elementor-element elementor-element-79be00c e-con-full e-flex e-con e-parent\" data-id=\"79be00c\" data-element_type=\"container\" data-e-type=\"container\" data-settings=\"{&quot;background_background&quot;:&quot;classic&quot;}\">\n\t\t<div data-particle_enable=\"false\" data-particle-mobile-disabled=\"false\" class=\"elementor-element elementor-element-dce550c e-con-full e-flex e-con e-child\" data-id=\"dce550c\" data-element_type=\"container\" data-e-type=\"container\" data-settings=\"{&quot;background_background&quot;:&quot;classic&quot;}\">\n\t\t\t\t<div class=\"elementor-element elementor-element-5e488af elementor-widget elementor-widget-heading\" data-id=\"5e488af\" data-element_type=\"widget\" data-e-type=\"widget\" data-widget_type=\"heading.default\">\n\t\t\t\t<div class=\"elementor-widget-container\">\n\t\t\t\t\t<h2 class=\"elementor-heading-title elementor-size-default\">Aie ! Vous vous \u00eates reconnus...<\/h2>\t\t\t\t<\/div>\n\t\t\t\t<\/div>\n\t\t\t\t<div class=\"elementor-element elementor-element-9979763 elementor-widget__width-inherit elementor-widget-laptop__width-initial elementor-widget elementor-widget-text-editor\" data-id=\"9979763\" data-element_type=\"widget\" data-e-type=\"widget\" data-widget_type=\"text-editor.default\">\n\t\t\t\t<div class=\"elementor-widget-container\">\n\t\t\t\t\t\t\t\t\t<p><b>La pr\u00e9vention et la lutte contre les atteintes aux personnes et aux biens est un enjeu capital pour les \u00e9tablissements de sant\u00e9, tant elle affecte \u00e0 la fois la sant\u00e9 du personnel et leur mission de soin.<\/b><\/p><p>Nous nous donnons pour mission de vous aider \u00e0 <b>gagner en comp\u00e9tence en mati\u00e8re de s\u00e9curisation primaire, secondaire ou tertiaire<\/b>, \u00e0 tous les niveaux de votre organisation. Nous vous transmettrons \u00e0 la fois des outils, des postures mais \u00e9galement une culture au sein de laquelle vous refuserez que soient bafou\u00e9s le respect et la civilit\u00e9 qui vous est due \u00e0 la fois en tant qu\u2019humain, mais aussi en tant que professionnels et institution bienveillante.<\/p>\t\t\t\t\t\t\t\t<\/div>\n\t\t\t\t<\/div>\n\t\t\t\t<div class=\"elementor-element elementor-element-cb063fe elementor-widget__width-initial elementor-widget-laptop__width-initial elementor-widget elementor-widget-text-editor\" data-id=\"cb063fe\" data-element_type=\"widget\" data-e-type=\"widget\" data-widget_type=\"text-editor.default\">\n\t\t\t\t<div class=\"elementor-widget-container\">\n\t\t\t\t\t\t\t\t\t<b>Rapport 2020 de l\u2019ONVS\n<\/b><br>(Observatoire National des Violences en milieu de sant\u00e9)\t\t\t\t\t\t\t\t<\/div>\n\t\t\t\t<\/div>\n\t\t\t\t<div class=\"elementor-element elementor-element-35b63e4 elementor-widget elementor-widget-button\" data-id=\"35b63e4\" data-element_type=\"widget\" data-e-type=\"widget\" data-widget_type=\"button.default\">\n\t\t\t\t<div class=\"elementor-widget-container\">\n\t\t\t\t\t\t\t\t\t<div class=\"elementor-button-wrapper\">\n\t\t\t\t\t<a class=\"elementor-button elementor-button-link elementor-size-sm\" href=\"https:\/\/sante.gouv.fr\/IMG\/pdf\/rapport_onvs_2020_donnees_2019_vd_2021-03-11.pdf\">\n\t\t\t\t\t\t<span class=\"elementor-button-content-wrapper\">\n\t\t\t\t\t\t\t\t\t<span class=\"elementor-button-text\">T\u00e9l\u00e9charger le rapport<\/span>\n\t\t\t\t\t<\/span>\n\t\t\t\t\t<\/a>\n\t\t\t\t<\/div>\n\t\t\t\t\t\t\t\t<\/div>\n\t\t\t\t<\/div>\n\t\t\t\t<div class=\"elementor-element elementor-element-8588190 elementor-widget__width-initial elementor-widget-laptop__width-initial elementor-widget elementor-widget-text-editor\" data-id=\"8588190\" data-element_type=\"widget\" data-e-type=\"widget\" data-widget_type=\"text-editor.default\">\n\t\t\t\t<div class=\"elementor-widget-container\">\n\t\t\t\t\t\t\t\t\t<p>Partez du bon pied avec notre <b>Guide 2024 de la &#8220;Gestion pratique de la violence et de l\u2019agressivit\u00e9 du patient et de son entourage&#8221;<\/b><\/p>\t\t\t\t\t\t\t\t<\/div>\n\t\t\t\t<\/div>\n\t\t\t\t<div class=\"elementor-element elementor-element-7e1a4f6 elementor-widget elementor-widget-button\" data-id=\"7e1a4f6\" data-element_type=\"widget\" data-e-type=\"widget\" data-widget_type=\"button.default\">\n\t\t\t\t<div class=\"elementor-widget-container\">\n\t\t\t\t\t\t\t\t\t<div class=\"elementor-button-wrapper\">\n\t\t\t\t\t<a class=\"elementor-button elementor-button-link elementor-size-sm\" href=\"https:\/\/all-leaders.fr\/ressources\/outils\/gestion-pratique-de-la-violence-et-de-lagressivite-du-patient\/\">\n\t\t\t\t\t\t<span class=\"elementor-button-content-wrapper\">\n\t\t\t\t\t\t\t\t\t<span class=\"elementor-button-text\">Consulter le guide<\/span>\n\t\t\t\t\t<\/span>\n\t\t\t\t\t<\/a>\n\t\t\t\t<\/div>\n\t\t\t\t\t\t\t\t<\/div>\n\t\t\t\t<\/div>\n\t\t\t\t<\/div>\n\t\t\t\t<div class=\"elementor-element elementor-element-ff28386 elementor-widget-mobile__width-initial elementor-widget__width-initial elementor-widget elementor-widget-image\" data-id=\"ff28386\" data-element_type=\"widget\" data-e-type=\"widget\" data-widget_type=\"image.default\">\n\t\t\t\t<div class=\"elementor-widget-container\">\n\t\t\t\t\t\t\t\t\t\t\t\t\t\t\t<img loading=\"lazy\" decoding=\"async\" width=\"400\" height=\"624\" src=\"https:\/\/all-leaders.fr\/wp-content\/uploads\/2023\/05\/epuisement.jpg\" class=\"attachment-large size-large wp-image-10927\" alt=\"\" srcset=\"https:\/\/all-leaders.fr\/wp-content\/uploads\/2023\/05\/epuisement.jpg 400w, https:\/\/all-leaders.fr\/wp-content\/uploads\/2023\/05\/epuisement-192x300.jpg 192w\" sizes=\"(max-width: 400px) 100vw, 400px\" \/>\t\t\t\t\t\t\t\t\t\t\t\t\t\t\t<\/div>\n\t\t\t\t<\/div>\n\t\t\t\t<\/div>\n\t\t<div data-particle_enable=\"false\" data-particle-mobile-disabled=\"false\" class=\"elementor-element elementor-element-c1bd589 e-con-full e-flex e-con e-parent\" data-id=\"c1bd589\" data-element_type=\"container\" data-e-type=\"container\">\n\t\t\t\t<div class=\"elementor-element elementor-element-16d6896 elementor-widget elementor-widget-heading\" data-id=\"16d6896\" data-element_type=\"widget\" data-e-type=\"widget\" data-widget_type=\"heading.default\">\n\t\t\t\t<div class=\"elementor-widget-container\">\n\t\t\t\t\t<h2 class=\"elementor-heading-title elementor-size-default\">Le prix de l'inaction<\/h2>\t\t\t\t<\/div>\n\t\t\t\t<\/div>\n\t\t<div data-particle_enable=\"false\" data-particle-mobile-disabled=\"false\" class=\"elementor-element elementor-element-dfe96b4 e-con-full e-flex e-con e-child\" data-id=\"dfe96b4\" data-element_type=\"container\" data-e-type=\"container\">\n\t\t\t\t<div class=\"elementor-element elementor-element-5834b6d elementor-widget__width-initial elementor-widget-mobile__width-inherit elementor-widget elementor-widget-text-editor\" data-id=\"5834b6d\" data-element_type=\"widget\" data-e-type=\"widget\" data-widget_type=\"text-editor.default\">\n\t\t\t\t<div class=\"elementor-widget-container\">\n\t\t\t\t\t\t\t\t\t<h3>Des cons\u00e9quences lourdes<\/h3><p>Ces constats peuvent mener les personnes qui d\u00e9dient la majeure partie de leur temps, leur \u00e9nergie et leur expertise \u00e0 prendre soin de nous, \u00e0 :<\/p><ul><li class=\"puce-ali\"><b>un sentiment de vuln\u00e9rabilit\u00e9 et du d\u00e9sengagement<\/b> de la part du personnel, entra\u00eenant une diminution de la qualit\u00e9 des soins, une augmentation du taux de rotation du personnel et un dysfonctionnement du syst\u00e8me de soins dans son ensemble.<\/li><li class=\"puce-ali\"><b>des probl\u00e8mes de <a href=\"https:\/\/all-leaders.fr\/accompagnements\/sante-mentale-et-performance-durable\/formations-pssm-premiers-secours-en-sante-mentale\/\">sant\u00e9 mentale<\/a><\/b> tels que le stress, l&#8217;anxi\u00e9t\u00e9, la d\u00e9pression, le trouble de stress post-traumatique et l&#8217;\u00e9puisement professionnel.<\/li><li class=\"puce-ali\"><b>des blessures physiques<\/b>\u00a0pouvant entra\u00eener une incapacit\u00e9 temporaire ou permanente, avec leur lot de cons\u00e9quences sur le plan professionnel et personnel.<\/li><li class=\"puce-ali\"><b>une baisse de la qualit\u00e9 des soins<\/b> par un personnel distrait, stress\u00e9 ou moins motiv\u00e9, ce qui peut entra\u00eener des erreurs m\u00e9dicales ou une diminution de l&#8217;empathie envers les patients.<\/li><li class=\"puce-ali\"><b>un turnover \u00e9lev\u00e9 et de l\u2019\u00e9puisement professionnel,<\/b> qui alimente le cercle n\u00e9faste de la p\u00e9nurie de personnel qualifi\u00e9 et d\u2019une charge de travail accrue pour ceux qui restent.<\/li><li class=\"puce-ali\"><b>une alt\u00e9ration de leurs relations professionnelles<\/b> : la confiance et la collaboration peuvent \u00eatre compromises, entra\u00eenant une d\u00e9t\u00e9rioration de l&#8217;environnement de travail et des tensions entre les \u00e9quipes.<\/li><\/ul><div>\u00a0<\/div><p>Enfin, ceci ne s\u2019arr\u00eate pas \u00e0 la porte de l\u2019h\u00f4pital. Les traumatismes v\u00e9cus au travail peuvent affecter les relations familiales, le bien-\u00eatre g\u00e9n\u00e9ral et leur qualit\u00e9 de vie du personnel soignant dans leur vie priv\u00e9e.<\/p>\t\t\t\t\t\t\t\t<\/div>\n\t\t\t\t<\/div>\n\t\t<div data-particle_enable=\"false\" data-particle-mobile-disabled=\"false\" class=\"elementor-element elementor-element-de95c53 e-con-full e-flex e-con e-child\" data-id=\"de95c53\" data-element_type=\"container\" data-e-type=\"container\" data-settings=\"{&quot;background_background&quot;:&quot;classic&quot;}\">\n\t\t\t\t<div class=\"elementor-element elementor-element-6be0f18 elementor-widget__width-inherit elementor-widget elementor-widget-text-editor\" data-id=\"6be0f18\" data-element_type=\"widget\" data-e-type=\"widget\" data-widget_type=\"text-editor.default\">\n\t\t\t\t<div class=\"elementor-widget-container\">\n\t\t\t\t\t\t\t\t\t<h3>Un risque financier \u00e9lev\u00e9<\/h3>\t\t\t\t\t\t\t\t<\/div>\n\t\t\t\t<\/div>\n\t\t\t\t<div class=\"elementor-element elementor-element-1bce474 elementor-widget__width-inherit elementor-widget elementor-widget-text-editor\" data-id=\"1bce474\" data-element_type=\"widget\" data-e-type=\"widget\" data-widget_type=\"text-editor.default\">\n\t\t\t\t<div class=\"elementor-widget-container\">\n\t\t\t\t\t\t\t\t\t<p>Il est difficile de donner un chiffre pr\u00e9cis pour les pertes financi\u00e8res induites par l\u2019absent\u00e9isme car cela d\u00e9pend de nombreux facteurs sp\u00e9cifiques \u00e0 chaque \u00e9tablissement de sant\u00e9 (nature du travail, les politiques\u00a0de l\u2019\u00e9tablissement, etc).<\/p><p class=\"MsoNormal\">Cependant, vous pouvez estimer <u>l\u2019impact financier<\/u> de l\u2019absent\u00e9isme dans votre structure en multipliant :<\/p><p><b>nombre d\u2019employ\u00e9s absents par an <\/b>X<b> salaire brut moyen annuel<\/b> X<b> 1,5<\/b><\/p>\t\t\t\t\t\t\t\t<\/div>\n\t\t\t\t<\/div>\n\t\t\t\t<div class=\"elementor-element elementor-element-54d6d3a elementor-widget__width-inherit elementor-widget elementor-widget-text-editor\" data-id=\"54d6d3a\" data-element_type=\"widget\" data-e-type=\"widget\" data-widget_type=\"text-editor.default\">\n\t\t\t\t<div class=\"elementor-widget-container\">\n\t\t\t\t\t\t\t\t\t<p><i>(statistiquement, le co\u00fbt moyen d\u2019un employ\u00e9 absent repr\u00e9sente environ 150% \u00e0 200% de son salaire brut en raison des co\u00fbts indirects tels que la perte de productivit\u00e9, le recrutement et la formation de rempla\u00e7ants, etc\u2026)<\/i><\/p>\nConsultez \u00e9galement : <a href=\"https:\/\/all-leaders.fr\/ressources\/inspirations\/observatoire-du-cout-des-conflits\/\">L&#8217;Observatoire des couts et conflits au travail<\/a>\n(Enqu\u00eate Opinion Ways \/ All Leaders Initiative)\t\t\t\t\t\t\t\t<\/div>\n\t\t\t\t<\/div>\n\t\t\t\t<\/div>\n\t\t<div data-particle_enable=\"false\" data-particle-mobile-disabled=\"false\" class=\"elementor-element elementor-element-72ee5ca e-flex e-con-boxed e-con e-child\" data-id=\"72ee5ca\" data-element_type=\"container\" data-e-type=\"container\" data-settings=\"{&quot;background_background&quot;:&quot;classic&quot;}\">\n\t\t\t\t\t<div class=\"e-con-inner\">\n\t\t\t\t<div class=\"elementor-element elementor-element-022c325 elementor-widget__width-initial elementor-widget elementor-widget-image\" data-id=\"022c325\" data-element_type=\"widget\" data-e-type=\"widget\" data-widget_type=\"image.default\">\n\t\t\t\t<div class=\"elementor-widget-container\">\n\t\t\t\t\t\t\t\t\t\t\t\t\t\t\t<img loading=\"lazy\" decoding=\"async\" width=\"220\" height=\"329\" src=\"https:\/\/all-leaders.fr\/wp-content\/uploads\/2023\/05\/Eleanor_Roosevelt_cph.3b16000.jpg\" class=\"attachment-large size-large wp-image-10933\" alt=\"\" srcset=\"https:\/\/all-leaders.fr\/wp-content\/uploads\/2023\/05\/Eleanor_Roosevelt_cph.3b16000.jpg 220w, https:\/\/all-leaders.fr\/wp-content\/uploads\/2023\/05\/Eleanor_Roosevelt_cph.3b16000-201x300.jpg 201w\" sizes=\"(max-width: 220px) 100vw, 220px\" \/>\t\t\t\t\t\t\t\t\t\t\t\t\t\t\t<\/div>\n\t\t\t\t<\/div>\n\t\t<div data-particle_enable=\"false\" data-particle-mobile-disabled=\"false\" class=\"elementor-element elementor-element-f48db93 e-con-full e-flex e-con e-child\" data-id=\"f48db93\" data-element_type=\"container\" data-e-type=\"container\">\n\t\t\t\t<div class=\"elementor-element elementor-element-5c61258 elementor-widget__width-initial elementor-widget-mobile__width-initial elementor-widget elementor-widget-heading\" data-id=\"5c61258\" data-element_type=\"widget\" data-e-type=\"widget\" data-widget_type=\"heading.default\">\n\t\t\t\t<div class=\"elementor-widget-container\">\n\t\t\t\t\t<p class=\"elementor-heading-title elementor-size-default\">Personne ne peut vous rendre victime sans votre consentement.<\/p>\t\t\t\t<\/div>\n\t\t\t\t<\/div>\n\t\t\t\t<div class=\"elementor-element elementor-element-67b708e elementor-widget__width-initial elementor-widget-mobile__width-initial elementor-widget elementor-widget-heading\" data-id=\"67b708e\" data-element_type=\"widget\" data-e-type=\"widget\" data-widget_type=\"heading.default\">\n\t\t\t\t<div class=\"elementor-widget-container\">\n\t\t\t\t\t<p class=\"elementor-heading-title elementor-size-default\">- Eleanor Roosevelt<\/p>\t\t\t\t<\/div>\n\t\t\t\t<\/div>\n\t\t\t\t<\/div>\n\t\t\t\t\t<\/div>\n\t\t\t\t<\/div>\n\t\t\t\t<\/div>\n\t\t\t\t<\/div>\n\t\t<div data-particle_enable=\"false\" data-particle-mobile-disabled=\"false\" class=\"elementor-element elementor-element-e34f92b e-flex e-con-boxed e-con e-parent\" data-id=\"e34f92b\" data-element_type=\"container\" data-e-type=\"container\">\n\t\t\t\t\t<div class=\"e-con-inner\">\n\t\t\t\t<div class=\"elementor-element elementor-element-43d9490 elementor-widget elementor-widget-html\" data-id=\"43d9490\" data-element_type=\"widget\" data-e-type=\"widget\" data-widget_type=\"html.default\">\n\t\t\t\t<div class=\"elementor-widget-container\">\n\t\t\t\t\t<script type=\"application\/ld+json\">\n{\n  \"@context\": \"https:\/\/schema.org\",\n  \"@graph\": [\n    {\n      \"@type\": \"Service\",\n      \"serviceType\": \"Accompagnement et Gestion des Conflits pour Professionnels de Sant\u00e9\",\n      \"name\": \"Solutions de Gestion de Conflits et Coh\u00e9sion pour le Secteur de la Sant\u00e9\",\n      \"description\": \"Accompagnement sp\u00e9cialis\u00e9 pour les professionnels de sant\u00e9 visant l'am\u00e9lioration de la communication et la gestion des conflits interprofessionnels. Nous renfor\u00e7ons la coh\u00e9sion des \u00e9quipes soignantes et manag\u00e9riales pour une meilleure qualit\u00e9 des soins et un environnement de travail plus serein.\",\n      \"url\": \"https:\/\/all-leaders.fr\/services\/solutions-metier\/professionnels-de-sante\/\",\n      \"provider\": {\n        \"@type\": \"Organization\",\n        \"name\": \"All Leaders Initiative\",\n        \"@id\": \"https:\/\/all-leaders.fr\/#organization\" \n      },\n      \"areaServed\": {\n        \"@type\": \"Country\",\n        \"name\": \"France\"\n      },\n      \"audience\": {\n        \"@type\": \"Audience\",\n        \"name\": \"Professionnels de Sant\u00e9, Soignants, Managers du secteur m\u00e9dical et param\u00e9dical\"\n      },\n      \"keywords\": [\n        \"Gestion des Conflits H\u00f4pital\",\n        \"Gestion de l'agressivit\u00e9 des patients\",\n        \"Pr\u00e9vention de la violence\",\n        \"Communication Interprofessionnelle Sant\u00e9\",\n        \"Coh\u00e9sion \u00c9quipe Soignante\",\n        \"M\u00e9diation Soignants\",\n        \"S\u00e9curit\u00e9 Psychologique Sant\u00e9\"\n      ],\n      \"potentialAction\": {\n        \"@type\": \"ContactAction\",\n        \"target\": \"https:\/\/all-leaders.fr\/contact\/\",\n        \"actionType\": \"ContactPoint\"\n      }\n    },\n    {\n      \/\/ R\u00e9utilisation de votre structure Organization obligatoire\n      \"@type\": \"Organization\",\n      \"@id\": \"https:\/\/all-leaders.fr\/#organization\",\n      \"name\": \"All Leaders Initiative\",\n      \"url\": \"https:\/\/all-leaders.fr\",\n      \"logo\": \"https:\/\/all-leaders.fr\/wp-content\/uploads\/2023\/03\/ALL_LEADERS_INITIATIVE_R_BRIGHT_LOGO_BG-250px_blanc.jpg\", \n      \"sameAs\": [\n        \"https:\/\/www.linkedin.com\/in\/bluecells\/\",\n        \"https:\/\/www.linkedin.com\/in\/mepy\/\",\n        \"https:\/\/www.linkedin.com\/in\/pebost\/\"\n      ],\n      \"contactPoint\": {\n        \"@type\": \"ContactPoint\",\n        \"contactType\": \"sales\",\n        \"areaServed\": \"FR\",\n        \"availableLanguage\": [\"French\", \"Italian\", \"English\"] \n      }\n    }\n  ]\n}\n<\/script>\t\t\t\t<\/div>\n\t\t\t\t<\/div>\n\t\t\t\t\t<\/div>\n\t\t\t\t<\/div>\n\t\t\t\t<\/div>\n\t\t","protected":false},"excerpt":{"rendered":"<p>Face aux d\u00e9fis de coordination et \u00e0 la complexit\u00e9 des dynamiques d&#8217;\u00e9quipe dans le secteur de la sant\u00e9, nous proposons des accompagnements cibl\u00e9s pour les soignants et managers. Nos solutions se concentrent sur la pr\u00e9vention et la gestion des conflits interprofessionnels, l&#8217;am\u00e9lioration de la communication en situation critique, et le renforcement de la coh\u00e9sion d&#8217;\u00e9quipe. Transformez les tensions en dialogue constructif pour garantir une meilleure performance des soins et la s\u00e9curit\u00e9 psychologique des \u00e9quipes.<\/p>\n","protected":false},"author":1,"featured_media":15022,"template":"","meta":[],"etat":[],"thematiques":[141],"publics-cible":[142],"types-formations":[40,51],"class_list":["post-8418","accompagnements","type-accompagnements","status-publish","has-post-thumbnail","hentry","thematiques-solutions-metier-catalogue","publics-cible-hopitaux","types-formations-action","types-formations-immersion"],"yoast_head":"<!-- This site is optimized with the Yoast SEO plugin v27.1.1 - https:\/\/yoast.com\/product\/yoast-seo-wordpress\/ -->\n<title>Prot\u00e9ger les professionnels de sant\u00e9 - All Leaders Initiative<\/title>\n<meta name=\"description\" content=\"Trois offres destin\u00e9es aux professionnels de sant\u00e9\u200b pour les aider \u00e0 gagner en comp\u00e9tence en mati\u00e8re de s\u00e9curisation.\" \/>\n<meta name=\"robots\" content=\"index, follow, max-snippet:-1, max-image-preview:large, max-video-preview:-1\" \/>\n<link rel=\"canonical\" href=\"https:\/\/all-leaders.fr\/en\/accompagnements\/solutions-metier-catalogue\/professionnels-de-sante\/\" \/>\n<meta property=\"og:locale\" content=\"en_US\" \/>\n<meta property=\"og:type\" content=\"article\" \/>\n<meta property=\"og:title\" content=\"Prot\u00e9ger les professionnels de sant\u00e9\" \/>\n<meta property=\"og:description\" content=\"Trois offres destin\u00e9es aux professionnels de sant\u00e9\u200b pour les aider \u00e0 gagner en comp\u00e9tence en mati\u00e8re de s\u00e9curisation.\" \/>\n<meta property=\"og:url\" content=\"https:\/\/all-leaders.fr\/en\/accompagnements\/solutions-metier-catalogue\/professionnels-de-sante\/\" \/>\n<meta property=\"og:site_name\" content=\"All Leaders Initiative\" \/>\n<meta property=\"article:modified_time\" content=\"2025-11-03T09:30:53+00:00\" \/>\n<meta property=\"og:image\" content=\"https:\/\/all-leaders.fr\/wp-content\/uploads\/2023\/05\/professionnels-de-sante.jpg\" \/>\n\t<meta property=\"og:image:width\" content=\"1200\" \/>\n\t<meta property=\"og:image:height\" content=\"461\" \/>\n\t<meta property=\"og:image:type\" content=\"image\/jpeg\" \/>\n<meta name=\"twitter:card\" content=\"summary_large_image\" \/>\n<meta name=\"twitter:title\" content=\"Prot\u00e9ger les professionnels de sant\u00e9\" \/>\n<meta name=\"twitter:description\" content=\"Trois offres destin\u00e9es aux professionnels de sant\u00e9\u200b pour les aider \u00e0 gagner en comp\u00e9tence en mati\u00e8re de s\u00e9curisation.\" \/>\n<meta name=\"twitter:image\" content=\"https:\/\/all-leaders.fr\/wp-content\/uploads\/2023\/05\/professionnels-de-sante.jpg\" \/>\n<meta name=\"twitter:label1\" content=\"Est. reading time\" \/>\n\t<meta name=\"twitter:data1\" content=\"8 minutes\" \/>\n<script type=\"application\/ld+json\" class=\"yoast-schema-graph\">{\"@context\":\"https:\/\/schema.org\",\"@graph\":[{\"@type\":\"WebPage\",\"@id\":\"https:\/\/all-leaders.fr\/en\/accompagnements\/solutions-metier-catalogue\/professionnels-de-sante\/\",\"url\":\"https:\/\/all-leaders.fr\/en\/accompagnements\/solutions-metier-catalogue\/professionnels-de-sante\/\",\"name\":\"Prot\u00e9ger les professionnels de sant\u00e9 - All Leaders Initiative\",\"isPartOf\":{\"@id\":\"https:\/\/all-leaders.fr\/en\/#website\"},\"primaryImageOfPage\":{\"@id\":\"https:\/\/all-leaders.fr\/en\/accompagnements\/solutions-metier-catalogue\/professionnels-de-sante\/#primaryimage\"},\"image\":{\"@id\":\"https:\/\/all-leaders.fr\/en\/accompagnements\/solutions-metier-catalogue\/professionnels-de-sante\/#primaryimage\"},\"thumbnailUrl\":\"https:\/\/all-leaders.fr\/wp-content\/uploads\/2023\/05\/proteger-le-personnel-hospitalier.webp\",\"datePublished\":\"2023-05-24T10:03:04+00:00\",\"dateModified\":\"2025-11-03T09:30:53+00:00\",\"description\":\"Trois offres destin\u00e9es aux professionnels de sant\u00e9\u200b pour les aider \u00e0 gagner en comp\u00e9tence en mati\u00e8re de s\u00e9curisation.\",\"breadcrumb\":{\"@id\":\"https:\/\/all-leaders.fr\/en\/accompagnements\/solutions-metier-catalogue\/professionnels-de-sante\/#breadcrumb\"},\"inLanguage\":\"en-US\",\"potentialAction\":[{\"@type\":\"ReadAction\",\"target\":[\"https:\/\/all-leaders.fr\/en\/accompagnements\/solutions-metier-catalogue\/professionnels-de-sante\/\"]}]},{\"@type\":\"ImageObject\",\"inLanguage\":\"en-US\",\"@id\":\"https:\/\/all-leaders.fr\/en\/accompagnements\/solutions-metier-catalogue\/professionnels-de-sante\/#primaryimage\",\"url\":\"https:\/\/all-leaders.fr\/wp-content\/uploads\/2023\/05\/proteger-le-personnel-hospitalier.webp\",\"contentUrl\":\"https:\/\/all-leaders.fr\/wp-content\/uploads\/2023\/05\/proteger-le-personnel-hospitalier.webp\",\"width\":1000,\"height\":565,\"caption\":\"Prote\u0301ger le personnel de sant\u00e9\"},{\"@type\":\"BreadcrumbList\",\"@id\":\"https:\/\/all-leaders.fr\/en\/accompagnements\/solutions-metier-catalogue\/professionnels-de-sante\/#breadcrumb\",\"itemListElement\":[{\"@type\":\"ListItem\",\"position\":1,\"name\":\"Accueil\",\"item\":\"https:\/\/all-leaders.fr\/en\/\"},{\"@type\":\"ListItem\",\"position\":2,\"name\":\"Accompagnements\",\"item\":\"https:\/\/all-leaders.fr\/en\/accompagnements\/%thematiques%\/\"},{\"@type\":\"ListItem\",\"position\":3,\"name\":\"Solutions m\u00e9tier\"}]},{\"@type\":\"WebSite\",\"@id\":\"https:\/\/all-leaders.fr\/en\/#website\",\"url\":\"https:\/\/all-leaders.fr\/en\/\",\"name\":\"all-leaders.fr\",\"description\":\"All Leaders Initiative\",\"publisher\":{\"@id\":\"https:\/\/all-leaders.fr\/en\/#organization\"},\"potentialAction\":[{\"@type\":\"SearchAction\",\"target\":{\"@type\":\"EntryPoint\",\"urlTemplate\":\"https:\/\/all-leaders.fr\/en\/?s={search_term_string}\"},\"query-input\":{\"@type\":\"PropertyValueSpecification\",\"valueRequired\":true,\"valueName\":\"search_term_string\"}}],\"inLanguage\":\"en-US\"},{\"@type\":\"Organization\",\"@id\":\"https:\/\/all-leaders.fr\/en\/#organization\",\"name\":\"all-leaders.fr\",\"url\":\"https:\/\/all-leaders.fr\/en\/\",\"logo\":{\"@type\":\"ImageObject\",\"inLanguage\":\"en-US\",\"@id\":\"https:\/\/all-leaders.fr\/en\/#\/schema\/logo\/image\/\",\"url\":\"https:\/\/all-leaders.fr\/wp-content\/uploads\/2023\/03\/ALL_LEADERS_INITIATIVE_L_DARK_LOGO.svg\",\"contentUrl\":\"https:\/\/all-leaders.fr\/wp-content\/uploads\/2023\/03\/ALL_LEADERS_INITIATIVE_L_DARK_LOGO.svg\",\"width\":1360,\"height\":512,\"caption\":\"all-leaders.fr\"},\"image\":{\"@id\":\"https:\/\/all-leaders.fr\/en\/#\/schema\/logo\/image\/\"},\"sameAs\":[\"https:\/\/www.linkedin.com\/company\/all-leaders-initiative\/\"]}]}<\/script>\n<!-- \/ Yoast SEO plugin. -->","yoast_head_json":{"title":"Prot\u00e9ger les professionnels de sant\u00e9 - All Leaders Initiative","description":"Trois offres destin\u00e9es aux professionnels de sant\u00e9\u200b pour les aider \u00e0 gagner en comp\u00e9tence en mati\u00e8re de s\u00e9curisation.","robots":{"index":"index","follow":"follow","max-snippet":"max-snippet:-1","max-image-preview":"max-image-preview:large","max-video-preview":"max-video-preview:-1"},"canonical":"https:\/\/all-leaders.fr\/en\/accompagnements\/solutions-metier-catalogue\/professionnels-de-sante\/","og_locale":"en_US","og_type":"article","og_title":"Prot\u00e9ger les professionnels de sant\u00e9","og_description":"Trois offres destin\u00e9es aux professionnels de sant\u00e9\u200b pour les aider \u00e0 gagner en comp\u00e9tence en mati\u00e8re de s\u00e9curisation.","og_url":"https:\/\/all-leaders.fr\/en\/accompagnements\/solutions-metier-catalogue\/professionnels-de-sante\/","og_site_name":"All Leaders Initiative","article_modified_time":"2025-11-03T09:30:53+00:00","og_image":[{"width":1200,"height":461,"url":"https:\/\/all-leaders.fr\/wp-content\/uploads\/2023\/05\/professionnels-de-sante.jpg","type":"image\/jpeg"}],"twitter_card":"summary_large_image","twitter_title":"Prot\u00e9ger les professionnels de sant\u00e9","twitter_description":"Trois offres destin\u00e9es aux professionnels de sant\u00e9\u200b pour les aider \u00e0 gagner en comp\u00e9tence en mati\u00e8re de s\u00e9curisation.","twitter_image":"https:\/\/all-leaders.fr\/wp-content\/uploads\/2023\/05\/professionnels-de-sante.jpg","twitter_misc":{"Est. reading time":"8 minutes"},"schema":{"@context":"https:\/\/schema.org","@graph":[{"@type":"WebPage","@id":"https:\/\/all-leaders.fr\/en\/accompagnements\/solutions-metier-catalogue\/professionnels-de-sante\/","url":"https:\/\/all-leaders.fr\/en\/accompagnements\/solutions-metier-catalogue\/professionnels-de-sante\/","name":"Prot\u00e9ger les professionnels de sant\u00e9 - All Leaders Initiative","isPartOf":{"@id":"https:\/\/all-leaders.fr\/en\/#website"},"primaryImageOfPage":{"@id":"https:\/\/all-leaders.fr\/en\/accompagnements\/solutions-metier-catalogue\/professionnels-de-sante\/#primaryimage"},"image":{"@id":"https:\/\/all-leaders.fr\/en\/accompagnements\/solutions-metier-catalogue\/professionnels-de-sante\/#primaryimage"},"thumbnailUrl":"https:\/\/all-leaders.fr\/wp-content\/uploads\/2023\/05\/proteger-le-personnel-hospitalier.webp","datePublished":"2023-05-24T10:03:04+00:00","dateModified":"2025-11-03T09:30:53+00:00","description":"Trois offres destin\u00e9es aux professionnels de sant\u00e9\u200b pour les aider \u00e0 gagner en comp\u00e9tence en mati\u00e8re de s\u00e9curisation.","breadcrumb":{"@id":"https:\/\/all-leaders.fr\/en\/accompagnements\/solutions-metier-catalogue\/professionnels-de-sante\/#breadcrumb"},"inLanguage":"en-US","potentialAction":[{"@type":"ReadAction","target":["https:\/\/all-leaders.fr\/en\/accompagnements\/solutions-metier-catalogue\/professionnels-de-sante\/"]}]},{"@type":"ImageObject","inLanguage":"en-US","@id":"https:\/\/all-leaders.fr\/en\/accompagnements\/solutions-metier-catalogue\/professionnels-de-sante\/#primaryimage","url":"https:\/\/all-leaders.fr\/wp-content\/uploads\/2023\/05\/proteger-le-personnel-hospitalier.webp","contentUrl":"https:\/\/all-leaders.fr\/wp-content\/uploads\/2023\/05\/proteger-le-personnel-hospitalier.webp","width":1000,"height":565,"caption":"Prote\u0301ger le personnel de sant\u00e9"},{"@type":"BreadcrumbList","@id":"https:\/\/all-leaders.fr\/en\/accompagnements\/solutions-metier-catalogue\/professionnels-de-sante\/#breadcrumb","itemListElement":[{"@type":"ListItem","position":1,"name":"Accueil","item":"https:\/\/all-leaders.fr\/en\/"},{"@type":"ListItem","position":2,"name":"Accompagnements","item":"https:\/\/all-leaders.fr\/en\/accompagnements\/%thematiques%\/"},{"@type":"ListItem","position":3,"name":"Solutions m\u00e9tier"}]},{"@type":"WebSite","@id":"https:\/\/all-leaders.fr\/en\/#website","url":"https:\/\/all-leaders.fr\/en\/","name":"all-leaders.fr","description":"All Leaders Initiative","publisher":{"@id":"https:\/\/all-leaders.fr\/en\/#organization"},"potentialAction":[{"@type":"SearchAction","target":{"@type":"EntryPoint","urlTemplate":"https:\/\/all-leaders.fr\/en\/?s={search_term_string}"},"query-input":{"@type":"PropertyValueSpecification","valueRequired":true,"valueName":"search_term_string"}}],"inLanguage":"en-US"},{"@type":"Organization","@id":"https:\/\/all-leaders.fr\/en\/#organization","name":"all-leaders.fr","url":"https:\/\/all-leaders.fr\/en\/","logo":{"@type":"ImageObject","inLanguage":"en-US","@id":"https:\/\/all-leaders.fr\/en\/#\/schema\/logo\/image\/","url":"https:\/\/all-leaders.fr\/wp-content\/uploads\/2023\/03\/ALL_LEADERS_INITIATIVE_L_DARK_LOGO.svg","contentUrl":"https:\/\/all-leaders.fr\/wp-content\/uploads\/2023\/03\/ALL_LEADERS_INITIATIVE_L_DARK_LOGO.svg","width":1360,"height":512,"caption":"all-leaders.fr"},"image":{"@id":"https:\/\/all-leaders.fr\/en\/#\/schema\/logo\/image\/"},"sameAs":["https:\/\/www.linkedin.com\/company\/all-leaders-initiative\/"]}]}},"_links":{"self":[{"href":"https:\/\/all-leaders.fr\/en\/wp-json\/wp\/v2\/accompagnements\/8418","targetHints":{"allow":["GET"]}}],"collection":[{"href":"https:\/\/all-leaders.fr\/en\/wp-json\/wp\/v2\/accompagnements"}],"about":[{"href":"https:\/\/all-leaders.fr\/en\/wp-json\/wp\/v2\/types\/accompagnements"}],"author":[{"embeddable":true,"href":"https:\/\/all-leaders.fr\/en\/wp-json\/wp\/v2\/users\/1"}],"version-history":[{"count":170,"href":"https:\/\/all-leaders.fr\/en\/wp-json\/wp\/v2\/accompagnements\/8418\/revisions"}],"predecessor-version":[{"id":14148,"href":"https:\/\/all-leaders.fr\/en\/wp-json\/wp\/v2\/accompagnements\/8418\/revisions\/14148"}],"wp:featuredmedia":[{"embeddable":true,"href":"https:\/\/all-leaders.fr\/en\/wp-json\/wp\/v2\/media\/15022"}],"wp:attachment":[{"href":"https:\/\/all-leaders.fr\/en\/wp-json\/wp\/v2\/media?parent=8418"}],"wp:term":[{"taxonomy":"etat","embeddable":true,"href":"https:\/\/all-leaders.fr\/en\/wp-json\/wp\/v2\/etat?post=8418"},{"taxonomy":"thematiques","embeddable":true,"href":"https:\/\/all-leaders.fr\/en\/wp-json\/wp\/v2\/thematiques?post=8418"},{"taxonomy":"publics-cible","embeddable":true,"href":"https:\/\/all-leaders.fr\/en\/wp-json\/wp\/v2\/publics-cible?post=8418"},{"taxonomy":"types-formations","embeddable":true,"href":"https:\/\/all-leaders.fr\/en\/wp-json\/wp\/v2\/types-formations?post=8418"}],"curies":[{"name":"wp","href":"https:\/\/api.w.org\/{rel}","templated":true}]}}