{"id":9607,"date":"2023-09-27T08:20:47","date_gmt":"2023-09-27T08:20:47","guid":{"rendered":"https:\/\/all-leaders.fr\/?post_type=accompagnements&#038;p=9607"},"modified":"2025-11-09T15:37:18","modified_gmt":"2025-11-09T15:37:18","slug":"gestion-des-conflits","status":"publish","type":"accompagnements","link":"https:\/\/all-leaders.fr\/en\/accompagnements\/gestion-de-la-conflictualite\/gestion-des-conflits\/","title":{"rendered":"Gestion des conflits physiques et verbaux"},"content":{"rendered":"\t\t<div data-elementor-type=\"wp-post\" data-elementor-id=\"9607\" class=\"elementor elementor-9607\" data-elementor-post-type=\"accompagnements\">\n\t\t\t\t<div data-particle_enable=\"false\" data-particle-mobile-disabled=\"false\" class=\"elementor-element elementor-element-b81b02c e-con-full e-flex e-con e-parent\" data-id=\"b81b02c\" data-element_type=\"container\" data-e-type=\"container\" data-settings=\"{&quot;background_background&quot;:&quot;classic&quot;}\">\n\t\t\t\t<div class=\"elementor-element elementor-element-af56e67 elementor-widget__width-initial elementor-widget elementor-widget-heading\" data-id=\"af56e67\" data-element_type=\"widget\" data-e-type=\"widget\" data-widget_type=\"heading.default\">\n\t\t\t\t<div class=\"elementor-widget-container\">\n\t\t\t\t\t<h2 class=\"elementor-heading-title elementor-size-default\">Apprendre aux professionnels \u00e0 g\u00e9rer la violence et l'agressivit\u00e9<\/h2>\t\t\t\t<\/div>\n\t\t\t\t<\/div>\n\t\t\t\t<div class=\"elementor-element elementor-element-a4d8114 elementor-widget__width-initial elementor-widget elementor-widget-heading\" data-id=\"a4d8114\" data-element_type=\"widget\" data-e-type=\"widget\" data-widget_type=\"heading.default\">\n\t\t\t\t<div class=\"elementor-widget-container\">\n\t\t\t\t\t<h3 class=\"elementor-heading-title elementor-size-default\">Peu de th\u00e9orie mais une approche pratique de la gestion des conflits pour aider les \u00e9quipes \u00e0 travailler en s\u00e9curit\u00e9 et augmenter leur QVT<\/h3>\t\t\t\t<\/div>\n\t\t\t\t<\/div>\n\t\t\t\t<div class=\"elementor-element elementor-element-3824eb0 elementor-widget__width-inherit elementor-widget elementor-widget-text-editor\" data-id=\"3824eb0\" data-element_type=\"widget\" data-e-type=\"widget\" data-widget_type=\"text-editor.default\">\n\t\t\t\t<div class=\"elementor-widget-container\">\n\t\t\t\t\t\t\t\t\t<p>Sous stress tout s&#8217;acc\u00e9l\u00e8re et notre cerveau ne raisonne plus : il doit r\u00e9agir. Et bien, il va falloir faire avec. Th\u00e9oriser l&#8217;agression reviendrait \u00e0 ignorer notre fonctionnement c\u00e9r\u00e9bral, notre instinct et diminuerait nos chances face \u00e0 l&#8217;agresseur. Chez All Leaders Intiative, nous vous proposons une p\u00e9dagogie sp\u00e9cifique au plus proche du r\u00e9el et de ses contraintes.<\/p>\t\t\t\t\t\t\t\t<\/div>\n\t\t\t\t<\/div>\n\t\t\t\t<div class=\"elementor-element elementor-element-163f56c elementor-widget__width-initial elementor-widget elementor-widget-text-editor\" data-id=\"163f56c\" data-element_type=\"widget\" data-e-type=\"widget\" data-widget_type=\"text-editor.default\">\n\t\t\t\t<div class=\"elementor-widget-container\">\n\t\t\t\t\t\t\t\t\t<em>\u00ab En m&#8217;inspirant de la m\u00e9decine d&#8217;urgence, je forme les \u00e9quipes en un temps record pour leur permettre de vivre au mieux les pics d&#8217;agressivit\u00e9. \u00bb<\/em><br><br>\n\n<b>&#8211; J\u00e9r\u00f4me Bouteiller<\/b>\t\t\t\t\t\t\t\t<\/div>\n\t\t\t\t<\/div>\n\t\t\t\t<div class=\"elementor-element elementor-element-7f9a987 elementor-widget__width-initial elementor-widget elementor-widget-heading\" data-id=\"7f9a987\" data-element_type=\"widget\" data-e-type=\"widget\" data-widget_type=\"heading.default\">\n\t\t\t\t<div class=\"elementor-widget-container\">\n\t\t\t\t\t<h2 class=\"elementor-heading-title elementor-size-default\">Comment faire face aux conflits du quotidien quand ce n'est pas votre m\u00e9tier&nbsp;?<\/h2>\t\t\t\t<\/div>\n\t\t\t\t<\/div>\n\t\t\t\t<div class=\"elementor-element elementor-element-cc91a0e elementor-widget__width-inherit elementor-widget elementor-widget-heading\" data-id=\"cc91a0e\" data-element_type=\"widget\" data-e-type=\"widget\" data-widget_type=\"heading.default\">\n\t\t\t\t<div class=\"elementor-widget-container\">\n\t\t\t\t\t<h3 class=\"elementor-heading-title elementor-size-medium\">Il faut regarder la r\u00e9alit\u00e9 en face<\/h3>\t\t\t\t<\/div>\n\t\t\t\t<\/div>\n\t\t\t\t<div class=\"elementor-element elementor-element-e0d2b6b elementor-widget elementor-widget-heading\" data-id=\"e0d2b6b\" data-element_type=\"widget\" data-e-type=\"widget\" data-widget_type=\"heading.default\">\n\t\t\t\t<div class=\"elementor-widget-container\">\n\t\t\t\t\t<h4 class=\"elementor-heading-title elementor-size-small\">La r\u00e9alit\u00e9 des \u00e9quipes<\/h4>\t\t\t\t<\/div>\n\t\t\t\t<\/div>\n\t\t\t\t<div class=\"elementor-element elementor-element-e6e4c4d elementor-widget elementor-widget-text-editor\" data-id=\"e6e4c4d\" data-element_type=\"widget\" data-e-type=\"widget\" data-widget_type=\"text-editor.default\">\n\t\t\t\t<div class=\"elementor-widget-container\">\n\t\t\t\t\t\t\t\t\t<p>Les \u00e9quipes sont g\u00e9n\u00e9ralement compos\u00e9es de gens normaux dont le talent s&#8217;exprime dans d&#8217;autres domaines que celui de la s\u00e9curit\u00e9.<\/p><p>Leur s\u00e9lection \u00e9tant bas\u00e9e sur d&#8217;autres crit\u00e8res, il faut composer avec l&#8217;\u00e2ge, la sportivit\u00e9, la gestion du stress, le bagage technique, pour maximiser leur &#8220;aptitude \u00e0 la d\u00e9fense&#8221;.<\/p>\t\t\t\t\t\t\t\t<\/div>\n\t\t\t\t<\/div>\n\t\t\t\t<div class=\"elementor-element elementor-element-65fd22a elementor-widget elementor-widget-image\" data-id=\"65fd22a\" data-element_type=\"widget\" data-e-type=\"widget\" data-widget_type=\"image.default\">\n\t\t\t\t<div class=\"elementor-widget-container\">\n\t\t\t\t\t\t\t\t\t\t\t\t\t\t\t<img fetchpriority=\"high\" decoding=\"async\" width=\"800\" height=\"391\" src=\"https:\/\/all-leaders.fr\/wp-content\/uploads\/2023\/09\/Le-guide-2023-2.jpg\" class=\"attachment-large size-large wp-image-9622\" alt=\"R\u00e9alit\u00e9 des \u00e9quipes en mati\u00e8re de gestion des conflits.\" srcset=\"https:\/\/all-leaders.fr\/wp-content\/uploads\/2023\/09\/Le-guide-2023-2.jpg 896w, https:\/\/all-leaders.fr\/wp-content\/uploads\/2023\/09\/Le-guide-2023-2-300x147.jpg 300w, https:\/\/all-leaders.fr\/wp-content\/uploads\/2023\/09\/Le-guide-2023-2-768x375.jpg 768w\" sizes=\"(max-width: 800px) 100vw, 800px\" \/>\t\t\t\t\t\t\t\t\t\t\t\t\t\t\t<\/div>\n\t\t\t\t<\/div>\n\t\t\t\t<div class=\"elementor-element elementor-element-250c511 elementor-widget elementor-widget-heading\" data-id=\"250c511\" data-element_type=\"widget\" data-e-type=\"widget\" data-widget_type=\"heading.default\">\n\t\t\t\t<div class=\"elementor-widget-container\">\n\t\t\t\t\t<h4 class=\"elementor-heading-title elementor-size-small\">Le temps de formation disponible<\/h4>\t\t\t\t<\/div>\n\t\t\t\t<\/div>\n\t\t\t\t<div class=\"elementor-element elementor-element-2358522 elementor-widget elementor-widget-text-editor\" data-id=\"2358522\" data-element_type=\"widget\" data-e-type=\"widget\" data-widget_type=\"text-editor.default\">\n\t\t\t\t<div class=\"elementor-widget-container\">\n\t\t\t\t\t\t\t\t\t<p>Les rythmes de travail sont parfois tr\u00e8s soutenus, avec des \u00e9quipes en tension et pour certains secteurs, un manque chronique de personnel.<\/p><p>Le temps de formation est une des premi\u00e8res victimes collat\u00e9rales. Les formations chronophages sont r\u00e9duites en temps et en nombre et les r\u00e9activations de comp\u00e9tences tout simplement oubli\u00e9es.<\/p>\t\t\t\t\t\t\t\t<\/div>\n\t\t\t\t<\/div>\n\t\t<div data-particle_enable=\"false\" data-particle-mobile-disabled=\"false\" class=\"elementor-element elementor-element-92576c1 e-flex e-con-boxed e-con e-child\" data-id=\"92576c1\" data-element_type=\"container\" data-e-type=\"container\" data-settings=\"{&quot;background_background&quot;:&quot;classic&quot;}\">\n\t\t\t\t\t<div class=\"e-con-inner\">\n\t\t\t\t<div class=\"elementor-element elementor-element-48f99f4 elementor-widget elementor-widget-heading\" data-id=\"48f99f4\" data-element_type=\"widget\" data-e-type=\"widget\" data-widget_type=\"heading.default\">\n\t\t\t\t<div class=\"elementor-widget-container\">\n\t\t\t\t\t<div class=\"elementor-heading-title elementor-size-small\">Que faire ?<\/div>\t\t\t\t<\/div>\n\t\t\t\t<\/div>\n\t\t\t\t<div class=\"elementor-element elementor-element-add7675 elementor-widget__width-initial elementor-widget-tablet_extra__width-initial elementor-widget-laptop__width-initial elementor-widget elementor-widget-heading\" data-id=\"add7675\" data-element_type=\"widget\" data-e-type=\"widget\" data-widget_type=\"heading.default\">\n\t\t\t\t<div class=\"elementor-widget-container\">\n\t\t\t\t\t<h2 class=\"elementor-heading-title elementor-size-small\">Que proposer \u00e0 un public h\u00e9t\u00e9rog\u00e8ne, non-sp\u00e9cialis\u00e9 en s\u00e9curit\u00e9 et avec peu de temps de formation ?<\/h2>\t\t\t\t<\/div>\n\t\t\t\t<\/div>\n\t\t\t\t<div class=\"elementor-element elementor-element-b9db503 elementor-widget__width-initial elementor-widget-tablet_extra__width-initial elementor-widget-laptop__width-initial elementor-widget elementor-widget-heading\" data-id=\"b9db503\" data-element_type=\"widget\" data-e-type=\"widget\" data-widget_type=\"heading.default\">\n\t\t\t\t<div class=\"elementor-widget-container\">\n\t\t\t\t\t<h3 class=\"elementor-heading-title elementor-size-small\">Proposer une s\u00e9lection d'outils adapt\u00e9s aux professionnels responsables<\/h3>\t\t\t\t<\/div>\n\t\t\t\t<\/div>\n\t\t\t\t<div class=\"elementor-element elementor-element-e49ed52 elementor-widget elementor-widget-text-editor\" data-id=\"e49ed52\" data-element_type=\"widget\" data-e-type=\"widget\" data-widget_type=\"text-editor.default\">\n\t\t\t\t<div class=\"elementor-widget-container\">\n\t\t\t\t\t\t\t\t\t<ul><li>Au travers d&#8217;une <strong>curation constante<\/strong> des outils et des bonnes pratiques.<\/li><li>Pour fournir une base technique r\u00e9duite, simple, <strong>efficace et transmissible<\/strong>.<\/li><li>En privil\u00e9giant toujours <strong>mod\u00e9ration et humanit\u00e9.\u00a0<\/strong><\/li><\/ul>\t\t\t\t\t\t\t\t<\/div>\n\t\t\t\t<\/div>\n\t\t\t\t<div class=\"elementor-element elementor-element-172402b elementor-widget__width-initial elementor-widget-tablet_extra__width-initial elementor-widget-laptop__width-initial elementor-widget elementor-widget-heading\" data-id=\"172402b\" data-element_type=\"widget\" data-e-type=\"widget\" data-widget_type=\"heading.default\">\n\t\t\t\t<div class=\"elementor-widget-container\">\n\t\t\t\t\t<h3 class=\"elementor-heading-title elementor-size-small\">3 axes de travail pour g\u00e9rer LE conflit<\/h3>\t\t\t\t<\/div>\n\t\t\t\t<\/div>\n\t\t\t\t<div class=\"elementor-element elementor-element-4ded5c1 elementor-widget elementor-widget-text-editor\" data-id=\"4ded5c1\" data-element_type=\"widget\" data-e-type=\"widget\" data-widget_type=\"text-editor.default\">\n\t\t\t\t<div class=\"elementor-widget-container\">\n\t\t\t\t\t\t\t\t\t<p>Il n&#8217;existe qu&#8217;un conflit : une boucle dramatique o\u00f9 tout peut potentiellement arriver et qui se r\u00e9p\u00e8te jusqu&#8217;\u00e0 l&#8217;abandon forc\u00e9 ou volontaire d&#8217;un des protagonistes.<\/p>\n<p>Nous travaillons par cons\u00e9quent les points suivants :<br><br><\/p>\n<ul>\n<li>Les <b>outils techniques<\/b> du conflit (verbal et\/ou physique)<\/li>\n<li>Le <b>protocole d&#8217;intervention<\/b> de l&#8217;\u00e9quipe (&#8220;nous&#8221; face au conflit)<\/li>\n<li>La <b>gestion du stress<\/b> (&#8220;moi&#8221; face au conflit, demande per\u00e7ue vs ressources per\u00e7ues, TOP)<\/li>\n<\/ul>\t\t\t\t\t\t\t\t<\/div>\n\t\t\t\t<\/div>\n\t\t\t\t<div class=\"elementor-element elementor-element-e32ecb9 elementor-widget__width-initial elementor-widget-tablet_extra__width-initial elementor-widget-laptop__width-initial elementor-widget elementor-widget-heading\" data-id=\"e32ecb9\" data-element_type=\"widget\" data-e-type=\"widget\" data-widget_type=\"heading.default\">\n\t\t\t\t<div class=\"elementor-widget-container\">\n\t\t\t\t\t<h3 class=\"elementor-heading-title elementor-size-small\">Une ing\u00e9nierie p\u00e9dagogique adapt\u00e9e \u00e0 la gestion des conflits<\/h3>\t\t\t\t<\/div>\n\t\t\t\t<\/div>\n\t\t\t\t<div class=\"elementor-element elementor-element-138b3a3 elementor-widget elementor-widget-text-editor\" data-id=\"138b3a3\" data-element_type=\"widget\" data-e-type=\"widget\" data-widget_type=\"text-editor.default\">\n\t\t\t\t<div class=\"elementor-widget-container\">\n\t\t\t\t\t\t\t\t\t<p>La m\u00e9thode pour enseigner ces outils et aussi importante que son contenu. On n&#8217;apprend pas \u00e0 se d\u00e9fendre comme on apprend un sport, le piano ou les langues.<\/p><p>L&#8217;enseignement doit \u00eatre compatible avec des situations hautement stressog\u00e8nes et fournir un <b>cadre de travail<\/b> s\u00fbr aux participants.<\/p><p>Gr\u00e2ce \u00e0 une <b>stimulation par l&#8217;inconfort<\/b>, nous incitons les participants \u00e0 s&#8217;adapter en am\u00e9liorant des <b>r\u00e9ponses instinctives positives<\/b>.<\/p>\t\t\t\t\t\t\t\t<\/div>\n\t\t\t\t<\/div>\n\t\t\t\t<div class=\"elementor-element elementor-element-26da88b elementor-widget elementor-widget-image\" data-id=\"26da88b\" data-element_type=\"widget\" data-e-type=\"widget\" data-widget_type=\"image.default\">\n\t\t\t\t<div class=\"elementor-widget-container\">\n\t\t\t\t\t\t\t\t\t\t\t\t\t\t\t<img decoding=\"async\" width=\"800\" height=\"436\" src=\"https:\/\/all-leaders.fr\/wp-content\/uploads\/2023\/09\/1.jpg\" class=\"attachment-large size-large wp-image-9765\" alt=\"Gestion des conflits sur le lieu de travail\" srcset=\"https:\/\/all-leaders.fr\/wp-content\/uploads\/2023\/09\/1.jpg 990w, https:\/\/all-leaders.fr\/wp-content\/uploads\/2023\/09\/1-300x164.jpg 300w, https:\/\/all-leaders.fr\/wp-content\/uploads\/2023\/09\/1-768x419.jpg 768w\" sizes=\"(max-width: 800px) 100vw, 800px\" \/>\t\t\t\t\t\t\t\t\t\t\t\t\t\t\t<\/div>\n\t\t\t\t<\/div>\n\t\t\t\t\t<\/div>\n\t\t\t\t<\/div>\n\t\t\t\t<div class=\"elementor-element elementor-element-3a21a21 elementor-widget elementor-widget-text-editor\" data-id=\"3a21a21\" data-element_type=\"widget\" data-e-type=\"widget\" data-widget_type=\"text-editor.default\">\n\t\t\t\t<div class=\"elementor-widget-container\">\n\t\t\t\t\t\t\t\t\t<p>Nous vous proposons une approche humaine de l&#8217;agressivit\u00e9 (avec une bonne dose d&#8217;assertivit\u00e9) o\u00f9 vous apprendrez \u00e0 g\u00e9rer un risque adapt\u00e9 \u00e0 <b>votre contexte.<\/b><\/p><p>Chez nous,\u00a0<b>aucune extension de comp\u00e9tence<\/b> (pas d&#8217;armes, de techniques ninja&#8230;) quitte \u00e0 vous orienter vers des professionnels plus sp\u00e9cialis\u00e9s si votre contexte de travail le justifie.<\/p><p>Nous allons <b>travailler seul et en \u00e9quipe, <\/b>dans<b> l&#8217;ultrar\u00e9alisme<\/b> (la r\u00e9alit\u00e9 avec la s\u00e9curit\u00e9 en plus) et dans le <b>respect total <\/b>(d&#8217;autrui, des consignes, de l&#8217;agresseur).<\/p>\t\t\t\t\t\t\t\t<\/div>\n\t\t\t\t<\/div>\n\t\t<div data-particle_enable=\"false\" data-particle-mobile-disabled=\"false\" class=\"elementor-element elementor-element-96e2dcd e-flex e-con-boxed e-con e-child\" data-id=\"96e2dcd\" data-element_type=\"container\" data-e-type=\"container\">\n\t\t\t\t\t<div class=\"e-con-inner\">\n\t\t<div data-particle_enable=\"false\" data-particle-mobile-disabled=\"false\" class=\"elementor-element elementor-element-cce6849 e-flex e-con-boxed e-con e-child\" data-id=\"cce6849\" data-element_type=\"container\" data-e-type=\"container\">\n\t\t\t\t\t<div class=\"e-con-inner\">\n\t\t\t\t<div class=\"elementor-element elementor-element-6f6d559 elementor-widget__width-initial elementor-flip-box--effect-flip elementor-flip-box--direction-up elementor-widget elementor-widget-flip-box\" data-id=\"6f6d559\" data-element_type=\"widget\" data-e-type=\"widget\" data-widget_type=\"flip-box.default\">\n\t\t\t\t<div class=\"elementor-widget-container\">\n\t\t\t\t\t\t\t<div class=\"elementor-flip-box\" tabindex=\"0\">\n\t\t\t<div class=\"elementor-flip-box__layer elementor-flip-box__front\">\n\t\t\t\t<div class=\"elementor-flip-box__layer__overlay\">\n\t\t\t\t\t<div class=\"elementor-flip-box__layer__inner\">\n\t\t\t\t\t\t\t\t\t\t\t\t\t<div class=\"elementor-icon-wrapper elementor-view-default\">\n\t\t\t\t\t\t\t\t<div class=\"elementor-icon\">\n\t\t\t\t\t\t\t\t\t<i class=\"fas fa-tachometer-alt\"><\/i>\t\t\t\t\t\t\t\t<\/div>\n\t\t\t\t\t\t\t<\/div>\n\t\t\t\t\t\t\n\t\t\t\t\t\t\n\t\t\t\t\t\t\t\t\t\t\t\t\t<div class=\"elementor-flip-box__layer__description\">\n\t\t\t\t\t\t\t\tFormer\nde fa\u00e7on responsable,\ndes professionnels...\t\t\t\t\t\t\t<\/div>\n\t\t\t\t\t\t\t\t\t\t\t<\/div>\n\t\t\t\t<\/div>\n\t\t\t<\/div>\n\t\t\t<div class=\"elementor-flip-box__layer elementor-flip-box__back\">\n\t\t\t<div class=\"elementor-flip-box__layer__overlay\">\n\t\t\t\t<div class=\"elementor-flip-box__layer__inner\">\n\t\t\t\t\t\n\t\t\t\t\t\t\t\t\t\t\t<div class=\"elementor-flip-box__layer__description\">\n\t\t\t\t\t\t\t... \u00e0 la gestion des tensions, du conflit verbal au conflit physique\t\t\t\t\t\t<\/div>\n\t\t\t\t\t\n\t\t\t\t\t\t\t\t<\/div>\n\t\t<\/div>\n\t\t<\/div>\n\t\t<\/div>\n\t\t\t\t\t\t<\/div>\n\t\t\t\t<\/div>\n\t\t\t\t<div class=\"elementor-element elementor-element-b74cb11 elementor-widget__width-initial elementor-flip-box--effect-flip elementor-flip-box--direction-up elementor-widget elementor-widget-flip-box\" data-id=\"b74cb11\" data-element_type=\"widget\" data-e-type=\"widget\" data-widget_type=\"flip-box.default\">\n\t\t\t\t<div class=\"elementor-widget-container\">\n\t\t\t\t\t\t\t<div class=\"elementor-flip-box\" tabindex=\"0\">\n\t\t\t<div class=\"elementor-flip-box__layer elementor-flip-box__front\">\n\t\t\t\t<div class=\"elementor-flip-box__layer__overlay\">\n\t\t\t\t\t<div class=\"elementor-flip-box__layer__inner\">\n\t\t\t\t\t\t\t\t\t\t\t\t\t<div class=\"elementor-icon-wrapper elementor-view-default\">\n\t\t\t\t\t\t\t\t<div class=\"elementor-icon\">\n\t\t\t\t\t\t\t\t\t<i class=\"far fa-flag\"><\/i>\t\t\t\t\t\t\t\t<\/div>\n\t\t\t\t\t\t\t<\/div>\n\t\t\t\t\t\t\n\t\t\t\t\t\t\n\t\t\t\t\t\t\t\t\t\t\t\t\t<div class=\"elementor-flip-box__layer__description\">\n\t\t\t\t\t\t\t\t... qui\nsavent rarement\nse d\u00e9fendre,\t\t\t\t\t\t\t<\/div>\n\t\t\t\t\t\t\t\t\t\t\t<\/div>\n\t\t\t\t<\/div>\n\t\t\t<\/div>\n\t\t\t<div class=\"elementor-flip-box__layer elementor-flip-box__back\">\n\t\t\t<div class=\"elementor-flip-box__layer__overlay\">\n\t\t\t\t<div class=\"elementor-flip-box__layer__inner\">\n\t\t\t\t\t\n\t\t\t\t\t\t\t\t\t\t\t<div class=\"elementor-flip-box__layer__description\">\n\t\t\t\t\t\t\t... en me concentrant sur l'efficacit\u00e9,\nle temps d\u2019apprentissage court, la capacit\u00e9 de restitution sous stress et la s\u00e9curit\u00e9 des participants.\t\t\t\t\t\t<\/div>\n\t\t\t\t\t\n\t\t\t\t\t\t\t\t<\/div>\n\t\t<\/div>\n\t\t<\/div>\n\t\t<\/div>\n\t\t\t\t\t\t<\/div>\n\t\t\t\t<\/div>\n\t\t\t\t<div class=\"elementor-element elementor-element-31c1686 elementor-widget__width-initial elementor-flip-box--effect-flip elementor-flip-box--direction-up elementor-widget elementor-widget-flip-box\" data-id=\"31c1686\" data-element_type=\"widget\" data-e-type=\"widget\" data-widget_type=\"flip-box.default\">\n\t\t\t\t<div class=\"elementor-widget-container\">\n\t\t\t\t\t\t\t<div class=\"elementor-flip-box\" tabindex=\"0\">\n\t\t\t<div class=\"elementor-flip-box__layer elementor-flip-box__front\">\n\t\t\t\t<div class=\"elementor-flip-box__layer__overlay\">\n\t\t\t\t\t<div class=\"elementor-flip-box__layer__inner\">\n\t\t\t\t\t\t\t\t\t\t\t\t\t<div class=\"elementor-icon-wrapper elementor-view-default\">\n\t\t\t\t\t\t\t\t<div class=\"elementor-icon\">\n\t\t\t\t\t\t\t\t\t<i class=\"far fa-clock\"><\/i>\t\t\t\t\t\t\t\t<\/div>\n\t\t\t\t\t\t\t<\/div>\n\t\t\t\t\t\t\n\t\t\t\t\t\t\n\t\t\t\t\t\t\t\t\t\t\t\t\t<div class=\"elementor-flip-box__layer__description\">\n\t\t\t\t\t\t\t\t... et qui n'ont\njamais le temps de\nse former.\t\t\t\t\t\t\t<\/div>\n\t\t\t\t\t\t\t\t\t\t\t<\/div>\n\t\t\t\t<\/div>\n\t\t\t<\/div>\n\t\t\t<div class=\"elementor-flip-box__layer elementor-flip-box__back\">\n\t\t\t<div class=\"elementor-flip-box__layer__overlay\">\n\t\t\t\t<div class=\"elementor-flip-box__layer__inner\">\n\t\t\t\t\t\n\t\t\t\t\t\t\t\t\t\t\t<div class=\"elementor-flip-box__layer__description\">\n\t\t\t\t\t\t\tVous pouvez \u00eatre agress\u00e9 demain : la notion d\u2019urgence est donc la cl\u00e9 de voute de toutes mes formations.\t\t\t\t\t\t<\/div>\n\t\t\t\t\t\n\t\t\t\t\t\t\t\t<\/div>\n\t\t<\/div>\n\t\t<\/div>\n\t\t<\/div>\n\t\t\t\t\t\t<\/div>\n\t\t\t\t<\/div>\n\t\t\t\t\t<\/div>\n\t\t\t\t<\/div>\n\t\t\t\t<div class=\"elementor-element elementor-element-4fa1616 elementor-hidden-mobile_extra elementor-hidden-mobile elementor-widget elementor-widget-text-editor\" data-id=\"4fa1616\" data-element_type=\"widget\" data-e-type=\"widget\" data-widget_type=\"text-editor.default\">\n\t\t\t\t<div class=\"elementor-widget-container\">\n\t\t\t\t\t\t\t\t\t<p><i>Nous ne sommes pas des adeptes de l&#8217;auto-d\u00e9fense qui pourrait donner l&#8217;impression (voire la dangereuse illusion) que chacun peut \u00e0 terme se d\u00e9fendre en toute situation. Les forces de l&#8217;ordre sont l\u00e0 pour nous prot\u00e9ger et nous devons les appeler d\u00e8s que n\u00e9cessaire. Nous pr\u00e9f\u00e9rons parler de protection.<\/i><\/p>\t\t\t\t\t\t\t\t<\/div>\n\t\t\t\t<\/div>\n\t\t<div data-particle_enable=\"false\" data-particle-mobile-disabled=\"false\" class=\"elementor-element elementor-element-1f33d52 e-con-full e-flex e-con e-child\" data-id=\"1f33d52\" data-element_type=\"container\" data-e-type=\"container\" data-settings=\"{&quot;background_background&quot;:&quot;classic&quot;}\">\n\t\t<div data-particle_enable=\"false\" data-particle-mobile-disabled=\"false\" class=\"elementor-element elementor-element-c38a515 e-con-full e-flex e-con e-child\" data-id=\"c38a515\" data-element_type=\"container\" data-e-type=\"container\" data-settings=\"{&quot;background_background&quot;:&quot;classic&quot;}\">\n\t\t\t\t<div class=\"elementor-element elementor-element-5452531 elementor-widget__width-initial elementor-widget-tablet_extra__width-initial elementor-widget-laptop__width-initial elementor-widget elementor-widget-heading\" data-id=\"5452531\" data-element_type=\"widget\" data-e-type=\"widget\" data-widget_type=\"heading.default\">\n\t\t\t\t<div class=\"elementor-widget-container\">\n\t\t\t\t\t<div class=\"elementor-heading-title elementor-size-default\">Nos accompagnements en gestion des conflits permettent la mise en place de pr\u00e9cautions universelles contre la violence et renforcent la coh\u00e9sion des \u00e9quipes constitu\u00e9es.<\/div>\t\t\t\t<\/div>\n\t\t\t\t<\/div>\n\t\t\t\t<\/div>\n\t\t<div data-particle_enable=\"false\" data-particle-mobile-disabled=\"false\" class=\"elementor-element elementor-element-be433fb e-con-full e-flex e-con e-child\" data-id=\"be433fb\" data-element_type=\"container\" data-e-type=\"container\" data-settings=\"{&quot;background_background&quot;:&quot;classic&quot;}\">\n\t\t\t\t<div class=\"elementor-element elementor-element-57917fb elementor-widget elementor-widget-text-editor\" data-id=\"57917fb\" data-element_type=\"widget\" data-e-type=\"widget\" data-widget_type=\"text-editor.default\">\n\t\t\t\t<div class=\"elementor-widget-container\">\n\t\t\t\t\t\t\t\t\tNous mettons \u00e9galement en action notre vision au travers d&#8217;autres accompagnements plus sp\u00e9cifiques :\n<ul>\n \t<li><a href=\"https:\/\/all-leaders.fr\/accompagnements\/gestion-de-la-conflictualite\/agressivite-du-patient\/\"><b>Gestion de l&#8217;agressivit\u00e9 du patient et de son entourage<\/b><\/a><\/li>\n \t<li><a href=\"https:\/\/all-leaders.fr\/accompagnements\/gestion-de-la-conflictualite\/formation-agressivite-professionnelle-virtual-box\/\"><b>Virtual Box<\/b><\/a> (une exp\u00e9rience muscl\u00e9e aussi bien physiquement, qu&#8217;intellectuellement)<\/li>\n<\/ul>\t\t\t\t\t\t\t\t<\/div>\n\t\t\t\t<\/div>\n\t\t\t\t<\/div>\n\t\t<div data-particle_enable=\"false\" data-particle-mobile-disabled=\"false\" class=\"elementor-element elementor-element-2021f8a e-con-full e-flex e-con e-child\" data-id=\"2021f8a\" data-element_type=\"container\" data-e-type=\"container\" data-settings=\"{&quot;background_background&quot;:&quot;classic&quot;}\">\n\t\t\t\t<div class=\"elementor-element elementor-element-601738d elementor-widget elementor-widget-text-editor\" data-id=\"601738d\" data-element_type=\"widget\" data-e-type=\"widget\" data-widget_type=\"text-editor.default\">\n\t\t\t\t<div class=\"elementor-widget-container\">\n\t\t\t\t\t\t\t\t\t<p>Ils dotent les personnels les plus expos\u00e9s d\u2019un <b>kit de survie<\/b>\u00a0pour les aider \u00e0 g\u00e9rer les conflits en leur fournissant des outils de r\u00e9solution imm\u00e9diatement applicables.<\/p><ol><li><b>Respect de la relation<\/b> avec l&#8217;utilisateur\/patient<\/li><li>Respect du <b>cadre l\u00e9gal<\/b><\/li><li><b>Aucune violence excessive<\/b><\/li><li><b>Pas de coup<\/b> et donc accessible \u00e0 tous<\/li><\/ol>\t\t\t\t\t\t\t\t<\/div>\n\t\t\t\t<\/div>\n\t\t\t\t<\/div>\n\t\t\t\t<\/div>\n\t\t\t\t\t<\/div>\n\t\t\t\t<\/div>\n\t\t\t\t<div class=\"elementor-element elementor-element-a430f09 elementor-widget__width-inherit elementor-widget-mobile__width-initial elementor-widget elementor-widget-heading\" data-id=\"a430f09\" data-element_type=\"widget\" data-e-type=\"widget\" data-widget_type=\"heading.default\">\n\t\t\t\t<div class=\"elementor-widget-container\">\n\t\t\t\t\t<h2 class=\"elementor-heading-title elementor-size-default\">Objectifs de cette formation anti-violence<\/h2>\t\t\t\t<\/div>\n\t\t\t\t<\/div>\n\t\t\t\t<div class=\"elementor-element elementor-element-bc50ec1 elementor-widget elementor-widget-text-editor\" data-id=\"bc50ec1\" data-element_type=\"widget\" data-e-type=\"widget\" data-widget_type=\"text-editor.default\">\n\t\t\t\t<div class=\"elementor-widget-container\">\n\t\t\t\t\t\t\t\t\t<p>Assurer la continuit\u00e9 des services (la mission) et la s\u00e9curit\u00e9 du personnel en les formant \u00e0 la gestion des conflits. A la fin de la formation, les participants seront en mesure de\u00a0:<\/p>\t\t\t\t\t\t\t\t<\/div>\n\t\t\t\t<\/div>\n\t\t<div data-particle_enable=\"false\" data-particle-mobile-disabled=\"false\" class=\"elementor-element elementor-element-b2249cb e-flex e-con-boxed e-con e-child\" data-id=\"b2249cb\" data-element_type=\"container\" data-e-type=\"container\">\n\t\t\t\t\t<div class=\"e-con-inner\">\n\t\t\t\t<div class=\"elementor-element elementor-element-6f9c7ae elementor-widget__width-inherit elementor-widget elementor-widget-heading\" data-id=\"6f9c7ae\" data-element_type=\"widget\" data-e-type=\"widget\" data-widget_type=\"heading.default\">\n\t\t\t\t<div class=\"elementor-widget-container\">\n\t\t\t\t\t<h3 class=\"elementor-heading-title elementor-size-default\">mieux g\u00e9rer LE STRESS<\/h3>\t\t\t\t<\/div>\n\t\t\t\t<\/div>\n\t\t\t\t<div class=\"elementor-element elementor-element-18d819a elementor-widget__width-inherit elementor-widget elementor-widget-heading\" data-id=\"18d819a\" data-element_type=\"widget\" data-e-type=\"widget\" data-widget_type=\"heading.default\">\n\t\t\t\t<div class=\"elementor-widget-container\">\n\t\t\t\t\t<h4 class=\"elementor-heading-title elementor-size-default\">Comprendre le stress et le conflit<\/h4>\t\t\t\t<\/div>\n\t\t\t\t<\/div>\n\t\t\t\t<div class=\"elementor-element elementor-element-2f8dd19 elementor-widget__width-inherit elementor-widget elementor-widget-heading\" data-id=\"2f8dd19\" data-element_type=\"widget\" data-e-type=\"widget\" data-widget_type=\"heading.default\">\n\t\t\t\t<div class=\"elementor-widget-container\">\n\t\t\t\t\t<h4 class=\"elementor-heading-title elementor-size-default\">Agir sur soi, la situation ou les deux<\/h4>\t\t\t\t<\/div>\n\t\t\t\t<\/div>\n\t\t\t\t\t<\/div>\n\t\t\t\t<\/div>\n\t\t<div data-particle_enable=\"false\" data-particle-mobile-disabled=\"false\" class=\"elementor-element elementor-element-904d331 e-flex e-con-boxed e-con e-child\" data-id=\"904d331\" data-element_type=\"container\" data-e-type=\"container\">\n\t\t\t\t\t<div class=\"e-con-inner\">\n\t\t\t\t<div class=\"elementor-element elementor-element-caa6f7c elementor-widget__width-inherit elementor-widget elementor-widget-heading\" data-id=\"caa6f7c\" data-element_type=\"widget\" data-e-type=\"widget\" data-widget_type=\"heading.default\">\n\t\t\t\t<div class=\"elementor-widget-container\">\n\t\t\t\t\t<h3 class=\"elementor-heading-title elementor-size-default\">COMMUNIquer de fa\u00e7on TACTIQUE<\/h3>\t\t\t\t<\/div>\n\t\t\t\t<\/div>\n\t\t\t\t<div class=\"elementor-element elementor-element-be1dd4b elementor-widget__width-inherit elementor-widget elementor-widget-heading\" data-id=\"be1dd4b\" data-element_type=\"widget\" data-e-type=\"widget\" data-widget_type=\"heading.default\">\n\t\t\t\t<div class=\"elementor-widget-container\">\n\t\t\t\t\t<h4 class=\"elementor-heading-title elementor-size-default\">Se synchroniser<\/h4>\t\t\t\t<\/div>\n\t\t\t\t<\/div>\n\t\t\t\t<div class=\"elementor-element elementor-element-6378a8c elementor-widget__width-inherit elementor-widget elementor-widget-heading\" data-id=\"6378a8c\" data-element_type=\"widget\" data-e-type=\"widget\" data-widget_type=\"heading.default\">\n\t\t\t\t<div class=\"elementor-widget-container\">\n\t\t\t\t\t<h4 class=\"elementor-heading-title elementor-size-default\">Entrer en empathie<\/h4>\t\t\t\t<\/div>\n\t\t\t\t<\/div>\n\t\t\t\t<div class=\"elementor-element elementor-element-1d532a2 elementor-widget__width-inherit elementor-widget elementor-widget-heading\" data-id=\"1d532a2\" data-element_type=\"widget\" data-e-type=\"widget\" data-widget_type=\"heading.default\">\n\t\t\t\t<div class=\"elementor-widget-container\">\n\t\t\t\t\t<h4 class=\"elementor-heading-title elementor-size-default\">Co-\u00e9laborer une sortie de crise<\/h4>\t\t\t\t<\/div>\n\t\t\t\t<\/div>\n\t\t\t\t\t<\/div>\n\t\t\t\t<\/div>\n\t\t<div data-particle_enable=\"false\" data-particle-mobile-disabled=\"false\" class=\"elementor-element elementor-element-b8e446f e-flex e-con-boxed e-con e-child\" data-id=\"b8e446f\" data-element_type=\"container\" data-e-type=\"container\">\n\t\t\t\t\t<div class=\"e-con-inner\">\n\t\t\t\t<div class=\"elementor-element elementor-element-42fe821 elementor-widget__width-inherit elementor-widget elementor-widget-heading\" data-id=\"42fe821\" data-element_type=\"widget\" data-e-type=\"widget\" data-widget_type=\"heading.default\">\n\t\t\t\t<div class=\"elementor-widget-container\">\n\t\t\t\t\t<h3 class=\"elementor-heading-title elementor-size-default\">SE PROT\u00c9GER<\/h3>\t\t\t\t<\/div>\n\t\t\t\t<\/div>\n\t\t\t\t<div class=\"elementor-element elementor-element-684f800 elementor-widget__width-inherit elementor-widget elementor-widget-heading\" data-id=\"684f800\" data-element_type=\"widget\" data-e-type=\"widget\" data-widget_type=\"heading.default\">\n\t\t\t\t<div class=\"elementor-widget-container\">\n\t\t\t\t\t<h4 class=\"elementor-heading-title elementor-size-default\">Acqu\u00e9rir quelques outils TOP\u00ae <\/h4>\t\t\t\t<\/div>\n\t\t\t\t<\/div>\n\t\t\t\t<div class=\"elementor-element elementor-element-58112d0 elementor-widget__width-inherit elementor-widget elementor-widget-heading\" data-id=\"58112d0\" data-element_type=\"widget\" data-e-type=\"widget\" data-widget_type=\"heading.default\">\n\t\t\t\t<div class=\"elementor-widget-container\">\n\t\t\t\t\t<h4 class=\"elementor-heading-title elementor-size-default\">Repr\u00e9senter sans subir<\/h4>\t\t\t\t<\/div>\n\t\t\t\t<\/div>\n\t\t\t\t<div class=\"elementor-element elementor-element-f61b477 elementor-widget__width-inherit elementor-widget elementor-widget-heading\" data-id=\"f61b477\" data-element_type=\"widget\" data-e-type=\"widget\" data-widget_type=\"heading.default\">\n\t\t\t\t<div class=\"elementor-widget-container\">\n\t\t\t\t\t<h4 class=\"elementor-heading-title elementor-size-default\">Protection physique <\/h4>\t\t\t\t<\/div>\n\t\t\t\t<\/div>\n\t\t\t\t\t<\/div>\n\t\t\t\t<\/div>\n\t\t<div data-particle_enable=\"false\" data-particle-mobile-disabled=\"false\" class=\"elementor-element elementor-element-ca875fa e-flex e-con-boxed e-con e-child\" data-id=\"ca875fa\" data-element_type=\"container\" data-e-type=\"container\">\n\t\t\t\t\t<div class=\"e-con-inner\">\n\t\t\t\t<div class=\"elementor-element elementor-element-474f994 elementor-widget__width-inherit elementor-widget elementor-widget-heading\" data-id=\"474f994\" data-element_type=\"widget\" data-e-type=\"widget\" data-widget_type=\"heading.default\">\n\t\t\t\t<div class=\"elementor-widget-container\">\n\t\t\t\t\t<h3 class=\"elementor-heading-title elementor-size-default\">INTERVENIR<\/h3>\t\t\t\t<\/div>\n\t\t\t\t<\/div>\n\t\t\t\t<div class=\"elementor-element elementor-element-d86a5fc elementor-widget__width-inherit elementor-widget elementor-widget-heading\" data-id=\"d86a5fc\" data-element_type=\"widget\" data-e-type=\"widget\" data-widget_type=\"heading.default\">\n\t\t\t\t<div class=\"elementor-widget-container\">\n\t\t\t\t\t<h4 class=\"elementor-heading-title elementor-size-default\">Dans les limites du possible<\/h4>\t\t\t\t<\/div>\n\t\t\t\t<\/div>\n\t\t\t\t<div class=\"elementor-element elementor-element-d04aaf4 elementor-widget__width-inherit elementor-widget elementor-widget-heading\" data-id=\"d04aaf4\" data-element_type=\"widget\" data-e-type=\"widget\" data-widget_type=\"heading.default\">\n\t\t\t\t<div class=\"elementor-widget-container\">\n\t\t\t\t\t<h4 class=\"elementor-heading-title elementor-size-default\">G\u00e9rer physiquement les personnes<\/h4>\t\t\t\t<\/div>\n\t\t\t\t<\/div>\n\t\t\t\t<div class=\"elementor-element elementor-element-0c400e0 elementor-widget__width-inherit elementor-widget elementor-widget-heading\" data-id=\"0c400e0\" data-element_type=\"widget\" data-e-type=\"widget\" data-widget_type=\"heading.default\">\n\t\t\t\t<div class=\"elementor-widget-container\">\n\t\t\t\t\t<h4 class=\"elementor-heading-title elementor-size-default\">Travailler seul ou en \u00e9quipe <\/h4>\t\t\t\t<\/div>\n\t\t\t\t<\/div>\n\t\t\t\t\t<\/div>\n\t\t\t\t<\/div>\n\t\t\t\t<div class=\"elementor-element elementor-element-b85e60d elementor-widget__width-inherit elementor-widget-mobile__width-initial elementor-widget elementor-widget-heading\" data-id=\"b85e60d\" data-element_type=\"widget\" data-e-type=\"widget\" data-widget_type=\"heading.default\">\n\t\t\t\t<div class=\"elementor-widget-container\">\n\t\t\t\t\t<h2 class=\"elementor-heading-title elementor-size-default\">Principaux atouts de la formation<\/h2>\t\t\t\t<\/div>\n\t\t\t\t<\/div>\n\t\t\t\t<div class=\"elementor-element elementor-element-35e0250 elementor-widget elementor-widget-text-editor\" data-id=\"35e0250\" data-element_type=\"widget\" data-e-type=\"widget\" data-widget_type=\"text-editor.default\">\n\t\t\t\t<div class=\"elementor-widget-container\">\n\t\t\t\t\t\t\t\t\t<p>Cette formation combine \u00e0 la fois la <b>partie relationnelle (se prot\u00e9ger psychologiquement et \u00e9tablir la relation)<\/b> et la <b>partie physique (se prot\u00e9ger physiquement et faire face)<\/b> pour g\u00e9rer toutes les \u00e9tapes du cycle de la violence. Les outils techniques sont <b>imm\u00e9diatement applicables<\/b>.<\/p><p>Pour la partie physique, on utilise les v\u00eatements de l&#8217;agresseur (z\u00e9ro coup) avec la possibilit\u00e9 de <b>moduler l&#8217;intensit\u00e9<\/b> de la r\u00e9ponse en fonction de la s\u00e9v\u00e9rit\u00e9 de l\u2019acte et du type d&#8217;agresseur (femmes, personnes \u00e2g\u00e9es, adolescents&#8230;).<\/p>\t\t\t\t\t\t\t\t<\/div>\n\t\t\t\t<\/div>\n\t\t<div data-particle_enable=\"false\" data-particle-mobile-disabled=\"false\" class=\"elementor-element elementor-element-e24a875 e-con-full e-flex e-con e-child\" data-id=\"e24a875\" data-element_type=\"container\" data-e-type=\"container\" data-settings=\"{&quot;background_background&quot;:&quot;classic&quot;}\">\n\t\t\t\t<div class=\"elementor-element elementor-element-8c7f1aa elementor-widget__width-inherit elementor-widget-mobile__width-initial elementor-widget elementor-widget-heading\" data-id=\"8c7f1aa\" data-element_type=\"widget\" data-e-type=\"widget\" data-widget_type=\"heading.default\">\n\t\t\t\t<div class=\"elementor-widget-container\">\n\t\t\t\t\t<h2 class=\"elementor-heading-title elementor-size-default\">Gestion des conflits et bonnes pratiques<\/h2>\t\t\t\t<\/div>\n\t\t\t\t<\/div>\n\t\t<div data-particle_enable=\"false\" data-particle-mobile-disabled=\"false\" class=\"elementor-element elementor-element-660fcdb e-con-full e-flex e-con e-child\" data-id=\"660fcdb\" data-element_type=\"container\" data-e-type=\"container\">\n\t\t\t\t<div class=\"elementor-element elementor-element-dbcdf7b elementor-widget__width-initial elementor-widget-mobile__width-inherit elementor-widget elementor-widget-heading\" data-id=\"dbcdf7b\" data-element_type=\"widget\" data-e-type=\"widget\" data-widget_type=\"heading.default\">\n\t\t\t\t<div class=\"elementor-widget-container\">\n\t\t\t\t\t<h3 class=\"elementor-heading-title elementor-size-default\">Une approche plus empathique suffit souvent \u00e0 \u00e9viter une posture agressive et \u00e0 \u00e9loigner un passage \u00e0 l'acte.<\/h3>\t\t\t\t<\/div>\n\t\t\t\t<\/div>\n\t\t\t\t<div class=\"elementor-element elementor-element-cb6b3f8 elementor-widget__width-initial elementor-widget-mobile__width-inherit elementor-widget elementor-widget-heading\" data-id=\"cb6b3f8\" data-element_type=\"widget\" data-e-type=\"widget\" data-widget_type=\"heading.default\">\n\t\t\t\t<div class=\"elementor-widget-container\">\n\t\t\t\t\t<h3 class=\"elementor-heading-title elementor-size-default\">Suivre un protocole commun permet de gagner en professionnalisme et d'am\u00e9liorer la r\u00e9putation de l'\u00e9tablissement.<\/h3>\t\t\t\t<\/div>\n\t\t\t\t<\/div>\n\t\t\t\t<div class=\"elementor-element elementor-element-42fd2aa elementor-widget__width-initial elementor-widget-mobile__width-inherit elementor-widget elementor-widget-heading\" data-id=\"42fd2aa\" data-element_type=\"widget\" data-e-type=\"widget\" data-widget_type=\"heading.default\">\n\t\t\t\t<div class=\"elementor-widget-container\">\n\t\t\t\t\t<h3 class=\"elementor-heading-title elementor-size-default\">Limiter les conflits r\u00e9duit l'exposition juridique et financi\u00e8re en maintenant le niveau de prestation et la qualit\u00e9 de vie au travail.<\/h3>\t\t\t\t<\/div>\n\t\t\t\t<\/div>\n\t\t\t\t<div class=\"elementor-element elementor-element-22ed5dd elementor-widget__width-initial elementor-widget-mobile__width-inherit elementor-widget elementor-widget-heading\" data-id=\"22ed5dd\" data-element_type=\"widget\" data-e-type=\"widget\" data-widget_type=\"heading.default\">\n\t\t\t\t<div class=\"elementor-widget-container\">\n\t\t\t\t\t<h3 class=\"elementor-heading-title elementor-size-default\">La rugosit\u00e9 de la pr\u00e9paration am\u00e9liore l'ambiance et la coh\u00e9sion au sein des \u00e9quipes et entre les services.<\/h3>\t\t\t\t<\/div>\n\t\t\t\t<\/div>\n\t\t\t\t<\/div>\n\t\t\t\t<\/div>\n\t\t<div data-particle_enable=\"false\" data-particle-mobile-disabled=\"false\" class=\"elementor-element elementor-element-cad6e6b e-con-full e-flex e-con e-child\" data-id=\"cad6e6b\" data-element_type=\"container\" data-e-type=\"container\" data-settings=\"{&quot;background_background&quot;:&quot;classic&quot;}\">\n\t\t<div data-particle_enable=\"false\" data-particle-mobile-disabled=\"false\" class=\"elementor-element elementor-element-236474a e-con-full e-flex e-con e-child\" data-id=\"236474a\" data-element_type=\"container\" data-e-type=\"container\" data-settings=\"{&quot;background_background&quot;:&quot;classic&quot;}\">\n\t\t\t\t<div class=\"elementor-element elementor-element-8b8b17d elementor-widget__width-inherit elementor-widget-mobile__width-initial elementor-widget elementor-widget-heading\" data-id=\"8b8b17d\" data-element_type=\"widget\" data-e-type=\"widget\" data-widget_type=\"heading.default\">\n\t\t\t\t<div class=\"elementor-widget-container\">\n\t\t\t\t\t<h2 class=\"elementor-heading-title elementor-size-default\">M\u00e9thodes p\u00e9dagogiques<\/h2>\t\t\t\t<\/div>\n\t\t\t\t<\/div>\n\t\t\t\t<div class=\"elementor-element elementor-element-056bc55 elementor-widget__width-inherit elementor-widget elementor-widget-text-editor\" data-id=\"056bc55\" data-element_type=\"widget\" data-e-type=\"widget\" data-widget_type=\"text-editor.default\">\n\t\t\t\t<div class=\"elementor-widget-container\">\n\t\t\t\t\t\t\t\t\t<ul><li>Expos\u00e9s th\u00e9oriques r\u00e9alis\u00e9s par notre formateur<\/li><li>Apport d\u2019exp\u00e9riences de notre formateur<\/li><li>Travaux en sous-groupes et mise en situation.<\/li><li>\u00c9changes et retours d\u2019exp\u00e9rience entre les participants.<\/li><li>Exercices pratiques permettant l\u2019\u00e9valuation des progr\u00e8s individuel et collectif.<\/li><\/ul>\t\t\t\t\t\t\t\t<\/div>\n\t\t\t\t<\/div>\n\t\t\t\t<\/div>\n\t\t<div data-particle_enable=\"false\" data-particle-mobile-disabled=\"false\" class=\"elementor-element elementor-element-0e375ca e-con-full e-flex e-con e-child\" data-id=\"0e375ca\" data-element_type=\"container\" data-e-type=\"container\" data-settings=\"{&quot;background_background&quot;:&quot;classic&quot;}\">\n\t\t\t\t<div class=\"elementor-element elementor-element-b9ebd54 elementor-widget__width-inherit elementor-widget-mobile__width-initial elementor-widget elementor-widget-heading\" data-id=\"b9ebd54\" data-element_type=\"widget\" data-e-type=\"widget\" data-widget_type=\"heading.default\">\n\t\t\t\t<div class=\"elementor-widget-container\">\n\t\t\t\t\t<h2 class=\"elementor-heading-title elementor-size-default\">M\u00e9thode d'\u00e9valuation<\/h2>\t\t\t\t<\/div>\n\t\t\t\t<\/div>\n\t\t\t\t<div class=\"elementor-element elementor-element-714c04c elementor-widget__width-inherit elementor-widget elementor-widget-text-editor\" data-id=\"714c04c\" data-element_type=\"widget\" data-e-type=\"widget\" data-widget_type=\"text-editor.default\">\n\t\t\t\t<div class=\"elementor-widget-container\">\n\t\t\t\t\t\t\t\t\t<h4>MODES D\u2019\u00c9VALUATION<\/h4><p>L&#8217;\u00e9valuation du participant se d\u00e9roule en 3 \u00e9tapes :<\/p><ul><li>R\u00e9solution d&#8217;un cas pratique<\/li><li>Demande d&#8217;informations techniques compl\u00e9mentaires<\/li><li>Questionnaire \u00e0 choix multiples<\/li><\/ul><h4>\u00c9VALUATION FINALE<\/h4><ul><li>Mise en situation individuelle,<\/li><li>Mise en situation par \u00e9quipe (\u00ab Fort Alamo \u00bb) &#8211; Auto-formation supervis\u00e9e,<\/li><li>Questionnaire d\u2019\u00e9valuation \u00e0 chaud,<\/li><li>Questionnaire d\u2019\u00e9valuation \u00e0 froid (3 mois apr\u00e8s) afin d\u2019appr\u00e9cier l\u2019impact de la formation.<\/li><\/ul>\t\t\t\t\t\t\t\t<\/div>\n\t\t\t\t<\/div>\n\t\t\t\t<\/div>\n\t\t<div data-particle_enable=\"false\" data-particle-mobile-disabled=\"false\" class=\"elementor-element elementor-element-cd4d3cd e-con-full e-flex e-con e-child\" data-id=\"cd4d3cd\" data-element_type=\"container\" data-e-type=\"container\" data-settings=\"{&quot;background_background&quot;:&quot;classic&quot;}\">\n\t\t\t\t<div class=\"elementor-element elementor-element-b4d2602 elementor-widget__width-inherit elementor-widget-mobile__width-initial elementor-widget elementor-widget-heading\" data-id=\"b4d2602\" data-element_type=\"widget\" data-e-type=\"widget\" data-widget_type=\"heading.default\">\n\t\t\t\t<div class=\"elementor-widget-container\">\n\t\t\t\t\t<h2 class=\"elementor-heading-title elementor-size-default\">NOTRE FORMATEUR<\/h2>\t\t\t\t<\/div>\n\t\t\t\t<\/div>\n\t\t\t\t<div class=\"elementor-element elementor-element-fc4f961 elementor-widget__width-inherit elementor-widget elementor-widget-text-editor\" data-id=\"fc4f961\" data-element_type=\"widget\" data-e-type=\"widget\" data-widget_type=\"text-editor.default\">\n\t\t\t\t<div class=\"elementor-widget-container\">\n\t\t\t\t\t\t\t\t\t<p><a href=\"https:\/\/all-leaders.fr\/equipe-all-leaders\/jerome-bouteiller\/\" target=\"_blank\" rel=\"noopener\"><b>J\u00e9r\u00f4me Bouteiller<\/b><\/a><\/p>\n<ul>\n<li>Chef d&#8217;entreprise depuis 25 ans<\/li>\n<li>Expert en gestion des conflits<\/li>\n<li>Expert en self-d\u00e9fense<\/li>\n<li>Accr\u00e9dit\u00e9 par le Minist\u00e8re de la sant\u00e9 Italien<\/li>\n<\/ul>\t\t\t\t\t\t\t\t<\/div>\n\t\t\t\t<\/div>\n\t\t\t\t<\/div>\n\t\t<div data-particle_enable=\"false\" data-particle-mobile-disabled=\"false\" class=\"elementor-element elementor-element-c751bda e-con-full e-flex e-con e-child\" data-id=\"c751bda\" data-element_type=\"container\" data-e-type=\"container\" data-settings=\"{&quot;background_background&quot;:&quot;classic&quot;}\">\n\t\t\t\t<div class=\"elementor-element elementor-element-69c12d7 elementor-widget__width-inherit elementor-widget-mobile__width-initial elementor-widget elementor-widget-heading\" data-id=\"69c12d7\" data-element_type=\"widget\" data-e-type=\"widget\" data-widget_type=\"heading.default\">\n\t\t\t\t<div class=\"elementor-widget-container\">\n\t\t\t\t\t<h2 class=\"elementor-heading-title elementor-size-default\">Tarifs<\/h2>\t\t\t\t<\/div>\n\t\t\t\t<\/div>\n\t\t\t\t<div class=\"elementor-element elementor-element-a669891 elementor-widget elementor-widget-text-editor\" data-id=\"a669891\" data-element_type=\"widget\" data-e-type=\"widget\" data-widget_type=\"text-editor.default\">\n\t\t\t\t<div class=\"elementor-widget-container\">\n\t\t\t\t\t\t\t\t\t<ul><li>\u00c0 partir de 2000 \u20ac H.T. par jour en intra (options hors-site possibles)<\/li><li><p>Accompagnement de 16 heures (deux jours) ouvert \u00e0 toute personne en bonne sant\u00e9 et pouvant pratiquer une activit\u00e9 physique mod\u00e9r\u00e9e.<\/p><\/li><li><p>Nombre de participants : 6 \u00e0 20 personnes<\/p><\/li><li><p>Espace minimum : 60m\u00b2 + 3m\u00b2\/personne<\/p><\/li><\/ul>\t\t\t\t\t\t\t\t<\/div>\n\t\t\t\t<\/div>\n\t\t\t\t<\/div>\n\t\t\t\t<\/div>\n\t\t\t\t<\/div>\n\t\t<div data-particle_enable=\"false\" data-particle-mobile-disabled=\"false\" class=\"elementor-element elementor-element-29b9642 e-flex e-con-boxed e-con e-parent\" data-id=\"29b9642\" data-element_type=\"container\" data-e-type=\"container\">\n\t\t\t\t\t<div class=\"e-con-inner\">\n\t\t\t\t<div class=\"elementor-element elementor-element-111ab1e elementor-widget elementor-widget-html\" data-id=\"111ab1e\" data-element_type=\"widget\" data-e-type=\"widget\" data-widget_type=\"html.default\">\n\t\t\t\t<div class=\"elementor-widget-container\">\n\t\t\t\t\t<script type=\"application\/ld+json\">\n{\n  \"@context\": \"https:\/\/schema.org\",\n  \"@graph\": [\n    {\n      \"@type\": \"Service\",\n      \"serviceType\": \"Gestion des Conflits en Entreprise\",\n      \"name\": \"Accompagnement et Formation \u00e0 la Gestion des Conflits et M\u00e9diation\",\n      \"description\": \"Service d'accompagnement pour les managers et les \u00e9quipes visant \u00e0 pr\u00e9venir, g\u00e9rer et r\u00e9soudre les situations de conflit en entreprise. Formation aux techniques de m\u00e9diation et de communication non-violente pour restaurer un climat de travail sain.\",\n      \"url\": \"https:\/\/all-leaders.fr\/accompagnements\/gestion-de-la-conflictualite\/gestion-des-conflits\/\",\n      \"provider\": {\n        \"@type\": \"Organization\",\n        \"name\": \"All Leaders Initiative\",\n        \"@id\": \"https:\/\/all-leaders.fr\/#organization\" \n      },\n      \"areaServed\": {\n        \"@type\": \"Country\",\n        \"name\": \"France\"\n      },\n      \"audience\": {\n        \"@type\": \"Audience\",\n        \"name\": \"Managers, \u00c9quipes, Dirigeants, Professionnels RH\"\n      },\n      \"keywords\": [\n        \"Gestion des Conflits\",\n        \"M\u00e9diation en entreprise\",\n        \"R\u00e9solution de Conflits\",\n        \"Pr\u00e9vention des conflits\",\n        \"Communication Non-Violente (CNV) en entreprise\"\n      ],\n      \"potentialAction\": {\n        \"@type\": \"ContactAction\",\n        \"target\": \"https:\/\/all-leaders.fr\/contact\/\",\n        \"actionType\": \"ContactPoint\"\n      }\n    },\n    {\n      \/\/ R\u00e9utilisation de votre structure Organization\n      \"@type\": \"Organization\",\n      \"@id\": \"https:\/\/all-leaders.fr\/#organization\",\n      \"name\": \"All Leaders Initiative\",\n      \"url\": \"https:\/\/all-leaders.fr\",\n      \"logo\": \"https:\/\/all-leaders.fr\/wp-content\/uploads\/2023\/03\/ALL_LEADERS_INITIATIVE_R_BRIGHT_LOGO_BG-250px_blanc.jpg\", \n      \"sameAs\": [\n        \"https:\/\/www.linkedin.com\/in\/bluecells\/\",\n        \"https:\/\/www.linkedin.com\/in\/mepy\/\",\n        \"https:\/\/www.linkedin.com\/in\/pebost\/\"\n      ],\n      \"contactPoint\": {\n        \"@type\": \"ContactPoint\",\n        \"contactType\": \"sales\",\n        \"areaServed\": \"FR\",\n        \"availableLanguage\": [\"French\", \"Italian\", \"English\"] \n      }\n    }\n  ]\n}\n<\/script>\t\t\t\t<\/div>\n\t\t\t\t<\/div>\n\t\t\t\t\t<\/div>\n\t\t\t\t<\/div>\n\t\t\t\t<\/div>\n\t\t","protected":false},"excerpt":{"rendered":"<p>Une approche \u00e9prouv\u00e9e \u00e0 l&#8217;international pour g\u00e9rer les conflits dans le temps court et se prot\u00e9ger en cas de confrontation directe.<\/p>\n","protected":false},"author":1,"featured_media":9767,"template":"","meta":[],"etat":[97],"thematiques":[128],"publics-cible":[47,49,48,50],"types-formations":[40],"class_list":["post-9607","accompagnements","type-accompagnements","status-publish","has-post-thumbnail","hentry","etat-approuve","thematiques-gestion-de-la-conflictualite","publics-cible-assistants","publics-cible-collaborateurs","publics-cible-managers","publics-cible-top-managers-et-dirigeants","types-formations-action"],"yoast_head":"<!-- This site is optimized with the Yoast SEO plugin v27.1.1 - https:\/\/yoast.com\/product\/yoast-seo-wordpress\/ -->\n<title>Gestion des conflits physiques et verbaux - All Leaders Initiative<\/title>\n<meta name=\"description\" content=\"La gestion des conflits au travers d&#039;un accompagnement des \u00e9quipes (conflit verbal, physique, protocole commun et gestion du stress).\" \/>\n<meta name=\"robots\" content=\"index, follow, max-snippet:-1, max-image-preview:large, max-video-preview:-1\" \/>\n<link rel=\"canonical\" href=\"https:\/\/all-leaders.fr\/en\/accompagnements\/gestion-de-la-conflictualite\/gestion-des-conflits\/\" \/>\n<meta property=\"og:locale\" content=\"en_US\" \/>\n<meta property=\"og:type\" content=\"article\" \/>\n<meta property=\"og:title\" content=\"Gestion des conflits physiques et verbaux - All Leaders Initiative\" \/>\n<meta property=\"og:description\" content=\"La gestion des conflits au travers d&#039;un accompagnement des \u00e9quipes (conflit verbal, physique, protocole commun et gestion du stress).\" \/>\n<meta property=\"og:url\" content=\"https:\/\/all-leaders.fr\/en\/accompagnements\/gestion-de-la-conflictualite\/gestion-des-conflits\/\" \/>\n<meta property=\"og:site_name\" content=\"All Leaders Initiative\" \/>\n<meta property=\"article:modified_time\" content=\"2025-11-09T15:37:18+00:00\" \/>\n<meta property=\"og:image\" content=\"https:\/\/all-leaders.fr\/wp-content\/uploads\/2023\/09\/Le-guide-2023-1.jpg\" \/>\n\t<meta property=\"og:image:width\" content=\"896\" \/>\n\t<meta property=\"og:image:height\" content=\"438\" \/>\n\t<meta property=\"og:image:type\" content=\"image\/jpeg\" \/>\n<meta name=\"twitter:card\" content=\"summary_large_image\" \/>\n<meta name=\"twitter:title\" content=\"Gestion des conflits physiques et verbaux - All Leaders Initiative\" \/>\n<meta name=\"twitter:description\" content=\"La gestion des conflits au travers d&#039;un accompagnement des \u00e9quipes (conflit verbal, physique, protocole commun et gestion du stress).\" \/>\n<meta name=\"twitter:image\" content=\"https:\/\/all-leaders.fr\/wp-content\/uploads\/2023\/09\/Le-guide-2023-1.jpg\" \/>\n<meta name=\"twitter:label1\" content=\"Est. reading time\" \/>\n\t<meta name=\"twitter:data1\" content=\"7 minutes\" \/>\n<script type=\"application\/ld+json\" class=\"yoast-schema-graph\">{\"@context\":\"https:\/\/schema.org\",\"@graph\":[{\"@type\":\"WebPage\",\"@id\":\"https:\/\/all-leaders.fr\/en\/accompagnements\/gestion-de-la-conflictualite\/gestion-des-conflits\/\",\"url\":\"https:\/\/all-leaders.fr\/en\/accompagnements\/gestion-de-la-conflictualite\/gestion-des-conflits\/\",\"name\":\"Gestion des conflits physiques et verbaux - All Leaders Initiative\",\"isPartOf\":{\"@id\":\"https:\/\/all-leaders.fr\/en\/#website\"},\"primaryImageOfPage\":{\"@id\":\"https:\/\/all-leaders.fr\/en\/accompagnements\/gestion-de-la-conflictualite\/gestion-des-conflits\/#primaryimage\"},\"image\":{\"@id\":\"https:\/\/all-leaders.fr\/en\/accompagnements\/gestion-de-la-conflictualite\/gestion-des-conflits\/#primaryimage\"},\"thumbnailUrl\":\"https:\/\/all-leaders.fr\/wp-content\/uploads\/2023\/09\/3.jpg\",\"datePublished\":\"2023-09-27T08:20:47+00:00\",\"dateModified\":\"2025-11-09T15:37:18+00:00\",\"description\":\"La gestion des conflits au travers d'un accompagnement des \u00e9quipes (conflit verbal, physique, protocole commun et gestion du stress).\",\"breadcrumb\":{\"@id\":\"https:\/\/all-leaders.fr\/en\/accompagnements\/gestion-de-la-conflictualite\/gestion-des-conflits\/#breadcrumb\"},\"inLanguage\":\"en-US\",\"potentialAction\":[{\"@type\":\"ReadAction\",\"target\":[\"https:\/\/all-leaders.fr\/en\/accompagnements\/gestion-de-la-conflictualite\/gestion-des-conflits\/\"]}]},{\"@type\":\"ImageObject\",\"inLanguage\":\"en-US\",\"@id\":\"https:\/\/all-leaders.fr\/en\/accompagnements\/gestion-de-la-conflictualite\/gestion-des-conflits\/#primaryimage\",\"url\":\"https:\/\/all-leaders.fr\/wp-content\/uploads\/2023\/09\/3.jpg\",\"contentUrl\":\"https:\/\/all-leaders.fr\/wp-content\/uploads\/2023\/09\/3.jpg\",\"width\":990,\"height\":540,\"caption\":\"Gestion des conflits sur le lieu de travail\"},{\"@type\":\"BreadcrumbList\",\"@id\":\"https:\/\/all-leaders.fr\/en\/accompagnements\/gestion-de-la-conflictualite\/gestion-des-conflits\/#breadcrumb\",\"itemListElement\":[{\"@type\":\"ListItem\",\"position\":1,\"name\":\"Accueil\",\"item\":\"https:\/\/all-leaders.fr\/en\/\"},{\"@type\":\"ListItem\",\"position\":2,\"name\":\"Accompagnements\",\"item\":\"https:\/\/all-leaders.fr\/en\/accompagnements\/%thematiques%\/\"},{\"@type\":\"ListItem\",\"position\":3,\"name\":\"Gestion de la conflictualit\u00e9\"}]},{\"@type\":\"WebSite\",\"@id\":\"https:\/\/all-leaders.fr\/en\/#website\",\"url\":\"https:\/\/all-leaders.fr\/en\/\",\"name\":\"all-leaders.fr\",\"description\":\"All Leaders Initiative\",\"publisher\":{\"@id\":\"https:\/\/all-leaders.fr\/en\/#organization\"},\"potentialAction\":[{\"@type\":\"SearchAction\",\"target\":{\"@type\":\"EntryPoint\",\"urlTemplate\":\"https:\/\/all-leaders.fr\/en\/?s={search_term_string}\"},\"query-input\":{\"@type\":\"PropertyValueSpecification\",\"valueRequired\":true,\"valueName\":\"search_term_string\"}}],\"inLanguage\":\"en-US\"},{\"@type\":\"Organization\",\"@id\":\"https:\/\/all-leaders.fr\/en\/#organization\",\"name\":\"all-leaders.fr\",\"url\":\"https:\/\/all-leaders.fr\/en\/\",\"logo\":{\"@type\":\"ImageObject\",\"inLanguage\":\"en-US\",\"@id\":\"https:\/\/all-leaders.fr\/en\/#\/schema\/logo\/image\/\",\"url\":\"https:\/\/all-leaders.fr\/wp-content\/uploads\/2023\/03\/ALL_LEADERS_INITIATIVE_L_DARK_LOGO.svg\",\"contentUrl\":\"https:\/\/all-leaders.fr\/wp-content\/uploads\/2023\/03\/ALL_LEADERS_INITIATIVE_L_DARK_LOGO.svg\",\"width\":1360,\"height\":512,\"caption\":\"all-leaders.fr\"},\"image\":{\"@id\":\"https:\/\/all-leaders.fr\/en\/#\/schema\/logo\/image\/\"},\"sameAs\":[\"https:\/\/www.linkedin.com\/company\/all-leaders-initiative\/\"]}]}<\/script>\n<!-- \/ Yoast SEO plugin. -->","yoast_head_json":{"title":"Gestion des conflits physiques et verbaux - All Leaders Initiative","description":"La gestion des conflits au travers d'un accompagnement des \u00e9quipes (conflit verbal, physique, protocole commun et gestion du stress).","robots":{"index":"index","follow":"follow","max-snippet":"max-snippet:-1","max-image-preview":"max-image-preview:large","max-video-preview":"max-video-preview:-1"},"canonical":"https:\/\/all-leaders.fr\/en\/accompagnements\/gestion-de-la-conflictualite\/gestion-des-conflits\/","og_locale":"en_US","og_type":"article","og_title":"Gestion des conflits physiques et verbaux - All Leaders Initiative","og_description":"La gestion des conflits au travers d'un accompagnement des \u00e9quipes (conflit verbal, physique, protocole commun et gestion du stress).","og_url":"https:\/\/all-leaders.fr\/en\/accompagnements\/gestion-de-la-conflictualite\/gestion-des-conflits\/","og_site_name":"All Leaders Initiative","article_modified_time":"2025-11-09T15:37:18+00:00","og_image":[{"width":896,"height":438,"url":"https:\/\/all-leaders.fr\/wp-content\/uploads\/2023\/09\/Le-guide-2023-1.jpg","type":"image\/jpeg"}],"twitter_card":"summary_large_image","twitter_title":"Gestion des conflits physiques et verbaux - All Leaders Initiative","twitter_description":"La gestion des conflits au travers d'un accompagnement des \u00e9quipes (conflit verbal, physique, protocole commun et gestion du stress).","twitter_image":"https:\/\/all-leaders.fr\/wp-content\/uploads\/2023\/09\/Le-guide-2023-1.jpg","twitter_misc":{"Est. reading time":"7 minutes"},"schema":{"@context":"https:\/\/schema.org","@graph":[{"@type":"WebPage","@id":"https:\/\/all-leaders.fr\/en\/accompagnements\/gestion-de-la-conflictualite\/gestion-des-conflits\/","url":"https:\/\/all-leaders.fr\/en\/accompagnements\/gestion-de-la-conflictualite\/gestion-des-conflits\/","name":"Gestion des conflits physiques et verbaux - All Leaders Initiative","isPartOf":{"@id":"https:\/\/all-leaders.fr\/en\/#website"},"primaryImageOfPage":{"@id":"https:\/\/all-leaders.fr\/en\/accompagnements\/gestion-de-la-conflictualite\/gestion-des-conflits\/#primaryimage"},"image":{"@id":"https:\/\/all-leaders.fr\/en\/accompagnements\/gestion-de-la-conflictualite\/gestion-des-conflits\/#primaryimage"},"thumbnailUrl":"https:\/\/all-leaders.fr\/wp-content\/uploads\/2023\/09\/3.jpg","datePublished":"2023-09-27T08:20:47+00:00","dateModified":"2025-11-09T15:37:18+00:00","description":"La gestion des conflits au travers d'un accompagnement des \u00e9quipes (conflit verbal, physique, protocole commun et gestion du stress).","breadcrumb":{"@id":"https:\/\/all-leaders.fr\/en\/accompagnements\/gestion-de-la-conflictualite\/gestion-des-conflits\/#breadcrumb"},"inLanguage":"en-US","potentialAction":[{"@type":"ReadAction","target":["https:\/\/all-leaders.fr\/en\/accompagnements\/gestion-de-la-conflictualite\/gestion-des-conflits\/"]}]},{"@type":"ImageObject","inLanguage":"en-US","@id":"https:\/\/all-leaders.fr\/en\/accompagnements\/gestion-de-la-conflictualite\/gestion-des-conflits\/#primaryimage","url":"https:\/\/all-leaders.fr\/wp-content\/uploads\/2023\/09\/3.jpg","contentUrl":"https:\/\/all-leaders.fr\/wp-content\/uploads\/2023\/09\/3.jpg","width":990,"height":540,"caption":"Gestion des conflits sur le lieu de travail"},{"@type":"BreadcrumbList","@id":"https:\/\/all-leaders.fr\/en\/accompagnements\/gestion-de-la-conflictualite\/gestion-des-conflits\/#breadcrumb","itemListElement":[{"@type":"ListItem","position":1,"name":"Accueil","item":"https:\/\/all-leaders.fr\/en\/"},{"@type":"ListItem","position":2,"name":"Accompagnements","item":"https:\/\/all-leaders.fr\/en\/accompagnements\/%thematiques%\/"},{"@type":"ListItem","position":3,"name":"Gestion de la conflictualit\u00e9"}]},{"@type":"WebSite","@id":"https:\/\/all-leaders.fr\/en\/#website","url":"https:\/\/all-leaders.fr\/en\/","name":"all-leaders.fr","description":"All Leaders Initiative","publisher":{"@id":"https:\/\/all-leaders.fr\/en\/#organization"},"potentialAction":[{"@type":"SearchAction","target":{"@type":"EntryPoint","urlTemplate":"https:\/\/all-leaders.fr\/en\/?s={search_term_string}"},"query-input":{"@type":"PropertyValueSpecification","valueRequired":true,"valueName":"search_term_string"}}],"inLanguage":"en-US"},{"@type":"Organization","@id":"https:\/\/all-leaders.fr\/en\/#organization","name":"all-leaders.fr","url":"https:\/\/all-leaders.fr\/en\/","logo":{"@type":"ImageObject","inLanguage":"en-US","@id":"https:\/\/all-leaders.fr\/en\/#\/schema\/logo\/image\/","url":"https:\/\/all-leaders.fr\/wp-content\/uploads\/2023\/03\/ALL_LEADERS_INITIATIVE_L_DARK_LOGO.svg","contentUrl":"https:\/\/all-leaders.fr\/wp-content\/uploads\/2023\/03\/ALL_LEADERS_INITIATIVE_L_DARK_LOGO.svg","width":1360,"height":512,"caption":"all-leaders.fr"},"image":{"@id":"https:\/\/all-leaders.fr\/en\/#\/schema\/logo\/image\/"},"sameAs":["https:\/\/www.linkedin.com\/company\/all-leaders-initiative\/"]}]}},"_links":{"self":[{"href":"https:\/\/all-leaders.fr\/en\/wp-json\/wp\/v2\/accompagnements\/9607","targetHints":{"allow":["GET"]}}],"collection":[{"href":"https:\/\/all-leaders.fr\/en\/wp-json\/wp\/v2\/accompagnements"}],"about":[{"href":"https:\/\/all-leaders.fr\/en\/wp-json\/wp\/v2\/types\/accompagnements"}],"author":[{"embeddable":true,"href":"https:\/\/all-leaders.fr\/en\/wp-json\/wp\/v2\/users\/1"}],"version-history":[{"count":70,"href":"https:\/\/all-leaders.fr\/en\/wp-json\/wp\/v2\/accompagnements\/9607\/revisions"}],"predecessor-version":[{"id":15622,"href":"https:\/\/all-leaders.fr\/en\/wp-json\/wp\/v2\/accompagnements\/9607\/revisions\/15622"}],"wp:featuredmedia":[{"embeddable":true,"href":"https:\/\/all-leaders.fr\/en\/wp-json\/wp\/v2\/media\/9767"}],"wp:attachment":[{"href":"https:\/\/all-leaders.fr\/en\/wp-json\/wp\/v2\/media?parent=9607"}],"wp:term":[{"taxonomy":"etat","embeddable":true,"href":"https:\/\/all-leaders.fr\/en\/wp-json\/wp\/v2\/etat?post=9607"},{"taxonomy":"thematiques","embeddable":true,"href":"https:\/\/all-leaders.fr\/en\/wp-json\/wp\/v2\/thematiques?post=9607"},{"taxonomy":"publics-cible","embeddable":true,"href":"https:\/\/all-leaders.fr\/en\/wp-json\/wp\/v2\/publics-cible?post=9607"},{"taxonomy":"types-formations","embeddable":true,"href":"https:\/\/all-leaders.fr\/en\/wp-json\/wp\/v2\/types-formations?post=9607"}],"curies":[{"name":"wp","href":"https:\/\/api.w.org\/{rel}","templated":true}]}}